{"id":20234,"date":"2024-09-06T11:09:32","date_gmt":"2024-09-06T10:09:32","guid":{"rendered":"https:\/\/www.lafabbrica.it\/blog-2024\/"},"modified":"2026-01-30T12:36:35","modified_gmt":"2026-01-30T11:36:35","slug":"blog_index","status":"publish","type":"page","link":"https:\/\/www.lafabbrica.it\/fr\/blog_index\/","title":{"rendered":"Blog"},"content":{"rendered":"\t\t<div data-elementor-type=\"wp-page\" data-elementor-id=\"20234\" class=\"elementor elementor-20234 elementor-20223\" data-elementor-post-type=\"page\">\n\t\t\t\t<div class=\"elementor-element elementor-element-a8907c8 e-flex e-con-boxed e-con e-parent\" data-id=\"a8907c8\" data-element_type=\"container\" data-settings=\"{&quot;content_width&quot;:&quot;boxed&quot;}\" data-core-v316-plus=\"true\">\n\t\t\t\t\t<div class=\"e-con-inner\">\n\t\t\t\t<div class=\"elementor-element elementor-element-9c8c76a elementor-widget elementor-widget-heading\" data-id=\"9c8c76a\" data-element_type=\"widget\" data-widget_type=\"heading.default\">\n\t\t\t\t<div class=\"elementor-widget-container\">\n\t\t\t<h1 class=\"elementor-heading-title elementor-size-default\">Blog<\/h1>\t\t<\/div>\n\t\t\t\t<\/div>\n\t\t\t\t<div class=\"e-add-querytype-post e-add-queryskin-grid elementor-element elementor-element-3bf4e52 e-add-col-3 e-add-posts-layout-overlay e-add-align-center e-add-col-tablet-2 e-add-col-mobile-1 elementor-widget elementor-widget-e-query-posts\" data-id=\"3bf4e52\" data-element_type=\"widget\" data-settings=\"{&quot;grid_columns_grid&quot;:3,&quot;grid_columns_grid_tablet&quot;:2,&quot;grid_grid_type&quot;:&quot;flex&quot;,&quot;grid_columns_grid_mobile&quot;:&quot;1&quot;,&quot;scrollreveal_effect_type&quot;:&quot;0&quot;}\" data-widget_type=\"e-query-posts.grid\">\n\t\t\t\t<div class=\"elementor-widget-container\">\n\t\t\t                <div class=\"e-add-posts-container e-add-posts  e-add-skin-grid e-add-skin-grid-flex \">\r\n                        <div class=\"e-add-posts-wrapper e-add-proto-wrapper e-add-wrapper-grid e-add-wrapper-e-skin \">\r\n                        <article class=\"e-add-querytype-post e-add-post e-add-post-item e-add-post-item-3bf4e52  e-add-proto-item e-add-item-grid e-add-item-e-skin  post-33454 post type-post status-publish format-standard has-post-thumbnail hentry category-blog-fr category-non-classifiee\" data-post-id=\"33454\" data-index=\"0\">\r\n                        <div class=\"e-add-post-block e-add-post-block-0 e-add-post-overlayhover elementor-animation-shrink\">\r\n                <div class=\"e-add-image-area e-add-item-area\"><div class=\" e-add-item e-add-item_image elementor-repeater-item-96b723b\" data-item-id=\"96b723b\"><a class=\"e-add-post-image\" href=\"https:\/\/www.lafabbrica.it\/fr\/amenager-un-petit-salon-idees-gain-de-place-et-solutions-design\/\"><figure class=\"e-add-img\"><img fetchpriority=\"high\" decoding=\"async\" width=\"880\" height=\"860\" src=\"https:\/\/www.lafabbrica.it\/wp-content\/uploads\/2026\/04\/arredare-box.jpg\" class=\"attachment-full size-full wp-image-33617\" alt=\"\" srcset=\"https:\/\/www.lafabbrica.it\/wp-content\/uploads\/2026\/04\/arredare-box.jpg 880w, https:\/\/www.lafabbrica.it\/wp-content\/uploads\/2026\/04\/arredare-box-300x293.jpg 300w, https:\/\/www.lafabbrica.it\/wp-content\/uploads\/2026\/04\/arredare-box-768x751.jpg 768w\" sizes=\"(max-width: 880px) 100vw, 880px\" \/><\/figure><\/a><\/div><\/div><div class=\"e-add-content-area e-add-item-area\"><div class=\" e-add-item e-add-item_title elementor-repeater-item-c626508\" data-item-id=\"c626508\"><h3 class=\"e-add-post-title\"><a href=\"https:\/\/www.lafabbrica.it\/fr\/amenager-un-petit-salon-idees-gain-de-place-et-solutions-design\/\" title=\"Am\u00e9nager un petit salon : id\u00e9es gain de place et solutions design\">Am\u00e9nager un petit salon : id\u00e9es gain de place et solutions design<\/a><\/h3><\/div><div class=\" e-add-item e-add-item_date elementor-repeater-item-49e7963\" data-item-id=\"49e7963\"><p class=\"e-add-post-date\">avril 22, 2026<\/p>        <\/div><\/div>            <\/div>\r\n                    <\/article>\r\n                <article class=\"e-add-querytype-post e-add-post e-add-post-item e-add-post-item-3bf4e52  e-add-proto-item e-add-item-grid e-add-item-e-skin  post-32499 post type-post status-publish format-standard has-post-thumbnail hentry category-blog-fr\" data-post-id=\"32499\" data-index=\"1\">\r\n                        <div class=\"e-add-post-block e-add-post-block-1 e-add-post-overlayhover elementor-animation-shrink\">\r\n                <div class=\"e-add-image-area e-add-item-area\"><div class=\" e-add-item e-add-item_image elementor-repeater-item-96b723b\" data-item-id=\"96b723b\"><a class=\"e-add-post-image\" href=\"https:\/\/www.lafabbrica.it\/fr\/salles-de-bains-design-modernes-comment-choisir-les-grandes-dalles-parfaites-pour-un-effet-scenographique\/\"><figure class=\"e-add-img\"><img decoding=\"async\" width=\"880\" height=\"860\" src=\"https:\/\/www.lafabbrica.it\/wp-content\/uploads\/2026\/02\/Bagni-di-design-moderni-lista.jpg\" class=\"attachment-full size-full wp-image-32441\" alt=\"\" srcset=\"https:\/\/www.lafabbrica.it\/wp-content\/uploads\/2026\/02\/Bagni-di-design-moderni-lista.jpg 880w, https:\/\/www.lafabbrica.it\/wp-content\/uploads\/2026\/02\/Bagni-di-design-moderni-lista-300x293.jpg 300w, https:\/\/www.lafabbrica.it\/wp-content\/uploads\/2026\/02\/Bagni-di-design-moderni-lista-768x751.jpg 768w\" sizes=\"(max-width: 880px) 100vw, 880px\" \/><\/figure><\/a><\/div><\/div><div class=\"e-add-content-area e-add-item-area\"><div class=\" e-add-item e-add-item_title elementor-repeater-item-c626508\" data-item-id=\"c626508\"><h3 class=\"e-add-post-title\"><a href=\"https:\/\/www.lafabbrica.it\/fr\/salles-de-bains-design-modernes-comment-choisir-les-grandes-dalles-parfaites-pour-un-effet-scenographique\/\" title=\"Salles de bains design modernes : comment choisir les grandes dalles parfaites pour un effet sc\u00e9nographique\">Salles de bains design modernes : comment choisir les grandes dalles parfaites pour un effet sc\u00e9nographique<\/a><\/h3><\/div><div class=\" e-add-item e-add-item_date elementor-repeater-item-49e7963\" data-item-id=\"49e7963\"><p class=\"e-add-post-date\">f\u00e9vrier 26, 2026<\/p>        <\/div><\/div>            <\/div>\r\n                    <\/article>\r\n                <article class=\"e-add-querytype-post e-add-post e-add-post-item e-add-post-item-3bf4e52  e-add-proto-item e-add-item-grid e-add-item-e-skin  post-32051 post type-post status-publish format-standard has-post-thumbnail hentry category-blog-fr\" data-post-id=\"32051\" data-index=\"2\">\r\n                        <div class=\"e-add-post-block e-add-post-block-2 e-add-post-overlayhover elementor-animation-shrink\">\r\n                <div class=\"e-add-image-area e-add-item-area\"><div class=\" e-add-item e-add-item_image elementor-repeater-item-96b723b\" data-item-id=\"96b723b\"><a class=\"e-add-post-image\" href=\"https:\/\/www.lafabbrica.it\/fr\/tables-a-manger-modernes-la-valeur-materielle-des-surfaces-3d\/\"><figure class=\"e-add-img\"><img decoding=\"async\" width=\"880\" height=\"860\" src=\"https:\/\/www.lafabbrica.it\/wp-content\/uploads\/2026\/01\/listt.jpg\" class=\"attachment-full size-full wp-image-32175\" alt=\"\" srcset=\"https:\/\/www.lafabbrica.it\/wp-content\/uploads\/2026\/01\/listt.jpg 880w, https:\/\/www.lafabbrica.it\/wp-content\/uploads\/2026\/01\/listt-300x293.jpg 300w, https:\/\/www.lafabbrica.it\/wp-content\/uploads\/2026\/01\/listt-768x751.jpg 768w\" sizes=\"(max-width: 880px) 100vw, 880px\" \/><\/figure><\/a><\/div><\/div><div class=\"e-add-content-area e-add-item-area\"><div class=\" e-add-item e-add-item_title elementor-repeater-item-c626508\" data-item-id=\"c626508\"><h3 class=\"e-add-post-title\"><a href=\"https:\/\/www.lafabbrica.it\/fr\/tables-a-manger-modernes-la-valeur-materielle-des-surfaces-3d\/\" title=\"Tables \u00e0 manger modernes : la valeur mat\u00e9rielle des surfaces 3D\">Tables \u00e0 manger modernes : la valeur mat\u00e9rielle des surfaces 3D<\/a><\/h3><\/div><div class=\" e-add-item e-add-item_date elementor-repeater-item-49e7963\" data-item-id=\"49e7963\"><p class=\"e-add-post-date\">janvier 23, 2026<\/p>        <\/div><\/div>            <\/div>\r\n                    <\/article>\r\n                <article class=\"e-add-querytype-post e-add-post e-add-post-item e-add-post-item-3bf4e52  e-add-proto-item e-add-item-grid e-add-item-e-skin  post-31723 post type-post status-publish format-standard has-post-thumbnail hentry category-blog-fr\" data-post-id=\"31723\" data-index=\"3\">\r\n                        <div class=\"e-add-post-block e-add-post-block-3 e-add-post-overlayhover elementor-animation-shrink\">\r\n                <div class=\"e-add-image-area e-add-item-area\"><div class=\" e-add-item e-add-item_image elementor-repeater-item-96b723b\" data-item-id=\"96b723b\"><a class=\"e-add-post-image\" href=\"https:\/\/www.lafabbrica.it\/fr\/comment-poser-le-gres-cerame-effet-bois-decouvrez-chevron-xl-honey-wood\/\"><figure class=\"e-add-img\"><img loading=\"lazy\" decoding=\"async\" width=\"880\" height=\"860\" src=\"https:\/\/www.lafabbrica.it\/wp-content\/uploads\/2025\/12\/legno-list.jpg\" class=\"attachment-full size-full wp-image-31729\" alt=\"\" srcset=\"https:\/\/www.lafabbrica.it\/wp-content\/uploads\/2025\/12\/legno-list.jpg 880w, https:\/\/www.lafabbrica.it\/wp-content\/uploads\/2025\/12\/legno-list-300x293.jpg 300w, https:\/\/www.lafabbrica.it\/wp-content\/uploads\/2025\/12\/legno-list-768x751.jpg 768w\" sizes=\"(max-width: 880px) 100vw, 880px\" \/><\/figure><\/a><\/div><\/div><div class=\"e-add-content-area e-add-item-area\"><div class=\" e-add-item e-add-item_title elementor-repeater-item-c626508\" data-item-id=\"c626508\"><h3 class=\"e-add-post-title\"><a href=\"https:\/\/www.lafabbrica.it\/fr\/comment-poser-le-gres-cerame-effet-bois-decouvrez-chevron-xl-honey-wood\/\" title=\"Comment poser le gr\u00e8s c\u00e9rame effet bois : d\u00e9couvrez Chevron XL Honey Wood\">Comment poser le gr\u00e8s c\u00e9rame effet bois : d\u00e9couvrez Chevron XL Honey Wood<\/a><\/h3><\/div><div class=\" e-add-item e-add-item_date elementor-repeater-item-49e7963\" data-item-id=\"49e7963\"><p class=\"e-add-post-date\">d\u00e9cembre 17, 2025<\/p>        <\/div><\/div>            <\/div>\r\n                    <\/article>\r\n                <article class=\"e-add-querytype-post e-add-post e-add-post-item e-add-post-item-3bf4e52  e-add-proto-item e-add-item-grid e-add-item-e-skin  post-31269 post type-post status-publish format-standard has-post-thumbnail hentry category-blog-fr\" data-post-id=\"31269\" data-index=\"4\">\r\n                        <div class=\"e-add-post-block e-add-post-block-4 e-add-post-overlayhover elementor-animation-shrink\">\r\n                <div class=\"e-add-image-area e-add-item-area\"><div class=\" e-add-item e-add-item_image elementor-repeater-item-96b723b\" data-item-id=\"96b723b\"><a class=\"e-add-post-image\" href=\"https:\/\/www.lafabbrica.it\/fr\/ameublement-style-scandinave-5-regles-dor-pour-ne-pas-se-tromper\/\"><figure class=\"e-add-img\"><img loading=\"lazy\" decoding=\"async\" width=\"880\" height=\"860\" src=\"https:\/\/www.lafabbrica.it\/wp-content\/uploads\/2025\/11\/main-list.jpg\" class=\"attachment-full size-full wp-image-31279\" alt=\"\" srcset=\"https:\/\/www.lafabbrica.it\/wp-content\/uploads\/2025\/11\/main-list.jpg 880w, https:\/\/www.lafabbrica.it\/wp-content\/uploads\/2025\/11\/main-list-300x293.jpg 300w, https:\/\/www.lafabbrica.it\/wp-content\/uploads\/2025\/11\/main-list-768x751.jpg 768w\" sizes=\"(max-width: 880px) 100vw, 880px\" \/><\/figure><\/a><\/div><\/div><div class=\"e-add-content-area e-add-item-area\"><div class=\" e-add-item e-add-item_title elementor-repeater-item-c626508\" data-item-id=\"c626508\"><h3 class=\"e-add-post-title\"><a href=\"https:\/\/www.lafabbrica.it\/fr\/ameublement-style-scandinave-5-regles-dor-pour-ne-pas-se-tromper\/\" title=\"Ameublement style scandinave : 5 r\u00e8gles d\u2019or pour ne pas se tromper\">Ameublement style scandinave : 5 r\u00e8gles d\u2019or pour ne pas se tromper<\/a><\/h3><\/div><div class=\" e-add-item e-add-item_date elementor-repeater-item-49e7963\" data-item-id=\"49e7963\"><p class=\"e-add-post-date\">novembre 20, 2025<\/p>        <\/div><\/div>            <\/div>\r\n                    <\/article>\r\n                <article class=\"e-add-querytype-post e-add-post e-add-post-item e-add-post-item-3bf4e52  e-add-proto-item e-add-item-grid e-add-item-e-skin  post-30367 post type-post status-publish format-standard has-post-thumbnail hentry category-blog-fr\" data-post-id=\"30367\" data-index=\"5\">\r\n                        <div class=\"e-add-post-block e-add-post-block-5 e-add-post-overlayhover elementor-animation-shrink\">\r\n                <div class=\"e-add-image-area e-add-item-area\"><div class=\" e-add-item e-add-item_image elementor-repeater-item-96b723b\" data-item-id=\"96b723b\"><a class=\"e-add-post-image\" href=\"https:\/\/www.lafabbrica.it\/fr\/salles-de-bain-design-5-collections-dont-sinspirer\/\"><figure class=\"e-add-img\"><img loading=\"lazy\" decoding=\"async\" width=\"880\" height=\"860\" src=\"https:\/\/www.lafabbrica.it\/wp-content\/uploads\/2025\/10\/list.jpg\" class=\"attachment-full size-full wp-image-30274\" alt=\"\" srcset=\"https:\/\/www.lafabbrica.it\/wp-content\/uploads\/2025\/10\/list.jpg 880w, https:\/\/www.lafabbrica.it\/wp-content\/uploads\/2025\/10\/list-300x293.jpg 300w, https:\/\/www.lafabbrica.it\/wp-content\/uploads\/2025\/10\/list-768x751.jpg 768w\" sizes=\"(max-width: 880px) 100vw, 880px\" \/><\/figure><\/a><\/div><\/div><div class=\"e-add-content-area e-add-item-area\"><div class=\" e-add-item e-add-item_title elementor-repeater-item-c626508\" data-item-id=\"c626508\"><h3 class=\"e-add-post-title\"><a href=\"https:\/\/www.lafabbrica.it\/fr\/salles-de-bain-design-5-collections-dont-sinspirer\/\" title=\"Salles de bain design : 5 collections dont s\u2019inspirer\">Salles de bain design : 5 collections dont s\u2019inspirer<\/a><\/h3><\/div><div class=\" e-add-item e-add-item_date elementor-repeater-item-49e7963\" data-item-id=\"49e7963\"><p class=\"e-add-post-date\">septembre 22, 2025<\/p>        <\/div><\/div>            <\/div>\r\n                    <\/article>\r\n                <article class=\"e-add-querytype-post e-add-post e-add-post-item e-add-post-item-3bf4e52  e-add-proto-item e-add-item-grid e-add-item-e-skin  post-28862 post type-post status-publish format-standard has-post-thumbnail hentry category-blog-fr\" data-post-id=\"28862\" data-index=\"6\">\r\n                        <div class=\"e-add-post-block e-add-post-block-6 e-add-post-overlayhover elementor-animation-shrink\">\r\n                <div class=\"e-add-image-area e-add-item-area\"><div class=\" e-add-item e-add-item_image elementor-repeater-item-96b723b\" data-item-id=\"96b723b\"><a class=\"e-add-post-image\" href=\"https:\/\/www.lafabbrica.it\/fr\/cuisine-industrielle-et-open-space-un-duo-parfait\/\"><figure class=\"e-add-img\"><img loading=\"lazy\" decoding=\"async\" width=\"880\" height=\"860\" src=\"https:\/\/www.lafabbrica.it\/wp-content\/uploads\/2025\/07\/cucina-lista.jpg\" class=\"attachment-full size-full wp-image-28945\" alt=\"\" srcset=\"https:\/\/www.lafabbrica.it\/wp-content\/uploads\/2025\/07\/cucina-lista.jpg 880w, https:\/\/www.lafabbrica.it\/wp-content\/uploads\/2025\/07\/cucina-lista-300x293.jpg 300w, https:\/\/www.lafabbrica.it\/wp-content\/uploads\/2025\/07\/cucina-lista-768x751.jpg 768w\" sizes=\"(max-width: 880px) 100vw, 880px\" \/><\/figure><\/a><\/div><\/div><div class=\"e-add-content-area e-add-item-area\"><div class=\" e-add-item e-add-item_title elementor-repeater-item-c626508\" data-item-id=\"c626508\"><h3 class=\"e-add-post-title\"><a href=\"https:\/\/www.lafabbrica.it\/fr\/cuisine-industrielle-et-open-space-un-duo-parfait\/\" title=\"Cuisine industrielle et open space : un duo parfait\">Cuisine industrielle et open space : un duo parfait<\/a><\/h3><\/div><div class=\" e-add-item e-add-item_date elementor-repeater-item-49e7963\" data-item-id=\"49e7963\"><p class=\"e-add-post-date\">ao\u00fbt 25, 2025<\/p>        <\/div><\/div>            <\/div>\r\n                    <\/article>\r\n                <article class=\"e-add-querytype-post e-add-post e-add-post-item e-add-post-item-3bf4e52  e-add-proto-item e-add-item-grid e-add-item-e-skin  post-27808 post type-post status-publish format-standard has-post-thumbnail hentry category-blog-fr\" data-post-id=\"27808\" data-index=\"7\">\r\n                        <div class=\"e-add-post-block e-add-post-block-7 e-add-post-overlayhover elementor-animation-shrink\">\r\n                <div class=\"e-add-image-area e-add-item-area\"><div class=\" e-add-item e-add-item_image elementor-repeater-item-96b723b\" data-item-id=\"96b723b\"><a class=\"e-add-post-image\" href=\"https:\/\/www.lafabbrica.it\/fr\/couleur-beige-comment-lassocier-sans-tomber-dans-la-monotonie\/\"><figure class=\"e-add-img\"><img loading=\"lazy\" decoding=\"async\" width=\"880\" height=\"860\" src=\"https:\/\/www.lafabbrica.it\/wp-content\/uploads\/2025\/07\/beige-list.jpg\" class=\"attachment-full size-full wp-image-27814\" alt=\"\" srcset=\"https:\/\/www.lafabbrica.it\/wp-content\/uploads\/2025\/07\/beige-list.jpg 880w, https:\/\/www.lafabbrica.it\/wp-content\/uploads\/2025\/07\/beige-list-300x293.jpg 300w, https:\/\/www.lafabbrica.it\/wp-content\/uploads\/2025\/07\/beige-list-768x751.jpg 768w\" sizes=\"(max-width: 880px) 100vw, 880px\" \/><\/figure><\/a><\/div><\/div><div class=\"e-add-content-area e-add-item-area\"><div class=\" e-add-item e-add-item_title elementor-repeater-item-c626508\" data-item-id=\"c626508\"><h3 class=\"e-add-post-title\"><a href=\"https:\/\/www.lafabbrica.it\/fr\/couleur-beige-comment-lassocier-sans-tomber-dans-la-monotonie\/\" title=\"Couleur beige : comment l\u2019associer sans tomber dans la monotonie\">Couleur beige : comment l\u2019associer sans tomber dans la monotonie<\/a><\/h3><\/div><div class=\" e-add-item e-add-item_date elementor-repeater-item-49e7963\" data-item-id=\"49e7963\"><p class=\"e-add-post-date\">juillet 23, 2025<\/p>        <\/div><\/div>            <\/div>\r\n                    <\/article>\r\n                <article class=\"e-add-querytype-post e-add-post e-add-post-item e-add-post-item-3bf4e52  e-add-proto-item e-add-item-grid e-add-item-e-skin  post-27729 post type-post status-publish format-standard has-post-thumbnail hentry category-blog-fr\" data-post-id=\"27729\" data-index=\"8\">\r\n                        <div class=\"e-add-post-block e-add-post-block-8 e-add-post-overlayhover elementor-animation-shrink\">\r\n                <div class=\"e-add-image-area e-add-item-area\"><div class=\" e-add-item e-add-item_image elementor-repeater-item-96b723b\" data-item-id=\"96b723b\"><a class=\"e-add-post-image\" href=\"https:\/\/www.lafabbrica.it\/fr\/revetement-de-sol-exterieur-5-tendances-pour-renover-vos-espaces\/\"><figure class=\"e-add-img\"><img loading=\"lazy\" decoding=\"async\" width=\"880\" height=\"860\" src=\"https:\/\/www.lafabbrica.it\/wp-content\/uploads\/2025\/07\/list.jpg\" class=\"attachment-full size-full wp-image-27735\" alt=\"\" srcset=\"https:\/\/www.lafabbrica.it\/wp-content\/uploads\/2025\/07\/list.jpg 880w, https:\/\/www.lafabbrica.it\/wp-content\/uploads\/2025\/07\/list-300x293.jpg 300w, https:\/\/www.lafabbrica.it\/wp-content\/uploads\/2025\/07\/list-768x751.jpg 768w\" sizes=\"(max-width: 880px) 100vw, 880px\" \/><\/figure><\/a><\/div><\/div><div class=\"e-add-content-area e-add-item-area\"><div class=\" e-add-item e-add-item_title elementor-repeater-item-c626508\" data-item-id=\"c626508\"><h3 class=\"e-add-post-title\"><a href=\"https:\/\/www.lafabbrica.it\/fr\/revetement-de-sol-exterieur-5-tendances-pour-renover-vos-espaces\/\" title=\"Rev\u00eatement de sol ext\u00e9rieur : 5 tendances pour r\u00e9nover vos espaces\">Rev\u00eatement de sol ext\u00e9rieur : 5 tendances pour r\u00e9nover vos espaces<\/a><\/h3><\/div><div class=\" e-add-item e-add-item_date elementor-repeater-item-49e7963\" data-item-id=\"49e7963\"><p class=\"e-add-post-date\">juillet 9, 2025<\/p>        <\/div><\/div>            <\/div>\r\n                    <\/article>\r\n                <article class=\"e-add-querytype-post e-add-post e-add-post-item e-add-post-item-3bf4e52  e-add-proto-item e-add-item-grid e-add-item-e-skin  post-27175 post type-post status-publish format-standard has-post-thumbnail hentry category-blog-fr\" data-post-id=\"27175\" data-index=\"9\">\r\n                        <div class=\"e-add-post-block e-add-post-block-9 e-add-post-overlayhover elementor-animation-shrink\">\r\n                <div class=\"e-add-image-area e-add-item-area\"><div class=\" e-add-item e-add-item_image elementor-repeater-item-96b723b\" data-item-id=\"96b723b\"><a class=\"e-add-post-image\" href=\"https:\/\/www.lafabbrica.it\/fr\/lesthetique-du-style-industriel-entre-pop-art-et-series-tele-americaines\/\"><figure class=\"e-add-img\"><img loading=\"lazy\" decoding=\"async\" width=\"880\" height=\"860\" src=\"https:\/\/www.lafabbrica.it\/wp-content\/uploads\/2025\/06\/list_loft.jpg\" class=\"attachment-full size-full wp-image-27239\" alt=\"\" srcset=\"https:\/\/www.lafabbrica.it\/wp-content\/uploads\/2025\/06\/list_loft.jpg 880w, https:\/\/www.lafabbrica.it\/wp-content\/uploads\/2025\/06\/list_loft-300x293.jpg 300w, https:\/\/www.lafabbrica.it\/wp-content\/uploads\/2025\/06\/list_loft-768x751.jpg 768w\" sizes=\"(max-width: 880px) 100vw, 880px\" \/><\/figure><\/a><\/div><\/div><div class=\"e-add-content-area e-add-item-area\"><div class=\" e-add-item e-add-item_title elementor-repeater-item-c626508\" data-item-id=\"c626508\"><h3 class=\"e-add-post-title\"><a href=\"https:\/\/www.lafabbrica.it\/fr\/lesthetique-du-style-industriel-entre-pop-art-et-series-tele-americaines\/\" title=\"L\u2019esth\u00e9tique du style industriel : entre pop art et s\u00e9ries t\u00e9l\u00e9 am\u00e9ricaines\">L\u2019esth\u00e9tique du style industriel : entre pop art et s\u00e9ries t\u00e9l\u00e9 am\u00e9ricaines<\/a><\/h3><\/div><div class=\" e-add-item e-add-item_date elementor-repeater-item-49e7963\" data-item-id=\"49e7963\"><p class=\"e-add-post-date\">juin 5, 2025<\/p>        <\/div><\/div>            <\/div>\r\n                    <\/article>\r\n                <article class=\"e-add-querytype-post e-add-post e-add-post-item e-add-post-item-3bf4e52  e-add-proto-item e-add-item-grid e-add-item-e-skin  post-26926 post type-post status-publish format-standard has-post-thumbnail hentry category-blog-fr\" data-post-id=\"26926\" data-index=\"10\">\r\n                        <div class=\"e-add-post-block e-add-post-block-10 e-add-post-overlayhover elementor-animation-shrink\">\r\n                <div class=\"e-add-image-area e-add-item-area\"><div class=\" e-add-item e-add-item_image elementor-repeater-item-96b723b\" data-item-id=\"96b723b\"><a class=\"e-add-post-image\" href=\"https:\/\/www.lafabbrica.it\/fr\/amenagement-en-marbre-elegance-spectaculaire-pour-espaces-residentiels-et-commerciaux\/\"><figure class=\"e-add-img\"><img loading=\"lazy\" decoding=\"async\" width=\"880\" height=\"860\" src=\"https:\/\/www.lafabbrica.it\/wp-content\/uploads\/2025\/05\/Arredamento-in-marmo-main.jpg\" class=\"attachment-full size-full wp-image-26882\" alt=\"\" srcset=\"https:\/\/www.lafabbrica.it\/wp-content\/uploads\/2025\/05\/Arredamento-in-marmo-main.jpg 880w, https:\/\/www.lafabbrica.it\/wp-content\/uploads\/2025\/05\/Arredamento-in-marmo-main-300x293.jpg 300w, https:\/\/www.lafabbrica.it\/wp-content\/uploads\/2025\/05\/Arredamento-in-marmo-main-768x751.jpg 768w\" sizes=\"(max-width: 880px) 100vw, 880px\" \/><\/figure><\/a><\/div><\/div><div class=\"e-add-content-area e-add-item-area\"><div class=\" e-add-item e-add-item_title elementor-repeater-item-c626508\" data-item-id=\"c626508\"><h3 class=\"e-add-post-title\"><a href=\"https:\/\/www.lafabbrica.it\/fr\/amenagement-en-marbre-elegance-spectaculaire-pour-espaces-residentiels-et-commerciaux\/\" title=\"Am\u00e9nagement en Marbre : \u00c9l\u00e9gance Spectaculaire pour Espaces R\u00e9sidentiels et Commerciaux\">Am\u00e9nagement en Marbre : \u00c9l\u00e9gance Spectaculaire pour Espaces R\u00e9sidentiels et Commerciaux<\/a><\/h3><\/div><div class=\" e-add-item e-add-item_date elementor-repeater-item-49e7963\" data-item-id=\"49e7963\"><p class=\"e-add-post-date\">mai 5, 2025<\/p>        <\/div><\/div>            <\/div>\r\n                    <\/article>\r\n                <article class=\"e-add-querytype-post e-add-post e-add-post-item e-add-post-item-3bf4e52  e-add-proto-item e-add-item-grid e-add-item-e-skin  post-26135 post type-post status-publish format-standard has-post-thumbnail hentry category-blog-fr\" data-post-id=\"26135\" data-index=\"11\">\r\n                        <div class=\"e-add-post-block e-add-post-block-11 e-add-post-overlayhover elementor-animation-shrink\">\r\n                <div class=\"e-add-image-area e-add-item-area\"><div class=\" e-add-item e-add-item_image elementor-repeater-item-96b723b\" data-item-id=\"96b723b\"><a class=\"e-add-post-image\" href=\"https:\/\/www.lafabbrica.it\/fr\/dalles-en-gres-cerame-surfaces-uniques-pour-des-projets-integres\/\"><figure class=\"e-add-img\"><img loading=\"lazy\" decoding=\"async\" width=\"880\" height=\"860\" src=\"https:\/\/www.lafabbrica.it\/wp-content\/uploads\/2025\/04\/main-list.jpg\" class=\"attachment-full size-full wp-image-26141\" alt=\"\" srcset=\"https:\/\/www.lafabbrica.it\/wp-content\/uploads\/2025\/04\/main-list.jpg 880w, https:\/\/www.lafabbrica.it\/wp-content\/uploads\/2025\/04\/main-list-300x293.jpg 300w, https:\/\/www.lafabbrica.it\/wp-content\/uploads\/2025\/04\/main-list-768x751.jpg 768w\" sizes=\"(max-width: 880px) 100vw, 880px\" \/><\/figure><\/a><\/div><\/div><div class=\"e-add-content-area e-add-item-area\"><div class=\" e-add-item e-add-item_title elementor-repeater-item-c626508\" data-item-id=\"c626508\"><h3 class=\"e-add-post-title\"><a href=\"https:\/\/www.lafabbrica.it\/fr\/dalles-en-gres-cerame-surfaces-uniques-pour-des-projets-integres\/\" title=\"Dalles en gr\u00e8s c\u00e9rame: surfaces uniques pour des projets int\u00e9gr\u00e9s\">Dalles en gr\u00e8s c\u00e9rame: surfaces uniques pour des projets int\u00e9gr\u00e9s<\/a><\/h3><\/div><div class=\" e-add-item e-add-item_date elementor-repeater-item-49e7963\" data-item-id=\"49e7963\"><p class=\"e-add-post-date\">mars 31, 2025<\/p>        <\/div><\/div>            <\/div>\r\n                    <\/article>\r\n                <article class=\"e-add-querytype-post e-add-post e-add-post-item e-add-post-item-3bf4e52  e-add-proto-item e-add-item-grid e-add-item-e-skin  post-25392 post type-post status-publish format-standard has-post-thumbnail hentry category-blog-fr\" data-post-id=\"25392\" data-index=\"12\">\r\n                        <div class=\"e-add-post-block e-add-post-block-12 e-add-post-overlayhover elementor-animation-shrink\">\r\n                <div class=\"e-add-image-area e-add-item-area\"><div class=\" e-add-item e-add-item_image elementor-repeater-item-96b723b\" data-item-id=\"96b723b\"><a class=\"e-add-post-image\" href=\"https:\/\/www.lafabbrica.it\/fr\/elementa-des-tables-et-lavabos-modernes-presentes-au-salon-de-la-ceramique-de-bologne\/\"><figure class=\"e-add-img\"><img loading=\"lazy\" decoding=\"async\" width=\"880\" height=\"860\" src=\"https:\/\/www.lafabbrica.it\/wp-content\/uploads\/2025\/02\/elementa-list.jpg\" class=\"attachment-full size-full wp-image-25287\" alt=\"\" srcset=\"https:\/\/www.lafabbrica.it\/wp-content\/uploads\/2025\/02\/elementa-list.jpg 880w, https:\/\/www.lafabbrica.it\/wp-content\/uploads\/2025\/02\/elementa-list-300x293.jpg 300w, https:\/\/www.lafabbrica.it\/wp-content\/uploads\/2025\/02\/elementa-list-768x751.jpg 768w\" sizes=\"(max-width: 880px) 100vw, 880px\" \/><\/figure><\/a><\/div><\/div><div class=\"e-add-content-area e-add-item-area\"><div class=\" e-add-item e-add-item_title elementor-repeater-item-c626508\" data-item-id=\"c626508\"><h3 class=\"e-add-post-title\"><a href=\"https:\/\/www.lafabbrica.it\/fr\/elementa-des-tables-et-lavabos-modernes-presentes-au-salon-de-la-ceramique-de-bologne\/\" title=\"Elementa : des tables et lavabos modernes pr\u00e9sent\u00e9s au Salon de la C\u00e9ramique de Bologne\">Elementa : des tables et lavabos modernes pr\u00e9sent\u00e9s au Salon de la C\u00e9ramique de Bologne<\/a><\/h3><\/div><div class=\" e-add-item e-add-item_date elementor-repeater-item-49e7963\" data-item-id=\"49e7963\"><p class=\"e-add-post-date\">f\u00e9vrier 27, 2025<\/p>        <\/div><\/div>            <\/div>\r\n                    <\/article>\r\n                <article class=\"e-add-querytype-post e-add-post e-add-post-item e-add-post-item-3bf4e52  e-add-proto-item e-add-item-grid e-add-item-e-skin  post-24122 post type-post status-publish format-standard has-post-thumbnail hentry category-blog-fr\" data-post-id=\"24122\" data-index=\"13\">\r\n                        <div class=\"e-add-post-block e-add-post-block-13 e-add-post-overlayhover elementor-animation-shrink\">\r\n                <div class=\"e-add-image-area e-add-item-area\"><div class=\" e-add-item e-add-item_image elementor-repeater-item-96b723b\" data-item-id=\"96b723b\"><a class=\"e-add-post-image\" href=\"https:\/\/www.lafabbrica.it\/fr\/decorez-avec-style-creez-un-salon-unique-avec-les-revetements-up-le-malte-et-honey-wood\/\"><figure class=\"e-add-img\"><img loading=\"lazy\" decoding=\"async\" width=\"880\" height=\"860\" src=\"https:\/\/www.lafabbrica.it\/wp-content\/uploads\/2024\/12\/list-ok.jpg\" class=\"attachment-full size-full wp-image-24202\" alt=\"\" srcset=\"https:\/\/www.lafabbrica.it\/wp-content\/uploads\/2024\/12\/list-ok.jpg 880w, https:\/\/www.lafabbrica.it\/wp-content\/uploads\/2024\/12\/list-ok-300x293.jpg 300w, https:\/\/www.lafabbrica.it\/wp-content\/uploads\/2024\/12\/list-ok-768x751.jpg 768w\" sizes=\"(max-width: 880px) 100vw, 880px\" \/><\/figure><\/a><\/div><\/div><div class=\"e-add-content-area e-add-item-area\"><div class=\" e-add-item e-add-item_title elementor-repeater-item-c626508\" data-item-id=\"c626508\"><h3 class=\"e-add-post-title\"><a href=\"https:\/\/www.lafabbrica.it\/fr\/decorez-avec-style-creez-un-salon-unique-avec-les-revetements-up-le-malte-et-honey-wood\/\" title=\"D\u00e9corez avec style : cr\u00e9ez un salon unique avec les rev\u00eatements Up, Le Malte et Honey Wood\">D\u00e9corez avec style : cr\u00e9ez un salon unique avec les rev\u00eatements Up, Le Malte et Honey Wood<\/a><\/h3><\/div><div class=\" e-add-item e-add-item_date elementor-repeater-item-49e7963\" data-item-id=\"49e7963\"><p class=\"e-add-post-date\">d\u00e9cembre 2, 2024<\/p>        <\/div><\/div>            <\/div>\r\n                    <\/article>\r\n                <article class=\"e-add-querytype-post e-add-post e-add-post-item e-add-post-item-3bf4e52  e-add-proto-item e-add-item-grid e-add-item-e-skin  post-24013 post type-post status-publish format-standard has-post-thumbnail hentry category-blog-fr\" data-post-id=\"24013\" data-index=\"14\">\r\n                        <div class=\"e-add-post-block e-add-post-block-14 e-add-post-overlayhover elementor-animation-shrink\">\r\n                <div class=\"e-add-image-area e-add-item-area\"><div class=\" e-add-item e-add-item_image elementor-repeater-item-96b723b\" data-item-id=\"96b723b\"><a class=\"e-add-post-image\" href=\"https:\/\/www.lafabbrica.it\/fr\/carrelage-en-gres-cerame-antiderapant-la-solution-ideale-pour-exterieurs-salles-de-bain-et-piscines\/\"><figure class=\"e-add-img\"><img loading=\"lazy\" decoding=\"async\" width=\"880\" height=\"860\" src=\"https:\/\/www.lafabbrica.it\/wp-content\/uploads\/2024\/11\/main-list-ok.jpg\" class=\"attachment-full size-full wp-image-24086\" alt=\"\" srcset=\"https:\/\/www.lafabbrica.it\/wp-content\/uploads\/2024\/11\/main-list-ok.jpg 880w, https:\/\/www.lafabbrica.it\/wp-content\/uploads\/2024\/11\/main-list-ok-300x293.jpg 300w, https:\/\/www.lafabbrica.it\/wp-content\/uploads\/2024\/11\/main-list-ok-768x751.jpg 768w\" sizes=\"(max-width: 880px) 100vw, 880px\" \/><\/figure><\/a><\/div><\/div><div class=\"e-add-content-area e-add-item-area\"><div class=\" e-add-item e-add-item_title elementor-repeater-item-c626508\" data-item-id=\"c626508\"><h3 class=\"e-add-post-title\"><a href=\"https:\/\/www.lafabbrica.it\/fr\/carrelage-en-gres-cerame-antiderapant-la-solution-ideale-pour-exterieurs-salles-de-bain-et-piscines\/\" title=\"Carrelage en gr\u00e8s c\u00e9rame antid\u00e9rapant : la solution id\u00e9ale pour ext\u00e9rieurs, salles de bain et piscines\">Carrelage en gr\u00e8s c\u00e9rame antid\u00e9rapant : la solution id\u00e9ale pour ext\u00e9rieurs, salles de bain et piscines<\/a><\/h3><\/div><div class=\" e-add-item e-add-item_date elementor-repeater-item-49e7963\" data-item-id=\"49e7963\"><p class=\"e-add-post-date\">novembre 26, 2024<\/p>        <\/div><\/div>            <\/div>\r\n                    <\/article>\r\n                <article class=\"e-add-querytype-post e-add-post e-add-post-item e-add-post-item-3bf4e52  e-add-proto-item e-add-item-grid e-add-item-e-skin  post-22711 post type-post status-publish format-standard has-post-thumbnail hentry category-blog-fr\" data-post-id=\"22711\" data-index=\"15\">\r\n                        <div class=\"e-add-post-block e-add-post-block-15 e-add-post-overlayhover elementor-animation-shrink\">\r\n                <div class=\"e-add-image-area e-add-item-area\"><div class=\" e-add-item e-add-item_image elementor-repeater-item-96b723b\" data-item-id=\"96b723b\"><a class=\"e-add-post-image\" href=\"https:\/\/www.lafabbrica.it\/fr\/valoriser-une-chambre-idees-creatives-pour-des-murs-originaux\/\"><figure class=\"e-add-img\"><img loading=\"lazy\" decoding=\"async\" width=\"880\" height=\"860\" src=\"https:\/\/www.lafabbrica.it\/wp-content\/uploads\/2024\/10\/immagine_list.jpg\" class=\"attachment-full size-full wp-image-22721\" alt=\"\" srcset=\"https:\/\/www.lafabbrica.it\/wp-content\/uploads\/2024\/10\/immagine_list.jpg 880w, https:\/\/www.lafabbrica.it\/wp-content\/uploads\/2024\/10\/immagine_list-300x293.jpg 300w, https:\/\/www.lafabbrica.it\/wp-content\/uploads\/2024\/10\/immagine_list-768x751.jpg 768w\" sizes=\"(max-width: 880px) 100vw, 880px\" \/><\/figure><\/a><\/div><\/div><div class=\"e-add-content-area e-add-item-area\"><div class=\" e-add-item e-add-item_title elementor-repeater-item-c626508\" data-item-id=\"c626508\"><h3 class=\"e-add-post-title\"><a href=\"https:\/\/www.lafabbrica.it\/fr\/valoriser-une-chambre-idees-creatives-pour-des-murs-originaux\/\" title=\"Valoriser une chambre: id\u00e9es cr\u00e9atives pour des murs originaux\">Valoriser une chambre: id\u00e9es cr\u00e9atives pour des murs originaux<\/a><\/h3><\/div><div class=\" e-add-item e-add-item_date elementor-repeater-item-49e7963\" data-item-id=\"49e7963\"><p class=\"e-add-post-date\">octobre 21, 2024<\/p>        <\/div><\/div>            <\/div>\r\n                    <\/article>\r\n                <article class=\"e-add-querytype-post e-add-post e-add-post-item e-add-post-item-3bf4e52  e-add-proto-item e-add-item-grid e-add-item-e-skin  post-22637 post type-post status-publish format-standard has-post-thumbnail hentry category-blog-fr\" data-post-id=\"22637\" data-index=\"16\">\r\n                        <div class=\"e-add-post-block e-add-post-block-16 e-add-post-overlayhover elementor-animation-shrink\">\r\n                <div class=\"e-add-image-area e-add-item-area\"><div class=\" e-add-item e-add-item_image elementor-repeater-item-96b723b\" data-item-id=\"96b723b\"><a class=\"e-add-post-image\" href=\"https:\/\/www.lafabbrica.it\/fr\/cuisine-moderne-comment-la-rendre-fonctionnelle-et-accueillante\/\"><figure class=\"e-add-img\"><img loading=\"lazy\" decoding=\"async\" width=\"880\" height=\"860\" src=\"https:\/\/www.lafabbrica.it\/wp-content\/uploads\/2024\/10\/PINK.jpg\" class=\"attachment-full size-full wp-image-22688\" alt=\"\" srcset=\"https:\/\/www.lafabbrica.it\/wp-content\/uploads\/2024\/10\/PINK.jpg 880w, https:\/\/www.lafabbrica.it\/wp-content\/uploads\/2024\/10\/PINK-300x293.jpg 300w, https:\/\/www.lafabbrica.it\/wp-content\/uploads\/2024\/10\/PINK-768x751.jpg 768w\" sizes=\"(max-width: 880px) 100vw, 880px\" \/><\/figure><\/a><\/div><\/div><div class=\"e-add-content-area e-add-item-area\"><div class=\" e-add-item e-add-item_title elementor-repeater-item-c626508\" data-item-id=\"c626508\"><h3 class=\"e-add-post-title\"><a href=\"https:\/\/www.lafabbrica.it\/fr\/cuisine-moderne-comment-la-rendre-fonctionnelle-et-accueillante\/\" title=\"Cuisine moderne : comment la rendre fonctionnelle et accueillante\">Cuisine moderne : comment la rendre fonctionnelle et accueillante<\/a><\/h3><\/div><div class=\" e-add-item e-add-item_date elementor-repeater-item-49e7963\" data-item-id=\"49e7963\"><p class=\"e-add-post-date\">octobre 18, 2024<\/p>        <\/div><\/div>            <\/div>\r\n                    <\/article>\r\n                <article class=\"e-add-querytype-post e-add-post e-add-post-item e-add-post-item-3bf4e52  e-add-proto-item e-add-item-grid e-add-item-e-skin  post-20259 post type-post status-publish format-standard has-post-thumbnail hentry category-blog-fr\" data-post-id=\"20259\" data-index=\"17\">\r\n                        <div class=\"e-add-post-block e-add-post-block-17 e-add-post-overlayhover elementor-animation-shrink\">\r\n                <div class=\"e-add-image-area e-add-item-area\"><div class=\" e-add-item e-add-item_image elementor-repeater-item-96b723b\" data-item-id=\"96b723b\"><a class=\"e-add-post-image\" href=\"https:\/\/www.lafabbrica.it\/fr\/comment-creer-une-maison-durable\/\"><figure class=\"e-add-img\"><img loading=\"lazy\" decoding=\"async\" width=\"880\" height=\"860\" src=\"https:\/\/www.lafabbrica.it\/wp-content\/uploads\/2024\/09\/sostenibilite-list.jpg\" class=\"attachment-full size-full wp-image-20269\" alt=\"\" srcset=\"https:\/\/www.lafabbrica.it\/wp-content\/uploads\/2024\/09\/sostenibilite-list.jpg 880w, https:\/\/www.lafabbrica.it\/wp-content\/uploads\/2024\/09\/sostenibilite-list-300x293.jpg 300w, https:\/\/www.lafabbrica.it\/wp-content\/uploads\/2024\/09\/sostenibilite-list-768x751.jpg 768w\" sizes=\"(max-width: 880px) 100vw, 880px\" \/><\/figure><\/a><\/div><\/div><div class=\"e-add-content-area e-add-item-area\"><div class=\" e-add-item e-add-item_title elementor-repeater-item-c626508\" data-item-id=\"c626508\"><h3 class=\"e-add-post-title\"><a href=\"https:\/\/www.lafabbrica.it\/fr\/comment-creer-une-maison-durable\/\" title=\"Comment cr\u00e9er une maison durable\">Comment cr\u00e9er une maison durable<\/a><\/h3><\/div><div class=\" e-add-item e-add-item_date elementor-repeater-item-49e7963\" data-item-id=\"49e7963\"><p class=\"e-add-post-date\">ao\u00fbt 30, 2024<\/p>        <\/div><\/div>            <\/div>\r\n                    <\/article>\r\n                <article class=\"e-add-querytype-post e-add-post e-add-post-item e-add-post-item-3bf4e52  e-add-proto-item e-add-item-grid e-add-item-e-skin  post-19150 post type-post status-publish format-standard has-post-thumbnail hentry category-blog-fr\" data-post-id=\"19150\" data-index=\"18\">\r\n                        <div class=\"e-add-post-block e-add-post-block-18 e-add-post-overlayhover elementor-animation-shrink\">\r\n                <div class=\"e-add-image-area e-add-item-area\"><div class=\" e-add-item e-add-item_image elementor-repeater-item-96b723b\" data-item-id=\"96b723b\"><a class=\"e-add-post-image\" href=\"https:\/\/www.lafabbrica.it\/fr\/amenager-une-salle-de-bain-classique-10-erreurs-a-eviter\/\"><figure class=\"e-add-img\"><img loading=\"lazy\" decoding=\"async\" width=\"880\" height=\"860\" src=\"https:\/\/www.lafabbrica.it\/wp-content\/uploads\/2024\/07\/bagno-list.jpg\" class=\"attachment-full size-full wp-image-19168\" alt=\"\" srcset=\"https:\/\/www.lafabbrica.it\/wp-content\/uploads\/2024\/07\/bagno-list.jpg 880w, https:\/\/www.lafabbrica.it\/wp-content\/uploads\/2024\/07\/bagno-list-300x293.jpg 300w, https:\/\/www.lafabbrica.it\/wp-content\/uploads\/2024\/07\/bagno-list-768x751.jpg 768w\" sizes=\"(max-width: 880px) 100vw, 880px\" \/><\/figure><\/a><\/div><\/div><div class=\"e-add-content-area e-add-item-area\"><div class=\" e-add-item e-add-item_title elementor-repeater-item-c626508\" data-item-id=\"c626508\"><h3 class=\"e-add-post-title\"><a href=\"https:\/\/www.lafabbrica.it\/fr\/amenager-une-salle-de-bain-classique-10-erreurs-a-eviter\/\" title=\"Am\u00e9nager une salle de bain classique : 10 erreurs \u00e0 \u00e9viter\">Am\u00e9nager une salle de bain classique : 10 erreurs \u00e0 \u00e9viter<\/a><\/h3><\/div><div class=\" e-add-item e-add-item_date elementor-repeater-item-49e7963\" data-item-id=\"49e7963\"><p class=\"e-add-post-date\">juillet 24, 2024<\/p>        <\/div><\/div>            <\/div>\r\n                    <\/article>\r\n                <article class=\"e-add-querytype-post e-add-post e-add-post-item e-add-post-item-3bf4e52  e-add-proto-item e-add-item-grid e-add-item-e-skin  post-18598 post type-post status-publish format-standard has-post-thumbnail hentry category-blog-fr\" data-post-id=\"18598\" data-index=\"19\">\r\n                        <div class=\"e-add-post-block e-add-post-block-19 e-add-post-overlayhover elementor-animation-shrink\">\r\n                <div class=\"e-add-image-area e-add-item-area\"><div class=\" e-add-item e-add-item_image elementor-repeater-item-96b723b\" data-item-id=\"96b723b\"><a class=\"e-add-post-image\" href=\"https:\/\/www.lafabbrica.it\/fr\/les-dalles-ceramiques-epaisses-une-revolution-du-design-dinterieur\/\"><figure class=\"e-add-img\"><img loading=\"lazy\" decoding=\"async\" width=\"880\" height=\"860\" src=\"https:\/\/www.lafabbrica.it\/wp-content\/uploads\/2024\/06\/main-list.jpg\" class=\"attachment-full size-full wp-image-18628\" alt=\"\" srcset=\"https:\/\/www.lafabbrica.it\/wp-content\/uploads\/2024\/06\/main-list.jpg 880w, https:\/\/www.lafabbrica.it\/wp-content\/uploads\/2024\/06\/main-list-300x293.jpg 300w, https:\/\/www.lafabbrica.it\/wp-content\/uploads\/2024\/06\/main-list-768x751.jpg 768w\" sizes=\"(max-width: 880px) 100vw, 880px\" \/><\/figure><\/a><\/div><\/div><div class=\"e-add-content-area e-add-item-area\"><div class=\" e-add-item e-add-item_title elementor-repeater-item-c626508\" data-item-id=\"c626508\"><h3 class=\"e-add-post-title\"><a href=\"https:\/\/www.lafabbrica.it\/fr\/les-dalles-ceramiques-epaisses-une-revolution-du-design-dinterieur\/\" title=\"Les dalles c\u00e9ramiques \u00e9paisses : une r\u00e9volution du design d&#8217;int\u00e9rieur\">Les dalles c\u00e9ramiques \u00e9paisses : une r\u00e9volution du design d&#8217;int\u00e9rieur<\/a><\/h3><\/div><div class=\" e-add-item e-add-item_date elementor-repeater-item-49e7963\" data-item-id=\"49e7963\"><p class=\"e-add-post-date\">juin 17, 2024<\/p>        <\/div><\/div>            <\/div>\r\n                    <\/article>\r\n                <article class=\"e-add-querytype-post e-add-post e-add-post-item e-add-post-item-3bf4e52  e-add-proto-item e-add-item-grid e-add-item-e-skin  post-18321 post type-post status-publish format-standard has-post-thumbnail hentry category-blog-fr\" data-post-id=\"18321\" data-index=\"20\">\r\n                        <div class=\"e-add-post-block e-add-post-block-20 e-add-post-overlayhover elementor-animation-shrink\">\r\n                <div class=\"e-add-image-area e-add-item-area\"><div class=\" e-add-item e-add-item_image elementor-repeater-item-96b723b\" data-item-id=\"96b723b\"><a class=\"e-add-post-image\" href=\"https:\/\/www.lafabbrica.it\/fr\/design-moderne-et-contemporain-pourquoi-choisir-le-gres-cerame\/\"><figure class=\"e-add-img\"><img loading=\"lazy\" decoding=\"async\" width=\"880\" height=\"860\" src=\"https:\/\/www.lafabbrica.it\/wp-content\/uploads\/2023\/09\/NOBLE_FOCUS.jpg\" class=\"attachment-full size-full wp-image-14511\" alt=\"\" srcset=\"https:\/\/www.lafabbrica.it\/wp-content\/uploads\/2023\/09\/NOBLE_FOCUS.jpg 880w, https:\/\/www.lafabbrica.it\/wp-content\/uploads\/2023\/09\/NOBLE_FOCUS-300x293.jpg 300w, https:\/\/www.lafabbrica.it\/wp-content\/uploads\/2023\/09\/NOBLE_FOCUS-768x751.jpg 768w\" sizes=\"(max-width: 880px) 100vw, 880px\" \/><\/figure><\/a><\/div><\/div><div class=\"e-add-content-area e-add-item-area\"><div class=\" e-add-item e-add-item_title elementor-repeater-item-c626508\" data-item-id=\"c626508\"><h3 class=\"e-add-post-title\"><a href=\"https:\/\/www.lafabbrica.it\/fr\/design-moderne-et-contemporain-pourquoi-choisir-le-gres-cerame\/\" title=\"Design Moderne et Contemporain: Pourquoi Choisir le Gr\u00e8s C\u00e9rame\">Design Moderne et Contemporain: Pourquoi Choisir le Gr\u00e8s C\u00e9rame<\/a><\/h3><\/div><div class=\" e-add-item e-add-item_date elementor-repeater-item-49e7963\" data-item-id=\"49e7963\"><p class=\"e-add-post-date\">mai 2, 2024<\/p>        <\/div><\/div>            <\/div>\r\n                    <\/article>\r\n                <article class=\"e-add-querytype-post e-add-post e-add-post-item e-add-post-item-3bf4e52  e-add-proto-item e-add-item-grid e-add-item-e-skin  post-18307 post type-post status-publish format-standard has-post-thumbnail hentry category-blog-fr\" data-post-id=\"18307\" data-index=\"21\">\r\n                        <div class=\"e-add-post-block e-add-post-block-21 e-add-post-overlayhover elementor-animation-shrink\">\r\n                <div class=\"e-add-image-area e-add-item-area\"><div class=\" e-add-item e-add-item_image elementor-repeater-item-96b723b\" data-item-id=\"96b723b\"><a class=\"e-add-post-image\" href=\"https:\/\/www.lafabbrica.it\/fr\/meubles-classiques-ou-modernes-trouvez-le-style-de-votre-salon\/\"><figure class=\"e-add-img\"><img loading=\"lazy\" decoding=\"async\" width=\"858\" height=\"811\" src=\"https:\/\/www.lafabbrica.it\/wp-content\/uploads\/2024\/05\/list.jpg\" class=\"attachment-full size-full wp-image-18227\" alt=\"\" srcset=\"https:\/\/www.lafabbrica.it\/wp-content\/uploads\/2024\/05\/list.jpg 858w, https:\/\/www.lafabbrica.it\/wp-content\/uploads\/2024\/05\/list-300x284.jpg 300w, https:\/\/www.lafabbrica.it\/wp-content\/uploads\/2024\/05\/list-768x726.jpg 768w\" sizes=\"(max-width: 858px) 100vw, 858px\" \/><\/figure><\/a><\/div><\/div><div class=\"e-add-content-area e-add-item-area\"><div class=\" e-add-item e-add-item_title elementor-repeater-item-c626508\" data-item-id=\"c626508\"><h3 class=\"e-add-post-title\"><a href=\"https:\/\/www.lafabbrica.it\/fr\/meubles-classiques-ou-modernes-trouvez-le-style-de-votre-salon\/\" title=\"Meubles Classiques ou Modernes ? Trouvez le style de votre salon\">Meubles Classiques ou Modernes ? Trouvez le style de votre salon<\/a><\/h3><\/div><div class=\" e-add-item e-add-item_date elementor-repeater-item-49e7963\" data-item-id=\"49e7963\"><p class=\"e-add-post-date\">mai 1, 2024<\/p>        <\/div><\/div>            <\/div>\r\n                    <\/article>\r\n                <article class=\"e-add-querytype-post e-add-post e-add-post-item e-add-post-item-3bf4e52  e-add-proto-item e-add-item-grid e-add-item-e-skin  post-18315 post type-post status-publish format-standard has-post-thumbnail hentry category-blog-fr\" data-post-id=\"18315\" data-index=\"22\">\r\n                        <div class=\"e-add-post-block e-add-post-block-22 e-add-post-overlayhover elementor-animation-shrink\">\r\n                <div class=\"e-add-image-area e-add-item-area\"><div class=\" e-add-item e-add-item_image elementor-repeater-item-96b723b\" data-item-id=\"96b723b\"><a class=\"e-add-post-image\" href=\"https:\/\/www.lafabbrica.it\/fr\/conception-harmonieuse-pour-les-maisons-modernes-allier-les-espaces-exterieurs-et-interieurs\/\"><figure class=\"e-add-img\"><img loading=\"lazy\" decoding=\"async\" width=\"858\" height=\"811\" src=\"https:\/\/www.lafabbrica.it\/wp-content\/uploads\/2024\/04\/main-outdoor-mobile.jpg\" class=\"attachment-full size-full wp-image-17795\" alt=\"\" srcset=\"https:\/\/www.lafabbrica.it\/wp-content\/uploads\/2024\/04\/main-outdoor-mobile.jpg 858w, https:\/\/www.lafabbrica.it\/wp-content\/uploads\/2024\/04\/main-outdoor-mobile-300x284.jpg 300w, https:\/\/www.lafabbrica.it\/wp-content\/uploads\/2024\/04\/main-outdoor-mobile-768x726.jpg 768w\" sizes=\"(max-width: 858px) 100vw, 858px\" \/><\/figure><\/a><\/div><\/div><div class=\"e-add-content-area e-add-item-area\"><div class=\" e-add-item e-add-item_title elementor-repeater-item-c626508\" data-item-id=\"c626508\"><h3 class=\"e-add-post-title\"><a href=\"https:\/\/www.lafabbrica.it\/fr\/conception-harmonieuse-pour-les-maisons-modernes-allier-les-espaces-exterieurs-et-interieurs\/\" title=\"Conception harmonieuse pour les maisons modernes :  Allier les espaces ext\u00e9rieurs et int\u00e9rieurs\">Conception harmonieuse pour les maisons modernes :  Allier les espaces ext\u00e9rieurs et int\u00e9rieurs<\/a><\/h3><\/div><div class=\" e-add-item e-add-item_date elementor-repeater-item-49e7963\" data-item-id=\"49e7963\"><p class=\"e-add-post-date\">avril 10, 2024<\/p>        <\/div><\/div>            <\/div>\r\n                    <\/article>\r\n                <article class=\"e-add-querytype-post e-add-post e-add-post-item e-add-post-item-3bf4e52  e-add-proto-item e-add-item-grid e-add-item-e-skin  post-18412 post type-post status-publish format-standard has-post-thumbnail hentry category-blog-fr\" data-post-id=\"18412\" data-index=\"23\">\r\n                        <div class=\"e-add-post-block e-add-post-block-23 e-add-post-overlayhover elementor-animation-shrink\">\r\n                <div class=\"e-add-image-area e-add-item-area\"><div class=\" e-add-item e-add-item_image elementor-repeater-item-96b723b\" data-item-id=\"96b723b\"><a class=\"e-add-post-image\" href=\"https:\/\/www.lafabbrica.it\/fr\/comment-amenager-votre-salle-de-bainidees-et-inspirations-pour-un-espace-unique\/\"><figure class=\"e-add-img\"><img loading=\"lazy\" decoding=\"async\" width=\"858\" height=\"811\" src=\"https:\/\/www.lafabbrica.it\/wp-content\/uploads\/2024\/04\/main-bagni-list.jpg\" class=\"attachment-full size-full wp-image-17862\" alt=\"\" srcset=\"https:\/\/www.lafabbrica.it\/wp-content\/uploads\/2024\/04\/main-bagni-list.jpg 858w, https:\/\/www.lafabbrica.it\/wp-content\/uploads\/2024\/04\/main-bagni-list-300x284.jpg 300w, https:\/\/www.lafabbrica.it\/wp-content\/uploads\/2024\/04\/main-bagni-list-768x726.jpg 768w\" sizes=\"(max-width: 858px) 100vw, 858px\" \/><\/figure><\/a><\/div><\/div><div class=\"e-add-content-area e-add-item-area\"><div class=\" e-add-item e-add-item_title elementor-repeater-item-c626508\" data-item-id=\"c626508\"><h3 class=\"e-add-post-title\"><a href=\"https:\/\/www.lafabbrica.it\/fr\/comment-amenager-votre-salle-de-bainidees-et-inspirations-pour-un-espace-unique\/\" title=\"Comment Am\u00e9nager Votre Salle de BainId\u00e9es et Inspirations pour un Espace Unique\">Comment Am\u00e9nager Votre Salle de BainId\u00e9es et Inspirations pour un Espace Unique<\/a><\/h3><\/div><div class=\" e-add-item e-add-item_date elementor-repeater-item-49e7963\" data-item-id=\"49e7963\"><p class=\"e-add-post-date\">avril 8, 2024<\/p>        <\/div><\/div>            <\/div>\r\n                    <\/article>\r\n                    <\/div>\r\n                    <\/div>\r\n                \t\t<\/div>\n\t\t\t\t<\/div>\n\t\t\t\t\t<\/div>\n\t\t\t\t<\/div>\n\t\t\t\t<\/div>\n\t\t","protected":false},"excerpt":{"rendered":"<p>Blog Tavoli da pranzo moderni: il valore materico delle superfici 3D Gennaio 23, 2026 Come posare il gres porcellanato effetto legno: scopri Chevron XL Honey Wood Dicembre 17, 2025 Arredamento stile scandinavo: 5 regole d&#8217;oro per non sbagliare Novembre 20, 2025 Bagni di design: 5 collezioni da cui prendere ispirazione Settembre 22, 2025 Cucina industrial [&hellip;]<\/p>\n","protected":false},"author":1,"featured_media":0,"parent":0,"menu_order":0,"comment_status":"closed","ping_status":"closed","template":"","meta":{"_acf_changed":false,"site-sidebar-layout":"no-sidebar","site-content-layout":"page-builder","ast-site-content-layout":"full-width-container","site-content-style":"default","site-sidebar-style":"default","ast-global-header-display":"","ast-banner-title-visibility":"","ast-main-header-display":"","ast-hfb-above-header-display":"","ast-hfb-below-header-display":"","ast-hfb-mobile-header-display":"","site-post-title":"disabled","ast-breadcrumbs-content":"","ast-featured-img":"disabled","footer-sml-layout":"","theme-transparent-header-meta":"","adv-header-id-meta":"","stick-header-meta":"","header-above-stick-meta":"","header-main-stick-meta":"","header-below-stick-meta":"","astra-migrate-meta-layouts":"default","ast-page-background-enabled":"default","ast-page-background-meta":{"desktop":{"background-color":"var(--ast-global-color-4)","background-image":"","background-repeat":"repeat","background-position":"center center","background-size":"auto","background-attachment":"scroll","background-type":"","background-media":"","overlay-type":"","overlay-color":"","overlay-gradient":""},"tablet":{"background-color":"","background-image":"","background-repeat":"repeat","background-position":"center center","background-size":"auto","background-attachment":"scroll","background-type":"","background-media":"","overlay-type":"","overlay-color":"","overlay-gradient":""},"mobile":{"background-color":"","background-image":"","background-repeat":"repeat","background-position":"center center","background-size":"auto","background-attachment":"scroll","background-type":"","background-media":"","overlay-type":"","overlay-color":"","overlay-gradient":""}},"ast-content-background-meta":{"desktop":{"background-color":"var(--ast-global-color-5)","background-image":"","background-repeat":"repeat","background-position":"center center","background-size":"auto","background-attachment":"scroll","background-type":"","background-media":"","overlay-type":"","overlay-color":"","overlay-gradient":""},"tablet":{"background-color":"var(--ast-global-color-5)","background-image":"","background-repeat":"repeat","background-position":"center center","background-size":"auto","background-attachment":"scroll","background-type":"","background-media":"","overlay-type":"","overlay-color":"","overlay-gradient":""},"mobile":{"background-color":"var(--ast-global-color-5)","background-image":"","background-repeat":"repeat","background-position":"center center","background-size":"auto","background-attachment":"scroll","background-type":"","background-media":"","overlay-type":"","overlay-color":"","overlay-gradient":""}},"footnotes":""},"class_list":["post-20234","page","type-page","status-publish","hentry"],"acf":[],"yoast_head":"<!-- This site is optimized with the Yoast SEO plugin v22.0 - https:\/\/yoast.com\/wordpress\/plugins\/seo\/ -->\n<title>Blog - La Fabbrica AVA<\/title>\n<meta name=\"robots\" content=\"index, follow, max-snippet:-1, max-image-preview:large, max-video-preview:-1\" \/>\n<link rel=\"canonical\" href=\"https:\/\/www.lafabbrica.it\/fr\/blog_index\/\" \/>\n<meta property=\"og:locale\" content=\"fr_FR\" \/>\n<meta property=\"og:type\" content=\"article\" \/>\n<meta property=\"og:title\" content=\"Blog - La Fabbrica AVA\" \/>\n<meta property=\"og:description\" content=\"Blog Tavoli da pranzo moderni: il valore materico delle superfici 3D Gennaio 23, 2026 Come posare il gres porcellanato effetto legno: scopri Chevron XL Honey Wood Dicembre 17, 2025 Arredamento stile scandinavo: 5 regole d&#8217;oro per non sbagliare Novembre 20, 2025 Bagni di design: 5 collezioni da cui prendere ispirazione Settembre 22, 2025 Cucina industrial [&hellip;]\" \/>\n<meta property=\"og:url\" content=\"https:\/\/www.lafabbrica.it\/fr\/blog_index\/\" \/>\n<meta property=\"og:site_name\" content=\"La Fabbrica AVA\" \/>\n<meta property=\"article:modified_time\" content=\"2026-01-30T11:36:35+00:00\" \/>\n<meta property=\"og:image\" content=\"https:\/\/www.lafabbrica.it\/wp-content\/uploads\/2026\/01\/listt.jpg\" \/>\n<meta name=\"twitter:card\" content=\"summary_large_image\" \/>\n<meta name=\"twitter:label1\" content=\"Dur\u00e9e de lecture estim\u00e9e\" \/>\n\t<meta name=\"twitter:data1\" content=\"4 minutes\" \/>\n<script type=\"application\/ld+json\" class=\"yoast-schema-graph\">{\"@context\":\"https:\/\/schema.org\",\"@graph\":[{\"@type\":\"WebPage\",\"@id\":\"https:\/\/www.lafabbrica.it\/fr\/blog_index\/\",\"url\":\"https:\/\/www.lafabbrica.it\/fr\/blog_index\/\",\"name\":\"Blog - La Fabbrica AVA\",\"isPartOf\":{\"@id\":\"https:\/\/www.lafabbrica.it\/fr\/#website\"},\"datePublished\":\"2024-09-06T10:09:32+00:00\",\"dateModified\":\"2026-01-30T11:36:35+00:00\",\"breadcrumb\":{\"@id\":\"https:\/\/www.lafabbrica.it\/fr\/blog_index\/#breadcrumb\"},\"inLanguage\":\"fr-FR\",\"potentialAction\":[{\"@type\":\"ReadAction\",\"target\":[\"https:\/\/www.lafabbrica.it\/fr\/blog_index\/\"]}]},{\"@type\":\"BreadcrumbList\",\"@id\":\"https:\/\/www.lafabbrica.it\/fr\/blog_index\/#breadcrumb\",\"itemListElement\":[{\"@type\":\"ListItem\",\"position\":1,\"name\":\"Home\",\"item\":\"https:\/\/www.lafabbrica.it\/fr\/\"},{\"@type\":\"ListItem\",\"position\":2,\"name\":\"Blog\"}]},{\"@type\":\"WebSite\",\"@id\":\"https:\/\/www.lafabbrica.it\/fr\/#website\",\"url\":\"https:\/\/www.lafabbrica.it\/fr\/\",\"name\":\"La Fabbrica AVA\",\"description\":\"\",\"publisher\":{\"@id\":\"https:\/\/www.lafabbrica.it\/fr\/#organization\"},\"potentialAction\":[{\"@type\":\"SearchAction\",\"target\":{\"@type\":\"EntryPoint\",\"urlTemplate\":\"https:\/\/www.lafabbrica.it\/fr\/?s={search_term_string}\"},\"query-input\":\"required name=search_term_string\"}],\"inLanguage\":\"fr-FR\"},{\"@type\":\"Organization\",\"@id\":\"https:\/\/www.lafabbrica.it\/fr\/#organization\",\"name\":\"La Fabbrica AVA\",\"url\":\"https:\/\/www.lafabbrica.it\/fr\/\",\"logo\":{\"@type\":\"ImageObject\",\"inLanguage\":\"fr-FR\",\"@id\":\"https:\/\/www.lafabbrica.it\/fr\/#\/schema\/logo\/image\/\",\"url\":\"https:\/\/www.lafabbrica.it\/wp-content\/uploads\/2023\/08\/Senza-titolo-1.png\",\"contentUrl\":\"https:\/\/www.lafabbrica.it\/wp-content\/uploads\/2023\/08\/Senza-titolo-1.png\",\"width\":567,\"height\":240,\"caption\":\"La Fabbrica AVA\"},\"image\":{\"@id\":\"https:\/\/www.lafabbrica.it\/fr\/#\/schema\/logo\/image\/\"}}]}<\/script>\n<!-- \/ Yoast SEO plugin. -->","yoast_head_json":{"title":"Blog - La Fabbrica AVA","robots":{"index":"index","follow":"follow","max-snippet":"max-snippet:-1","max-image-preview":"max-image-preview:large","max-video-preview":"max-video-preview:-1"},"canonical":"https:\/\/www.lafabbrica.it\/fr\/blog_index\/","og_locale":"fr_FR","og_type":"article","og_title":"Blog - La Fabbrica AVA","og_description":"Blog Tavoli da pranzo moderni: il valore materico delle superfici 3D Gennaio 23, 2026 Come posare il gres porcellanato effetto legno: scopri Chevron XL Honey Wood Dicembre 17, 2025 Arredamento stile scandinavo: 5 regole d&#8217;oro per non sbagliare Novembre 20, 2025 Bagni di design: 5 collezioni da cui prendere ispirazione Settembre 22, 2025 Cucina industrial [&hellip;]","og_url":"https:\/\/www.lafabbrica.it\/fr\/blog_index\/","og_site_name":"La Fabbrica AVA","article_modified_time":"2026-01-30T11:36:35+00:00","og_image":[{"url":"https:\/\/www.lafabbrica.it\/wp-content\/uploads\/2026\/01\/listt.jpg"}],"twitter_card":"summary_large_image","twitter_misc":{"Dur\u00e9e de lecture estim\u00e9e":"4 minutes"},"schema":{"@context":"https:\/\/schema.org","@graph":[{"@type":"WebPage","@id":"https:\/\/www.lafabbrica.it\/fr\/blog_index\/","url":"https:\/\/www.lafabbrica.it\/fr\/blog_index\/","name":"Blog - La Fabbrica AVA","isPartOf":{"@id":"https:\/\/www.lafabbrica.it\/fr\/#website"},"datePublished":"2024-09-06T10:09:32+00:00","dateModified":"2026-01-30T11:36:35+00:00","breadcrumb":{"@id":"https:\/\/www.lafabbrica.it\/fr\/blog_index\/#breadcrumb"},"inLanguage":"fr-FR","potentialAction":[{"@type":"ReadAction","target":["https:\/\/www.lafabbrica.it\/fr\/blog_index\/"]}]},{"@type":"BreadcrumbList","@id":"https:\/\/www.lafabbrica.it\/fr\/blog_index\/#breadcrumb","itemListElement":[{"@type":"ListItem","position":1,"name":"Home","item":"https:\/\/www.lafabbrica.it\/fr\/"},{"@type":"ListItem","position":2,"name":"Blog"}]},{"@type":"WebSite","@id":"https:\/\/www.lafabbrica.it\/fr\/#website","url":"https:\/\/www.lafabbrica.it\/fr\/","name":"La Fabbrica AVA","description":"","publisher":{"@id":"https:\/\/www.lafabbrica.it\/fr\/#organization"},"potentialAction":[{"@type":"SearchAction","target":{"@type":"EntryPoint","urlTemplate":"https:\/\/www.lafabbrica.it\/fr\/?s={search_term_string}"},"query-input":"required name=search_term_string"}],"inLanguage":"fr-FR"},{"@type":"Organization","@id":"https:\/\/www.lafabbrica.it\/fr\/#organization","name":"La Fabbrica AVA","url":"https:\/\/www.lafabbrica.it\/fr\/","logo":{"@type":"ImageObject","inLanguage":"fr-FR","@id":"https:\/\/www.lafabbrica.it\/fr\/#\/schema\/logo\/image\/","url":"https:\/\/www.lafabbrica.it\/wp-content\/uploads\/2023\/08\/Senza-titolo-1.png","contentUrl":"https:\/\/www.lafabbrica.it\/wp-content\/uploads\/2023\/08\/Senza-titolo-1.png","width":567,"height":240,"caption":"La Fabbrica AVA"},"image":{"@id":"https:\/\/www.lafabbrica.it\/fr\/#\/schema\/logo\/image\/"}}]}},"_links":{"self":[{"href":"https:\/\/www.lafabbrica.it\/fr\/wp-json\/wp\/v2\/pages\/20234","targetHints":{"allow":["GET"]}}],"collection":[{"href":"https:\/\/www.lafabbrica.it\/fr\/wp-json\/wp\/v2\/pages"}],"about":[{"href":"https:\/\/www.lafabbrica.it\/fr\/wp-json\/wp\/v2\/types\/page"}],"author":[{"embeddable":true,"href":"https:\/\/www.lafabbrica.it\/fr\/wp-json\/wp\/v2\/users\/1"}],"replies":[{"embeddable":true,"href":"https:\/\/www.lafabbrica.it\/fr\/wp-json\/wp\/v2\/comments?post=20234"}],"version-history":[{"count":0,"href":"https:\/\/www.lafabbrica.it\/fr\/wp-json\/wp\/v2\/pages\/20234\/revisions"}],"wp:attachment":[{"href":"https:\/\/www.lafabbrica.it\/fr\/wp-json\/wp\/v2\/media?parent=20234"}],"curies":[{"name":"wp","href":"https:\/\/api.w.org\/{rel}","templated":true}]}}