{"id":18333,"date":"2024-04-17T10:08:50","date_gmt":"2024-04-17T09:08:50","guid":{"rendered":"https:\/\/www.lafabbrica.it\/?page_id=18333"},"modified":"2024-09-05T09:38:49","modified_gmt":"2024-09-05T09:38:49","slug":"news-2","status":"publish","type":"page","link":"https:\/\/www.lafabbrica.it\/fr\/news-2\/","title":{"rendered":"News"},"content":{"rendered":"\t\t<div data-elementor-type=\"wp-page\" data-elementor-id=\"18333\" class=\"elementor elementor-18333 elementor-17963\" data-elementor-post-type=\"page\">\n\t\t\t\t<div class=\"elementor-element elementor-element-42453d81 e-flex e-con-boxed e-con e-parent\" data-id=\"42453d81\" data-element_type=\"container\" data-settings=\"{&quot;content_width&quot;:&quot;boxed&quot;}\" data-core-v316-plus=\"true\">\n\t\t\t\t\t<div class=\"e-con-inner\">\n\t\t\t\t<div class=\"elementor-element elementor-element-700825d1 elementor-widget elementor-widget-heading\" data-id=\"700825d1\" data-element_type=\"widget\" data-widget_type=\"heading.default\">\n\t\t\t\t<div class=\"elementor-widget-container\">\n\t\t\t<h1 class=\"elementor-heading-title elementor-size-default\">Blog<\/h1>\t\t<\/div>\n\t\t\t\t<\/div>\n\t\t\t\t<div class=\"e-add-querytype-post e-add-queryskin-grid elementor-element elementor-element-7cbeb39d e-add-col-2 e-add-posts-layout-overlay e-add-align-center e-add-col-tablet-2 e-add-col-mobile-1 elementor-widget elementor-widget-e-query-posts\" data-id=\"7cbeb39d\" data-element_type=\"widget\" data-settings=\"{&quot;grid_columns_grid&quot;:2,&quot;grid_columns_grid_tablet&quot;:2,&quot;grid_grid_type&quot;:&quot;flex&quot;,&quot;grid_columns_grid_mobile&quot;:&quot;1&quot;,&quot;scrollreveal_effect_type&quot;:&quot;0&quot;}\" data-widget_type=\"e-query-posts.grid\">\n\t\t\t\t<div class=\"elementor-widget-container\">\n\t\t\t                <div class=\"e-add-posts-container e-add-posts  e-add-skin-grid e-add-skin-grid-flex \">\r\n                        <div class=\"e-add-posts-wrapper e-add-proto-wrapper e-add-wrapper-grid e-add-wrapper-e-skin \">\r\n                        <article class=\"e-add-querytype-post e-add-post e-add-post-item e-add-post-item-7cbeb39d  e-add-proto-item e-add-item-grid e-add-item-e-skin  post-33454 post type-post status-publish format-standard has-post-thumbnail hentry category-blog-fr category-non-classifiee\" data-post-id=\"33454\" data-index=\"0\">\r\n                        <div class=\"e-add-post-block e-add-post-block-0 e-add-post-overlayhover elementor-animation-shrink\">\r\n                <div class=\"e-add-image-area e-add-item-area\"><div class=\" e-add-item e-add-item_image elementor-repeater-item-96b723b\" data-item-id=\"96b723b\"><a class=\"e-add-post-image\" href=\"https:\/\/www.lafabbrica.it\/fr\/amenager-un-petit-salon-idees-gain-de-place-et-solutions-design\/\"><figure class=\"e-add-img\"><img fetchpriority=\"high\" decoding=\"async\" width=\"880\" height=\"860\" src=\"https:\/\/www.lafabbrica.it\/wp-content\/uploads\/2026\/04\/arredare-box.jpg\" class=\"attachment-full size-full wp-image-33617\" alt=\"\" srcset=\"https:\/\/www.lafabbrica.it\/wp-content\/uploads\/2026\/04\/arredare-box.jpg 880w, https:\/\/www.lafabbrica.it\/wp-content\/uploads\/2026\/04\/arredare-box-300x293.jpg 300w, https:\/\/www.lafabbrica.it\/wp-content\/uploads\/2026\/04\/arredare-box-768x751.jpg 768w\" sizes=\"(max-width: 880px) 100vw, 880px\" \/><\/figure><\/a><\/div><\/div><div class=\"e-add-content-area e-add-item-area\"><div class=\" e-add-item e-add-item_title elementor-repeater-item-c626508\" data-item-id=\"c626508\"><h3 class=\"e-add-post-title\"><a href=\"https:\/\/www.lafabbrica.it\/fr\/amenager-un-petit-salon-idees-gain-de-place-et-solutions-design\/\" title=\"Am\u00e9nager un petit salon : id\u00e9es gain de place et solutions design\">Am\u00e9nager un petit salon : id\u00e9es gain de place et solutions design<\/a><\/h3><\/div><div class=\" e-add-item e-add-item_date elementor-repeater-item-49e7963\" data-item-id=\"49e7963\"><p class=\"e-add-post-date\">avril 22, 2026<\/p>        <\/div><\/div>            <\/div>\r\n                    <\/article>\r\n                <article class=\"e-add-querytype-post e-add-post e-add-post-item e-add-post-item-7cbeb39d  e-add-proto-item e-add-item-grid e-add-item-e-skin  post-32499 post type-post status-publish format-standard has-post-thumbnail hentry category-blog-fr\" data-post-id=\"32499\" data-index=\"1\">\r\n                        <div class=\"e-add-post-block e-add-post-block-1 e-add-post-overlayhover elementor-animation-shrink\">\r\n                <div class=\"e-add-image-area e-add-item-area\"><div class=\" e-add-item e-add-item_image elementor-repeater-item-96b723b\" data-item-id=\"96b723b\"><a class=\"e-add-post-image\" href=\"https:\/\/www.lafabbrica.it\/fr\/salles-de-bains-design-modernes-comment-choisir-les-grandes-dalles-parfaites-pour-un-effet-scenographique\/\"><figure class=\"e-add-img\"><img decoding=\"async\" width=\"880\" height=\"860\" src=\"https:\/\/www.lafabbrica.it\/wp-content\/uploads\/2026\/02\/Bagni-di-design-moderni-lista.jpg\" class=\"attachment-full size-full wp-image-32441\" alt=\"\" srcset=\"https:\/\/www.lafabbrica.it\/wp-content\/uploads\/2026\/02\/Bagni-di-design-moderni-lista.jpg 880w, https:\/\/www.lafabbrica.it\/wp-content\/uploads\/2026\/02\/Bagni-di-design-moderni-lista-300x293.jpg 300w, https:\/\/www.lafabbrica.it\/wp-content\/uploads\/2026\/02\/Bagni-di-design-moderni-lista-768x751.jpg 768w\" sizes=\"(max-width: 880px) 100vw, 880px\" \/><\/figure><\/a><\/div><\/div><div class=\"e-add-content-area e-add-item-area\"><div class=\" e-add-item e-add-item_title elementor-repeater-item-c626508\" data-item-id=\"c626508\"><h3 class=\"e-add-post-title\"><a href=\"https:\/\/www.lafabbrica.it\/fr\/salles-de-bains-design-modernes-comment-choisir-les-grandes-dalles-parfaites-pour-un-effet-scenographique\/\" title=\"Salles de bains design modernes : comment choisir les grandes dalles parfaites pour un effet sc\u00e9nographique\">Salles de bains design modernes : comment choisir les grandes dalles parfaites pour un effet sc\u00e9nographique<\/a><\/h3><\/div><div class=\" e-add-item e-add-item_date elementor-repeater-item-49e7963\" data-item-id=\"49e7963\"><p class=\"e-add-post-date\">f\u00e9vrier 26, 2026<\/p>        <\/div><\/div>            <\/div>\r\n                    <\/article>\r\n                <article class=\"e-add-querytype-post e-add-post e-add-post-item e-add-post-item-7cbeb39d  e-add-proto-item e-add-item-grid e-add-item-e-skin  post-32051 post type-post status-publish format-standard has-post-thumbnail hentry category-blog-fr\" data-post-id=\"32051\" data-index=\"2\">\r\n                        <div class=\"e-add-post-block e-add-post-block-2 e-add-post-overlayhover elementor-animation-shrink\">\r\n                <div class=\"e-add-image-area e-add-item-area\"><div class=\" e-add-item e-add-item_image elementor-repeater-item-96b723b\" data-item-id=\"96b723b\"><a class=\"e-add-post-image\" href=\"https:\/\/www.lafabbrica.it\/fr\/tables-a-manger-modernes-la-valeur-materielle-des-surfaces-3d\/\"><figure class=\"e-add-img\"><img decoding=\"async\" width=\"880\" height=\"860\" src=\"https:\/\/www.lafabbrica.it\/wp-content\/uploads\/2026\/01\/listt.jpg\" class=\"attachment-full size-full wp-image-32175\" alt=\"\" srcset=\"https:\/\/www.lafabbrica.it\/wp-content\/uploads\/2026\/01\/listt.jpg 880w, https:\/\/www.lafabbrica.it\/wp-content\/uploads\/2026\/01\/listt-300x293.jpg 300w, https:\/\/www.lafabbrica.it\/wp-content\/uploads\/2026\/01\/listt-768x751.jpg 768w\" sizes=\"(max-width: 880px) 100vw, 880px\" \/><\/figure><\/a><\/div><\/div><div class=\"e-add-content-area e-add-item-area\"><div class=\" e-add-item e-add-item_title elementor-repeater-item-c626508\" data-item-id=\"c626508\"><h3 class=\"e-add-post-title\"><a href=\"https:\/\/www.lafabbrica.it\/fr\/tables-a-manger-modernes-la-valeur-materielle-des-surfaces-3d\/\" title=\"Tables \u00e0 manger modernes : la valeur mat\u00e9rielle des surfaces 3D\">Tables \u00e0 manger modernes : la valeur mat\u00e9rielle des surfaces 3D<\/a><\/h3><\/div><div class=\" e-add-item e-add-item_date elementor-repeater-item-49e7963\" data-item-id=\"49e7963\"><p class=\"e-add-post-date\">janvier 23, 2026<\/p>        <\/div><\/div>            <\/div>\r\n                    <\/article>\r\n                <article class=\"e-add-querytype-post e-add-post e-add-post-item e-add-post-item-7cbeb39d  e-add-proto-item e-add-item-grid e-add-item-e-skin  post-31723 post type-post status-publish format-standard has-post-thumbnail hentry category-blog-fr\" data-post-id=\"31723\" data-index=\"3\">\r\n                        <div class=\"e-add-post-block e-add-post-block-3 e-add-post-overlayhover elementor-animation-shrink\">\r\n                <div class=\"e-add-image-area e-add-item-area\"><div class=\" e-add-item e-add-item_image elementor-repeater-item-96b723b\" data-item-id=\"96b723b\"><a class=\"e-add-post-image\" href=\"https:\/\/www.lafabbrica.it\/fr\/comment-poser-le-gres-cerame-effet-bois-decouvrez-chevron-xl-honey-wood\/\"><figure class=\"e-add-img\"><img loading=\"lazy\" decoding=\"async\" width=\"880\" height=\"860\" src=\"https:\/\/www.lafabbrica.it\/wp-content\/uploads\/2025\/12\/legno-list.jpg\" class=\"attachment-full size-full wp-image-31729\" alt=\"\" srcset=\"https:\/\/www.lafabbrica.it\/wp-content\/uploads\/2025\/12\/legno-list.jpg 880w, https:\/\/www.lafabbrica.it\/wp-content\/uploads\/2025\/12\/legno-list-300x293.jpg 300w, https:\/\/www.lafabbrica.it\/wp-content\/uploads\/2025\/12\/legno-list-768x751.jpg 768w\" sizes=\"(max-width: 880px) 100vw, 880px\" \/><\/figure><\/a><\/div><\/div><div class=\"e-add-content-area e-add-item-area\"><div class=\" e-add-item e-add-item_title elementor-repeater-item-c626508\" data-item-id=\"c626508\"><h3 class=\"e-add-post-title\"><a href=\"https:\/\/www.lafabbrica.it\/fr\/comment-poser-le-gres-cerame-effet-bois-decouvrez-chevron-xl-honey-wood\/\" title=\"Comment poser le gr\u00e8s c\u00e9rame effet bois : d\u00e9couvrez Chevron XL Honey Wood\">Comment poser le gr\u00e8s c\u00e9rame effet bois : d\u00e9couvrez Chevron XL Honey Wood<\/a><\/h3><\/div><div class=\" e-add-item e-add-item_date elementor-repeater-item-49e7963\" data-item-id=\"49e7963\"><p class=\"e-add-post-date\">d\u00e9cembre 17, 2025<\/p>        <\/div><\/div>            <\/div>\r\n                    <\/article>\r\n                <article class=\"e-add-querytype-post e-add-post e-add-post-item e-add-post-item-7cbeb39d  e-add-proto-item e-add-item-grid e-add-item-e-skin  post-31269 post type-post status-publish format-standard has-post-thumbnail hentry category-blog-fr\" data-post-id=\"31269\" data-index=\"4\">\r\n                        <div class=\"e-add-post-block e-add-post-block-4 e-add-post-overlayhover elementor-animation-shrink\">\r\n                <div class=\"e-add-image-area e-add-item-area\"><div class=\" e-add-item e-add-item_image elementor-repeater-item-96b723b\" data-item-id=\"96b723b\"><a class=\"e-add-post-image\" href=\"https:\/\/www.lafabbrica.it\/fr\/ameublement-style-scandinave-5-regles-dor-pour-ne-pas-se-tromper\/\"><figure class=\"e-add-img\"><img loading=\"lazy\" decoding=\"async\" width=\"880\" height=\"860\" src=\"https:\/\/www.lafabbrica.it\/wp-content\/uploads\/2025\/11\/main-list.jpg\" class=\"attachment-full size-full wp-image-31279\" alt=\"\" srcset=\"https:\/\/www.lafabbrica.it\/wp-content\/uploads\/2025\/11\/main-list.jpg 880w, https:\/\/www.lafabbrica.it\/wp-content\/uploads\/2025\/11\/main-list-300x293.jpg 300w, https:\/\/www.lafabbrica.it\/wp-content\/uploads\/2025\/11\/main-list-768x751.jpg 768w\" sizes=\"(max-width: 880px) 100vw, 880px\" \/><\/figure><\/a><\/div><\/div><div class=\"e-add-content-area e-add-item-area\"><div class=\" e-add-item e-add-item_title elementor-repeater-item-c626508\" data-item-id=\"c626508\"><h3 class=\"e-add-post-title\"><a href=\"https:\/\/www.lafabbrica.it\/fr\/ameublement-style-scandinave-5-regles-dor-pour-ne-pas-se-tromper\/\" title=\"Ameublement style scandinave : 5 r\u00e8gles d\u2019or pour ne pas se tromper\">Ameublement style scandinave : 5 r\u00e8gles d\u2019or pour ne pas se tromper<\/a><\/h3><\/div><div class=\" e-add-item e-add-item_date elementor-repeater-item-49e7963\" data-item-id=\"49e7963\"><p class=\"e-add-post-date\">novembre 20, 2025<\/p>        <\/div><\/div>            <\/div>\r\n                    <\/article>\r\n                <article class=\"e-add-querytype-post e-add-post e-add-post-item e-add-post-item-7cbeb39d  e-add-proto-item e-add-item-grid e-add-item-e-skin  post-30367 post type-post status-publish format-standard has-post-thumbnail hentry category-blog-fr\" data-post-id=\"30367\" data-index=\"5\">\r\n                        <div class=\"e-add-post-block e-add-post-block-5 e-add-post-overlayhover elementor-animation-shrink\">\r\n                <div class=\"e-add-image-area e-add-item-area\"><div class=\" e-add-item e-add-item_image elementor-repeater-item-96b723b\" data-item-id=\"96b723b\"><a class=\"e-add-post-image\" href=\"https:\/\/www.lafabbrica.it\/fr\/salles-de-bain-design-5-collections-dont-sinspirer\/\"><figure class=\"e-add-img\"><img loading=\"lazy\" decoding=\"async\" width=\"880\" height=\"860\" src=\"https:\/\/www.lafabbrica.it\/wp-content\/uploads\/2025\/10\/list.jpg\" class=\"attachment-full size-full wp-image-30274\" alt=\"\" srcset=\"https:\/\/www.lafabbrica.it\/wp-content\/uploads\/2025\/10\/list.jpg 880w, https:\/\/www.lafabbrica.it\/wp-content\/uploads\/2025\/10\/list-300x293.jpg 300w, https:\/\/www.lafabbrica.it\/wp-content\/uploads\/2025\/10\/list-768x751.jpg 768w\" sizes=\"(max-width: 880px) 100vw, 880px\" \/><\/figure><\/a><\/div><\/div><div class=\"e-add-content-area e-add-item-area\"><div class=\" e-add-item e-add-item_title elementor-repeater-item-c626508\" data-item-id=\"c626508\"><h3 class=\"e-add-post-title\"><a href=\"https:\/\/www.lafabbrica.it\/fr\/salles-de-bain-design-5-collections-dont-sinspirer\/\" title=\"Salles de bain design : 5 collections dont s\u2019inspirer\">Salles de bain design : 5 collections dont s\u2019inspirer<\/a><\/h3><\/div><div class=\" e-add-item e-add-item_date elementor-repeater-item-49e7963\" data-item-id=\"49e7963\"><p class=\"e-add-post-date\">septembre 22, 2025<\/p>        <\/div><\/div>            <\/div>\r\n                    <\/article>\r\n                <article class=\"e-add-querytype-post e-add-post e-add-post-item e-add-post-item-7cbeb39d  e-add-proto-item e-add-item-grid e-add-item-e-skin  post-28862 post type-post status-publish format-standard has-post-thumbnail hentry category-blog-fr\" data-post-id=\"28862\" data-index=\"6\">\r\n                        <div class=\"e-add-post-block e-add-post-block-6 e-add-post-overlayhover elementor-animation-shrink\">\r\n                <div class=\"e-add-image-area e-add-item-area\"><div class=\" e-add-item e-add-item_image elementor-repeater-item-96b723b\" data-item-id=\"96b723b\"><a class=\"e-add-post-image\" href=\"https:\/\/www.lafabbrica.it\/fr\/cuisine-industrielle-et-open-space-un-duo-parfait\/\"><figure class=\"e-add-img\"><img loading=\"lazy\" decoding=\"async\" width=\"880\" height=\"860\" src=\"https:\/\/www.lafabbrica.it\/wp-content\/uploads\/2025\/07\/cucina-lista.jpg\" class=\"attachment-full size-full wp-image-28945\" alt=\"\" srcset=\"https:\/\/www.lafabbrica.it\/wp-content\/uploads\/2025\/07\/cucina-lista.jpg 880w, https:\/\/www.lafabbrica.it\/wp-content\/uploads\/2025\/07\/cucina-lista-300x293.jpg 300w, https:\/\/www.lafabbrica.it\/wp-content\/uploads\/2025\/07\/cucina-lista-768x751.jpg 768w\" sizes=\"(max-width: 880px) 100vw, 880px\" \/><\/figure><\/a><\/div><\/div><div class=\"e-add-content-area e-add-item-area\"><div class=\" e-add-item e-add-item_title elementor-repeater-item-c626508\" data-item-id=\"c626508\"><h3 class=\"e-add-post-title\"><a href=\"https:\/\/www.lafabbrica.it\/fr\/cuisine-industrielle-et-open-space-un-duo-parfait\/\" title=\"Cuisine industrielle et open space : un duo parfait\">Cuisine industrielle et open space : un duo parfait<\/a><\/h3><\/div><div class=\" e-add-item e-add-item_date elementor-repeater-item-49e7963\" data-item-id=\"49e7963\"><p class=\"e-add-post-date\">ao\u00fbt 25, 2025<\/p>        <\/div><\/div>            <\/div>\r\n                    <\/article>\r\n                <article class=\"e-add-querytype-post e-add-post e-add-post-item e-add-post-item-7cbeb39d  e-add-proto-item e-add-item-grid e-add-item-e-skin  post-27808 post type-post status-publish format-standard has-post-thumbnail hentry category-blog-fr\" data-post-id=\"27808\" data-index=\"7\">\r\n                        <div class=\"e-add-post-block e-add-post-block-7 e-add-post-overlayhover elementor-animation-shrink\">\r\n                <div class=\"e-add-image-area e-add-item-area\"><div class=\" e-add-item e-add-item_image elementor-repeater-item-96b723b\" data-item-id=\"96b723b\"><a class=\"e-add-post-image\" href=\"https:\/\/www.lafabbrica.it\/fr\/couleur-beige-comment-lassocier-sans-tomber-dans-la-monotonie\/\"><figure class=\"e-add-img\"><img loading=\"lazy\" decoding=\"async\" width=\"880\" height=\"860\" src=\"https:\/\/www.lafabbrica.it\/wp-content\/uploads\/2025\/07\/beige-list.jpg\" class=\"attachment-full size-full wp-image-27814\" alt=\"\" srcset=\"https:\/\/www.lafabbrica.it\/wp-content\/uploads\/2025\/07\/beige-list.jpg 880w, https:\/\/www.lafabbrica.it\/wp-content\/uploads\/2025\/07\/beige-list-300x293.jpg 300w, https:\/\/www.lafabbrica.it\/wp-content\/uploads\/2025\/07\/beige-list-768x751.jpg 768w\" sizes=\"(max-width: 880px) 100vw, 880px\" \/><\/figure><\/a><\/div><\/div><div class=\"e-add-content-area e-add-item-area\"><div class=\" e-add-item e-add-item_title elementor-repeater-item-c626508\" data-item-id=\"c626508\"><h3 class=\"e-add-post-title\"><a href=\"https:\/\/www.lafabbrica.it\/fr\/couleur-beige-comment-lassocier-sans-tomber-dans-la-monotonie\/\" title=\"Couleur beige : comment l\u2019associer sans tomber dans la monotonie\">Couleur beige : comment l\u2019associer sans tomber dans la monotonie<\/a><\/h3><\/div><div class=\" e-add-item e-add-item_date elementor-repeater-item-49e7963\" data-item-id=\"49e7963\"><p class=\"e-add-post-date\">juillet 23, 2025<\/p>        <\/div><\/div>            <\/div>\r\n                    <\/article>\r\n                <article class=\"e-add-querytype-post e-add-post e-add-post-item e-add-post-item-7cbeb39d  e-add-proto-item e-add-item-grid e-add-item-e-skin  post-27729 post type-post status-publish format-standard has-post-thumbnail hentry category-blog-fr\" data-post-id=\"27729\" data-index=\"8\">\r\n                        <div class=\"e-add-post-block e-add-post-block-8 e-add-post-overlayhover elementor-animation-shrink\">\r\n                <div class=\"e-add-image-area e-add-item-area\"><div class=\" e-add-item e-add-item_image elementor-repeater-item-96b723b\" data-item-id=\"96b723b\"><a class=\"e-add-post-image\" href=\"https:\/\/www.lafabbrica.it\/fr\/revetement-de-sol-exterieur-5-tendances-pour-renover-vos-espaces\/\"><figure class=\"e-add-img\"><img loading=\"lazy\" decoding=\"async\" width=\"880\" height=\"860\" src=\"https:\/\/www.lafabbrica.it\/wp-content\/uploads\/2025\/07\/list.jpg\" class=\"attachment-full size-full wp-image-27735\" alt=\"\" srcset=\"https:\/\/www.lafabbrica.it\/wp-content\/uploads\/2025\/07\/list.jpg 880w, https:\/\/www.lafabbrica.it\/wp-content\/uploads\/2025\/07\/list-300x293.jpg 300w, https:\/\/www.lafabbrica.it\/wp-content\/uploads\/2025\/07\/list-768x751.jpg 768w\" sizes=\"(max-width: 880px) 100vw, 880px\" \/><\/figure><\/a><\/div><\/div><div class=\"e-add-content-area e-add-item-area\"><div class=\" e-add-item e-add-item_title elementor-repeater-item-c626508\" data-item-id=\"c626508\"><h3 class=\"e-add-post-title\"><a href=\"https:\/\/www.lafabbrica.it\/fr\/revetement-de-sol-exterieur-5-tendances-pour-renover-vos-espaces\/\" title=\"Rev\u00eatement de sol ext\u00e9rieur : 5 tendances pour r\u00e9nover vos espaces\">Rev\u00eatement de sol ext\u00e9rieur : 5 tendances pour r\u00e9nover vos espaces<\/a><\/h3><\/div><div class=\" e-add-item e-add-item_date elementor-repeater-item-49e7963\" data-item-id=\"49e7963\"><p class=\"e-add-post-date\">juillet 9, 2025<\/p>        <\/div><\/div>            <\/div>\r\n                    <\/article>\r\n                <article class=\"e-add-querytype-post e-add-post e-add-post-item e-add-post-item-7cbeb39d  e-add-proto-item e-add-item-grid e-add-item-e-skin  post-27175 post type-post status-publish format-standard has-post-thumbnail hentry category-blog-fr\" data-post-id=\"27175\" data-index=\"9\">\r\n                        <div class=\"e-add-post-block e-add-post-block-9 e-add-post-overlayhover elementor-animation-shrink\">\r\n                <div class=\"e-add-image-area e-add-item-area\"><div class=\" e-add-item e-add-item_image elementor-repeater-item-96b723b\" data-item-id=\"96b723b\"><a class=\"e-add-post-image\" href=\"https:\/\/www.lafabbrica.it\/fr\/lesthetique-du-style-industriel-entre-pop-art-et-series-tele-americaines\/\"><figure class=\"e-add-img\"><img loading=\"lazy\" decoding=\"async\" width=\"880\" height=\"860\" src=\"https:\/\/www.lafabbrica.it\/wp-content\/uploads\/2025\/06\/list_loft.jpg\" class=\"attachment-full size-full wp-image-27239\" alt=\"\" srcset=\"https:\/\/www.lafabbrica.it\/wp-content\/uploads\/2025\/06\/list_loft.jpg 880w, https:\/\/www.lafabbrica.it\/wp-content\/uploads\/2025\/06\/list_loft-300x293.jpg 300w, https:\/\/www.lafabbrica.it\/wp-content\/uploads\/2025\/06\/list_loft-768x751.jpg 768w\" sizes=\"(max-width: 880px) 100vw, 880px\" \/><\/figure><\/a><\/div><\/div><div class=\"e-add-content-area e-add-item-area\"><div class=\" e-add-item e-add-item_title elementor-repeater-item-c626508\" data-item-id=\"c626508\"><h3 class=\"e-add-post-title\"><a href=\"https:\/\/www.lafabbrica.it\/fr\/lesthetique-du-style-industriel-entre-pop-art-et-series-tele-americaines\/\" title=\"L\u2019esth\u00e9tique du style industriel : entre pop art et s\u00e9ries t\u00e9l\u00e9 am\u00e9ricaines\">L\u2019esth\u00e9tique du style industriel : entre pop art et s\u00e9ries t\u00e9l\u00e9 am\u00e9ricaines<\/a><\/h3><\/div><div class=\" e-add-item e-add-item_date elementor-repeater-item-49e7963\" data-item-id=\"49e7963\"><p class=\"e-add-post-date\">juin 5, 2025<\/p>        <\/div><\/div>            <\/div>\r\n                    <\/article>\r\n                <article class=\"e-add-querytype-post e-add-post e-add-post-item e-add-post-item-7cbeb39d  e-add-proto-item e-add-item-grid e-add-item-e-skin  post-26926 post type-post status-publish format-standard has-post-thumbnail hentry category-blog-fr\" data-post-id=\"26926\" data-index=\"10\">\r\n                        <div class=\"e-add-post-block e-add-post-block-10 e-add-post-overlayhover elementor-animation-shrink\">\r\n                <div class=\"e-add-image-area e-add-item-area\"><div class=\" e-add-item e-add-item_image elementor-repeater-item-96b723b\" data-item-id=\"96b723b\"><a class=\"e-add-post-image\" href=\"https:\/\/www.lafabbrica.it\/fr\/amenagement-en-marbre-elegance-spectaculaire-pour-espaces-residentiels-et-commerciaux\/\"><figure class=\"e-add-img\"><img loading=\"lazy\" decoding=\"async\" width=\"880\" height=\"860\" src=\"https:\/\/www.lafabbrica.it\/wp-content\/uploads\/2025\/05\/Arredamento-in-marmo-main.jpg\" class=\"attachment-full size-full wp-image-26882\" alt=\"\" srcset=\"https:\/\/www.lafabbrica.it\/wp-content\/uploads\/2025\/05\/Arredamento-in-marmo-main.jpg 880w, https:\/\/www.lafabbrica.it\/wp-content\/uploads\/2025\/05\/Arredamento-in-marmo-main-300x293.jpg 300w, https:\/\/www.lafabbrica.it\/wp-content\/uploads\/2025\/05\/Arredamento-in-marmo-main-768x751.jpg 768w\" sizes=\"(max-width: 880px) 100vw, 880px\" \/><\/figure><\/a><\/div><\/div><div class=\"e-add-content-area e-add-item-area\"><div class=\" e-add-item e-add-item_title elementor-repeater-item-c626508\" data-item-id=\"c626508\"><h3 class=\"e-add-post-title\"><a href=\"https:\/\/www.lafabbrica.it\/fr\/amenagement-en-marbre-elegance-spectaculaire-pour-espaces-residentiels-et-commerciaux\/\" title=\"Am\u00e9nagement en Marbre : \u00c9l\u00e9gance Spectaculaire pour Espaces R\u00e9sidentiels et Commerciaux\">Am\u00e9nagement en Marbre : \u00c9l\u00e9gance Spectaculaire pour Espaces R\u00e9sidentiels et Commerciaux<\/a><\/h3><\/div><div class=\" e-add-item e-add-item_date elementor-repeater-item-49e7963\" data-item-id=\"49e7963\"><p class=\"e-add-post-date\">mai 5, 2025<\/p>        <\/div><\/div>            <\/div>\r\n                    <\/article>\r\n                <article class=\"e-add-querytype-post e-add-post e-add-post-item e-add-post-item-7cbeb39d  e-add-proto-item e-add-item-grid e-add-item-e-skin  post-26135 post type-post status-publish format-standard has-post-thumbnail hentry category-blog-fr\" data-post-id=\"26135\" data-index=\"11\">\r\n                        <div class=\"e-add-post-block e-add-post-block-11 e-add-post-overlayhover elementor-animation-shrink\">\r\n                <div class=\"e-add-image-area e-add-item-area\"><div class=\" e-add-item e-add-item_image elementor-repeater-item-96b723b\" data-item-id=\"96b723b\"><a class=\"e-add-post-image\" href=\"https:\/\/www.lafabbrica.it\/fr\/dalles-en-gres-cerame-surfaces-uniques-pour-des-projets-integres\/\"><figure class=\"e-add-img\"><img loading=\"lazy\" decoding=\"async\" width=\"880\" height=\"860\" src=\"https:\/\/www.lafabbrica.it\/wp-content\/uploads\/2025\/04\/main-list.jpg\" class=\"attachment-full size-full wp-image-26141\" alt=\"\" srcset=\"https:\/\/www.lafabbrica.it\/wp-content\/uploads\/2025\/04\/main-list.jpg 880w, https:\/\/www.lafabbrica.it\/wp-content\/uploads\/2025\/04\/main-list-300x293.jpg 300w, https:\/\/www.lafabbrica.it\/wp-content\/uploads\/2025\/04\/main-list-768x751.jpg 768w\" sizes=\"(max-width: 880px) 100vw, 880px\" \/><\/figure><\/a><\/div><\/div><div class=\"e-add-content-area e-add-item-area\"><div class=\" e-add-item e-add-item_title elementor-repeater-item-c626508\" data-item-id=\"c626508\"><h3 class=\"e-add-post-title\"><a href=\"https:\/\/www.lafabbrica.it\/fr\/dalles-en-gres-cerame-surfaces-uniques-pour-des-projets-integres\/\" title=\"Dalles en gr\u00e8s c\u00e9rame: surfaces uniques pour des projets int\u00e9gr\u00e9s\">Dalles en gr\u00e8s c\u00e9rame: surfaces uniques pour des projets int\u00e9gr\u00e9s<\/a><\/h3><\/div><div class=\" e-add-item e-add-item_date elementor-repeater-item-49e7963\" data-item-id=\"49e7963\"><p class=\"e-add-post-date\">mars 31, 2025<\/p>        <\/div><\/div>            <\/div>\r\n                    <\/article>\r\n                <article class=\"e-add-querytype-post e-add-post e-add-post-item e-add-post-item-7cbeb39d  e-add-proto-item e-add-item-grid e-add-item-e-skin  post-25392 post type-post status-publish format-standard has-post-thumbnail hentry category-blog-fr\" data-post-id=\"25392\" data-index=\"12\">\r\n                        <div class=\"e-add-post-block e-add-post-block-12 e-add-post-overlayhover elementor-animation-shrink\">\r\n                <div class=\"e-add-image-area e-add-item-area\"><div class=\" e-add-item e-add-item_image elementor-repeater-item-96b723b\" data-item-id=\"96b723b\"><a class=\"e-add-post-image\" href=\"https:\/\/www.lafabbrica.it\/fr\/elementa-des-tables-et-lavabos-modernes-presentes-au-salon-de-la-ceramique-de-bologne\/\"><figure class=\"e-add-img\"><img loading=\"lazy\" decoding=\"async\" width=\"880\" height=\"860\" src=\"https:\/\/www.lafabbrica.it\/wp-content\/uploads\/2025\/02\/elementa-list.jpg\" class=\"attachment-full size-full wp-image-25287\" alt=\"\" srcset=\"https:\/\/www.lafabbrica.it\/wp-content\/uploads\/2025\/02\/elementa-list.jpg 880w, https:\/\/www.lafabbrica.it\/wp-content\/uploads\/2025\/02\/elementa-list-300x293.jpg 300w, https:\/\/www.lafabbrica.it\/wp-content\/uploads\/2025\/02\/elementa-list-768x751.jpg 768w\" sizes=\"(max-width: 880px) 100vw, 880px\" \/><\/figure><\/a><\/div><\/div><div class=\"e-add-content-area e-add-item-area\"><div class=\" e-add-item e-add-item_title elementor-repeater-item-c626508\" data-item-id=\"c626508\"><h3 class=\"e-add-post-title\"><a href=\"https:\/\/www.lafabbrica.it\/fr\/elementa-des-tables-et-lavabos-modernes-presentes-au-salon-de-la-ceramique-de-bologne\/\" title=\"Elementa : des tables et lavabos modernes pr\u00e9sent\u00e9s au Salon de la C\u00e9ramique de Bologne\">Elementa : des tables et lavabos modernes pr\u00e9sent\u00e9s au Salon de la C\u00e9ramique de Bologne<\/a><\/h3><\/div><div class=\" e-add-item e-add-item_date elementor-repeater-item-49e7963\" data-item-id=\"49e7963\"><p class=\"e-add-post-date\">f\u00e9vrier 27, 2025<\/p>        <\/div><\/div>            <\/div>\r\n                    <\/article>\r\n                <article class=\"e-add-querytype-post e-add-post e-add-post-item e-add-post-item-7cbeb39d  e-add-proto-item e-add-item-grid e-add-item-e-skin  post-24122 post type-post status-publish format-standard has-post-thumbnail hentry category-blog-fr\" data-post-id=\"24122\" data-index=\"13\">\r\n                        <div class=\"e-add-post-block e-add-post-block-13 e-add-post-overlayhover elementor-animation-shrink\">\r\n                <div class=\"e-add-image-area e-add-item-area\"><div class=\" e-add-item e-add-item_image elementor-repeater-item-96b723b\" data-item-id=\"96b723b\"><a class=\"e-add-post-image\" href=\"https:\/\/www.lafabbrica.it\/fr\/decorez-avec-style-creez-un-salon-unique-avec-les-revetements-up-le-malte-et-honey-wood\/\"><figure class=\"e-add-img\"><img loading=\"lazy\" decoding=\"async\" width=\"880\" height=\"860\" src=\"https:\/\/www.lafabbrica.it\/wp-content\/uploads\/2024\/12\/list-ok.jpg\" class=\"attachment-full size-full wp-image-24202\" alt=\"\" srcset=\"https:\/\/www.lafabbrica.it\/wp-content\/uploads\/2024\/12\/list-ok.jpg 880w, https:\/\/www.lafabbrica.it\/wp-content\/uploads\/2024\/12\/list-ok-300x293.jpg 300w, https:\/\/www.lafabbrica.it\/wp-content\/uploads\/2024\/12\/list-ok-768x751.jpg 768w\" sizes=\"(max-width: 880px) 100vw, 880px\" \/><\/figure><\/a><\/div><\/div><div class=\"e-add-content-area e-add-item-area\"><div class=\" e-add-item e-add-item_title elementor-repeater-item-c626508\" data-item-id=\"c626508\"><h3 class=\"e-add-post-title\"><a href=\"https:\/\/www.lafabbrica.it\/fr\/decorez-avec-style-creez-un-salon-unique-avec-les-revetements-up-le-malte-et-honey-wood\/\" title=\"D\u00e9corez avec style : cr\u00e9ez un salon unique avec les rev\u00eatements Up, Le Malte et Honey Wood\">D\u00e9corez avec style : cr\u00e9ez un salon unique avec les rev\u00eatements Up, Le Malte et Honey Wood<\/a><\/h3><\/div><div class=\" e-add-item e-add-item_date elementor-repeater-item-49e7963\" data-item-id=\"49e7963\"><p class=\"e-add-post-date\">d\u00e9cembre 2, 2024<\/p>        <\/div><\/div>            <\/div>\r\n                    <\/article>\r\n                <article class=\"e-add-querytype-post e-add-post e-add-post-item e-add-post-item-7cbeb39d  e-add-proto-item e-add-item-grid e-add-item-e-skin  post-24013 post type-post status-publish format-standard has-post-thumbnail hentry category-blog-fr\" data-post-id=\"24013\" data-index=\"14\">\r\n                        <div class=\"e-add-post-block e-add-post-block-14 e-add-post-overlayhover elementor-animation-shrink\">\r\n                <div class=\"e-add-image-area e-add-item-area\"><div class=\" e-add-item e-add-item_image elementor-repeater-item-96b723b\" data-item-id=\"96b723b\"><a class=\"e-add-post-image\" href=\"https:\/\/www.lafabbrica.it\/fr\/carrelage-en-gres-cerame-antiderapant-la-solution-ideale-pour-exterieurs-salles-de-bain-et-piscines\/\"><figure class=\"e-add-img\"><img loading=\"lazy\" decoding=\"async\" width=\"880\" height=\"860\" src=\"https:\/\/www.lafabbrica.it\/wp-content\/uploads\/2024\/11\/main-list-ok.jpg\" class=\"attachment-full size-full wp-image-24086\" alt=\"\" srcset=\"https:\/\/www.lafabbrica.it\/wp-content\/uploads\/2024\/11\/main-list-ok.jpg 880w, https:\/\/www.lafabbrica.it\/wp-content\/uploads\/2024\/11\/main-list-ok-300x293.jpg 300w, https:\/\/www.lafabbrica.it\/wp-content\/uploads\/2024\/11\/main-list-ok-768x751.jpg 768w\" sizes=\"(max-width: 880px) 100vw, 880px\" \/><\/figure><\/a><\/div><\/div><div class=\"e-add-content-area e-add-item-area\"><div class=\" e-add-item e-add-item_title elementor-repeater-item-c626508\" data-item-id=\"c626508\"><h3 class=\"e-add-post-title\"><a href=\"https:\/\/www.lafabbrica.it\/fr\/carrelage-en-gres-cerame-antiderapant-la-solution-ideale-pour-exterieurs-salles-de-bain-et-piscines\/\" title=\"Carrelage en gr\u00e8s c\u00e9rame antid\u00e9rapant : la solution id\u00e9ale pour ext\u00e9rieurs, salles de bain et piscines\">Carrelage en gr\u00e8s c\u00e9rame antid\u00e9rapant : la solution id\u00e9ale pour ext\u00e9rieurs, salles de bain et piscines<\/a><\/h3><\/div><div class=\" e-add-item e-add-item_date elementor-repeater-item-49e7963\" data-item-id=\"49e7963\"><p class=\"e-add-post-date\">novembre 26, 2024<\/p>        <\/div><\/div>            <\/div>\r\n                    <\/article>\r\n                <article class=\"e-add-querytype-post e-add-post e-add-post-item e-add-post-item-7cbeb39d  e-add-proto-item e-add-item-grid e-add-item-e-skin  post-22711 post type-post status-publish format-standard has-post-thumbnail hentry category-blog-fr\" data-post-id=\"22711\" data-index=\"15\">\r\n                        <div class=\"e-add-post-block e-add-post-block-15 e-add-post-overlayhover elementor-animation-shrink\">\r\n                <div class=\"e-add-image-area e-add-item-area\"><div class=\" e-add-item e-add-item_image elementor-repeater-item-96b723b\" data-item-id=\"96b723b\"><a class=\"e-add-post-image\" href=\"https:\/\/www.lafabbrica.it\/fr\/valoriser-une-chambre-idees-creatives-pour-des-murs-originaux\/\"><figure class=\"e-add-img\"><img loading=\"lazy\" decoding=\"async\" width=\"880\" height=\"860\" src=\"https:\/\/www.lafabbrica.it\/wp-content\/uploads\/2024\/10\/immagine_list.jpg\" class=\"attachment-full size-full wp-image-22721\" alt=\"\" srcset=\"https:\/\/www.lafabbrica.it\/wp-content\/uploads\/2024\/10\/immagine_list.jpg 880w, https:\/\/www.lafabbrica.it\/wp-content\/uploads\/2024\/10\/immagine_list-300x293.jpg 300w, https:\/\/www.lafabbrica.it\/wp-content\/uploads\/2024\/10\/immagine_list-768x751.jpg 768w\" sizes=\"(max-width: 880px) 100vw, 880px\" \/><\/figure><\/a><\/div><\/div><div class=\"e-add-content-area e-add-item-area\"><div class=\" e-add-item e-add-item_title elementor-repeater-item-c626508\" data-item-id=\"c626508\"><h3 class=\"e-add-post-title\"><a href=\"https:\/\/www.lafabbrica.it\/fr\/valoriser-une-chambre-idees-creatives-pour-des-murs-originaux\/\" title=\"Valoriser une chambre: id\u00e9es cr\u00e9atives pour des murs originaux\">Valoriser une chambre: id\u00e9es cr\u00e9atives pour des murs originaux<\/a><\/h3><\/div><div class=\" e-add-item e-add-item_date elementor-repeater-item-49e7963\" data-item-id=\"49e7963\"><p class=\"e-add-post-date\">octobre 21, 2024<\/p>        <\/div><\/div>            <\/div>\r\n                    <\/article>\r\n                <article class=\"e-add-querytype-post e-add-post e-add-post-item e-add-post-item-7cbeb39d  e-add-proto-item e-add-item-grid e-add-item-e-skin  post-22637 post type-post status-publish format-standard has-post-thumbnail hentry category-blog-fr\" data-post-id=\"22637\" data-index=\"16\">\r\n                        <div class=\"e-add-post-block e-add-post-block-16 e-add-post-overlayhover elementor-animation-shrink\">\r\n                <div class=\"e-add-image-area e-add-item-area\"><div class=\" e-add-item e-add-item_image elementor-repeater-item-96b723b\" data-item-id=\"96b723b\"><a class=\"e-add-post-image\" href=\"https:\/\/www.lafabbrica.it\/fr\/cuisine-moderne-comment-la-rendre-fonctionnelle-et-accueillante\/\"><figure class=\"e-add-img\"><img loading=\"lazy\" decoding=\"async\" width=\"880\" height=\"860\" src=\"https:\/\/www.lafabbrica.it\/wp-content\/uploads\/2024\/10\/PINK.jpg\" class=\"attachment-full size-full wp-image-22688\" alt=\"\" srcset=\"https:\/\/www.lafabbrica.it\/wp-content\/uploads\/2024\/10\/PINK.jpg 880w, https:\/\/www.lafabbrica.it\/wp-content\/uploads\/2024\/10\/PINK-300x293.jpg 300w, https:\/\/www.lafabbrica.it\/wp-content\/uploads\/2024\/10\/PINK-768x751.jpg 768w\" sizes=\"(max-width: 880px) 100vw, 880px\" \/><\/figure><\/a><\/div><\/div><div class=\"e-add-content-area e-add-item-area\"><div class=\" e-add-item e-add-item_title elementor-repeater-item-c626508\" data-item-id=\"c626508\"><h3 class=\"e-add-post-title\"><a href=\"https:\/\/www.lafabbrica.it\/fr\/cuisine-moderne-comment-la-rendre-fonctionnelle-et-accueillante\/\" title=\"Cuisine moderne : comment la rendre fonctionnelle et accueillante\">Cuisine moderne : comment la rendre fonctionnelle et accueillante<\/a><\/h3><\/div><div class=\" e-add-item e-add-item_date elementor-repeater-item-49e7963\" data-item-id=\"49e7963\"><p class=\"e-add-post-date\">octobre 18, 2024<\/p>        <\/div><\/div>            <\/div>\r\n                    <\/article>\r\n                <article class=\"e-add-querytype-post e-add-post e-add-post-item e-add-post-item-7cbeb39d  e-add-proto-item e-add-item-grid e-add-item-e-skin  post-20259 post type-post status-publish format-standard has-post-thumbnail hentry category-blog-fr\" data-post-id=\"20259\" data-index=\"17\">\r\n                        <div class=\"e-add-post-block e-add-post-block-17 e-add-post-overlayhover elementor-animation-shrink\">\r\n                <div class=\"e-add-image-area e-add-item-area\"><div class=\" e-add-item e-add-item_image elementor-repeater-item-96b723b\" data-item-id=\"96b723b\"><a class=\"e-add-post-image\" href=\"https:\/\/www.lafabbrica.it\/fr\/comment-creer-une-maison-durable\/\"><figure class=\"e-add-img\"><img loading=\"lazy\" decoding=\"async\" width=\"880\" height=\"860\" src=\"https:\/\/www.lafabbrica.it\/wp-content\/uploads\/2024\/09\/sostenibilite-list.jpg\" class=\"attachment-full size-full wp-image-20269\" alt=\"\" srcset=\"https:\/\/www.lafabbrica.it\/wp-content\/uploads\/2024\/09\/sostenibilite-list.jpg 880w, https:\/\/www.lafabbrica.it\/wp-content\/uploads\/2024\/09\/sostenibilite-list-300x293.jpg 300w, https:\/\/www.lafabbrica.it\/wp-content\/uploads\/2024\/09\/sostenibilite-list-768x751.jpg 768w\" sizes=\"(max-width: 880px) 100vw, 880px\" \/><\/figure><\/a><\/div><\/div><div class=\"e-add-content-area e-add-item-area\"><div class=\" e-add-item e-add-item_title elementor-repeater-item-c626508\" data-item-id=\"c626508\"><h3 class=\"e-add-post-title\"><a href=\"https:\/\/www.lafabbrica.it\/fr\/comment-creer-une-maison-durable\/\" title=\"Comment cr\u00e9er une maison durable\">Comment cr\u00e9er une maison durable<\/a><\/h3><\/div><div class=\" e-add-item e-add-item_date elementor-repeater-item-49e7963\" data-item-id=\"49e7963\"><p class=\"e-add-post-date\">ao\u00fbt 30, 2024<\/p>        <\/div><\/div>            <\/div>\r\n                    <\/article>\r\n                <article class=\"e-add-querytype-post e-add-post e-add-post-item e-add-post-item-7cbeb39d  e-add-proto-item e-add-item-grid e-add-item-e-skin  post-19150 post type-post status-publish format-standard has-post-thumbnail hentry category-blog-fr\" data-post-id=\"19150\" data-index=\"18\">\r\n                        <div class=\"e-add-post-block e-add-post-block-18 e-add-post-overlayhover elementor-animation-shrink\">\r\n                <div class=\"e-add-image-area e-add-item-area\"><div class=\" e-add-item e-add-item_image elementor-repeater-item-96b723b\" data-item-id=\"96b723b\"><a class=\"e-add-post-image\" href=\"https:\/\/www.lafabbrica.it\/fr\/amenager-une-salle-de-bain-classique-10-erreurs-a-eviter\/\"><figure class=\"e-add-img\"><img loading=\"lazy\" decoding=\"async\" width=\"880\" height=\"860\" src=\"https:\/\/www.lafabbrica.it\/wp-content\/uploads\/2024\/07\/bagno-list.jpg\" class=\"attachment-full size-full wp-image-19168\" alt=\"\" srcset=\"https:\/\/www.lafabbrica.it\/wp-content\/uploads\/2024\/07\/bagno-list.jpg 880w, https:\/\/www.lafabbrica.it\/wp-content\/uploads\/2024\/07\/bagno-list-300x293.jpg 300w, https:\/\/www.lafabbrica.it\/wp-content\/uploads\/2024\/07\/bagno-list-768x751.jpg 768w\" sizes=\"(max-width: 880px) 100vw, 880px\" \/><\/figure><\/a><\/div><\/div><div class=\"e-add-content-area e-add-item-area\"><div class=\" e-add-item e-add-item_title elementor-repeater-item-c626508\" data-item-id=\"c626508\"><h3 class=\"e-add-post-title\"><a href=\"https:\/\/www.lafabbrica.it\/fr\/amenager-une-salle-de-bain-classique-10-erreurs-a-eviter\/\" title=\"Am\u00e9nager une salle de bain classique : 10 erreurs \u00e0 \u00e9viter\">Am\u00e9nager une salle de bain classique : 10 erreurs \u00e0 \u00e9viter<\/a><\/h3><\/div><div class=\" e-add-item e-add-item_date elementor-repeater-item-49e7963\" data-item-id=\"49e7963\"><p class=\"e-add-post-date\">juillet 24, 2024<\/p>        <\/div><\/div>            <\/div>\r\n                    <\/article>\r\n                <article class=\"e-add-querytype-post e-add-post e-add-post-item e-add-post-item-7cbeb39d  e-add-proto-item e-add-item-grid e-add-item-e-skin  post-18598 post type-post status-publish format-standard has-post-thumbnail hentry category-blog-fr\" data-post-id=\"18598\" data-index=\"19\">\r\n                        <div class=\"e-add-post-block e-add-post-block-19 e-add-post-overlayhover elementor-animation-shrink\">\r\n                <div class=\"e-add-image-area e-add-item-area\"><div class=\" e-add-item e-add-item_image elementor-repeater-item-96b723b\" data-item-id=\"96b723b\"><a class=\"e-add-post-image\" href=\"https:\/\/www.lafabbrica.it\/fr\/les-dalles-ceramiques-epaisses-une-revolution-du-design-dinterieur\/\"><figure class=\"e-add-img\"><img loading=\"lazy\" decoding=\"async\" width=\"880\" height=\"860\" src=\"https:\/\/www.lafabbrica.it\/wp-content\/uploads\/2024\/06\/main-list.jpg\" class=\"attachment-full size-full wp-image-18628\" alt=\"\" srcset=\"https:\/\/www.lafabbrica.it\/wp-content\/uploads\/2024\/06\/main-list.jpg 880w, https:\/\/www.lafabbrica.it\/wp-content\/uploads\/2024\/06\/main-list-300x293.jpg 300w, https:\/\/www.lafabbrica.it\/wp-content\/uploads\/2024\/06\/main-list-768x751.jpg 768w\" sizes=\"(max-width: 880px) 100vw, 880px\" \/><\/figure><\/a><\/div><\/div><div class=\"e-add-content-area e-add-item-area\"><div class=\" e-add-item e-add-item_title elementor-repeater-item-c626508\" data-item-id=\"c626508\"><h3 class=\"e-add-post-title\"><a href=\"https:\/\/www.lafabbrica.it\/fr\/les-dalles-ceramiques-epaisses-une-revolution-du-design-dinterieur\/\" title=\"Les dalles c\u00e9ramiques \u00e9paisses : une r\u00e9volution du design d&#8217;int\u00e9rieur\">Les dalles c\u00e9ramiques \u00e9paisses : une r\u00e9volution du design d&#8217;int\u00e9rieur<\/a><\/h3><\/div><div class=\" e-add-item e-add-item_date elementor-repeater-item-49e7963\" data-item-id=\"49e7963\"><p class=\"e-add-post-date\">juin 17, 2024<\/p>        <\/div><\/div>            <\/div>\r\n                    <\/article>\r\n                <article class=\"e-add-querytype-post e-add-post e-add-post-item e-add-post-item-7cbeb39d  e-add-proto-item e-add-item-grid e-add-item-e-skin  post-18321 post type-post status-publish format-standard has-post-thumbnail hentry category-blog-fr\" data-post-id=\"18321\" data-index=\"20\">\r\n                        <div class=\"e-add-post-block e-add-post-block-20 e-add-post-overlayhover elementor-animation-shrink\">\r\n                <div class=\"e-add-image-area e-add-item-area\"><div class=\" e-add-item e-add-item_image elementor-repeater-item-96b723b\" data-item-id=\"96b723b\"><a class=\"e-add-post-image\" href=\"https:\/\/www.lafabbrica.it\/fr\/design-moderne-et-contemporain-pourquoi-choisir-le-gres-cerame\/\"><figure class=\"e-add-img\"><img loading=\"lazy\" decoding=\"async\" width=\"880\" height=\"860\" src=\"https:\/\/www.lafabbrica.it\/wp-content\/uploads\/2023\/09\/NOBLE_FOCUS.jpg\" class=\"attachment-full size-full wp-image-14511\" alt=\"\" srcset=\"https:\/\/www.lafabbrica.it\/wp-content\/uploads\/2023\/09\/NOBLE_FOCUS.jpg 880w, https:\/\/www.lafabbrica.it\/wp-content\/uploads\/2023\/09\/NOBLE_FOCUS-300x293.jpg 300w, https:\/\/www.lafabbrica.it\/wp-content\/uploads\/2023\/09\/NOBLE_FOCUS-768x751.jpg 768w\" sizes=\"(max-width: 880px) 100vw, 880px\" \/><\/figure><\/a><\/div><\/div><div class=\"e-add-content-area e-add-item-area\"><div class=\" e-add-item e-add-item_title elementor-repeater-item-c626508\" data-item-id=\"c626508\"><h3 class=\"e-add-post-title\"><a href=\"https:\/\/www.lafabbrica.it\/fr\/design-moderne-et-contemporain-pourquoi-choisir-le-gres-cerame\/\" title=\"Design Moderne et Contemporain: Pourquoi Choisir le Gr\u00e8s C\u00e9rame\">Design Moderne et Contemporain: Pourquoi Choisir le Gr\u00e8s C\u00e9rame<\/a><\/h3><\/div><div class=\" e-add-item e-add-item_date elementor-repeater-item-49e7963\" data-item-id=\"49e7963\"><p class=\"e-add-post-date\">mai 2, 2024<\/p>        <\/div><\/div>            <\/div>\r\n                    <\/article>\r\n                <article class=\"e-add-querytype-post e-add-post e-add-post-item e-add-post-item-7cbeb39d  e-add-proto-item e-add-item-grid e-add-item-e-skin  post-18307 post type-post status-publish format-standard has-post-thumbnail hentry category-blog-fr\" data-post-id=\"18307\" data-index=\"21\">\r\n                        <div class=\"e-add-post-block e-add-post-block-21 e-add-post-overlayhover elementor-animation-shrink\">\r\n                <div class=\"e-add-image-area e-add-item-area\"><div class=\" e-add-item e-add-item_image elementor-repeater-item-96b723b\" data-item-id=\"96b723b\"><a class=\"e-add-post-image\" href=\"https:\/\/www.lafabbrica.it\/fr\/meubles-classiques-ou-modernes-trouvez-le-style-de-votre-salon\/\"><figure class=\"e-add-img\"><img loading=\"lazy\" decoding=\"async\" width=\"858\" height=\"811\" src=\"https:\/\/www.lafabbrica.it\/wp-content\/uploads\/2024\/05\/list.jpg\" class=\"attachment-full size-full wp-image-18227\" alt=\"\" srcset=\"https:\/\/www.lafabbrica.it\/wp-content\/uploads\/2024\/05\/list.jpg 858w, https:\/\/www.lafabbrica.it\/wp-content\/uploads\/2024\/05\/list-300x284.jpg 300w, https:\/\/www.lafabbrica.it\/wp-content\/uploads\/2024\/05\/list-768x726.jpg 768w\" sizes=\"(max-width: 858px) 100vw, 858px\" \/><\/figure><\/a><\/div><\/div><div class=\"e-add-content-area e-add-item-area\"><div class=\" e-add-item e-add-item_title elementor-repeater-item-c626508\" data-item-id=\"c626508\"><h3 class=\"e-add-post-title\"><a href=\"https:\/\/www.lafabbrica.it\/fr\/meubles-classiques-ou-modernes-trouvez-le-style-de-votre-salon\/\" title=\"Meubles Classiques ou Modernes ? Trouvez le style de votre salon\">Meubles Classiques ou Modernes ? Trouvez le style de votre salon<\/a><\/h3><\/div><div class=\" e-add-item e-add-item_date elementor-repeater-item-49e7963\" data-item-id=\"49e7963\"><p class=\"e-add-post-date\">mai 1, 2024<\/p>        <\/div><\/div>            <\/div>\r\n                    <\/article>\r\n                <article class=\"e-add-querytype-post e-add-post e-add-post-item e-add-post-item-7cbeb39d  e-add-proto-item e-add-item-grid e-add-item-e-skin  post-18315 post type-post status-publish format-standard has-post-thumbnail hentry category-blog-fr\" data-post-id=\"18315\" data-index=\"22\">\r\n                        <div class=\"e-add-post-block e-add-post-block-22 e-add-post-overlayhover elementor-animation-shrink\">\r\n                <div class=\"e-add-image-area e-add-item-area\"><div class=\" e-add-item e-add-item_image elementor-repeater-item-96b723b\" data-item-id=\"96b723b\"><a class=\"e-add-post-image\" href=\"https:\/\/www.lafabbrica.it\/fr\/conception-harmonieuse-pour-les-maisons-modernes-allier-les-espaces-exterieurs-et-interieurs\/\"><figure class=\"e-add-img\"><img loading=\"lazy\" decoding=\"async\" width=\"858\" height=\"811\" src=\"https:\/\/www.lafabbrica.it\/wp-content\/uploads\/2024\/04\/main-outdoor-mobile.jpg\" class=\"attachment-full size-full wp-image-17795\" alt=\"\" srcset=\"https:\/\/www.lafabbrica.it\/wp-content\/uploads\/2024\/04\/main-outdoor-mobile.jpg 858w, https:\/\/www.lafabbrica.it\/wp-content\/uploads\/2024\/04\/main-outdoor-mobile-300x284.jpg 300w, https:\/\/www.lafabbrica.it\/wp-content\/uploads\/2024\/04\/main-outdoor-mobile-768x726.jpg 768w\" sizes=\"(max-width: 858px) 100vw, 858px\" \/><\/figure><\/a><\/div><\/div><div class=\"e-add-content-area e-add-item-area\"><div class=\" e-add-item e-add-item_title elementor-repeater-item-c626508\" data-item-id=\"c626508\"><h3 class=\"e-add-post-title\"><a href=\"https:\/\/www.lafabbrica.it\/fr\/conception-harmonieuse-pour-les-maisons-modernes-allier-les-espaces-exterieurs-et-interieurs\/\" title=\"Conception harmonieuse pour les maisons modernes :  Allier les espaces ext\u00e9rieurs et int\u00e9rieurs\">Conception harmonieuse pour les maisons modernes :  Allier les espaces ext\u00e9rieurs et int\u00e9rieurs<\/a><\/h3><\/div><div class=\" e-add-item e-add-item_date elementor-repeater-item-49e7963\" data-item-id=\"49e7963\"><p class=\"e-add-post-date\">avril 10, 2024<\/p>        <\/div><\/div>            <\/div>\r\n                    <\/article>\r\n                <article class=\"e-add-querytype-post e-add-post e-add-post-item e-add-post-item-7cbeb39d  e-add-proto-item e-add-item-grid e-add-item-e-skin  post-18412 post type-post status-publish format-standard has-post-thumbnail hentry category-blog-fr\" data-post-id=\"18412\" data-index=\"23\">\r\n                        <div class=\"e-add-post-block e-add-post-block-23 e-add-post-overlayhover elementor-animation-shrink\">\r\n                <div class=\"e-add-image-area e-add-item-area\"><div class=\" e-add-item e-add-item_image elementor-repeater-item-96b723b\" data-item-id=\"96b723b\"><a class=\"e-add-post-image\" href=\"https:\/\/www.lafabbrica.it\/fr\/comment-amenager-votre-salle-de-bainidees-et-inspirations-pour-un-espace-unique\/\"><figure class=\"e-add-img\"><img loading=\"lazy\" decoding=\"async\" width=\"858\" height=\"811\" src=\"https:\/\/www.lafabbrica.it\/wp-content\/uploads\/2024\/04\/main-bagni-list.jpg\" class=\"attachment-full size-full wp-image-17862\" alt=\"\" srcset=\"https:\/\/www.lafabbrica.it\/wp-content\/uploads\/2024\/04\/main-bagni-list.jpg 858w, https:\/\/www.lafabbrica.it\/wp-content\/uploads\/2024\/04\/main-bagni-list-300x284.jpg 300w, https:\/\/www.lafabbrica.it\/wp-content\/uploads\/2024\/04\/main-bagni-list-768x726.jpg 768w\" sizes=\"(max-width: 858px) 100vw, 858px\" \/><\/figure><\/a><\/div><\/div><div class=\"e-add-content-area e-add-item-area\"><div class=\" e-add-item e-add-item_title elementor-repeater-item-c626508\" data-item-id=\"c626508\"><h3 class=\"e-add-post-title\"><a href=\"https:\/\/www.lafabbrica.it\/fr\/comment-amenager-votre-salle-de-bainidees-et-inspirations-pour-un-espace-unique\/\" title=\"Comment Am\u00e9nager Votre Salle de BainId\u00e9es et Inspirations pour un Espace Unique\">Comment Am\u00e9nager Votre Salle de BainId\u00e9es et Inspirations pour un Espace Unique<\/a><\/h3><\/div><div class=\" e-add-item e-add-item_date elementor-repeater-item-49e7963\" data-item-id=\"49e7963\"><p class=\"e-add-post-date\">avril 8, 2024<\/p>        <\/div><\/div>            <\/div>\r\n                    <\/article>\r\n                    <\/div>\r\n                    <\/div>\r\n                \t\t<\/div>\n\t\t\t\t<\/div>\n\t\t\t\t\t<\/div>\n\t\t\t\t<\/div>\n\t\t<div class=\"elementor-element elementor-element-6a730959 e-flex e-con-boxed e-con e-parent\" data-id=\"6a730959\" data-element_type=\"container\" data-settings=\"{&quot;content_width&quot;:&quot;boxed&quot;}\" data-core-v316-plus=\"true\">\n\t\t\t\t\t<div class=\"e-con-inner\">\n\t\t\t\t<div class=\"elementor-element elementor-element-4f9a413d elementor-widget elementor-widget-heading\" data-id=\"4f9a413d\" data-element_type=\"widget\" data-widget_type=\"heading.default\">\n\t\t\t\t<div class=\"elementor-widget-container\">\n\t\t\t<h1 class=\"elementor-heading-title elementor-size-default\">News<\/h1>\t\t<\/div>\n\t\t\t\t<\/div>\n\t\t\t\t<div class=\"e-add-querytype-post e-add-queryskin-grid elementor-element elementor-element-6e044ed3 e-add-col-3 e-add-posts-layout-template e-add-col-tablet-3 e-add-col-mobile-1 elementor-widget elementor-widget-e-query-posts\" data-id=\"6e044ed3\" data-element_type=\"widget\" data-settings=\"{&quot;grid_columns_grid&quot;:3,&quot;grid_grid_type&quot;:&quot;flex&quot;,&quot;grid_columns_grid_tablet&quot;:&quot;3&quot;,&quot;grid_columns_grid_mobile&quot;:&quot;1&quot;,&quot;scrollreveal_effect_type&quot;:&quot;0&quot;}\" data-widget_type=\"e-query-posts.grid\">\n\t\t\t\t<div class=\"elementor-widget-container\">\n\t\t\t                <div class=\"e-add-posts-container e-add-posts  e-add-skin-grid e-add-skin-grid-flex \">\r\n                        <div class=\"e-add-posts-wrapper e-add-proto-wrapper e-add-wrapper-grid e-add-wrapper-e-skin \">\r\n                        <article class=\"e-add-querytype-post e-add-post e-add-post-item e-add-post-item-6e044ed3  e-add-proto-item e-add-item-grid e-add-item-e-skin  post-32711 post type-post status-publish format-standard has-post-thumbnail hentry category-ultime-notizie-fr tag-avastone-fr tag-coverings-2026-fr tag-design-ceramico-fr tag-galaxia-fr tag-gres-porcellanato-fr tag-klastos-fr tag-la-fabbrica-ava-fr tag-superfici-ceramiche-fr tag-wabi-sabi-fr\" data-post-id=\"32711\" data-index=\"0\">\r\n                        <div class=\"e-add-post-block e-add-post-block-0\">\r\n                \t\t<div data-elementor-type=\"section\" data-post-id=\"32711\" data-obj-id=\"32711\" data-elementor-id=\"1580\" class=\"elementor elementor-1580 e-post-32711\" data-elementor-post-type=\"elementor_library\">\n\t\t\t<div class=\"elementor-element elementor-element-d79fe68 e-flex e-con-boxed e-con e-parent\" data-id=\"d79fe68\" data-element_type=\"container\" data-settings=\"{&quot;content_width&quot;:&quot;boxed&quot;}\" data-core-v316-plus=\"true\">\n\t\t\t\t\t<div class=\"e-con-inner\">\n\t\t\t\t<div class=\"elementor-element elementor-element-726c302 elementor-widget elementor-widget-theme-post-featured-image elementor-widget-image\" data-id=\"726c302\" data-element_type=\"widget\" data-widget_type=\"theme-post-featured-image.default\">\n\t\t\t\t<div class=\"elementor-widget-container\">\n\t\t\t\t\t\t\t\t\t\t\t\t\t\t<a href=\"https:\/\/www.lafabbrica.it\/fr\/la-nouvelle-edition-de-coverings-2026-est-lancee\/\">\n\t\t\t\t\t\t\t<img decoding=\"async\" src=\"https:\/\/www.lafabbrica.it\/wp-content\/uploads\/elementor\/thumbs\/Coverings_thumb-rl9e5w0u8zj9eg7rexvqppml8bs8rya6jfd7tnddb0.jpg\" title=\"Coverings_thumb\" alt=\"Coverings_thumb\" class=\"elementor-animation-grow\" loading=\"lazy\" \/>\t\t\t\t\t\t\t\t<\/a>\n\t\t\t\t\t\t\t\t\t\t\t\t\t<\/div>\n\t\t\t\t<\/div>\n\t\t\t\t<div class=\"elementor-element elementor-element-d6c402e elementor-widget elementor-widget-heading\" data-id=\"d6c402e\" data-element_type=\"widget\" data-widget_type=\"heading.default\">\n\t\t\t\t<div class=\"elementor-widget-container\">\n\t\t\t<span class=\"elementor-heading-title elementor-size-default\">mars 30, 2026<\/span>\t\t<\/div>\n\t\t\t\t<\/div>\n\t\t\t\t<div class=\"elementor-element elementor-element-df7242f elementor-widget elementor-widget-heading\" data-id=\"df7242f\" data-element_type=\"widget\" data-widget_type=\"heading.default\">\n\t\t\t\t<div class=\"elementor-widget-container\">\n\t\t\t<h3 class=\"elementor-heading-title elementor-size-default\">La nouvelle \u00e9dition de Coverings 2026 est lanc\u00e9e<\/h3>\t\t<\/div>\n\t\t\t\t<\/div>\n\t\t\t\t<div class=\"elementor-element elementor-element-87b7571 elementor-widget elementor-widget-heading\" data-id=\"87b7571\" data-element_type=\"widget\" data-widget_type=\"heading.default\">\n\t\t\t\t<div class=\"elementor-widget-container\">\n\t\t\t<span class=\"elementor-heading-title elementor-size-default\"><a href=\"https:\/\/www.lafabbrica.it\/fr\/la-nouvelle-edition-de-coverings-2026-est-lancee\/\">Read more<\/a><\/span>\t\t<\/div>\n\t\t\t\t<\/div>\n\t\t\t\t\t<\/div>\n\t\t\t\t<\/div>\n\t\t\t\t<\/div>\n\t\t            <\/div>\r\n                    <\/article>\r\n                <article class=\"e-add-querytype-post e-add-post e-add-post-item e-add-post-item-6e044ed3  e-add-proto-item e-add-item-grid e-add-item-e-skin  post-32524 post type-post status-publish format-standard has-post-thumbnail hentry category-ultime-notizie-fr tag-coverings-2026-fr tag-design-ceramico-fr tag-fabrique-en-italie tag-la-fabbrica-ava-fr tag-las-vegas-fr tag-salon-de-la-ceramique tag-superfici-ceramiche-fr tag-usa-market-fr\" data-post-id=\"32524\" data-index=\"1\">\r\n                        <div class=\"e-add-post-block e-add-post-block-1\">\r\n                \t\t<div data-elementor-type=\"section\" data-post-id=\"32524\" data-obj-id=\"32524\" data-elementor-id=\"1580\" class=\"elementor elementor-1580 e-post-32524\" data-elementor-post-type=\"elementor_library\">\n\t\t\t<div class=\"elementor-element elementor-element-d79fe68 e-flex e-con-boxed e-con e-parent\" data-id=\"d79fe68\" data-element_type=\"container\" data-settings=\"{&quot;content_width&quot;:&quot;boxed&quot;}\" data-core-v316-plus=\"true\">\n\t\t\t\t\t<div class=\"e-con-inner\">\n\t\t\t\t<div class=\"elementor-element elementor-element-726c302 elementor-widget elementor-widget-theme-post-featured-image elementor-widget-image\" data-id=\"726c302\" data-element_type=\"widget\" data-widget_type=\"theme-post-featured-image.default\">\n\t\t\t\t<div class=\"elementor-widget-container\">\n\t\t\t\t\t\t\t\t\t\t\t\t\t\t<a href=\"https:\/\/www.lafabbrica.it\/fr\/la-fabbrica-ava-a-coverings-2026\/\">\n\t\t\t\t\t\t\t<img decoding=\"async\" src=\"https:\/\/www.lafabbrica.it\/wp-content\/uploads\/elementor\/thumbs\/LF-AVA_Coverings_banner-news_thumb-rkormigs6can8b14vnmwks50fxc52zkjneai1k8zvg.jpg\" title=\"LF-AVA_Coverings_banner-news_thumb\" alt=\"LF-AVA_Coverings_banner-news_thumb\" class=\"elementor-animation-grow\" loading=\"lazy\" \/>\t\t\t\t\t\t\t\t<\/a>\n\t\t\t\t\t\t\t\t\t\t\t\t\t<\/div>\n\t\t\t\t<\/div>\n\t\t\t\t<div class=\"elementor-element elementor-element-d6c402e elementor-widget elementor-widget-heading\" data-id=\"d6c402e\" data-element_type=\"widget\" data-widget_type=\"heading.default\">\n\t\t\t\t<div class=\"elementor-widget-container\">\n\t\t\t<span class=\"elementor-heading-title elementor-size-default\">mars 18, 2026<\/span>\t\t<\/div>\n\t\t\t\t<\/div>\n\t\t\t\t<div class=\"elementor-element elementor-element-df7242f elementor-widget elementor-widget-heading\" data-id=\"df7242f\" data-element_type=\"widget\" data-widget_type=\"heading.default\">\n\t\t\t\t<div class=\"elementor-widget-container\">\n\t\t\t<h3 class=\"elementor-heading-title elementor-size-default\">LA FABBRICA AVA \u00e0 Coverings 2026 : <br>design, innovation et vision globale \u2013 Stand 1263<\/h3>\t\t<\/div>\n\t\t\t\t<\/div>\n\t\t\t\t<div class=\"elementor-element elementor-element-87b7571 elementor-widget elementor-widget-heading\" data-id=\"87b7571\" data-element_type=\"widget\" data-widget_type=\"heading.default\">\n\t\t\t\t<div class=\"elementor-widget-container\">\n\t\t\t<span class=\"elementor-heading-title elementor-size-default\"><a href=\"https:\/\/www.lafabbrica.it\/fr\/la-fabbrica-ava-a-coverings-2026\/\">Read more<\/a><\/span>\t\t<\/div>\n\t\t\t\t<\/div>\n\t\t\t\t\t<\/div>\n\t\t\t\t<\/div>\n\t\t\t\t<\/div>\n\t\t            <\/div>\r\n                    <\/article>\r\n                <article class=\"e-add-querytype-post e-add-post e-add-post-item e-add-post-item-6e044ed3  e-add-proto-item e-add-item-grid e-add-item-e-skin  post-30343 post type-post status-publish format-standard has-post-thumbnail hentry category-ultime-notizie-fr tag-bureau-veritas-fr tag-confindustria-fr tag-durabilite tag-excellence-italienne tag-fabrication-italienne tag-fabrique-en-italie tag-il-sole-24-ore-fr tag-industrie-italienne tag-innovation-fr tag-italcer-group-fr tag-italian-design-fr tag-italyx-certification-fr tag-la-fabbrica-ava-fr tag-qualite\" data-post-id=\"30343\" data-index=\"2\">\r\n                        <div class=\"e-add-post-block e-add-post-block-2\">\r\n                \t\t<div data-elementor-type=\"section\" data-post-id=\"30343\" data-obj-id=\"30343\" data-elementor-id=\"1580\" class=\"elementor elementor-1580 e-post-30343\" data-elementor-post-type=\"elementor_library\">\n\t\t\t<div class=\"elementor-element elementor-element-d79fe68 e-flex e-con-boxed e-con e-parent\" data-id=\"d79fe68\" data-element_type=\"container\" data-settings=\"{&quot;content_width&quot;:&quot;boxed&quot;}\" data-core-v316-plus=\"true\">\n\t\t\t\t\t<div class=\"e-con-inner\">\n\t\t\t\t<div class=\"elementor-element elementor-element-726c302 elementor-widget elementor-widget-theme-post-featured-image elementor-widget-image\" data-id=\"726c302\" data-element_type=\"widget\" data-widget_type=\"theme-post-featured-image.default\">\n\t\t\t\t<div class=\"elementor-widget-container\">\n\t\t\t\t\t\t\t\t\t\t\t\t\t\t<a href=\"https:\/\/www.lafabbrica.it\/fr\/italyx-une-nouvelle-reconnaissance-importante-pour-la-fabbrica-ava\/\">\n\t\t\t\t\t\t\t<img decoding=\"async\" src=\"https:\/\/www.lafabbrica.it\/wp-content\/uploads\/elementor\/thumbs\/ItalyX_focus-1-rcwehotuzfo89ra35wdzd3mty35ja51rlwcdj13p98.jpg\" title=\"ItalyX_focus (1)\" alt=\"ItalyX_focus (1)\" class=\"elementor-animation-grow\" loading=\"lazy\" \/>\t\t\t\t\t\t\t\t<\/a>\n\t\t\t\t\t\t\t\t\t\t\t\t\t<\/div>\n\t\t\t\t<\/div>\n\t\t\t\t<div class=\"elementor-element elementor-element-d6c402e elementor-widget elementor-widget-heading\" data-id=\"d6c402e\" data-element_type=\"widget\" data-widget_type=\"heading.default\">\n\t\t\t\t<div class=\"elementor-widget-container\">\n\t\t\t<span class=\"elementor-heading-title elementor-size-default\">octobre 8, 2025<\/span>\t\t<\/div>\n\t\t\t\t<\/div>\n\t\t\t\t<div class=\"elementor-element elementor-element-df7242f elementor-widget elementor-widget-heading\" data-id=\"df7242f\" data-element_type=\"widget\" data-widget_type=\"heading.default\">\n\t\t\t\t<div class=\"elementor-widget-container\">\n\t\t\t<h3 class=\"elementor-heading-title elementor-size-default\">ItalyX : une nouvelle reconnaissance importante pour LA FABBRICA AVA<\/h3>\t\t<\/div>\n\t\t\t\t<\/div>\n\t\t\t\t<div class=\"elementor-element elementor-element-87b7571 elementor-widget elementor-widget-heading\" data-id=\"87b7571\" data-element_type=\"widget\" data-widget_type=\"heading.default\">\n\t\t\t\t<div class=\"elementor-widget-container\">\n\t\t\t<span class=\"elementor-heading-title elementor-size-default\"><a href=\"https:\/\/www.lafabbrica.it\/fr\/italyx-une-nouvelle-reconnaissance-importante-pour-la-fabbrica-ava\/\">Read more<\/a><\/span>\t\t<\/div>\n\t\t\t\t<\/div>\n\t\t\t\t\t<\/div>\n\t\t\t\t<\/div>\n\t\t\t\t<\/div>\n\t\t            <\/div>\r\n                    <\/article>\r\n                <article class=\"e-add-querytype-post e-add-post e-add-post-item e-add-post-item-6e044ed3  e-add-proto-item e-add-item-grid e-add-item-e-skin  post-29436 post type-post status-publish format-standard has-post-thumbnail hentry category-ultime-notizie-fr\" data-post-id=\"29436\" data-index=\"3\">\r\n                        <div class=\"e-add-post-block e-add-post-block-3\">\r\n                \t\t<div data-elementor-type=\"section\" data-post-id=\"29436\" data-obj-id=\"29436\" data-elementor-id=\"1580\" class=\"elementor elementor-1580 e-post-29436\" data-elementor-post-type=\"elementor_library\">\n\t\t\t<div class=\"elementor-element elementor-element-d79fe68 e-flex e-con-boxed e-con e-parent\" data-id=\"d79fe68\" data-element_type=\"container\" data-settings=\"{&quot;content_width&quot;:&quot;boxed&quot;}\" data-core-v316-plus=\"true\">\n\t\t\t\t\t<div class=\"e-con-inner\">\n\t\t\t\t<div class=\"elementor-element elementor-element-726c302 elementor-widget elementor-widget-theme-post-featured-image elementor-widget-image\" data-id=\"726c302\" data-element_type=\"widget\" data-widget_type=\"theme-post-featured-image.default\">\n\t\t\t\t<div class=\"elementor-widget-container\">\n\t\t\t\t\t\t\t\t\t\t\t\t\t\t<a href=\"https:\/\/www.lafabbrica.it\/fr\/la-fabbrica-ava-au-cersaie-2025\/\">\n\t\t\t\t\t\t\t<img decoding=\"async\" src=\"https:\/\/www.lafabbrica.it\/wp-content\/uploads\/elementor\/thumbs\/banner-scaled-qwd08qlyi2c2r16ymt7rxhkroxqzwqq0xe4ffmyxek.gif\" title=\"banner\" alt=\"banner\" class=\"elementor-animation-grow\" loading=\"lazy\" \/>\t\t\t\t\t\t\t\t<\/a>\n\t\t\t\t\t\t\t\t\t\t\t\t\t<\/div>\n\t\t\t\t<\/div>\n\t\t\t\t<div class=\"elementor-element elementor-element-d6c402e elementor-widget elementor-widget-heading\" data-id=\"d6c402e\" data-element_type=\"widget\" data-widget_type=\"heading.default\">\n\t\t\t\t<div class=\"elementor-widget-container\">\n\t\t\t<span class=\"elementor-heading-title elementor-size-default\">septembre 22, 2025<\/span>\t\t<\/div>\n\t\t\t\t<\/div>\n\t\t\t\t<div class=\"elementor-element elementor-element-df7242f elementor-widget elementor-widget-heading\" data-id=\"df7242f\" data-element_type=\"widget\" data-widget_type=\"heading.default\">\n\t\t\t\t<div class=\"elementor-widget-container\">\n\t\t\t<h3 class=\"elementor-heading-title elementor-size-default\">Un voyage sensoriel dans le design : LA FABBRICA AVA au Cersaie 2025<\/h3>\t\t<\/div>\n\t\t\t\t<\/div>\n\t\t\t\t<div class=\"elementor-element elementor-element-87b7571 elementor-widget elementor-widget-heading\" data-id=\"87b7571\" data-element_type=\"widget\" data-widget_type=\"heading.default\">\n\t\t\t\t<div class=\"elementor-widget-container\">\n\t\t\t<span class=\"elementor-heading-title elementor-size-default\"><a href=\"https:\/\/www.lafabbrica.it\/fr\/la-fabbrica-ava-au-cersaie-2025\/\">Read more<\/a><\/span>\t\t<\/div>\n\t\t\t\t<\/div>\n\t\t\t\t\t<\/div>\n\t\t\t\t<\/div>\n\t\t\t\t<\/div>\n\t\t            <\/div>\r\n                    <\/article>\r\n                <article class=\"e-add-querytype-post e-add-post e-add-post-item e-add-post-item-6e044ed3  e-add-proto-item e-add-item-grid e-add-item-e-skin  post-30044 post type-post status-publish format-standard has-post-thumbnail hentry category-ultime-notizie-fr\" data-post-id=\"30044\" data-index=\"4\">\r\n                        <div class=\"e-add-post-block e-add-post-block-4\">\r\n                \t\t<div data-elementor-type=\"section\" data-post-id=\"30044\" data-obj-id=\"30044\" data-elementor-id=\"1580\" class=\"elementor elementor-1580 e-post-30044\" data-elementor-post-type=\"elementor_library\">\n\t\t\t<div class=\"elementor-element elementor-element-d79fe68 e-flex e-con-boxed e-con e-parent\" data-id=\"d79fe68\" data-element_type=\"container\" data-settings=\"{&quot;content_width&quot;:&quot;boxed&quot;}\" data-core-v316-plus=\"true\">\n\t\t\t\t\t<div class=\"e-con-inner\">\n\t\t\t\t<div class=\"elementor-element elementor-element-726c302 elementor-widget elementor-widget-theme-post-featured-image elementor-widget-image\" data-id=\"726c302\" data-element_type=\"widget\" data-widget_type=\"theme-post-featured-image.default\">\n\t\t\t\t<div class=\"elementor-widget-container\">\n\t\t\t\t\t\t\t\t\t\t\t\t\t\t<a href=\"https:\/\/www.lafabbrica.it\/fr\/elementa-nouvelles-tables-et-lavabos-design-au-cersaie-2025\/\">\n\t\t\t\t\t\t\t<img decoding=\"async\" src=\"https:\/\/www.lafabbrica.it\/wp-content\/uploads\/elementor\/thumbs\/Banner_News_Focus_ELEMENTA-rbzplrpjt16n8t1q24sl2hxdx98l97cd85x1iwfue4.jpg\" title=\"Banner_News_Focus_ELEMENTA\" alt=\"Banner_News_Focus_ELEMENTA\" class=\"elementor-animation-grow\" loading=\"lazy\" \/>\t\t\t\t\t\t\t\t<\/a>\n\t\t\t\t\t\t\t\t\t\t\t\t\t<\/div>\n\t\t\t\t<\/div>\n\t\t\t\t<div class=\"elementor-element elementor-element-d6c402e elementor-widget elementor-widget-heading\" data-id=\"d6c402e\" data-element_type=\"widget\" data-widget_type=\"heading.default\">\n\t\t\t\t<div class=\"elementor-widget-container\">\n\t\t\t<span class=\"elementor-heading-title elementor-size-default\">septembre 22, 2025<\/span>\t\t<\/div>\n\t\t\t\t<\/div>\n\t\t\t\t<div class=\"elementor-element elementor-element-df7242f elementor-widget elementor-widget-heading\" data-id=\"df7242f\" data-element_type=\"widget\" data-widget_type=\"heading.default\">\n\t\t\t\t<div class=\"elementor-widget-container\">\n\t\t\t<h3 class=\"elementor-heading-title elementor-size-default\">ELEMENTA : nouvelles tables et lavabos design au Cersaie 2025<\/h3>\t\t<\/div>\n\t\t\t\t<\/div>\n\t\t\t\t<div class=\"elementor-element elementor-element-87b7571 elementor-widget elementor-widget-heading\" data-id=\"87b7571\" data-element_type=\"widget\" data-widget_type=\"heading.default\">\n\t\t\t\t<div class=\"elementor-widget-container\">\n\t\t\t<span class=\"elementor-heading-title elementor-size-default\"><a href=\"https:\/\/www.lafabbrica.it\/fr\/elementa-nouvelles-tables-et-lavabos-design-au-cersaie-2025\/\">Read more<\/a><\/span>\t\t<\/div>\n\t\t\t\t<\/div>\n\t\t\t\t\t<\/div>\n\t\t\t\t<\/div>\n\t\t\t\t<\/div>\n\t\t            <\/div>\r\n                    <\/article>\r\n                <article class=\"e-add-querytype-post e-add-post e-add-post-item e-add-post-item-6e044ed3  e-add-proto-item e-add-item-grid e-add-item-e-skin  post-30023 post type-post status-publish format-standard has-post-thumbnail hentry category-ultime-notizie-fr\" data-post-id=\"30023\" data-index=\"5\">\r\n                        <div class=\"e-add-post-block e-add-post-block-5\">\r\n                \t\t<div data-elementor-type=\"section\" data-post-id=\"30023\" data-obj-id=\"30023\" data-elementor-id=\"1580\" class=\"elementor elementor-1580 e-post-30023\" data-elementor-post-type=\"elementor_library\">\n\t\t\t<div class=\"elementor-element elementor-element-d79fe68 e-flex e-con-boxed e-con e-parent\" data-id=\"d79fe68\" data-element_type=\"container\" data-settings=\"{&quot;content_width&quot;:&quot;boxed&quot;}\" data-core-v316-plus=\"true\">\n\t\t\t\t\t<div class=\"e-con-inner\">\n\t\t\t\t<div class=\"elementor-element elementor-element-726c302 elementor-widget elementor-widget-theme-post-featured-image elementor-widget-image\" data-id=\"726c302\" data-element_type=\"widget\" data-widget_type=\"theme-post-featured-image.default\">\n\t\t\t\t<div class=\"elementor-widget-container\">\n\t\t\t\t\t\t\t\t\t\t\t\t\t\t<a href=\"https:\/\/www.lafabbrica.it\/fr\/avastone-nouveautes-au-cersaie-2025\/\">\n\t\t\t\t\t\t\t<img decoding=\"async\" src=\"https:\/\/www.lafabbrica.it\/wp-content\/uploads\/elementor\/thumbs\/Banner_News_focus_AVASTONE-rbzmcnzed2vmtp5av0itxjr1o4fdapg84k0c4w2jks.jpg\" title=\"Banner_News_focus_AVASTONE\" alt=\"Banner_News_focus_AVASTONE\" class=\"elementor-animation-grow\" loading=\"lazy\" \/>\t\t\t\t\t\t\t\t<\/a>\n\t\t\t\t\t\t\t\t\t\t\t\t\t<\/div>\n\t\t\t\t<\/div>\n\t\t\t\t<div class=\"elementor-element elementor-element-d6c402e elementor-widget elementor-widget-heading\" data-id=\"d6c402e\" data-element_type=\"widget\" data-widget_type=\"heading.default\">\n\t\t\t\t<div class=\"elementor-widget-container\">\n\t\t\t<span class=\"elementor-heading-title elementor-size-default\">septembre 22, 2025<\/span>\t\t<\/div>\n\t\t\t\t<\/div>\n\t\t\t\t<div class=\"elementor-element elementor-element-df7242f elementor-widget elementor-widget-heading\" data-id=\"df7242f\" data-element_type=\"widget\" data-widget_type=\"heading.default\">\n\t\t\t\t<div class=\"elementor-widget-container\">\n\t\t\t<h3 class=\"elementor-heading-title elementor-size-default\">AVASTONE : nouveaut\u00e9s au Cersaie 2025<\/h3>\t\t<\/div>\n\t\t\t\t<\/div>\n\t\t\t\t<div class=\"elementor-element elementor-element-87b7571 elementor-widget elementor-widget-heading\" data-id=\"87b7571\" data-element_type=\"widget\" data-widget_type=\"heading.default\">\n\t\t\t\t<div class=\"elementor-widget-container\">\n\t\t\t<span class=\"elementor-heading-title elementor-size-default\"><a href=\"https:\/\/www.lafabbrica.it\/fr\/avastone-nouveautes-au-cersaie-2025\/\">Read more<\/a><\/span>\t\t<\/div>\n\t\t\t\t<\/div>\n\t\t\t\t\t<\/div>\n\t\t\t\t<\/div>\n\t\t\t\t<\/div>\n\t\t            <\/div>\r\n                    <\/article>\r\n                <article class=\"e-add-querytype-post e-add-post e-add-post-item e-add-post-item-6e044ed3  e-add-proto-item e-add-item-grid e-add-item-e-skin  post-29670 post type-post status-publish format-standard has-post-thumbnail hentry category-non-classifiee category-ultime-notizie-fr\" data-post-id=\"29670\" data-index=\"6\">\r\n                        <div class=\"e-add-post-block e-add-post-block-6\">\r\n                \t\t<div data-elementor-type=\"section\" data-post-id=\"29670\" data-obj-id=\"29670\" data-elementor-id=\"1580\" class=\"elementor elementor-1580 e-post-29670\" data-elementor-post-type=\"elementor_library\">\n\t\t\t<div class=\"elementor-element elementor-element-d79fe68 e-flex e-con-boxed e-con e-parent\" data-id=\"d79fe68\" data-element_type=\"container\" data-settings=\"{&quot;content_width&quot;:&quot;boxed&quot;}\" data-core-v316-plus=\"true\">\n\t\t\t\t\t<div class=\"e-con-inner\">\n\t\t\t\t<div class=\"elementor-element elementor-element-726c302 elementor-widget elementor-widget-theme-post-featured-image elementor-widget-image\" data-id=\"726c302\" data-element_type=\"widget\" data-widget_type=\"theme-post-featured-image.default\">\n\t\t\t\t<div class=\"elementor-widget-container\">\n\t\t\t\t\t\t\t\t\t\t\t\t\t\t<a href=\"https:\/\/www.lafabbrica.it\/fr\/galaxia-la-nouvelle-collection-tonino-lamborghini-total-living-au-salon-cersaie-2025\/\">\n\t\t\t\t\t\t\t<img decoding=\"async\" src=\"https:\/\/www.lafabbrica.it\/wp-content\/uploads\/elementor\/thumbs\/Immagini_News_GALAXIA_banner3-rbzbwg2wx9v1wdmkpw3hfzia74rjfyvvefx04vw80s.jpg\" title=\"Immagini_News_GALAXIA_banner3\" alt=\"Immagini_News_GALAXIA_banner3\" class=\"elementor-animation-grow\" loading=\"lazy\" \/>\t\t\t\t\t\t\t\t<\/a>\n\t\t\t\t\t\t\t\t\t\t\t\t\t<\/div>\n\t\t\t\t<\/div>\n\t\t\t\t<div class=\"elementor-element elementor-element-d6c402e elementor-widget elementor-widget-heading\" data-id=\"d6c402e\" data-element_type=\"widget\" data-widget_type=\"heading.default\">\n\t\t\t\t<div class=\"elementor-widget-container\">\n\t\t\t<span class=\"elementor-heading-title elementor-size-default\">septembre 22, 2025<\/span>\t\t<\/div>\n\t\t\t\t<\/div>\n\t\t\t\t<div class=\"elementor-element elementor-element-df7242f elementor-widget elementor-widget-heading\" data-id=\"df7242f\" data-element_type=\"widget\" data-widget_type=\"heading.default\">\n\t\t\t\t<div class=\"elementor-widget-container\">\n\t\t\t<h3 class=\"elementor-heading-title elementor-size-default\">GALAXIA : la nouvelle collection Tonino Lamborghini Total Living au salon Cersaie 2025<\/h3>\t\t<\/div>\n\t\t\t\t<\/div>\n\t\t\t\t<div class=\"elementor-element elementor-element-87b7571 elementor-widget elementor-widget-heading\" data-id=\"87b7571\" data-element_type=\"widget\" data-widget_type=\"heading.default\">\n\t\t\t\t<div class=\"elementor-widget-container\">\n\t\t\t<span class=\"elementor-heading-title elementor-size-default\"><a href=\"https:\/\/www.lafabbrica.it\/fr\/galaxia-la-nouvelle-collection-tonino-lamborghini-total-living-au-salon-cersaie-2025\/\">Read more<\/a><\/span>\t\t<\/div>\n\t\t\t\t<\/div>\n\t\t\t\t\t<\/div>\n\t\t\t\t<\/div>\n\t\t\t\t<\/div>\n\t\t            <\/div>\r\n                    <\/article>\r\n                <article class=\"e-add-querytype-post e-add-post e-add-post-item e-add-post-item-6e044ed3  e-add-proto-item e-add-item-grid e-add-item-e-skin  post-29409 post type-post status-publish format-standard has-post-thumbnail hentry category-ultime-notizie-fr\" data-post-id=\"29409\" data-index=\"7\">\r\n                        <div class=\"e-add-post-block e-add-post-block-7\">\r\n                \t\t<div data-elementor-type=\"section\" data-post-id=\"29409\" data-obj-id=\"29409\" data-elementor-id=\"1580\" class=\"elementor elementor-1580 e-post-29409\" data-elementor-post-type=\"elementor_library\">\n\t\t\t<div class=\"elementor-element elementor-element-d79fe68 e-flex e-con-boxed e-con e-parent\" data-id=\"d79fe68\" data-element_type=\"container\" data-settings=\"{&quot;content_width&quot;:&quot;boxed&quot;}\" data-core-v316-plus=\"true\">\n\t\t\t\t\t<div class=\"e-con-inner\">\n\t\t\t\t<div class=\"elementor-element elementor-element-726c302 elementor-widget elementor-widget-theme-post-featured-image elementor-widget-image\" data-id=\"726c302\" data-element_type=\"widget\" data-widget_type=\"theme-post-featured-image.default\">\n\t\t\t\t<div class=\"elementor-widget-container\">\n\t\t\t\t\t\t\t\t\t\t\t\t\t\t<a href=\"https:\/\/www.lafabbrica.it\/fr\/la-fabbrica-ava-au-cersaie-2025-2\/\">\n\t\t\t\t\t\t\t<img decoding=\"async\" src=\"https:\/\/www.lafabbrica.it\/wp-content\/uploads\/elementor\/thumbs\/Banner_News_focus_Cersaie25-rca52zjxld8iyuj900wcuh3rt4lbh3rf06it2abr18.jpg\" title=\"Banner_News_focus_Cersaie25\" alt=\"Banner_News_focus_Cersaie25\" class=\"elementor-animation-grow\" loading=\"lazy\" \/>\t\t\t\t\t\t\t\t<\/a>\n\t\t\t\t\t\t\t\t\t\t\t\t\t<\/div>\n\t\t\t\t<\/div>\n\t\t\t\t<div class=\"elementor-element elementor-element-d6c402e elementor-widget elementor-widget-heading\" data-id=\"d6c402e\" data-element_type=\"widget\" data-widget_type=\"heading.default\">\n\t\t\t\t<div class=\"elementor-widget-container\">\n\t\t\t<span class=\"elementor-heading-title elementor-size-default\">septembre 17, 2025<\/span>\t\t<\/div>\n\t\t\t\t<\/div>\n\t\t\t\t<div class=\"elementor-element elementor-element-df7242f elementor-widget elementor-widget-heading\" data-id=\"df7242f\" data-element_type=\"widget\" data-widget_type=\"heading.default\">\n\t\t\t\t<div class=\"elementor-widget-container\">\n\t\t\t<h3 class=\"elementor-heading-title elementor-size-default\">LA FABBRICA AVA au Cersaie 2025<\/h3>\t\t<\/div>\n\t\t\t\t<\/div>\n\t\t\t\t<div class=\"elementor-element elementor-element-87b7571 elementor-widget elementor-widget-heading\" data-id=\"87b7571\" data-element_type=\"widget\" data-widget_type=\"heading.default\">\n\t\t\t\t<div class=\"elementor-widget-container\">\n\t\t\t<span class=\"elementor-heading-title elementor-size-default\"><a href=\"https:\/\/www.lafabbrica.it\/fr\/la-fabbrica-ava-au-cersaie-2025-2\/\">Read more<\/a><\/span>\t\t<\/div>\n\t\t\t\t<\/div>\n\t\t\t\t\t<\/div>\n\t\t\t\t<\/div>\n\t\t\t\t<\/div>\n\t\t            <\/div>\r\n                    <\/article>\r\n                <article class=\"e-add-querytype-post e-add-post e-add-post-item e-add-post-item-6e044ed3  e-add-proto-item e-add-item-grid e-add-item-e-skin  post-26219 post type-post status-publish format-standard has-post-thumbnail hentry category-ultime-notizie-fr\" data-post-id=\"26219\" data-index=\"8\">\r\n                        <div class=\"e-add-post-block e-add-post-block-8\">\r\n                \t\t<div data-elementor-type=\"section\" data-post-id=\"26219\" data-obj-id=\"26219\" data-elementor-id=\"1580\" class=\"elementor elementor-1580 e-post-26219\" data-elementor-post-type=\"elementor_library\">\n\t\t\t<div class=\"elementor-element elementor-element-d79fe68 e-flex e-con-boxed e-con e-parent\" data-id=\"d79fe68\" data-element_type=\"container\" data-settings=\"{&quot;content_width&quot;:&quot;boxed&quot;}\" data-core-v316-plus=\"true\">\n\t\t\t\t\t<div class=\"e-con-inner\">\n\t\t\t\t<div class=\"elementor-element elementor-element-726c302 elementor-widget elementor-widget-theme-post-featured-image elementor-widget-image\" data-id=\"726c302\" data-element_type=\"widget\" data-widget_type=\"theme-post-featured-image.default\">\n\t\t\t\t<div class=\"elementor-widget-container\">\n\t\t\t\t\t\t\t\t\t\t\t\t\t\t<a href=\"https:\/\/www.lafabbrica.it\/fr\/emotion-en-surface-la-fabbrica-ava-vous-attend-a-coverings-2025\/\">\n\t\t\t\t\t\t\t<img decoding=\"async\" src=\"https:\/\/www.lafabbrica.it\/wp-content\/uploads\/elementor\/thumbs\/list-r41nxmnayyqhaaxby1i7vfaillwqedyn5mmmk8ygf0.jpg\" title=\"list\" alt=\"list\" class=\"elementor-animation-grow\" loading=\"lazy\" \/>\t\t\t\t\t\t\t\t<\/a>\n\t\t\t\t\t\t\t\t\t\t\t\t\t<\/div>\n\t\t\t\t<\/div>\n\t\t\t\t<div class=\"elementor-element elementor-element-d6c402e elementor-widget elementor-widget-heading\" data-id=\"d6c402e\" data-element_type=\"widget\" data-widget_type=\"heading.default\">\n\t\t\t\t<div class=\"elementor-widget-container\">\n\t\t\t<span class=\"elementor-heading-title elementor-size-default\">avril 8, 2025<\/span>\t\t<\/div>\n\t\t\t\t<\/div>\n\t\t\t\t<div class=\"elementor-element elementor-element-df7242f elementor-widget elementor-widget-heading\" data-id=\"df7242f\" data-element_type=\"widget\" data-widget_type=\"heading.default\">\n\t\t\t\t<div class=\"elementor-widget-container\">\n\t\t\t<h3 class=\"elementor-heading-title elementor-size-default\">\u00c9motion en Surface : LA FABBRICA AVA vous attend \u00e0 Coverings 2025<\/h3>\t\t<\/div>\n\t\t\t\t<\/div>\n\t\t\t\t<div class=\"elementor-element elementor-element-87b7571 elementor-widget elementor-widget-heading\" data-id=\"87b7571\" data-element_type=\"widget\" data-widget_type=\"heading.default\">\n\t\t\t\t<div class=\"elementor-widget-container\">\n\t\t\t<span class=\"elementor-heading-title elementor-size-default\"><a href=\"https:\/\/www.lafabbrica.it\/fr\/emotion-en-surface-la-fabbrica-ava-vous-attend-a-coverings-2025\/\">Read more<\/a><\/span>\t\t<\/div>\n\t\t\t\t<\/div>\n\t\t\t\t\t<\/div>\n\t\t\t\t<\/div>\n\t\t\t\t<\/div>\n\t\t            <\/div>\r\n                    <\/article>\r\n                <article class=\"e-add-querytype-post e-add-post e-add-post-item e-add-post-item-6e044ed3  e-add-proto-item e-add-item-grid e-add-item-e-skin  post-25960 post type-post status-publish format-standard has-post-thumbnail hentry category-ultime-notizie-fr\" data-post-id=\"25960\" data-index=\"9\">\r\n                        <div class=\"e-add-post-block e-add-post-block-9\">\r\n                \t\t<div data-elementor-type=\"section\" data-post-id=\"25960\" data-obj-id=\"25960\" data-elementor-id=\"1580\" class=\"elementor elementor-1580 e-post-25960\" data-elementor-post-type=\"elementor_library\">\n\t\t\t<div class=\"elementor-element elementor-element-d79fe68 e-flex e-con-boxed e-con e-parent\" data-id=\"d79fe68\" data-element_type=\"container\" data-settings=\"{&quot;content_width&quot;:&quot;boxed&quot;}\" data-core-v316-plus=\"true\">\n\t\t\t\t\t<div class=\"e-con-inner\">\n\t\t\t\t<div class=\"elementor-element elementor-element-726c302 elementor-widget elementor-widget-theme-post-featured-image elementor-widget-image\" data-id=\"726c302\" data-element_type=\"widget\" data-widget_type=\"theme-post-featured-image.default\">\n\t\t\t\t<div class=\"elementor-widget-container\">\n\t\t\t\t\t\t\t\t\t\t\t\t\t\t<a href=\"https:\/\/www.lafabbrica.it\/fr\/italcer-brevete-la-transformation-du-co2-en-matieres-premieres-nobles\/\">\n\t\t\t\t\t\t\t<img decoding=\"async\" src=\"https:\/\/www.lafabbrica.it\/wp-content\/uploads\/elementor\/thumbs\/IlSole24Ore_28feb25_feat-r2emmzyeyfg80cvvaefml464iz2ff52a962cs214m4.jpg\" title=\"IlSole24Ore_28feb25_feat\" alt=\"IlSole24Ore_28feb25_feat\" class=\"elementor-animation-grow\" loading=\"lazy\" \/>\t\t\t\t\t\t\t\t<\/a>\n\t\t\t\t\t\t\t\t\t\t\t\t\t<\/div>\n\t\t\t\t<\/div>\n\t\t\t\t<div class=\"elementor-element elementor-element-d6c402e elementor-widget elementor-widget-heading\" data-id=\"d6c402e\" data-element_type=\"widget\" data-widget_type=\"heading.default\">\n\t\t\t\t<div class=\"elementor-widget-container\">\n\t\t\t<span class=\"elementor-heading-title elementor-size-default\">f\u00e9vrier 28, 2025<\/span>\t\t<\/div>\n\t\t\t\t<\/div>\n\t\t\t\t<div class=\"elementor-element elementor-element-df7242f elementor-widget elementor-widget-heading\" data-id=\"df7242f\" data-element_type=\"widget\" data-widget_type=\"heading.default\">\n\t\t\t\t<div class=\"elementor-widget-container\">\n\t\t\t<h3 class=\"elementor-heading-title elementor-size-default\">Italcer brev\u00e8te la transformation du CO2 en mati\u00e8res premi\u00e8res nobles<\/h3>\t\t<\/div>\n\t\t\t\t<\/div>\n\t\t\t\t<div class=\"elementor-element elementor-element-87b7571 elementor-widget elementor-widget-heading\" data-id=\"87b7571\" data-element_type=\"widget\" data-widget_type=\"heading.default\">\n\t\t\t\t<div class=\"elementor-widget-container\">\n\t\t\t<span class=\"elementor-heading-title elementor-size-default\"><a href=\"https:\/\/www.lafabbrica.it\/fr\/italcer-brevete-la-transformation-du-co2-en-matieres-premieres-nobles\/\">Read more<\/a><\/span>\t\t<\/div>\n\t\t\t\t<\/div>\n\t\t\t\t\t<\/div>\n\t\t\t\t<\/div>\n\t\t\t\t<\/div>\n\t\t            <\/div>\r\n                    <\/article>\r\n                <article class=\"e-add-querytype-post e-add-post e-add-post-item e-add-post-item-6e044ed3  e-add-proto-item e-add-item-grid e-add-item-e-skin  post-19745 post type-post status-publish format-standard has-post-thumbnail hentry category-ultime-notizie-fr\" data-post-id=\"19745\" data-index=\"10\">\r\n                        <div class=\"e-add-post-block e-add-post-block-10\">\r\n                \t\t<div data-elementor-type=\"section\" data-post-id=\"19745\" data-obj-id=\"19745\" data-elementor-id=\"1580\" class=\"elementor elementor-1580 e-post-19745\" data-elementor-post-type=\"elementor_library\">\n\t\t\t<div class=\"elementor-element elementor-element-d79fe68 e-flex e-con-boxed e-con e-parent\" data-id=\"d79fe68\" data-element_type=\"container\" data-settings=\"{&quot;content_width&quot;:&quot;boxed&quot;}\" data-core-v316-plus=\"true\">\n\t\t\t\t\t<div class=\"e-con-inner\">\n\t\t\t\t<div class=\"elementor-element elementor-element-726c302 elementor-widget elementor-widget-theme-post-featured-image elementor-widget-image\" data-id=\"726c302\" data-element_type=\"widget\" data-widget_type=\"theme-post-featured-image.default\">\n\t\t\t\t<div class=\"elementor-widget-container\">\n\t\t\t\t\t\t\t\t\t\t\t\t\t\t<a href=\"https:\/\/www.lafabbrica.it\/fr\/cersaie-2024\/\">\n\t\t\t\t\t\t\t<img decoding=\"async\" src=\"https:\/\/www.lafabbrica.it\/wp-content\/uploads\/elementor\/thumbs\/banner-scaled-qwd08qlyi2c2r16ymt7rxhkroxqzwqq0xe4ffmyxek.gif\" title=\"banner\" alt=\"banner\" class=\"elementor-animation-grow\" loading=\"lazy\" \/>\t\t\t\t\t\t\t\t<\/a>\n\t\t\t\t\t\t\t\t\t\t\t\t\t<\/div>\n\t\t\t\t<\/div>\n\t\t\t\t<div class=\"elementor-element elementor-element-d6c402e elementor-widget elementor-widget-heading\" data-id=\"d6c402e\" data-element_type=\"widget\" data-widget_type=\"heading.default\">\n\t\t\t\t<div class=\"elementor-widget-container\">\n\t\t\t<span class=\"elementor-heading-title elementor-size-default\">septembre 23, 2024<\/span>\t\t<\/div>\n\t\t\t\t<\/div>\n\t\t\t\t<div class=\"elementor-element elementor-element-df7242f elementor-widget elementor-widget-heading\" data-id=\"df7242f\" data-element_type=\"widget\" data-widget_type=\"heading.default\">\n\t\t\t\t<div class=\"elementor-widget-container\">\n\t\t\t<h3 class=\"elementor-heading-title elementor-size-default\">Cersaie 2024<\/h3>\t\t<\/div>\n\t\t\t\t<\/div>\n\t\t\t\t<div class=\"elementor-element elementor-element-87b7571 elementor-widget elementor-widget-heading\" data-id=\"87b7571\" data-element_type=\"widget\" data-widget_type=\"heading.default\">\n\t\t\t\t<div class=\"elementor-widget-container\">\n\t\t\t<span class=\"elementor-heading-title elementor-size-default\"><a href=\"https:\/\/www.lafabbrica.it\/fr\/cersaie-2024\/\">Read more<\/a><\/span>\t\t<\/div>\n\t\t\t\t<\/div>\n\t\t\t\t\t<\/div>\n\t\t\t\t<\/div>\n\t\t\t\t<\/div>\n\t\t            <\/div>\r\n                    <\/article>\r\n                <article class=\"e-add-querytype-post e-add-post e-add-post-item e-add-post-item-6e044ed3  e-add-proto-item e-add-item-grid e-add-item-e-skin  post-17377 post type-post status-publish format-standard has-post-thumbnail hentry category-ultime-notizie-fr\" data-post-id=\"17377\" data-index=\"11\">\r\n                        <div class=\"e-add-post-block e-add-post-block-11\">\r\n                \t\t<div data-elementor-type=\"section\" data-post-id=\"17377\" data-obj-id=\"17377\" data-elementor-id=\"1580\" class=\"elementor elementor-1580 e-post-17377\" data-elementor-post-type=\"elementor_library\">\n\t\t\t<div class=\"elementor-element elementor-element-d79fe68 e-flex e-con-boxed e-con e-parent\" data-id=\"d79fe68\" data-element_type=\"container\" data-settings=\"{&quot;content_width&quot;:&quot;boxed&quot;}\" data-core-v316-plus=\"true\">\n\t\t\t\t\t<div class=\"e-con-inner\">\n\t\t\t\t<div class=\"elementor-element elementor-element-726c302 elementor-widget elementor-widget-theme-post-featured-image elementor-widget-image\" data-id=\"726c302\" data-element_type=\"widget\" data-widget_type=\"theme-post-featured-image.default\">\n\t\t\t\t<div class=\"elementor-widget-container\">\n\t\t\t\t\t\t\t\t\t\t\t\t\t\t<a href=\"https:\/\/www.lafabbrica.it\/fr\/la-fabbrica-ava-au-coverings-2024\/\">\n\t\t\t\t\t\t\t<img decoding=\"async\" src=\"https:\/\/www.lafabbrica.it\/wp-content\/uploads\/elementor\/thumbs\/Banner_650x430_anteprima-social-qwd08cidnjsrwvrfx54de34us5ohpa61vgc58hjtzw.jpg\" title=\"Banner_650x430_anteprima social\" alt=\"Banner_650x430_anteprima social\" class=\"elementor-animation-grow\" loading=\"lazy\" \/>\t\t\t\t\t\t\t\t<\/a>\n\t\t\t\t\t\t\t\t\t\t\t\t\t<\/div>\n\t\t\t\t<\/div>\n\t\t\t\t<div class=\"elementor-element elementor-element-d6c402e elementor-widget elementor-widget-heading\" data-id=\"d6c402e\" data-element_type=\"widget\" data-widget_type=\"heading.default\">\n\t\t\t\t<div class=\"elementor-widget-container\">\n\t\t\t<span class=\"elementor-heading-title elementor-size-default\">mars 26, 2024<\/span>\t\t<\/div>\n\t\t\t\t<\/div>\n\t\t\t\t<div class=\"elementor-element elementor-element-df7242f elementor-widget elementor-widget-heading\" data-id=\"df7242f\" data-element_type=\"widget\" data-widget_type=\"heading.default\">\n\t\t\t\t<div class=\"elementor-widget-container\">\n\t\t\t<h3 class=\"elementor-heading-title elementor-size-default\">LA FABBRICA AVA au Coverings 2024<\/h3>\t\t<\/div>\n\t\t\t\t<\/div>\n\t\t\t\t<div class=\"elementor-element elementor-element-87b7571 elementor-widget elementor-widget-heading\" data-id=\"87b7571\" data-element_type=\"widget\" data-widget_type=\"heading.default\">\n\t\t\t\t<div class=\"elementor-widget-container\">\n\t\t\t<span class=\"elementor-heading-title elementor-size-default\"><a href=\"https:\/\/www.lafabbrica.it\/fr\/la-fabbrica-ava-au-coverings-2024\/\">Read more<\/a><\/span>\t\t<\/div>\n\t\t\t\t<\/div>\n\t\t\t\t\t<\/div>\n\t\t\t\t<\/div>\n\t\t\t\t<\/div>\n\t\t            <\/div>\r\n                    <\/article>\r\n                <article class=\"e-add-querytype-post e-add-post e-add-post-item e-add-post-item-6e044ed3  e-add-proto-item e-add-item-grid e-add-item-e-skin  post-15407 post type-post status-publish format-standard has-post-thumbnail hentry category-ultime-notizie-fr\" data-post-id=\"15407\" data-index=\"12\">\r\n                        <div class=\"e-add-post-block e-add-post-block-12\">\r\n                \t\t<div data-elementor-type=\"section\" data-post-id=\"15407\" data-obj-id=\"15407\" data-elementor-id=\"1580\" class=\"elementor elementor-1580 e-post-15407\" data-elementor-post-type=\"elementor_library\">\n\t\t\t<div class=\"elementor-element elementor-element-d79fe68 e-flex e-con-boxed e-con e-parent\" data-id=\"d79fe68\" data-element_type=\"container\" data-settings=\"{&quot;content_width&quot;:&quot;boxed&quot;}\" data-core-v316-plus=\"true\">\n\t\t\t\t\t<div class=\"e-con-inner\">\n\t\t\t\t<div class=\"elementor-element elementor-element-726c302 elementor-widget elementor-widget-theme-post-featured-image elementor-widget-image\" data-id=\"726c302\" data-element_type=\"widget\" data-widget_type=\"theme-post-featured-image.default\">\n\t\t\t\t<div class=\"elementor-widget-container\">\n\t\t\t\t\t\t\t\t\t\t\t\t\t\t<a href=\"https:\/\/www.lafabbrica.it\/fr\/avastone-al-sicam-2023\/\">\n\t\t\t\t\t\t\t<img decoding=\"async\" src=\"https:\/\/www.lafabbrica.it\/wp-content\/uploads\/elementor\/thumbs\/ava-stone-qwd0rbv1o3s8de6u2ui58soyna4c58iwtem54nemcc.jpg\" title=\"ava-stone\" alt=\"ava-stone\" class=\"elementor-animation-grow\" loading=\"lazy\" \/>\t\t\t\t\t\t\t\t<\/a>\n\t\t\t\t\t\t\t\t\t\t\t\t\t<\/div>\n\t\t\t\t<\/div>\n\t\t\t\t<div class=\"elementor-element elementor-element-d6c402e elementor-widget elementor-widget-heading\" data-id=\"d6c402e\" data-element_type=\"widget\" data-widget_type=\"heading.default\">\n\t\t\t\t<div class=\"elementor-widget-container\">\n\t\t\t<span class=\"elementor-heading-title elementor-size-default\">octobre 9, 2023<\/span>\t\t<\/div>\n\t\t\t\t<\/div>\n\t\t\t\t<div class=\"elementor-element elementor-element-df7242f elementor-widget elementor-widget-heading\" data-id=\"df7242f\" data-element_type=\"widget\" data-widget_type=\"heading.default\">\n\t\t\t\t<div class=\"elementor-widget-container\">\n\t\t\t<h3 class=\"elementor-heading-title elementor-size-default\">AVASTONE AL SICAM 2023<\/h3>\t\t<\/div>\n\t\t\t\t<\/div>\n\t\t\t\t<div class=\"elementor-element elementor-element-87b7571 elementor-widget elementor-widget-heading\" data-id=\"87b7571\" data-element_type=\"widget\" data-widget_type=\"heading.default\">\n\t\t\t\t<div class=\"elementor-widget-container\">\n\t\t\t<span class=\"elementor-heading-title elementor-size-default\"><a href=\"https:\/\/www.lafabbrica.it\/fr\/avastone-al-sicam-2023\/\">Read more<\/a><\/span>\t\t<\/div>\n\t\t\t\t<\/div>\n\t\t\t\t\t<\/div>\n\t\t\t\t<\/div>\n\t\t\t\t<\/div>\n\t\t            <\/div>\r\n                    <\/article>\r\n                <article class=\"e-add-querytype-post e-add-post e-add-post-item e-add-post-item-6e044ed3  e-add-proto-item e-add-item-grid e-add-item-e-skin  post-15306 post type-post status-publish format-standard has-post-thumbnail hentry category-ultime-notizie-fr\" data-post-id=\"15306\" data-index=\"13\">\r\n                        <div class=\"e-add-post-block e-add-post-block-13\">\r\n                \t\t<div data-elementor-type=\"section\" data-post-id=\"15306\" data-obj-id=\"15306\" data-elementor-id=\"1580\" class=\"elementor elementor-1580 e-post-15306\" data-elementor-post-type=\"elementor_library\">\n\t\t\t<div class=\"elementor-element elementor-element-d79fe68 e-flex e-con-boxed e-con e-parent\" data-id=\"d79fe68\" data-element_type=\"container\" data-settings=\"{&quot;content_width&quot;:&quot;boxed&quot;}\" data-core-v316-plus=\"true\">\n\t\t\t\t\t<div class=\"e-con-inner\">\n\t\t\t\t<div class=\"elementor-element elementor-element-726c302 elementor-widget elementor-widget-theme-post-featured-image elementor-widget-image\" data-id=\"726c302\" data-element_type=\"widget\" data-widget_type=\"theme-post-featured-image.default\">\n\t\t\t\t<div class=\"elementor-widget-container\">\n\t\t\t\t\t\t\t\t\t\t\t\t\t\t<a href=\"https:\/\/www.lafabbrica.it\/fr\/la-fabbrica-ava-al-cersaie-2023-un-mondo-di-innovazione-e-bellezza\/\">\n\t\t\t\t\t\t\t<img decoding=\"async\" src=\"https:\/\/www.lafabbrica.it\/wp-content\/uploads\/elementor\/thumbs\/cersaie-feat-qwd0r83owrn32ycaosvmytn49qmvag3zgw077jk718.jpg\" title=\"cersaie-feat\" alt=\"cersaie-feat\" class=\"elementor-animation-grow\" loading=\"lazy\" \/>\t\t\t\t\t\t\t\t<\/a>\n\t\t\t\t\t\t\t\t\t\t\t\t\t<\/div>\n\t\t\t\t<\/div>\n\t\t\t\t<div class=\"elementor-element elementor-element-d6c402e elementor-widget elementor-widget-heading\" data-id=\"d6c402e\" data-element_type=\"widget\" data-widget_type=\"heading.default\">\n\t\t\t\t<div class=\"elementor-widget-container\">\n\t\t\t<span class=\"elementor-heading-title elementor-size-default\">septembre 21, 2023<\/span>\t\t<\/div>\n\t\t\t\t<\/div>\n\t\t\t\t<div class=\"elementor-element elementor-element-df7242f elementor-widget elementor-widget-heading\" data-id=\"df7242f\" data-element_type=\"widget\" data-widget_type=\"heading.default\">\n\t\t\t\t<div class=\"elementor-widget-container\">\n\t\t\t<h3 class=\"elementor-heading-title elementor-size-default\">LA FABBRICA AVA al Cersaie 2023: <br>Un Mondo di Innovazione e Bellezza<\/h3>\t\t<\/div>\n\t\t\t\t<\/div>\n\t\t\t\t<div class=\"elementor-element elementor-element-87b7571 elementor-widget elementor-widget-heading\" data-id=\"87b7571\" data-element_type=\"widget\" data-widget_type=\"heading.default\">\n\t\t\t\t<div class=\"elementor-widget-container\">\n\t\t\t<span class=\"elementor-heading-title elementor-size-default\"><a href=\"https:\/\/www.lafabbrica.it\/fr\/la-fabbrica-ava-al-cersaie-2023-un-mondo-di-innovazione-e-bellezza\/\">Read more<\/a><\/span>\t\t<\/div>\n\t\t\t\t<\/div>\n\t\t\t\t\t<\/div>\n\t\t\t\t<\/div>\n\t\t\t\t<\/div>\n\t\t            <\/div>\r\n                    <\/article>\r\n                <article class=\"e-add-querytype-post e-add-post e-add-post-item e-add-post-item-6e044ed3  e-add-proto-item e-add-item-grid e-add-item-e-skin  post-15327 post type-post status-publish format-standard has-post-thumbnail hentry category-ultime-notizie-fr\" data-post-id=\"15327\" data-index=\"14\">\r\n                        <div class=\"e-add-post-block e-add-post-block-14\">\r\n                \t\t<div data-elementor-type=\"section\" data-post-id=\"15327\" data-obj-id=\"15327\" data-elementor-id=\"1580\" class=\"elementor elementor-1580 e-post-15327\" data-elementor-post-type=\"elementor_library\">\n\t\t\t<div class=\"elementor-element elementor-element-d79fe68 e-flex e-con-boxed e-con e-parent\" data-id=\"d79fe68\" data-element_type=\"container\" data-settings=\"{&quot;content_width&quot;:&quot;boxed&quot;}\" data-core-v316-plus=\"true\">\n\t\t\t\t\t<div class=\"e-con-inner\">\n\t\t\t\t<div class=\"elementor-element elementor-element-726c302 elementor-widget elementor-widget-theme-post-featured-image elementor-widget-image\" data-id=\"726c302\" data-element_type=\"widget\" data-widget_type=\"theme-post-featured-image.default\">\n\t\t\t\t<div class=\"elementor-widget-container\">\n\t\t\t\t\t\t\t\t\t\t\t\t\t\t<a href=\"https:\/\/www.lafabbrica.it\/fr\/italcer-wins-sustainability-award-out-of-100-top-italian-companies\/\">\n\t\t\t\t\t\t\t<img decoding=\"async\" src=\"https:\/\/www.lafabbrica.it\/wp-content\/uploads\/elementor\/thumbs\/Italcer-wins-Sustainability-qwd0nsyu1gyiu1b5ntnie6pqg9hsa3j5byjlcamroc.jpg\" title=\"Italcer-wins-Sustainability\" alt=\"Italcer-wins-Sustainability\" class=\"elementor-animation-grow\" loading=\"lazy\" \/>\t\t\t\t\t\t\t\t<\/a>\n\t\t\t\t\t\t\t\t\t\t\t\t\t<\/div>\n\t\t\t\t<\/div>\n\t\t\t\t<div class=\"elementor-element elementor-element-d6c402e elementor-widget elementor-widget-heading\" data-id=\"d6c402e\" data-element_type=\"widget\" data-widget_type=\"heading.default\">\n\t\t\t\t<div class=\"elementor-widget-container\">\n\t\t\t<span class=\"elementor-heading-title elementor-size-default\">mai 23, 2023<\/span>\t\t<\/div>\n\t\t\t\t<\/div>\n\t\t\t\t<div class=\"elementor-element elementor-element-df7242f elementor-widget elementor-widget-heading\" data-id=\"df7242f\" data-element_type=\"widget\" data-widget_type=\"heading.default\">\n\t\t\t\t<div class=\"elementor-widget-container\">\n\t\t\t<h3 class=\"elementor-heading-title elementor-size-default\">Italcer wins Sustainability Award out of 100 top Italian companies<\/h3>\t\t<\/div>\n\t\t\t\t<\/div>\n\t\t\t\t<div class=\"elementor-element elementor-element-87b7571 elementor-widget elementor-widget-heading\" data-id=\"87b7571\" data-element_type=\"widget\" data-widget_type=\"heading.default\">\n\t\t\t\t<div class=\"elementor-widget-container\">\n\t\t\t<span class=\"elementor-heading-title elementor-size-default\"><a href=\"https:\/\/www.lafabbrica.it\/fr\/italcer-wins-sustainability-award-out-of-100-top-italian-companies\/\">Read more<\/a><\/span>\t\t<\/div>\n\t\t\t\t<\/div>\n\t\t\t\t\t<\/div>\n\t\t\t\t<\/div>\n\t\t\t\t<\/div>\n\t\t            <\/div>\r\n                    <\/article>\r\n                <article class=\"e-add-querytype-post e-add-post e-add-post-item e-add-post-item-6e044ed3  e-add-proto-item e-add-item-grid e-add-item-e-skin  post-15430 post type-post status-publish format-standard has-post-thumbnail hentry category-ultime-notizie-fr\" data-post-id=\"15430\" data-index=\"15\">\r\n                        <div class=\"e-add-post-block e-add-post-block-15\">\r\n                \t\t<div data-elementor-type=\"section\" data-post-id=\"15430\" data-obj-id=\"15430\" data-elementor-id=\"1580\" class=\"elementor elementor-1580 e-post-15430\" data-elementor-post-type=\"elementor_library\">\n\t\t\t<div class=\"elementor-element elementor-element-d79fe68 e-flex e-con-boxed e-con e-parent\" data-id=\"d79fe68\" data-element_type=\"container\" data-settings=\"{&quot;content_width&quot;:&quot;boxed&quot;}\" data-core-v316-plus=\"true\">\n\t\t\t\t\t<div class=\"e-con-inner\">\n\t\t\t\t<div class=\"elementor-element elementor-element-726c302 elementor-widget elementor-widget-theme-post-featured-image elementor-widget-image\" data-id=\"726c302\" data-element_type=\"widget\" data-widget_type=\"theme-post-featured-image.default\">\n\t\t\t\t<div class=\"elementor-widget-container\">\n\t\t\t\t\t\t\t\t\t\t\t\t\t\t<a href=\"https:\/\/www.lafabbrica.it\/fr\/coverings-2023-at-the-start-of-the-new-edition\/\">\n\t\t\t\t\t\t\t<img decoding=\"async\" src=\"https:\/\/www.lafabbrica.it\/wp-content\/uploads\/elementor\/thumbs\/news_coverings_2023-qwd0nr35nsvy6tdvysu9976t9hr1upbonp8mdqpk0s.jpg\" title=\"news_coverings_2023\" alt=\"news_coverings_2023\" class=\"elementor-animation-grow\" loading=\"lazy\" \/>\t\t\t\t\t\t\t\t<\/a>\n\t\t\t\t\t\t\t\t\t\t\t\t\t<\/div>\n\t\t\t\t<\/div>\n\t\t\t\t<div class=\"elementor-element elementor-element-d6c402e elementor-widget elementor-widget-heading\" data-id=\"d6c402e\" data-element_type=\"widget\" data-widget_type=\"heading.default\">\n\t\t\t\t<div class=\"elementor-widget-container\">\n\t\t\t<span class=\"elementor-heading-title elementor-size-default\">avril 18, 2023<\/span>\t\t<\/div>\n\t\t\t\t<\/div>\n\t\t\t\t<div class=\"elementor-element elementor-element-df7242f elementor-widget elementor-widget-heading\" data-id=\"df7242f\" data-element_type=\"widget\" data-widget_type=\"heading.default\">\n\t\t\t\t<div class=\"elementor-widget-container\">\n\t\t\t<h3 class=\"elementor-heading-title elementor-size-default\">Coverings 2023, at the start of the new edition<\/h3>\t\t<\/div>\n\t\t\t\t<\/div>\n\t\t\t\t<div class=\"elementor-element elementor-element-87b7571 elementor-widget elementor-widget-heading\" data-id=\"87b7571\" data-element_type=\"widget\" data-widget_type=\"heading.default\">\n\t\t\t\t<div class=\"elementor-widget-container\">\n\t\t\t<span class=\"elementor-heading-title elementor-size-default\"><a href=\"https:\/\/www.lafabbrica.it\/fr\/coverings-2023-at-the-start-of-the-new-edition\/\">Read more<\/a><\/span>\t\t<\/div>\n\t\t\t\t<\/div>\n\t\t\t\t\t<\/div>\n\t\t\t\t<\/div>\n\t\t\t\t<\/div>\n\t\t            <\/div>\r\n                    <\/article>\r\n                <article class=\"e-add-querytype-post e-add-post e-add-post-item e-add-post-item-6e044ed3  e-add-proto-item e-add-item-grid e-add-item-e-skin  post-15434 post type-post status-publish format-standard has-post-thumbnail hentry category-ultime-notizie-fr\" data-post-id=\"15434\" data-index=\"16\">\r\n                        <div class=\"e-add-post-block e-add-post-block-16\">\r\n                \t\t<div data-elementor-type=\"section\" data-post-id=\"15434\" data-obj-id=\"15434\" data-elementor-id=\"1580\" class=\"elementor elementor-1580 e-post-15434\" data-elementor-post-type=\"elementor_library\">\n\t\t\t<div class=\"elementor-element elementor-element-d79fe68 e-flex e-con-boxed e-con e-parent\" data-id=\"d79fe68\" data-element_type=\"container\" data-settings=\"{&quot;content_width&quot;:&quot;boxed&quot;}\" data-core-v316-plus=\"true\">\n\t\t\t\t\t<div class=\"e-con-inner\">\n\t\t\t\t<div class=\"elementor-element elementor-element-726c302 elementor-widget elementor-widget-theme-post-featured-image elementor-widget-image\" data-id=\"726c302\" data-element_type=\"widget\" data-widget_type=\"theme-post-featured-image.default\">\n\t\t\t\t<div class=\"elementor-widget-container\">\n\t\t\t\t\t\t\t\t\t\t\t\t\t\t<a href=\"https:\/\/www.lafabbrica.it\/fr\/magma\/\">\n\t\t\t\t\t\t\t<img decoding=\"async\" src=\"https:\/\/www.lafabbrica.it\/wp-content\/uploads\/elementor\/thumbs\/news-magma-qucbtmb051skjr1sm6jrkaes0psermi9imvh8l2ye4.jpg\" title=\"news-magma\" alt=\"news-magma\" class=\"elementor-animation-grow\" loading=\"lazy\" \/>\t\t\t\t\t\t\t\t<\/a>\n\t\t\t\t\t\t\t\t\t\t\t\t\t<\/div>\n\t\t\t\t<\/div>\n\t\t\t\t<div class=\"elementor-element elementor-element-d6c402e elementor-widget elementor-widget-heading\" data-id=\"d6c402e\" data-element_type=\"widget\" data-widget_type=\"heading.default\">\n\t\t\t\t<div class=\"elementor-widget-container\">\n\t\t\t<span class=\"elementor-heading-title elementor-size-default\">septembre 26, 2022<\/span>\t\t<\/div>\n\t\t\t\t<\/div>\n\t\t\t\t<div class=\"elementor-element elementor-element-df7242f elementor-widget elementor-widget-heading\" data-id=\"df7242f\" data-element_type=\"widget\" data-widget_type=\"heading.default\">\n\t\t\t\t<div class=\"elementor-widget-container\">\n\t\t\t<h3 class=\"elementor-heading-title elementor-size-default\">Magma<\/h3>\t\t<\/div>\n\t\t\t\t<\/div>\n\t\t\t\t<div class=\"elementor-element elementor-element-87b7571 elementor-widget elementor-widget-heading\" data-id=\"87b7571\" data-element_type=\"widget\" data-widget_type=\"heading.default\">\n\t\t\t\t<div class=\"elementor-widget-container\">\n\t\t\t<span class=\"elementor-heading-title elementor-size-default\"><a href=\"https:\/\/www.lafabbrica.it\/fr\/magma\/\">Read more<\/a><\/span>\t\t<\/div>\n\t\t\t\t<\/div>\n\t\t\t\t\t<\/div>\n\t\t\t\t<\/div>\n\t\t\t\t<\/div>\n\t\t            <\/div>\r\n                    <\/article>\r\n                <article class=\"e-add-querytype-post e-add-post e-add-post-item e-add-post-item-6e044ed3  e-add-proto-item e-add-item-grid e-add-item-e-skin  post-15438 post type-post status-publish format-standard has-post-thumbnail hentry category-ultime-notizie-fr\" data-post-id=\"15438\" data-index=\"17\">\r\n                        <div class=\"e-add-post-block e-add-post-block-17\">\r\n                \t\t<div data-elementor-type=\"section\" data-post-id=\"15438\" data-obj-id=\"15438\" data-elementor-id=\"1580\" class=\"elementor elementor-1580 e-post-15438\" data-elementor-post-type=\"elementor_library\">\n\t\t\t<div class=\"elementor-element elementor-element-d79fe68 e-flex e-con-boxed e-con e-parent\" data-id=\"d79fe68\" data-element_type=\"container\" data-settings=\"{&quot;content_width&quot;:&quot;boxed&quot;}\" data-core-v316-plus=\"true\">\n\t\t\t\t\t<div class=\"e-con-inner\">\n\t\t\t\t<div class=\"elementor-element elementor-element-726c302 elementor-widget elementor-widget-theme-post-featured-image elementor-widget-image\" data-id=\"726c302\" data-element_type=\"widget\" data-widget_type=\"theme-post-featured-image.default\">\n\t\t\t\t<div class=\"elementor-widget-container\">\n\t\t\t\t\t\t\t\t\t\t\t\t\t\t<a href=\"https:\/\/www.lafabbrica.it\/fr\/cersaie-2022-open-to-evolution\/\">\n\t\t\t\t\t\t\t<img decoding=\"async\" src=\"https:\/\/www.lafabbrica.it\/wp-content\/uploads\/elementor\/thumbs\/cersaie_2022-qwd0pbhh1v15jf3yth7vesygwm12ojjkvgdr6cdxng.jpg\" title=\"cersaie_2022\" alt=\"cersaie_2022\" class=\"elementor-animation-grow\" loading=\"lazy\" \/>\t\t\t\t\t\t\t\t<\/a>\n\t\t\t\t\t\t\t\t\t\t\t\t\t<\/div>\n\t\t\t\t<\/div>\n\t\t\t\t<div class=\"elementor-element elementor-element-d6c402e elementor-widget elementor-widget-heading\" data-id=\"d6c402e\" data-element_type=\"widget\" data-widget_type=\"heading.default\">\n\t\t\t\t<div class=\"elementor-widget-container\">\n\t\t\t<span class=\"elementor-heading-title elementor-size-default\">septembre 6, 2022<\/span>\t\t<\/div>\n\t\t\t\t<\/div>\n\t\t\t\t<div class=\"elementor-element elementor-element-df7242f elementor-widget elementor-widget-heading\" data-id=\"df7242f\" data-element_type=\"widget\" data-widget_type=\"heading.default\">\n\t\t\t\t<div class=\"elementor-widget-container\">\n\t\t\t<h3 class=\"elementor-heading-title elementor-size-default\">Cersaie 2022 &#8211; Open to evolution<\/h3>\t\t<\/div>\n\t\t\t\t<\/div>\n\t\t\t\t<div class=\"elementor-element elementor-element-87b7571 elementor-widget elementor-widget-heading\" data-id=\"87b7571\" data-element_type=\"widget\" data-widget_type=\"heading.default\">\n\t\t\t\t<div class=\"elementor-widget-container\">\n\t\t\t<span class=\"elementor-heading-title elementor-size-default\"><a href=\"https:\/\/www.lafabbrica.it\/fr\/cersaie-2022-open-to-evolution\/\">Read more<\/a><\/span>\t\t<\/div>\n\t\t\t\t<\/div>\n\t\t\t\t\t<\/div>\n\t\t\t\t<\/div>\n\t\t\t\t<\/div>\n\t\t            <\/div>\r\n                    <\/article>\r\n                <article class=\"e-add-querytype-post e-add-post e-add-post-item e-add-post-item-6e044ed3  e-add-proto-item e-add-item-grid e-add-item-e-skin  post-15442 post type-post status-publish format-standard has-post-thumbnail hentry category-ultime-notizie-fr\" data-post-id=\"15442\" data-index=\"18\">\r\n                        <div class=\"e-add-post-block e-add-post-block-18\">\r\n                \t\t<div data-elementor-type=\"section\" data-post-id=\"15442\" data-obj-id=\"15442\" data-elementor-id=\"1580\" class=\"elementor elementor-1580 e-post-15442\" data-elementor-post-type=\"elementor_library\">\n\t\t\t<div class=\"elementor-element elementor-element-d79fe68 e-flex e-con-boxed e-con e-parent\" data-id=\"d79fe68\" data-element_type=\"container\" data-settings=\"{&quot;content_width&quot;:&quot;boxed&quot;}\" data-core-v316-plus=\"true\">\n\t\t\t\t\t<div class=\"e-con-inner\">\n\t\t\t\t<div class=\"elementor-element elementor-element-726c302 elementor-widget elementor-widget-theme-post-featured-image elementor-widget-image\" data-id=\"726c302\" data-element_type=\"widget\" data-widget_type=\"theme-post-featured-image.default\">\n\t\t\t\t<div class=\"elementor-widget-container\">\n\t\t\t\t\t\t\t\t\t\t\t\t\t\t<a href=\"https:\/\/www.lafabbrica.it\/fr\/coverings-2022\/\">\n\t\t\t\t\t\t\t<img decoding=\"async\" src=\"https:\/\/www.lafabbrica.it\/wp-content\/uploads\/elementor\/thumbs\/news_coverings_2022-qucbtmb051skjr1sm6jrkaes0psermi9imvh8l2ye4.jpg\" title=\"news_coverings_2022\" alt=\"news_coverings_2022\" class=\"elementor-animation-grow\" loading=\"lazy\" \/>\t\t\t\t\t\t\t\t<\/a>\n\t\t\t\t\t\t\t\t\t\t\t\t\t<\/div>\n\t\t\t\t<\/div>\n\t\t\t\t<div class=\"elementor-element elementor-element-d6c402e elementor-widget elementor-widget-heading\" data-id=\"d6c402e\" data-element_type=\"widget\" data-widget_type=\"heading.default\">\n\t\t\t\t<div class=\"elementor-widget-container\">\n\t\t\t<span class=\"elementor-heading-title elementor-size-default\">mars 13, 2022<\/span>\t\t<\/div>\n\t\t\t\t<\/div>\n\t\t\t\t<div class=\"elementor-element elementor-element-df7242f elementor-widget elementor-widget-heading\" data-id=\"df7242f\" data-element_type=\"widget\" data-widget_type=\"heading.default\">\n\t\t\t\t<div class=\"elementor-widget-container\">\n\t\t\t<h3 class=\"elementor-heading-title elementor-size-default\">Coverings 2022<\/h3>\t\t<\/div>\n\t\t\t\t<\/div>\n\t\t\t\t<div class=\"elementor-element elementor-element-87b7571 elementor-widget elementor-widget-heading\" data-id=\"87b7571\" data-element_type=\"widget\" data-widget_type=\"heading.default\">\n\t\t\t\t<div class=\"elementor-widget-container\">\n\t\t\t<span class=\"elementor-heading-title elementor-size-default\"><a href=\"https:\/\/www.lafabbrica.it\/fr\/coverings-2022\/\">Read more<\/a><\/span>\t\t<\/div>\n\t\t\t\t<\/div>\n\t\t\t\t\t<\/div>\n\t\t\t\t<\/div>\n\t\t\t\t<\/div>\n\t\t            <\/div>\r\n                    <\/article>\r\n                <article class=\"e-add-querytype-post e-add-post e-add-post-item e-add-post-item-6e044ed3  e-add-proto-item e-add-item-grid e-add-item-e-skin  post-15446 post type-post status-publish format-standard has-post-thumbnail hentry category-ultime-notizie-fr\" data-post-id=\"15446\" data-index=\"19\">\r\n                        <div class=\"e-add-post-block e-add-post-block-19\">\r\n                \t\t<div data-elementor-type=\"section\" data-post-id=\"15446\" data-obj-id=\"15446\" data-elementor-id=\"1580\" class=\"elementor elementor-1580 e-post-15446\" data-elementor-post-type=\"elementor_library\">\n\t\t\t<div class=\"elementor-element elementor-element-d79fe68 e-flex e-con-boxed e-con e-parent\" data-id=\"d79fe68\" data-element_type=\"container\" data-settings=\"{&quot;content_width&quot;:&quot;boxed&quot;}\" data-core-v316-plus=\"true\">\n\t\t\t\t\t<div class=\"e-con-inner\">\n\t\t\t\t<div class=\"elementor-element elementor-element-726c302 elementor-widget elementor-widget-theme-post-featured-image elementor-widget-image\" data-id=\"726c302\" data-element_type=\"widget\" data-widget_type=\"theme-post-featured-image.default\">\n\t\t\t\t<div class=\"elementor-widget-container\">\n\t\t\t\t\t\t\t\t\t\t\t\t\t\t<a href=\"https:\/\/www.lafabbrica.it\/fr\/italcer-tra-le-eccellenze-premiate-al-sustainability-award\/\">\n\t\t\t\t\t\t\t<img decoding=\"async\" src=\"https:\/\/www.lafabbrica.it\/wp-content\/uploads\/elementor\/thumbs\/news_articolo-carlino_2021-qucbtmb051skjr1sm6jrkaes0psermi9imvh8l2ye4.jpg\" title=\"news_articolo-carlino_2021\" alt=\"news_articolo-carlino_2021\" class=\"elementor-animation-grow\" loading=\"lazy\" \/>\t\t\t\t\t\t\t\t<\/a>\n\t\t\t\t\t\t\t\t\t\t\t\t\t<\/div>\n\t\t\t\t<\/div>\n\t\t\t\t<div class=\"elementor-element elementor-element-d6c402e elementor-widget elementor-widget-heading\" data-id=\"d6c402e\" data-element_type=\"widget\" data-widget_type=\"heading.default\">\n\t\t\t\t<div class=\"elementor-widget-container\">\n\t\t\t<span class=\"elementor-heading-title elementor-size-default\">octobre 18, 2021<\/span>\t\t<\/div>\n\t\t\t\t<\/div>\n\t\t\t\t<div class=\"elementor-element elementor-element-df7242f elementor-widget elementor-widget-heading\" data-id=\"df7242f\" data-element_type=\"widget\" data-widget_type=\"heading.default\">\n\t\t\t\t<div class=\"elementor-widget-container\">\n\t\t\t<h3 class=\"elementor-heading-title elementor-size-default\">Italcer tra le eccellenze premiate al Sustainability Award<\/h3>\t\t<\/div>\n\t\t\t\t<\/div>\n\t\t\t\t<div class=\"elementor-element elementor-element-87b7571 elementor-widget elementor-widget-heading\" data-id=\"87b7571\" data-element_type=\"widget\" data-widget_type=\"heading.default\">\n\t\t\t\t<div class=\"elementor-widget-container\">\n\t\t\t<span class=\"elementor-heading-title elementor-size-default\"><a href=\"https:\/\/www.lafabbrica.it\/fr\/italcer-tra-le-eccellenze-premiate-al-sustainability-award\/\">Read more<\/a><\/span>\t\t<\/div>\n\t\t\t\t<\/div>\n\t\t\t\t\t<\/div>\n\t\t\t\t<\/div>\n\t\t\t\t<\/div>\n\t\t            <\/div>\r\n                    <\/article>\r\n                <article class=\"e-add-querytype-post e-add-post e-add-post-item e-add-post-item-6e044ed3  e-add-proto-item e-add-item-grid e-add-item-e-skin  post-15450 post type-post status-publish format-standard has-post-thumbnail hentry category-ultime-notizie-fr\" data-post-id=\"15450\" data-index=\"20\">\r\n                        <div class=\"e-add-post-block e-add-post-block-20\">\r\n                \t\t<div data-elementor-type=\"section\" data-post-id=\"15450\" data-obj-id=\"15450\" data-elementor-id=\"1580\" class=\"elementor elementor-1580 e-post-15450\" data-elementor-post-type=\"elementor_library\">\n\t\t\t<div class=\"elementor-element elementor-element-d79fe68 e-flex e-con-boxed e-con e-parent\" data-id=\"d79fe68\" data-element_type=\"container\" data-settings=\"{&quot;content_width&quot;:&quot;boxed&quot;}\" data-core-v316-plus=\"true\">\n\t\t\t\t\t<div class=\"e-con-inner\">\n\t\t\t\t<div class=\"elementor-element elementor-element-726c302 elementor-widget elementor-widget-theme-post-featured-image elementor-widget-image\" data-id=\"726c302\" data-element_type=\"widget\" data-widget_type=\"theme-post-featured-image.default\">\n\t\t\t\t<div class=\"elementor-widget-container\">\n\t\t\t\t\t\t\t\t\t\t\t\t\t\t<a href=\"https:\/\/www.lafabbrica.it\/fr\/virtual-tour-cersaie-2021\/\">\n\t\t\t\t\t\t\t<img decoding=\"async\" src=\"https:\/\/www.lafabbrica.it\/wp-content\/uploads\/elementor\/thumbs\/news_virtual_tour_cersaie_2021-qucbtmb051skjr1sm6jrkaes0psermi9imvh8l2ye4.jpg\" title=\"news_virtual_tour_cersaie_2021\" alt=\"news_virtual_tour_cersaie_2021\" class=\"elementor-animation-grow\" loading=\"lazy\" \/>\t\t\t\t\t\t\t\t<\/a>\n\t\t\t\t\t\t\t\t\t\t\t\t\t<\/div>\n\t\t\t\t<\/div>\n\t\t\t\t<div class=\"elementor-element elementor-element-d6c402e elementor-widget elementor-widget-heading\" data-id=\"d6c402e\" data-element_type=\"widget\" data-widget_type=\"heading.default\">\n\t\t\t\t<div class=\"elementor-widget-container\">\n\t\t\t<span class=\"elementor-heading-title elementor-size-default\">octobre 1, 2021<\/span>\t\t<\/div>\n\t\t\t\t<\/div>\n\t\t\t\t<div class=\"elementor-element elementor-element-df7242f elementor-widget elementor-widget-heading\" data-id=\"df7242f\" data-element_type=\"widget\" data-widget_type=\"heading.default\">\n\t\t\t\t<div class=\"elementor-widget-container\">\n\t\t\t<h3 class=\"elementor-heading-title elementor-size-default\">Virtual tour Cersaie 2021<\/h3>\t\t<\/div>\n\t\t\t\t<\/div>\n\t\t\t\t<div class=\"elementor-element elementor-element-87b7571 elementor-widget elementor-widget-heading\" data-id=\"87b7571\" data-element_type=\"widget\" data-widget_type=\"heading.default\">\n\t\t\t\t<div class=\"elementor-widget-container\">\n\t\t\t<span class=\"elementor-heading-title elementor-size-default\"><a href=\"https:\/\/www.lafabbrica.it\/fr\/virtual-tour-cersaie-2021\/\">Read more<\/a><\/span>\t\t<\/div>\n\t\t\t\t<\/div>\n\t\t\t\t\t<\/div>\n\t\t\t\t<\/div>\n\t\t\t\t<\/div>\n\t\t            <\/div>\r\n                    <\/article>\r\n                <article class=\"e-add-querytype-post e-add-post e-add-post-item e-add-post-item-6e044ed3  e-add-proto-item e-add-item-grid e-add-item-e-skin  post-15454 post type-post status-publish format-standard has-post-thumbnail hentry category-ultime-notizie-fr\" data-post-id=\"15454\" data-index=\"21\">\r\n                        <div class=\"e-add-post-block e-add-post-block-21\">\r\n                \t\t<div data-elementor-type=\"section\" data-post-id=\"15454\" data-obj-id=\"15454\" data-elementor-id=\"1580\" class=\"elementor elementor-1580 e-post-15454\" data-elementor-post-type=\"elementor_library\">\n\t\t\t<div class=\"elementor-element elementor-element-d79fe68 e-flex e-con-boxed e-con e-parent\" data-id=\"d79fe68\" data-element_type=\"container\" data-settings=\"{&quot;content_width&quot;:&quot;boxed&quot;}\" data-core-v316-plus=\"true\">\n\t\t\t\t\t<div class=\"e-con-inner\">\n\t\t\t\t<div class=\"elementor-element elementor-element-726c302 elementor-widget elementor-widget-theme-post-featured-image elementor-widget-image\" data-id=\"726c302\" data-element_type=\"widget\" data-widget_type=\"theme-post-featured-image.default\">\n\t\t\t\t<div class=\"elementor-widget-container\">\n\t\t\t\t\t\t\t\t\t\t\t\t\t\t<a href=\"https:\/\/www.lafabbrica.it\/fr\/tonino-lamborghini-and-la-fabbrica-at-cersaie\/\">\n\t\t\t\t\t\t\t<img decoding=\"async\" src=\"https:\/\/www.lafabbrica.it\/wp-content\/uploads\/elementor\/thumbs\/news_tonino_lamborghini_virtual_tour_2021-qucbtmb051skjr1sm6jrkaes0psermi9imvh8l2ye4.jpg\" title=\"news_tonino_lamborghini_virtual_tour_2021\" alt=\"news_tonino_lamborghini_virtual_tour_2021\" class=\"elementor-animation-grow\" loading=\"lazy\" \/>\t\t\t\t\t\t\t\t<\/a>\n\t\t\t\t\t\t\t\t\t\t\t\t\t<\/div>\n\t\t\t\t<\/div>\n\t\t\t\t<div class=\"elementor-element elementor-element-d6c402e elementor-widget elementor-widget-heading\" data-id=\"d6c402e\" data-element_type=\"widget\" data-widget_type=\"heading.default\">\n\t\t\t\t<div class=\"elementor-widget-container\">\n\t\t\t<span class=\"elementor-heading-title elementor-size-default\">septembre 26, 2021<\/span>\t\t<\/div>\n\t\t\t\t<\/div>\n\t\t\t\t<div class=\"elementor-element elementor-element-df7242f elementor-widget elementor-widget-heading\" data-id=\"df7242f\" data-element_type=\"widget\" data-widget_type=\"heading.default\">\n\t\t\t\t<div class=\"elementor-widget-container\">\n\t\t\t<h3 class=\"elementor-heading-title elementor-size-default\">Tonino Lamborghini and La Fabbrica at Cersaie<\/h3>\t\t<\/div>\n\t\t\t\t<\/div>\n\t\t\t\t<div class=\"elementor-element elementor-element-87b7571 elementor-widget elementor-widget-heading\" data-id=\"87b7571\" data-element_type=\"widget\" data-widget_type=\"heading.default\">\n\t\t\t\t<div class=\"elementor-widget-container\">\n\t\t\t<span class=\"elementor-heading-title elementor-size-default\"><a href=\"https:\/\/www.lafabbrica.it\/fr\/tonino-lamborghini-and-la-fabbrica-at-cersaie\/\">Read more<\/a><\/span>\t\t<\/div>\n\t\t\t\t<\/div>\n\t\t\t\t\t<\/div>\n\t\t\t\t<\/div>\n\t\t\t\t<\/div>\n\t\t            <\/div>\r\n                    <\/article>\r\n                <article class=\"e-add-querytype-post e-add-post e-add-post-item e-add-post-item-6e044ed3  e-add-proto-item e-add-item-grid e-add-item-e-skin  post-15456 post type-post status-publish format-standard has-post-thumbnail hentry category-ultime-notizie-fr\" data-post-id=\"15456\" data-index=\"22\">\r\n                        <div class=\"e-add-post-block e-add-post-block-22\">\r\n                \t\t<div data-elementor-type=\"section\" data-post-id=\"15456\" data-obj-id=\"15456\" data-elementor-id=\"1580\" class=\"elementor elementor-1580 e-post-15456\" data-elementor-post-type=\"elementor_library\">\n\t\t\t<div class=\"elementor-element elementor-element-d79fe68 e-flex e-con-boxed e-con e-parent\" data-id=\"d79fe68\" data-element_type=\"container\" data-settings=\"{&quot;content_width&quot;:&quot;boxed&quot;}\" data-core-v316-plus=\"true\">\n\t\t\t\t\t<div class=\"e-con-inner\">\n\t\t\t\t<div class=\"elementor-element elementor-element-726c302 elementor-widget elementor-widget-theme-post-featured-image elementor-widget-image\" data-id=\"726c302\" data-element_type=\"widget\" data-widget_type=\"theme-post-featured-image.default\">\n\t\t\t\t<div class=\"elementor-widget-container\">\n\t\t\t\t\t\t\t\t\t\t\t\t\t\t<a href=\"https:\/\/www.lafabbrica.it\/fr\/cersaie-2021-open-to-evolution\/\">\n\t\t\t\t\t\t\t<img decoding=\"async\" src=\"https:\/\/www.lafabbrica.it\/wp-content\/uploads\/elementor\/thumbs\/news_open_to_evolution_2021-qucbtmb051skjr1sm6jrkaes0psermi9imvh8l2ye4.jpg\" title=\"news_open_to_evolution_2021\" alt=\"news_open_to_evolution_2021\" class=\"elementor-animation-grow\" loading=\"lazy\" \/>\t\t\t\t\t\t\t\t<\/a>\n\t\t\t\t\t\t\t\t\t\t\t\t\t<\/div>\n\t\t\t\t<\/div>\n\t\t\t\t<div class=\"elementor-element elementor-element-d6c402e elementor-widget elementor-widget-heading\" data-id=\"d6c402e\" data-element_type=\"widget\" data-widget_type=\"heading.default\">\n\t\t\t\t<div class=\"elementor-widget-container\">\n\t\t\t<span class=\"elementor-heading-title elementor-size-default\">ao\u00fbt 30, 2021<\/span>\t\t<\/div>\n\t\t\t\t<\/div>\n\t\t\t\t<div class=\"elementor-element elementor-element-df7242f elementor-widget elementor-widget-heading\" data-id=\"df7242f\" data-element_type=\"widget\" data-widget_type=\"heading.default\">\n\t\t\t\t<div class=\"elementor-widget-container\">\n\t\t\t<h3 class=\"elementor-heading-title elementor-size-default\">Cersaie 2021 &#8211; Open to evolution<\/h3>\t\t<\/div>\n\t\t\t\t<\/div>\n\t\t\t\t<div class=\"elementor-element elementor-element-87b7571 elementor-widget elementor-widget-heading\" data-id=\"87b7571\" data-element_type=\"widget\" data-widget_type=\"heading.default\">\n\t\t\t\t<div class=\"elementor-widget-container\">\n\t\t\t<span class=\"elementor-heading-title elementor-size-default\"><a href=\"https:\/\/www.lafabbrica.it\/fr\/cersaie-2021-open-to-evolution\/\">Read more<\/a><\/span>\t\t<\/div>\n\t\t\t\t<\/div>\n\t\t\t\t\t<\/div>\n\t\t\t\t<\/div>\n\t\t\t\t<\/div>\n\t\t            <\/div>\r\n                    <\/article>\r\n                <article class=\"e-add-querytype-post e-add-post e-add-post-item e-add-post-item-6e044ed3  e-add-proto-item e-add-item-grid e-add-item-e-skin  post-15460 post type-post status-publish format-standard has-post-thumbnail hentry category-ultime-notizie-fr\" data-post-id=\"15460\" data-index=\"23\">\r\n                        <div class=\"e-add-post-block e-add-post-block-23\">\r\n                \t\t<div data-elementor-type=\"section\" data-post-id=\"15460\" data-obj-id=\"15460\" data-elementor-id=\"1580\" class=\"elementor elementor-1580 e-post-15460\" data-elementor-post-type=\"elementor_library\">\n\t\t\t<div class=\"elementor-element elementor-element-d79fe68 e-flex e-con-boxed e-con e-parent\" data-id=\"d79fe68\" data-element_type=\"container\" data-settings=\"{&quot;content_width&quot;:&quot;boxed&quot;}\" data-core-v316-plus=\"true\">\n\t\t\t\t\t<div class=\"e-con-inner\">\n\t\t\t\t<div class=\"elementor-element elementor-element-726c302 elementor-widget elementor-widget-theme-post-featured-image elementor-widget-image\" data-id=\"726c302\" data-element_type=\"widget\" data-widget_type=\"theme-post-featured-image.default\">\n\t\t\t\t<div class=\"elementor-widget-container\">\n\t\t\t\t\t\t\t\t\t\t\t\t\t\t<a href=\"https:\/\/www.lafabbrica.it\/fr\/lamborghini-italcer-the-pact-of-luxury\/\">\n\t\t\t\t\t\t\t<img decoding=\"async\" src=\"https:\/\/www.lafabbrica.it\/wp-content\/uploads\/elementor\/thumbs\/news_lamborghini_italcer_2020-qucbtmb051skjr1sm6jrkaes0psermi9imvh8l2ye4.jpg\" title=\"news_lamborghini_italcer_2020\" alt=\"news_lamborghini_italcer_2020\" class=\"elementor-animation-grow\" loading=\"lazy\" \/>\t\t\t\t\t\t\t\t<\/a>\n\t\t\t\t\t\t\t\t\t\t\t\t\t<\/div>\n\t\t\t\t<\/div>\n\t\t\t\t<div class=\"elementor-element elementor-element-d6c402e elementor-widget elementor-widget-heading\" data-id=\"d6c402e\" data-element_type=\"widget\" data-widget_type=\"heading.default\">\n\t\t\t\t<div class=\"elementor-widget-container\">\n\t\t\t<span class=\"elementor-heading-title elementor-size-default\">d\u00e9cembre 23, 2020<\/span>\t\t<\/div>\n\t\t\t\t<\/div>\n\t\t\t\t<div class=\"elementor-element elementor-element-df7242f elementor-widget elementor-widget-heading\" data-id=\"df7242f\" data-element_type=\"widget\" data-widget_type=\"heading.default\">\n\t\t\t\t<div class=\"elementor-widget-container\">\n\t\t\t<h3 class=\"elementor-heading-title elementor-size-default\">Lamborghini-Italcer, the pact of luxury<\/h3>\t\t<\/div>\n\t\t\t\t<\/div>\n\t\t\t\t<div class=\"elementor-element elementor-element-87b7571 elementor-widget elementor-widget-heading\" data-id=\"87b7571\" data-element_type=\"widget\" data-widget_type=\"heading.default\">\n\t\t\t\t<div class=\"elementor-widget-container\">\n\t\t\t<span class=\"elementor-heading-title elementor-size-default\"><a href=\"https:\/\/www.lafabbrica.it\/fr\/lamborghini-italcer-the-pact-of-luxury\/\">Read more<\/a><\/span>\t\t<\/div>\n\t\t\t\t<\/div>\n\t\t\t\t\t<\/div>\n\t\t\t\t<\/div>\n\t\t\t\t<\/div>\n\t\t            <\/div>\r\n                    <\/article>\r\n                <article class=\"e-add-querytype-post e-add-post e-add-post-item e-add-post-item-6e044ed3  e-add-proto-item e-add-item-grid e-add-item-e-skin  post-15464 post type-post status-publish format-standard has-post-thumbnail hentry category-ultime-notizie-fr\" data-post-id=\"15464\" data-index=\"24\">\r\n                        <div class=\"e-add-post-block e-add-post-block-24\">\r\n                \t\t<div data-elementor-type=\"section\" data-post-id=\"15464\" data-obj-id=\"15464\" data-elementor-id=\"1580\" class=\"elementor elementor-1580 e-post-15464\" data-elementor-post-type=\"elementor_library\">\n\t\t\t<div class=\"elementor-element elementor-element-d79fe68 e-flex e-con-boxed e-con e-parent\" data-id=\"d79fe68\" data-element_type=\"container\" data-settings=\"{&quot;content_width&quot;:&quot;boxed&quot;}\" data-core-v316-plus=\"true\">\n\t\t\t\t\t<div class=\"e-con-inner\">\n\t\t\t\t<div class=\"elementor-element elementor-element-726c302 elementor-widget elementor-widget-theme-post-featured-image elementor-widget-image\" data-id=\"726c302\" data-element_type=\"widget\" data-widget_type=\"theme-post-featured-image.default\">\n\t\t\t\t<div class=\"elementor-widget-container\">\n\t\t\t\t\t\t\t\t\t\t\t\t\t\t<a href=\"https:\/\/www.lafabbrica.it\/fr\/the-italcer-pole-conquers-the-bolognese-cedir\/\">\n\t\t\t\t\t\t\t<img decoding=\"async\" src=\"https:\/\/www.lafabbrica.it\/wp-content\/uploads\/elementor\/thumbs\/news_articolo_italcer_bolognese_cedir_2020-qucbtmb051skjr1sm6jrkaes0psermi9imvh8l2ye4.jpg\" title=\"news_articolo_italcer_bolognese_cedir_2020\" alt=\"news_articolo_italcer_bolognese_cedir_2020\" class=\"elementor-animation-grow\" loading=\"lazy\" \/>\t\t\t\t\t\t\t\t<\/a>\n\t\t\t\t\t\t\t\t\t\t\t\t\t<\/div>\n\t\t\t\t<\/div>\n\t\t\t\t<div class=\"elementor-element elementor-element-d6c402e elementor-widget elementor-widget-heading\" data-id=\"d6c402e\" data-element_type=\"widget\" data-widget_type=\"heading.default\">\n\t\t\t\t<div class=\"elementor-widget-container\">\n\t\t\t<span class=\"elementor-heading-title elementor-size-default\">d\u00e9cembre 12, 2020<\/span>\t\t<\/div>\n\t\t\t\t<\/div>\n\t\t\t\t<div class=\"elementor-element elementor-element-df7242f elementor-widget elementor-widget-heading\" data-id=\"df7242f\" data-element_type=\"widget\" data-widget_type=\"heading.default\">\n\t\t\t\t<div class=\"elementor-widget-container\">\n\t\t\t<h3 class=\"elementor-heading-title elementor-size-default\">The Italcer pole conquers the Bolognese Cedir<\/h3>\t\t<\/div>\n\t\t\t\t<\/div>\n\t\t\t\t<div class=\"elementor-element elementor-element-87b7571 elementor-widget elementor-widget-heading\" data-id=\"87b7571\" data-element_type=\"widget\" data-widget_type=\"heading.default\">\n\t\t\t\t<div class=\"elementor-widget-container\">\n\t\t\t<span class=\"elementor-heading-title elementor-size-default\"><a href=\"https:\/\/www.lafabbrica.it\/fr\/the-italcer-pole-conquers-the-bolognese-cedir\/\">Read more<\/a><\/span>\t\t<\/div>\n\t\t\t\t<\/div>\n\t\t\t\t\t<\/div>\n\t\t\t\t<\/div>\n\t\t\t\t<\/div>\n\t\t            <\/div>\r\n                    <\/article>\r\n                <article class=\"e-add-querytype-post e-add-post e-add-post-item e-add-post-item-6e044ed3  e-add-proto-item e-add-item-grid e-add-item-e-skin  post-15466 post type-post status-publish format-standard has-post-thumbnail hentry category-ultime-notizie-fr\" data-post-id=\"15466\" data-index=\"25\">\r\n                        <div class=\"e-add-post-block e-add-post-block-25\">\r\n                \t\t<div data-elementor-type=\"section\" data-post-id=\"15466\" data-obj-id=\"15466\" data-elementor-id=\"1580\" class=\"elementor elementor-1580 e-post-15466\" data-elementor-post-type=\"elementor_library\">\n\t\t\t<div class=\"elementor-element elementor-element-d79fe68 e-flex e-con-boxed e-con e-parent\" data-id=\"d79fe68\" data-element_type=\"container\" data-settings=\"{&quot;content_width&quot;:&quot;boxed&quot;}\" data-core-v316-plus=\"true\">\n\t\t\t\t\t<div class=\"e-con-inner\">\n\t\t\t\t<div class=\"elementor-element elementor-element-726c302 elementor-widget elementor-widget-theme-post-featured-image elementor-widget-image\" data-id=\"726c302\" data-element_type=\"widget\" data-widget_type=\"theme-post-featured-image.default\">\n\t\t\t\t<div class=\"elementor-widget-container\">\n\t\t\t\t\t\t\t\t\t\t\t\t\t\t<a href=\"https:\/\/www.lafabbrica.it\/fr\/jungle-stone-the-power-of-nature\/\">\n\t\t\t\t\t\t\t<img decoding=\"async\" src=\"https:\/\/www.lafabbrica.it\/wp-content\/uploads\/elementor\/thumbs\/news_jungle_stone_2020-qucbtmb051skjr1sm6jrkaes0psermi9imvh8l2ye4.jpg\" title=\"news_jungle_stone_2020\" alt=\"news_jungle_stone_2020\" class=\"elementor-animation-grow\" loading=\"lazy\" \/>\t\t\t\t\t\t\t\t<\/a>\n\t\t\t\t\t\t\t\t\t\t\t\t\t<\/div>\n\t\t\t\t<\/div>\n\t\t\t\t<div class=\"elementor-element elementor-element-d6c402e elementor-widget elementor-widget-heading\" data-id=\"d6c402e\" data-element_type=\"widget\" data-widget_type=\"heading.default\">\n\t\t\t\t<div class=\"elementor-widget-container\">\n\t\t\t<span class=\"elementor-heading-title elementor-size-default\">juillet 27, 2020<\/span>\t\t<\/div>\n\t\t\t\t<\/div>\n\t\t\t\t<div class=\"elementor-element elementor-element-df7242f elementor-widget elementor-widget-heading\" data-id=\"df7242f\" data-element_type=\"widget\" data-widget_type=\"heading.default\">\n\t\t\t\t<div class=\"elementor-widget-container\">\n\t\t\t<h3 class=\"elementor-heading-title elementor-size-default\">Jungle Stone: the power of nature<\/h3>\t\t<\/div>\n\t\t\t\t<\/div>\n\t\t\t\t<div class=\"elementor-element elementor-element-87b7571 elementor-widget elementor-widget-heading\" data-id=\"87b7571\" data-element_type=\"widget\" data-widget_type=\"heading.default\">\n\t\t\t\t<div class=\"elementor-widget-container\">\n\t\t\t<span class=\"elementor-heading-title elementor-size-default\"><a href=\"https:\/\/www.lafabbrica.it\/fr\/jungle-stone-the-power-of-nature\/\">Read more<\/a><\/span>\t\t<\/div>\n\t\t\t\t<\/div>\n\t\t\t\t\t<\/div>\n\t\t\t\t<\/div>\n\t\t\t\t<\/div>\n\t\t            <\/div>\r\n                    <\/article>\r\n                <article class=\"e-add-querytype-post e-add-post e-add-post-item e-add-post-item-6e044ed3  e-add-proto-item e-add-item-grid e-add-item-e-skin  post-15470 post type-post status-publish format-standard has-post-thumbnail hentry category-ultime-notizie-fr\" data-post-id=\"15470\" data-index=\"26\">\r\n                        <div class=\"e-add-post-block e-add-post-block-26\">\r\n                \t\t<div data-elementor-type=\"section\" data-post-id=\"15470\" data-obj-id=\"15470\" data-elementor-id=\"1580\" class=\"elementor elementor-1580 e-post-15470\" data-elementor-post-type=\"elementor_library\">\n\t\t\t<div class=\"elementor-element elementor-element-d79fe68 e-flex e-con-boxed e-con e-parent\" data-id=\"d79fe68\" data-element_type=\"container\" data-settings=\"{&quot;content_width&quot;:&quot;boxed&quot;}\" data-core-v316-plus=\"true\">\n\t\t\t\t\t<div class=\"e-con-inner\">\n\t\t\t\t<div class=\"elementor-element elementor-element-726c302 elementor-widget elementor-widget-theme-post-featured-image elementor-widget-image\" data-id=\"726c302\" data-element_type=\"widget\" data-widget_type=\"theme-post-featured-image.default\">\n\t\t\t\t<div class=\"elementor-widget-container\">\n\t\t\t\t\t\t\t\t\t\t\t\t\t\t<a href=\"https:\/\/www.lafabbrica.it\/fr\/clean-ceramic-between-filters-and-magnets\/\">\n\t\t\t\t\t\t\t<img decoding=\"async\" src=\"https:\/\/www.lafabbrica.it\/wp-content\/uploads\/elementor\/thumbs\/news_clean_ceramic_2020-qucbtmb051skjr1sm6jrkaes0psermi9imvh8l2ye4.jpg\" title=\"news_clean_ceramic_2020\" alt=\"news_clean_ceramic_2020\" class=\"elementor-animation-grow\" loading=\"lazy\" \/>\t\t\t\t\t\t\t\t<\/a>\n\t\t\t\t\t\t\t\t\t\t\t\t\t<\/div>\n\t\t\t\t<\/div>\n\t\t\t\t<div class=\"elementor-element elementor-element-d6c402e elementor-widget elementor-widget-heading\" data-id=\"d6c402e\" data-element_type=\"widget\" data-widget_type=\"heading.default\">\n\t\t\t\t<div class=\"elementor-widget-container\">\n\t\t\t<span class=\"elementor-heading-title elementor-size-default\">juin 6, 2020<\/span>\t\t<\/div>\n\t\t\t\t<\/div>\n\t\t\t\t<div class=\"elementor-element elementor-element-df7242f elementor-widget elementor-widget-heading\" data-id=\"df7242f\" data-element_type=\"widget\" data-widget_type=\"heading.default\">\n\t\t\t\t<div class=\"elementor-widget-container\">\n\t\t\t<h3 class=\"elementor-heading-title elementor-size-default\">Clean ceramic between filters and magnets<\/h3>\t\t<\/div>\n\t\t\t\t<\/div>\n\t\t\t\t<div class=\"elementor-element elementor-element-87b7571 elementor-widget elementor-widget-heading\" data-id=\"87b7571\" data-element_type=\"widget\" data-widget_type=\"heading.default\">\n\t\t\t\t<div class=\"elementor-widget-container\">\n\t\t\t<span class=\"elementor-heading-title elementor-size-default\"><a href=\"https:\/\/www.lafabbrica.it\/fr\/clean-ceramic-between-filters-and-magnets\/\">Read more<\/a><\/span>\t\t<\/div>\n\t\t\t\t<\/div>\n\t\t\t\t\t<\/div>\n\t\t\t\t<\/div>\n\t\t\t\t<\/div>\n\t\t            <\/div>\r\n                    <\/article>\r\n                <article class=\"e-add-querytype-post e-add-post e-add-post-item e-add-post-item-6e044ed3  e-add-proto-item e-add-item-grid e-add-item-e-skin  post-15474 post type-post status-publish format-standard has-post-thumbnail hentry category-ultime-notizie-fr\" data-post-id=\"15474\" data-index=\"27\">\r\n                        <div class=\"e-add-post-block e-add-post-block-27\">\r\n                \t\t<div data-elementor-type=\"section\" data-post-id=\"15474\" data-obj-id=\"15474\" data-elementor-id=\"1580\" class=\"elementor elementor-1580 e-post-15474\" data-elementor-post-type=\"elementor_library\">\n\t\t\t<div class=\"elementor-element elementor-element-d79fe68 e-flex e-con-boxed e-con e-parent\" data-id=\"d79fe68\" data-element_type=\"container\" data-settings=\"{&quot;content_width&quot;:&quot;boxed&quot;}\" data-core-v316-plus=\"true\">\n\t\t\t\t\t<div class=\"e-con-inner\">\n\t\t\t\t<div class=\"elementor-element elementor-element-726c302 elementor-widget elementor-widget-theme-post-featured-image elementor-widget-image\" data-id=\"726c302\" data-element_type=\"widget\" data-widget_type=\"theme-post-featured-image.default\">\n\t\t\t\t<div class=\"elementor-widget-container\">\n\t\t\t\t\t\t\t\t\t\t\t\t\t\t<a href=\"https:\/\/www.lafabbrica.it\/fr\/new-organizer-2020\/\">\n\t\t\t\t\t\t\t<img decoding=\"async\" src=\"https:\/\/www.lafabbrica.it\/wp-content\/uploads\/elementor\/thumbs\/news_organizer_2020-qucbtmb051skjr1sm6jrkaes0psermi9imvh8l2ye4.jpg\" title=\"news_organizer_2020\" alt=\"news_organizer_2020\" class=\"elementor-animation-grow\" loading=\"lazy\" \/>\t\t\t\t\t\t\t\t<\/a>\n\t\t\t\t\t\t\t\t\t\t\t\t\t<\/div>\n\t\t\t\t<\/div>\n\t\t\t\t<div class=\"elementor-element elementor-element-d6c402e elementor-widget elementor-widget-heading\" data-id=\"d6c402e\" data-element_type=\"widget\" data-widget_type=\"heading.default\">\n\t\t\t\t<div class=\"elementor-widget-container\">\n\t\t\t<span class=\"elementor-heading-title elementor-size-default\">juin 3, 2020<\/span>\t\t<\/div>\n\t\t\t\t<\/div>\n\t\t\t\t<div class=\"elementor-element elementor-element-df7242f elementor-widget elementor-widget-heading\" data-id=\"df7242f\" data-element_type=\"widget\" data-widget_type=\"heading.default\">\n\t\t\t\t<div class=\"elementor-widget-container\">\n\t\t\t<h3 class=\"elementor-heading-title elementor-size-default\">New organizer 2020<\/h3>\t\t<\/div>\n\t\t\t\t<\/div>\n\t\t\t\t<div class=\"elementor-element elementor-element-87b7571 elementor-widget elementor-widget-heading\" data-id=\"87b7571\" data-element_type=\"widget\" data-widget_type=\"heading.default\">\n\t\t\t\t<div class=\"elementor-widget-container\">\n\t\t\t<span class=\"elementor-heading-title elementor-size-default\"><a href=\"https:\/\/www.lafabbrica.it\/fr\/new-organizer-2020\/\">Read more<\/a><\/span>\t\t<\/div>\n\t\t\t\t<\/div>\n\t\t\t\t\t<\/div>\n\t\t\t\t<\/div>\n\t\t\t\t<\/div>\n\t\t            <\/div>\r\n                    <\/article>\r\n                <article class=\"e-add-querytype-post e-add-post e-add-post-item e-add-post-item-6e044ed3  e-add-proto-item e-add-item-grid e-add-item-e-skin  post-15489 post type-post status-publish format-standard has-post-thumbnail hentry category-ultime-notizie-fr\" data-post-id=\"15489\" data-index=\"28\">\r\n                        <div class=\"e-add-post-block e-add-post-block-28\">\r\n                \t\t<div data-elementor-type=\"section\" data-post-id=\"15489\" data-obj-id=\"15489\" data-elementor-id=\"1580\" class=\"elementor elementor-1580 e-post-15489\" data-elementor-post-type=\"elementor_library\">\n\t\t\t<div class=\"elementor-element elementor-element-d79fe68 e-flex e-con-boxed e-con e-parent\" data-id=\"d79fe68\" data-element_type=\"container\" data-settings=\"{&quot;content_width&quot;:&quot;boxed&quot;}\" data-core-v316-plus=\"true\">\n\t\t\t\t\t<div class=\"e-con-inner\">\n\t\t\t\t<div class=\"elementor-element elementor-element-726c302 elementor-widget elementor-widget-theme-post-featured-image elementor-widget-image\" data-id=\"726c302\" data-element_type=\"widget\" data-widget_type=\"theme-post-featured-image.default\">\n\t\t\t\t<div class=\"elementor-widget-container\">\n\t\t\t\t\t\t\t\t\t\t\t\t\t\t<a href=\"https:\/\/www.lafabbrica.it\/fr\/la-fabbrica-at-interihotel-in-barcellona\/\">\n\t\t\t\t\t\t\t<img decoding=\"async\" src=\"https:\/\/www.lafabbrica.it\/wp-content\/uploads\/elementor\/thumbs\/news_interihotel_2019-qucbtld5y7ra8535ro54zsnbfbx1jxej6i7zrb4ckc.jpg\" title=\"news_interihotel_2019\" alt=\"news_interihotel_2019\" class=\"elementor-animation-grow\" loading=\"lazy\" \/>\t\t\t\t\t\t\t\t<\/a>\n\t\t\t\t\t\t\t\t\t\t\t\t\t<\/div>\n\t\t\t\t<\/div>\n\t\t\t\t<div class=\"elementor-element elementor-element-d6c402e elementor-widget elementor-widget-heading\" data-id=\"d6c402e\" data-element_type=\"widget\" data-widget_type=\"heading.default\">\n\t\t\t\t<div class=\"elementor-widget-container\">\n\t\t\t<span class=\"elementor-heading-title elementor-size-default\">novembre 20, 2019<\/span>\t\t<\/div>\n\t\t\t\t<\/div>\n\t\t\t\t<div class=\"elementor-element elementor-element-df7242f elementor-widget elementor-widget-heading\" data-id=\"df7242f\" data-element_type=\"widget\" data-widget_type=\"heading.default\">\n\t\t\t\t<div class=\"elementor-widget-container\">\n\t\t\t<h3 class=\"elementor-heading-title elementor-size-default\">La Fabbrica at Interihotel in Barcellona<\/h3>\t\t<\/div>\n\t\t\t\t<\/div>\n\t\t\t\t<div class=\"elementor-element elementor-element-87b7571 elementor-widget elementor-widget-heading\" data-id=\"87b7571\" data-element_type=\"widget\" data-widget_type=\"heading.default\">\n\t\t\t\t<div class=\"elementor-widget-container\">\n\t\t\t<span class=\"elementor-heading-title elementor-size-default\"><a href=\"https:\/\/www.lafabbrica.it\/fr\/la-fabbrica-at-interihotel-in-barcellona\/\">Read more<\/a><\/span>\t\t<\/div>\n\t\t\t\t<\/div>\n\t\t\t\t\t<\/div>\n\t\t\t\t<\/div>\n\t\t\t\t<\/div>\n\t\t            <\/div>\r\n                    <\/article>\r\n                <article class=\"e-add-querytype-post e-add-post e-add-post-item e-add-post-item-6e044ed3  e-add-proto-item e-add-item-grid e-add-item-e-skin  post-15478 post type-post status-publish format-standard has-post-thumbnail hentry category-ultime-notizie-fr\" data-post-id=\"15478\" data-index=\"29\">\r\n                        <div class=\"e-add-post-block e-add-post-block-29\">\r\n                \t\t<div data-elementor-type=\"section\" data-post-id=\"15478\" data-obj-id=\"15478\" data-elementor-id=\"1580\" class=\"elementor elementor-1580 e-post-15478\" data-elementor-post-type=\"elementor_library\">\n\t\t\t<div class=\"elementor-element elementor-element-d79fe68 e-flex e-con-boxed e-con e-parent\" data-id=\"d79fe68\" data-element_type=\"container\" data-settings=\"{&quot;content_width&quot;:&quot;boxed&quot;}\" data-core-v316-plus=\"true\">\n\t\t\t\t\t<div class=\"e-con-inner\">\n\t\t\t\t<div class=\"elementor-element elementor-element-726c302 elementor-widget elementor-widget-theme-post-featured-image elementor-widget-image\" data-id=\"726c302\" data-element_type=\"widget\" data-widget_type=\"theme-post-featured-image.default\">\n\t\t\t\t<div class=\"elementor-widget-container\">\n\t\t\t\t\t\t\t\t\t\t\t\t\t\t<a href=\"https:\/\/www.lafabbrica.it\/fr\/love-will-save-the-world-lectio-magistralis-di-fuksas-al-maxxi\/\">\n\t\t\t\t\t\t\t<img decoding=\"async\" src=\"https:\/\/www.lafabbrica.it\/wp-content\/uploads\/elementor\/thumbs\/news_savw_the_world_2019-qucbtld5y7ra8535ro54zsnbfbx1jxej6i7zrb4ckc.jpg\" title=\"news_savw_the_world_2019\" alt=\"news_savw_the_world_2019\" class=\"elementor-animation-grow\" loading=\"lazy\" \/>\t\t\t\t\t\t\t\t<\/a>\n\t\t\t\t\t\t\t\t\t\t\t\t\t<\/div>\n\t\t\t\t<\/div>\n\t\t\t\t<div class=\"elementor-element elementor-element-d6c402e elementor-widget elementor-widget-heading\" data-id=\"d6c402e\" data-element_type=\"widget\" data-widget_type=\"heading.default\">\n\t\t\t\t<div class=\"elementor-widget-container\">\n\t\t\t<span class=\"elementor-heading-title elementor-size-default\">octobre 31, 2019<\/span>\t\t<\/div>\n\t\t\t\t<\/div>\n\t\t\t\t<div class=\"elementor-element elementor-element-df7242f elementor-widget elementor-widget-heading\" data-id=\"df7242f\" data-element_type=\"widget\" data-widget_type=\"heading.default\">\n\t\t\t\t<div class=\"elementor-widget-container\">\n\t\t\t<h3 class=\"elementor-heading-title elementor-size-default\">&#8220;Love will Save the World&#8221; lectio magistralis di Fuksas al Maxxi<\/h3>\t\t<\/div>\n\t\t\t\t<\/div>\n\t\t\t\t<div class=\"elementor-element elementor-element-87b7571 elementor-widget elementor-widget-heading\" data-id=\"87b7571\" data-element_type=\"widget\" data-widget_type=\"heading.default\">\n\t\t\t\t<div class=\"elementor-widget-container\">\n\t\t\t<span class=\"elementor-heading-title elementor-size-default\"><a href=\"https:\/\/www.lafabbrica.it\/fr\/love-will-save-the-world-lectio-magistralis-di-fuksas-al-maxxi\/\">Read more<\/a><\/span>\t\t<\/div>\n\t\t\t\t<\/div>\n\t\t\t\t\t<\/div>\n\t\t\t\t<\/div>\n\t\t\t\t<\/div>\n\t\t            <\/div>\r\n                    <\/article>\r\n                <article class=\"e-add-querytype-post e-add-post e-add-post-item e-add-post-item-6e044ed3  e-add-proto-item e-add-item-grid e-add-item-e-skin  post-15372 post type-post status-publish format-standard has-post-thumbnail hentry category-ultime-notizie-fr\" data-post-id=\"15372\" data-index=\"30\">\r\n                        <div class=\"e-add-post-block e-add-post-block-30\">\r\n                \t\t<div data-elementor-type=\"section\" data-post-id=\"15372\" data-obj-id=\"15372\" data-elementor-id=\"1580\" class=\"elementor elementor-1580 e-post-15372\" data-elementor-post-type=\"elementor_library\">\n\t\t\t<div class=\"elementor-element elementor-element-d79fe68 e-flex e-con-boxed e-con e-parent\" data-id=\"d79fe68\" data-element_type=\"container\" data-settings=\"{&quot;content_width&quot;:&quot;boxed&quot;}\" data-core-v316-plus=\"true\">\n\t\t\t\t\t<div class=\"e-con-inner\">\n\t\t\t\t<div class=\"elementor-element elementor-element-726c302 elementor-widget elementor-widget-theme-post-featured-image elementor-widget-image\" data-id=\"726c302\" data-element_type=\"widget\" data-widget_type=\"theme-post-featured-image.default\">\n\t\t\t\t<div class=\"elementor-widget-container\">\n\t\t\t\t\t\t\t\t\t\t\t\t\t\t<a href=\"https:\/\/www.lafabbrica.it\/fr\/massimo-iosa-ghini-project-at-cersaie\/\">\n\t\t\t\t\t\t\t<img decoding=\"async\" src=\"https:\/\/www.lafabbrica.it\/wp-content\/uploads\/elementor\/thumbs\/news_massimo_iosa_2019-qucbtld5y7ra8535ro54zsnbfbx1jxej6i7zrb4ckc.jpg\" title=\"news_massimo_iosa_2019\" alt=\"news_massimo_iosa_2019\" class=\"elementor-animation-grow\" loading=\"lazy\" \/>\t\t\t\t\t\t\t\t<\/a>\n\t\t\t\t\t\t\t\t\t\t\t\t\t<\/div>\n\t\t\t\t<\/div>\n\t\t\t\t<div class=\"elementor-element elementor-element-d6c402e elementor-widget elementor-widget-heading\" data-id=\"d6c402e\" data-element_type=\"widget\" data-widget_type=\"heading.default\">\n\t\t\t\t<div class=\"elementor-widget-container\">\n\t\t\t<span class=\"elementor-heading-title elementor-size-default\">septembre 23, 2019<\/span>\t\t<\/div>\n\t\t\t\t<\/div>\n\t\t\t\t<div class=\"elementor-element elementor-element-df7242f elementor-widget elementor-widget-heading\" data-id=\"df7242f\" data-element_type=\"widget\" data-widget_type=\"heading.default\">\n\t\t\t\t<div class=\"elementor-widget-container\">\n\t\t\t<h3 class=\"elementor-heading-title elementor-size-default\">Massimo Iosa Ghini project at Cersaie<\/h3>\t\t<\/div>\n\t\t\t\t<\/div>\n\t\t\t\t<div class=\"elementor-element elementor-element-87b7571 elementor-widget elementor-widget-heading\" data-id=\"87b7571\" data-element_type=\"widget\" data-widget_type=\"heading.default\">\n\t\t\t\t<div class=\"elementor-widget-container\">\n\t\t\t<span class=\"elementor-heading-title elementor-size-default\"><a href=\"https:\/\/www.lafabbrica.it\/fr\/massimo-iosa-ghini-project-at-cersaie\/\">Read more<\/a><\/span>\t\t<\/div>\n\t\t\t\t<\/div>\n\t\t\t\t\t<\/div>\n\t\t\t\t<\/div>\n\t\t\t\t<\/div>\n\t\t            <\/div>\r\n                    <\/article>\r\n                    <\/div>\r\n                    <\/div>\r\n                \t\t<\/div>\n\t\t\t\t<\/div>\n\t\t\t\t\t<\/div>\n\t\t\t\t<\/div>\n\t\t\t\t<\/div>\n\t\t","protected":false},"excerpt":{"rendered":"<p>Blog Design Moderne et Contemporain: Pourquoi Choisir le Gr\u00e8s C\u00e9rame mai 2, 2024 Meubles Classiques ou Modernes ? Trouvez le style de votre salon mai 1, 2024 Conception harmonieuse pour les maisons modernes : Allier les espaces ext\u00e9rieurs et int\u00e9rieurs avril 10, 2024 News Read more Read more Read more Read more Read more Read [&hellip;]<\/p>\n","protected":false},"author":1,"featured_media":0,"parent":0,"menu_order":0,"comment_status":"closed","ping_status":"closed","template":"","meta":{"_acf_changed":false,"site-sidebar-layout":"no-sidebar","site-content-layout":"page-builder","ast-site-content-layout":"full-width-container","site-content-style":"unboxed","site-sidebar-style":"unboxed","ast-global-header-display":"","ast-banner-title-visibility":"","ast-main-header-display":"","ast-hfb-above-header-display":"","ast-hfb-below-header-display":"","ast-hfb-mobile-header-display":"","site-post-title":"disabled","ast-breadcrumbs-content":"","ast-featured-img":"disabled","footer-sml-layout":"","theme-transparent-header-meta":"","adv-header-id-meta":"","stick-header-meta":"","header-above-stick-meta":"","header-main-stick-meta":"","header-below-stick-meta":"","astra-migrate-meta-layouts":"set","ast-page-background-enabled":"default","ast-page-background-meta":{"desktop":{"background-color":"var(--ast-global-color-4)","background-image":"","background-repeat":"repeat","background-position":"center center","background-size":"auto","background-attachment":"scroll","background-type":"","background-media":"","overlay-type":"","overlay-color":"","overlay-gradient":""},"tablet":{"background-color":"","background-image":"","background-repeat":"repeat","background-position":"center center","background-size":"auto","background-attachment":"scroll","background-type":"","background-media":"","overlay-type":"","overlay-color":"","overlay-gradient":""},"mobile":{"background-color":"","background-image":"","background-repeat":"repeat","background-position":"center center","background-size":"auto","background-attachment":"scroll","background-type":"","background-media":"","overlay-type":"","overlay-color":"","overlay-gradient":""}},"ast-content-background-meta":{"desktop":{"background-color":"var(--ast-global-color-5)","background-image":"","background-repeat":"repeat","background-position":"center center","background-size":"auto","background-attachment":"scroll","background-type":"","background-media":"","overlay-type":"","overlay-color":"","overlay-gradient":""},"tablet":{"background-color":"var(--ast-global-color-5)","background-image":"","background-repeat":"repeat","background-position":"center center","background-size":"auto","background-attachment":"scroll","background-type":"","background-media":"","overlay-type":"","overlay-color":"","overlay-gradient":""},"mobile":{"background-color":"var(--ast-global-color-5)","background-image":"","background-repeat":"repeat","background-position":"center center","background-size":"auto","background-attachment":"scroll","background-type":"","background-media":"","overlay-type":"","overlay-color":"","overlay-gradient":""}},"footnotes":""},"class_list":["post-18333","page","type-page","status-publish","hentry"],"acf":[],"yoast_head":"<!-- This site is optimized with the Yoast SEO plugin v22.0 - https:\/\/yoast.com\/wordpress\/plugins\/seo\/ -->\n<title>News - La Fabbrica AVA<\/title>\n<meta name=\"robots\" content=\"index, follow, max-snippet:-1, max-image-preview:large, max-video-preview:-1\" \/>\n<link rel=\"canonical\" href=\"https:\/\/www.lafabbrica.it\/fr\/news-2\/\" \/>\n<meta property=\"og:locale\" content=\"fr_FR\" \/>\n<meta property=\"og:type\" content=\"article\" \/>\n<meta property=\"og:title\" content=\"News - La Fabbrica AVA\" \/>\n<meta property=\"og:description\" content=\"Blog Design Moderne et Contemporain: Pourquoi Choisir le Gr\u00e8s C\u00e9rame mai 2, 2024 Meubles Classiques ou Modernes ? Trouvez le style de votre salon mai 1, 2024 Conception harmonieuse pour les maisons modernes : Allier les espaces ext\u00e9rieurs et int\u00e9rieurs avril 10, 2024 News Read more Read more Read more Read more Read more Read [&hellip;]\" \/>\n<meta property=\"og:url\" content=\"https:\/\/www.lafabbrica.it\/fr\/news-2\/\" \/>\n<meta property=\"og:site_name\" content=\"La Fabbrica AVA\" \/>\n<meta property=\"article:modified_time\" content=\"2024-09-05T09:38:49+00:00\" \/>\n<meta property=\"og:image\" content=\"https:\/\/www.lafabbrica.it\/wp-content\/uploads\/2024\/05\/avastone_list.jpg\" \/>\n<meta name=\"twitter:card\" content=\"summary_large_image\" \/>\n<meta name=\"twitter:label1\" content=\"Dur\u00e9e de lecture estim\u00e9e\" \/>\n\t<meta name=\"twitter:data1\" content=\"12 minutes\" \/>\n<script type=\"application\/ld+json\" class=\"yoast-schema-graph\">{\"@context\":\"https:\/\/schema.org\",\"@graph\":[{\"@type\":\"WebPage\",\"@id\":\"https:\/\/www.lafabbrica.it\/fr\/news-2\/\",\"url\":\"https:\/\/www.lafabbrica.it\/fr\/news-2\/\",\"name\":\"News - La Fabbrica AVA\",\"isPartOf\":{\"@id\":\"https:\/\/www.lafabbrica.it\/fr\/#website\"},\"datePublished\":\"2024-04-17T09:08:50+00:00\",\"dateModified\":\"2024-09-05T09:38:49+00:00\",\"breadcrumb\":{\"@id\":\"https:\/\/www.lafabbrica.it\/fr\/news-2\/#breadcrumb\"},\"inLanguage\":\"fr-FR\",\"potentialAction\":[{\"@type\":\"ReadAction\",\"target\":[\"https:\/\/www.lafabbrica.it\/fr\/news-2\/\"]}]},{\"@type\":\"BreadcrumbList\",\"@id\":\"https:\/\/www.lafabbrica.it\/fr\/news-2\/#breadcrumb\",\"itemListElement\":[{\"@type\":\"ListItem\",\"position\":1,\"name\":\"Home\",\"item\":\"https:\/\/www.lafabbrica.it\/fr\/\"},{\"@type\":\"ListItem\",\"position\":2,\"name\":\"News\"}]},{\"@type\":\"WebSite\",\"@id\":\"https:\/\/www.lafabbrica.it\/fr\/#website\",\"url\":\"https:\/\/www.lafabbrica.it\/fr\/\",\"name\":\"La Fabbrica AVA\",\"description\":\"\",\"publisher\":{\"@id\":\"https:\/\/www.lafabbrica.it\/fr\/#organization\"},\"potentialAction\":[{\"@type\":\"SearchAction\",\"target\":{\"@type\":\"EntryPoint\",\"urlTemplate\":\"https:\/\/www.lafabbrica.it\/fr\/?s={search_term_string}\"},\"query-input\":\"required name=search_term_string\"}],\"inLanguage\":\"fr-FR\"},{\"@type\":\"Organization\",\"@id\":\"https:\/\/www.lafabbrica.it\/fr\/#organization\",\"name\":\"La Fabbrica AVA\",\"url\":\"https:\/\/www.lafabbrica.it\/fr\/\",\"logo\":{\"@type\":\"ImageObject\",\"inLanguage\":\"fr-FR\",\"@id\":\"https:\/\/www.lafabbrica.it\/fr\/#\/schema\/logo\/image\/\",\"url\":\"https:\/\/www.lafabbrica.it\/wp-content\/uploads\/2023\/08\/Senza-titolo-1.png\",\"contentUrl\":\"https:\/\/www.lafabbrica.it\/wp-content\/uploads\/2023\/08\/Senza-titolo-1.png\",\"width\":567,\"height\":240,\"caption\":\"La Fabbrica AVA\"},\"image\":{\"@id\":\"https:\/\/www.lafabbrica.it\/fr\/#\/schema\/logo\/image\/\"}}]}<\/script>\n<!-- \/ Yoast SEO plugin. -->","yoast_head_json":{"title":"News - La Fabbrica AVA","robots":{"index":"index","follow":"follow","max-snippet":"max-snippet:-1","max-image-preview":"max-image-preview:large","max-video-preview":"max-video-preview:-1"},"canonical":"https:\/\/www.lafabbrica.it\/fr\/news-2\/","og_locale":"fr_FR","og_type":"article","og_title":"News - La Fabbrica AVA","og_description":"Blog Design Moderne et Contemporain: Pourquoi Choisir le Gr\u00e8s C\u00e9rame mai 2, 2024 Meubles Classiques ou Modernes ? Trouvez le style de votre salon mai 1, 2024 Conception harmonieuse pour les maisons modernes : Allier les espaces ext\u00e9rieurs et int\u00e9rieurs avril 10, 2024 News Read more Read more Read more Read more Read more Read [&hellip;]","og_url":"https:\/\/www.lafabbrica.it\/fr\/news-2\/","og_site_name":"La Fabbrica AVA","article_modified_time":"2024-09-05T09:38:49+00:00","og_image":[{"url":"https:\/\/www.lafabbrica.it\/wp-content\/uploads\/2024\/05\/avastone_list.jpg"}],"twitter_card":"summary_large_image","twitter_misc":{"Dur\u00e9e de lecture estim\u00e9e":"12 minutes"},"schema":{"@context":"https:\/\/schema.org","@graph":[{"@type":"WebPage","@id":"https:\/\/www.lafabbrica.it\/fr\/news-2\/","url":"https:\/\/www.lafabbrica.it\/fr\/news-2\/","name":"News - La Fabbrica AVA","isPartOf":{"@id":"https:\/\/www.lafabbrica.it\/fr\/#website"},"datePublished":"2024-04-17T09:08:50+00:00","dateModified":"2024-09-05T09:38:49+00:00","breadcrumb":{"@id":"https:\/\/www.lafabbrica.it\/fr\/news-2\/#breadcrumb"},"inLanguage":"fr-FR","potentialAction":[{"@type":"ReadAction","target":["https:\/\/www.lafabbrica.it\/fr\/news-2\/"]}]},{"@type":"BreadcrumbList","@id":"https:\/\/www.lafabbrica.it\/fr\/news-2\/#breadcrumb","itemListElement":[{"@type":"ListItem","position":1,"name":"Home","item":"https:\/\/www.lafabbrica.it\/fr\/"},{"@type":"ListItem","position":2,"name":"News"}]},{"@type":"WebSite","@id":"https:\/\/www.lafabbrica.it\/fr\/#website","url":"https:\/\/www.lafabbrica.it\/fr\/","name":"La Fabbrica AVA","description":"","publisher":{"@id":"https:\/\/www.lafabbrica.it\/fr\/#organization"},"potentialAction":[{"@type":"SearchAction","target":{"@type":"EntryPoint","urlTemplate":"https:\/\/www.lafabbrica.it\/fr\/?s={search_term_string}"},"query-input":"required name=search_term_string"}],"inLanguage":"fr-FR"},{"@type":"Organization","@id":"https:\/\/www.lafabbrica.it\/fr\/#organization","name":"La Fabbrica AVA","url":"https:\/\/www.lafabbrica.it\/fr\/","logo":{"@type":"ImageObject","inLanguage":"fr-FR","@id":"https:\/\/www.lafabbrica.it\/fr\/#\/schema\/logo\/image\/","url":"https:\/\/www.lafabbrica.it\/wp-content\/uploads\/2023\/08\/Senza-titolo-1.png","contentUrl":"https:\/\/www.lafabbrica.it\/wp-content\/uploads\/2023\/08\/Senza-titolo-1.png","width":567,"height":240,"caption":"La Fabbrica AVA"},"image":{"@id":"https:\/\/www.lafabbrica.it\/fr\/#\/schema\/logo\/image\/"}}]}},"_links":{"self":[{"href":"https:\/\/www.lafabbrica.it\/fr\/wp-json\/wp\/v2\/pages\/18333","targetHints":{"allow":["GET"]}}],"collection":[{"href":"https:\/\/www.lafabbrica.it\/fr\/wp-json\/wp\/v2\/pages"}],"about":[{"href":"https:\/\/www.lafabbrica.it\/fr\/wp-json\/wp\/v2\/types\/page"}],"author":[{"embeddable":true,"href":"https:\/\/www.lafabbrica.it\/fr\/wp-json\/wp\/v2\/users\/1"}],"replies":[{"embeddable":true,"href":"https:\/\/www.lafabbrica.it\/fr\/wp-json\/wp\/v2\/comments?post=18333"}],"version-history":[{"count":0,"href":"https:\/\/www.lafabbrica.it\/fr\/wp-json\/wp\/v2\/pages\/18333\/revisions"}],"wp:attachment":[{"href":"https:\/\/www.lafabbrica.it\/fr\/wp-json\/wp\/v2\/media?parent=18333"}],"curies":[{"name":"wp","href":"https:\/\/api.w.org\/{rel}","templated":true}]}}