{"id":13007,"date":"2023-10-09T14:36:31","date_gmt":"2023-10-09T14:36:31","guid":{"rendered":"https:\/\/www.lafabbrica.it\/collections\/effet-metal\/"},"modified":"2023-11-09T09:37:30","modified_gmt":"2023-11-09T09:37:30","slug":"effet-metal","status":"publish","type":"page","link":"https:\/\/www.lafabbrica.it\/fr\/toutes-les-collections\/effet-metal\/","title":{"rendered":"Effet m\u00e9tal"},"content":{"rendered":"\t\t<div data-elementor-type=\"wp-page\" data-elementor-id=\"13007\" class=\"elementor elementor-13007 elementor-11566\" data-elementor-post-type=\"page\">\n\t\t\t\t<div class=\"elementor-element elementor-element-9945a27 e-flex e-con-boxed e-con e-parent\" data-id=\"9945a27\" data-element_type=\"container\" data-settings=\"{&quot;content_width&quot;:&quot;boxed&quot;}\" data-core-v316-plus=\"true\">\n\t\t\t\t\t<div class=\"e-con-inner\">\n\t\t\t\t<div class=\"elementor-element elementor-element-db1e6fc elementor-widget elementor-widget-heading\" data-id=\"db1e6fc\" data-element_type=\"widget\" data-widget_type=\"heading.default\">\n\t\t\t\t<div class=\"elementor-widget-container\">\n\t\t\t<h1 class=\"elementor-heading-title elementor-size-default\">Dalles et carreaux \u00e0 effet m\u00e9tallique : de la brillance pour votre design<\/h1>\t\t<\/div>\n\t\t\t\t<\/div>\n\t\t\t\t<div class=\"elementor-element elementor-element-cb9b451 elementor-widget elementor-widget-text-editor\" data-id=\"cb9b451\" data-element_type=\"widget\" data-widget_type=\"text-editor.default\">\n\t\t\t\t<div class=\"elementor-widget-container\">\n\t\t\t\t\t\t\tLes carreaux et dalles en porcelaine et en c\u00e9ramique \u00e0 effet m\u00e9tallique de LA FABBRICA AVA apportent de la brillance \u00e0 vos projets de d\u00e9coration d&#8217;int\u00e9rieur. Ils refl\u00e8tent la lumi\u00e8re d&#8217;une mani\u00e8re unique, cr\u00e9ant une atmosph\u00e8re lumineuse et sophistiqu\u00e9e. Les carreaux et dalles \u00e0 effet m\u00e9tallique sont id\u00e9aux pour les projets r\u00e9sidentiels et commerciaux. Avec LA FABBRICA AVA, vous pouvez transformer vos pi\u00e8ces en espaces lumineux et modernes.\t\t\t\t\t\t<\/div>\n\t\t\t\t<\/div>\n\t\t\t\t\t<\/div>\n\t\t\t\t<\/div>\n\t\t<div class=\"elementor-element elementor-element-e8fdb10 e-flex e-con-boxed e-con e-parent\" data-id=\"e8fdb10\" data-element_type=\"container\" data-settings=\"{&quot;content_width&quot;:&quot;boxed&quot;}\" data-core-v316-plus=\"true\">\n\t\t\t\t\t<div class=\"e-con-inner\">\n\t\t\t\t<div class=\"elementor-element elementor-element-57d3263 dce-posts-layout-template dce-col-3 dce-col-tablet-3 dce-col-mobile-1 elementor-widget elementor-widget-dce-dynamicposts-v2\" data-id=\"57d3263\" data-element_type=\"widget\" data-settings=\"{&quot;style_items&quot;:&quot;template&quot;,&quot;grid_grid_type&quot;:&quot;flex&quot;}\" data-widget_type=\"dce-dynamicposts-v2.grid\">\n\t\t\t\t<div class=\"elementor-widget-container\">\n\t\t\t\t\t<div class=\"dce-posts-container dce-posts \">\n\t\t\t<div class=\"dce-posts-fallback\">\n\t\t\t\t<p>No results found.<\/p>\t\t\t<\/div>\n\t\t<\/div>\n\t\t\t\t<\/div>\n\t\t\t\t<\/div>\n\t\t\t\t\t<\/div>\n\t\t\t\t<\/div>\n\t\t\t\t<\/div>\n\t\t","protected":false},"excerpt":{"rendered":"<p>Dalles et carreaux \u00e0 effet m\u00e9tallique : de la brillance pour votre design Les carreaux et dalles en porcelaine et en c\u00e9ramique \u00e0 effet m\u00e9tallique de LA FABBRICA AVA apportent de la brillance \u00e0 vos projets de d\u00e9coration d&#8217;int\u00e9rieur. Ils refl\u00e8tent la lumi\u00e8re d&#8217;une mani\u00e8re unique, cr\u00e9ant une atmosph\u00e8re lumineuse et sophistiqu\u00e9e. Les carreaux et [&hellip;]<\/p>\n","protected":false},"author":1,"featured_media":0,"parent":12939,"menu_order":0,"comment_status":"closed","ping_status":"closed","template":"","meta":{"_acf_changed":false,"site-sidebar-layout":"no-sidebar","site-content-layout":"page-builder","ast-site-content-layout":"","site-content-style":"default","site-sidebar-style":"default","ast-global-header-display":"","ast-banner-title-visibility":"","ast-main-header-display":"","ast-hfb-above-header-display":"","ast-hfb-below-header-display":"","ast-hfb-mobile-header-display":"","site-post-title":"disabled","ast-breadcrumbs-content":"","ast-featured-img":"disabled","footer-sml-layout":"","theme-transparent-header-meta":"","adv-header-id-meta":"","stick-header-meta":"","header-above-stick-meta":"","header-main-stick-meta":"","header-below-stick-meta":"","astra-migrate-meta-layouts":"default","ast-page-background-enabled":"default","ast-page-background-meta":{"desktop":{"background-color":"var(--ast-global-color-4)","background-image":"","background-repeat":"repeat","background-position":"center center","background-size":"auto","background-attachment":"scroll","background-type":"","background-media":"","overlay-type":"","overlay-color":"","overlay-gradient":""},"tablet":{"background-color":"","background-image":"","background-repeat":"repeat","background-position":"center center","background-size":"auto","background-attachment":"scroll","background-type":"","background-media":"","overlay-type":"","overlay-color":"","overlay-gradient":""},"mobile":{"background-color":"","background-image":"","background-repeat":"repeat","background-position":"center center","background-size":"auto","background-attachment":"scroll","background-type":"","background-media":"","overlay-type":"","overlay-color":"","overlay-gradient":""}},"ast-content-background-meta":{"desktop":{"background-color":"var(--ast-global-color-5)","background-image":"","background-repeat":"repeat","background-position":"center center","background-size":"auto","background-attachment":"scroll","background-type":"","background-media":"","overlay-type":"","overlay-color":"","overlay-gradient":""},"tablet":{"background-color":"var(--ast-global-color-5)","background-image":"","background-repeat":"repeat","background-position":"center center","background-size":"auto","background-attachment":"scroll","background-type":"","background-media":"","overlay-type":"","overlay-color":"","overlay-gradient":""},"mobile":{"background-color":"var(--ast-global-color-5)","background-image":"","background-repeat":"repeat","background-position":"center center","background-size":"auto","background-attachment":"scroll","background-type":"","background-media":"","overlay-type":"","overlay-color":"","overlay-gradient":""}},"footnotes":""},"class_list":["post-13007","page","type-page","status-publish","hentry"],"acf":[],"yoast_head":"<!-- This site is optimized with the Yoast SEO plugin v22.0 - https:\/\/yoast.com\/wordpress\/plugins\/seo\/ -->\n<title>Dalles et carreaux \u00e0 effet m\u00e9tallique - La Fabbrica AVA<\/title>\n<meta name=\"description\" content=\"D\u00e9couvrez les carreaux et dalles en gr\u00e8s c\u00e9rame LA FABBRICA AVA \u00e0 effet m\u00e9tallique. Donnez de l&#039;\u00e9clat \u00e0 vos projets de d\u00e9coration int\u00e9rieure.\" \/>\n<meta name=\"robots\" content=\"index, follow, max-snippet:-1, max-image-preview:large, max-video-preview:-1\" \/>\n<link rel=\"canonical\" href=\"https:\/\/www.lafabbrica.it\/fr\/toutes-les-collections\/effet-metal\/\" \/>\n<meta property=\"og:locale\" content=\"fr_FR\" \/>\n<meta property=\"og:type\" content=\"article\" \/>\n<meta property=\"og:title\" content=\"Dalles et carreaux \u00e0 effet m\u00e9tallique - La Fabbrica AVA\" \/>\n<meta property=\"og:description\" content=\"D\u00e9couvrez les carreaux et dalles en gr\u00e8s c\u00e9rame LA FABBRICA AVA \u00e0 effet m\u00e9tallique. Donnez de l&#039;\u00e9clat \u00e0 vos projets de d\u00e9coration int\u00e9rieure.\" \/>\n<meta property=\"og:url\" content=\"https:\/\/www.lafabbrica.it\/fr\/toutes-les-collections\/effet-metal\/\" \/>\n<meta property=\"og:site_name\" content=\"La Fabbrica AVA\" \/>\n<meta property=\"article:modified_time\" content=\"2023-11-09T09:37:30+00:00\" \/>\n<meta name=\"twitter:card\" content=\"summary_large_image\" \/>\n<meta name=\"twitter:label1\" content=\"Dur\u00e9e de lecture estim\u00e9e\" \/>\n\t<meta name=\"twitter:data1\" content=\"2 minutes\" \/>\n<script type=\"application\/ld+json\" class=\"yoast-schema-graph\">{\"@context\":\"https:\/\/schema.org\",\"@graph\":[{\"@type\":\"WebPage\",\"@id\":\"https:\/\/www.lafabbrica.it\/fr\/toutes-les-collections\/effet-metal\/\",\"url\":\"https:\/\/www.lafabbrica.it\/fr\/toutes-les-collections\/effet-metal\/\",\"name\":\"Dalles et carreaux \u00e0 effet m\u00e9tallique - La Fabbrica AVA\",\"isPartOf\":{\"@id\":\"https:\/\/www.lafabbrica.it\/fr\/#website\"},\"datePublished\":\"2023-10-09T14:36:31+00:00\",\"dateModified\":\"2023-11-09T09:37:30+00:00\",\"description\":\"D\u00e9couvrez les carreaux et dalles en gr\u00e8s c\u00e9rame LA FABBRICA AVA \u00e0 effet m\u00e9tallique. Donnez de l'\u00e9clat \u00e0 vos projets de d\u00e9coration int\u00e9rieure.\",\"breadcrumb\":{\"@id\":\"https:\/\/www.lafabbrica.it\/fr\/toutes-les-collections\/effet-metal\/#breadcrumb\"},\"inLanguage\":\"fr-FR\",\"potentialAction\":[{\"@type\":\"ReadAction\",\"target\":[\"https:\/\/www.lafabbrica.it\/fr\/toutes-les-collections\/effet-metal\/\"]}]},{\"@type\":\"BreadcrumbList\",\"@id\":\"https:\/\/www.lafabbrica.it\/fr\/toutes-les-collections\/effet-metal\/#breadcrumb\",\"itemListElement\":[{\"@type\":\"ListItem\",\"position\":1,\"name\":\"Home\",\"item\":\"https:\/\/www.lafabbrica.it\/fr\/\"},{\"@type\":\"ListItem\",\"position\":2,\"name\":\"Collections\",\"item\":\"https:\/\/www.lafabbrica.it\/fr\/toutes-les-collections\/\"},{\"@type\":\"ListItem\",\"position\":3,\"name\":\"Effet m\u00e9tal\"}]},{\"@type\":\"WebSite\",\"@id\":\"https:\/\/www.lafabbrica.it\/fr\/#website\",\"url\":\"https:\/\/www.lafabbrica.it\/fr\/\",\"name\":\"La Fabbrica AVA\",\"description\":\"\",\"publisher\":{\"@id\":\"https:\/\/www.lafabbrica.it\/fr\/#organization\"},\"potentialAction\":[{\"@type\":\"SearchAction\",\"target\":{\"@type\":\"EntryPoint\",\"urlTemplate\":\"https:\/\/www.lafabbrica.it\/fr\/?s={search_term_string}\"},\"query-input\":\"required name=search_term_string\"}],\"inLanguage\":\"fr-FR\"},{\"@type\":\"Organization\",\"@id\":\"https:\/\/www.lafabbrica.it\/fr\/#organization\",\"name\":\"La Fabbrica AVA\",\"url\":\"https:\/\/www.lafabbrica.it\/fr\/\",\"logo\":{\"@type\":\"ImageObject\",\"inLanguage\":\"fr-FR\",\"@id\":\"https:\/\/www.lafabbrica.it\/fr\/#\/schema\/logo\/image\/\",\"url\":\"https:\/\/www.lafabbrica.it\/wp-content\/uploads\/2023\/08\/Senza-titolo-1.png\",\"contentUrl\":\"https:\/\/www.lafabbrica.it\/wp-content\/uploads\/2023\/08\/Senza-titolo-1.png\",\"width\":567,\"height\":240,\"caption\":\"La Fabbrica AVA\"},\"image\":{\"@id\":\"https:\/\/www.lafabbrica.it\/fr\/#\/schema\/logo\/image\/\"}}]}<\/script>\n<!-- \/ Yoast SEO plugin. -->","yoast_head_json":{"title":"Dalles et carreaux \u00e0 effet m\u00e9tallique - La Fabbrica AVA","description":"D\u00e9couvrez les carreaux et dalles en gr\u00e8s c\u00e9rame LA FABBRICA AVA \u00e0 effet m\u00e9tallique. Donnez de l'\u00e9clat \u00e0 vos projets de d\u00e9coration int\u00e9rieure.","robots":{"index":"index","follow":"follow","max-snippet":"max-snippet:-1","max-image-preview":"max-image-preview:large","max-video-preview":"max-video-preview:-1"},"canonical":"https:\/\/www.lafabbrica.it\/fr\/toutes-les-collections\/effet-metal\/","og_locale":"fr_FR","og_type":"article","og_title":"Dalles et carreaux \u00e0 effet m\u00e9tallique - La Fabbrica AVA","og_description":"D\u00e9couvrez les carreaux et dalles en gr\u00e8s c\u00e9rame LA FABBRICA AVA \u00e0 effet m\u00e9tallique. Donnez de l'\u00e9clat \u00e0 vos projets de d\u00e9coration int\u00e9rieure.","og_url":"https:\/\/www.lafabbrica.it\/fr\/toutes-les-collections\/effet-metal\/","og_site_name":"La Fabbrica AVA","article_modified_time":"2023-11-09T09:37:30+00:00","twitter_card":"summary_large_image","twitter_misc":{"Dur\u00e9e de lecture estim\u00e9e":"2 minutes"},"schema":{"@context":"https:\/\/schema.org","@graph":[{"@type":"WebPage","@id":"https:\/\/www.lafabbrica.it\/fr\/toutes-les-collections\/effet-metal\/","url":"https:\/\/www.lafabbrica.it\/fr\/toutes-les-collections\/effet-metal\/","name":"Dalles et carreaux \u00e0 effet m\u00e9tallique - La Fabbrica AVA","isPartOf":{"@id":"https:\/\/www.lafabbrica.it\/fr\/#website"},"datePublished":"2023-10-09T14:36:31+00:00","dateModified":"2023-11-09T09:37:30+00:00","description":"D\u00e9couvrez les carreaux et dalles en gr\u00e8s c\u00e9rame LA FABBRICA AVA \u00e0 effet m\u00e9tallique. Donnez de l'\u00e9clat \u00e0 vos projets de d\u00e9coration int\u00e9rieure.","breadcrumb":{"@id":"https:\/\/www.lafabbrica.it\/fr\/toutes-les-collections\/effet-metal\/#breadcrumb"},"inLanguage":"fr-FR","potentialAction":[{"@type":"ReadAction","target":["https:\/\/www.lafabbrica.it\/fr\/toutes-les-collections\/effet-metal\/"]}]},{"@type":"BreadcrumbList","@id":"https:\/\/www.lafabbrica.it\/fr\/toutes-les-collections\/effet-metal\/#breadcrumb","itemListElement":[{"@type":"ListItem","position":1,"name":"Home","item":"https:\/\/www.lafabbrica.it\/fr\/"},{"@type":"ListItem","position":2,"name":"Collections","item":"https:\/\/www.lafabbrica.it\/fr\/toutes-les-collections\/"},{"@type":"ListItem","position":3,"name":"Effet m\u00e9tal"}]},{"@type":"WebSite","@id":"https:\/\/www.lafabbrica.it\/fr\/#website","url":"https:\/\/www.lafabbrica.it\/fr\/","name":"La Fabbrica AVA","description":"","publisher":{"@id":"https:\/\/www.lafabbrica.it\/fr\/#organization"},"potentialAction":[{"@type":"SearchAction","target":{"@type":"EntryPoint","urlTemplate":"https:\/\/www.lafabbrica.it\/fr\/?s={search_term_string}"},"query-input":"required name=search_term_string"}],"inLanguage":"fr-FR"},{"@type":"Organization","@id":"https:\/\/www.lafabbrica.it\/fr\/#organization","name":"La Fabbrica AVA","url":"https:\/\/www.lafabbrica.it\/fr\/","logo":{"@type":"ImageObject","inLanguage":"fr-FR","@id":"https:\/\/www.lafabbrica.it\/fr\/#\/schema\/logo\/image\/","url":"https:\/\/www.lafabbrica.it\/wp-content\/uploads\/2023\/08\/Senza-titolo-1.png","contentUrl":"https:\/\/www.lafabbrica.it\/wp-content\/uploads\/2023\/08\/Senza-titolo-1.png","width":567,"height":240,"caption":"La Fabbrica AVA"},"image":{"@id":"https:\/\/www.lafabbrica.it\/fr\/#\/schema\/logo\/image\/"}}]}},"_links":{"self":[{"href":"https:\/\/www.lafabbrica.it\/fr\/wp-json\/wp\/v2\/pages\/13007","targetHints":{"allow":["GET"]}}],"collection":[{"href":"https:\/\/www.lafabbrica.it\/fr\/wp-json\/wp\/v2\/pages"}],"about":[{"href":"https:\/\/www.lafabbrica.it\/fr\/wp-json\/wp\/v2\/types\/page"}],"author":[{"embeddable":true,"href":"https:\/\/www.lafabbrica.it\/fr\/wp-json\/wp\/v2\/users\/1"}],"replies":[{"embeddable":true,"href":"https:\/\/www.lafabbrica.it\/fr\/wp-json\/wp\/v2\/comments?post=13007"}],"version-history":[{"count":0,"href":"https:\/\/www.lafabbrica.it\/fr\/wp-json\/wp\/v2\/pages\/13007\/revisions"}],"up":[{"embeddable":true,"href":"https:\/\/www.lafabbrica.it\/fr\/wp-json\/wp\/v2\/pages\/12939"}],"wp:attachment":[{"href":"https:\/\/www.lafabbrica.it\/fr\/wp-json\/wp\/v2\/media?parent=13007"}],"curies":[{"name":"wp","href":"https:\/\/api.w.org\/{rel}","templated":true}]}}