{"id":12833,"date":"2023-08-22T09:41:06","date_gmt":"2023-08-22T08:41:06","guid":{"rendered":"https:\/\/www.lafabbrica.it\/durabilite-et-certifications\/"},"modified":"2026-04-02T14:22:12","modified_gmt":"2026-04-02T13:22:12","slug":"durabilite","status":"publish","type":"page","link":"https:\/\/www.lafabbrica.it\/fr\/durabilite\/","title":{"rendered":"Durabilit\u00e9"},"content":{"rendered":"\t\t<div data-elementor-type=\"wp-page\" data-elementor-id=\"12833\" class=\"elementor elementor-12833 elementor-4747\" data-elementor-post-type=\"page\">\n\t\t\t\t<div class=\"elementor-element elementor-element-fbd9447 e-flex e-con-boxed e-con e-parent\" data-id=\"fbd9447\" data-element_type=\"container\" data-settings=\"{&quot;content_width&quot;:&quot;boxed&quot;}\" data-core-v316-plus=\"true\">\n\t\t\t\t\t<div class=\"e-con-inner\">\n\t\t\t\t<div class=\"elementor-element elementor-element-b3289c8 elementor-widget elementor-widget-heading\" data-id=\"b3289c8\" data-element_type=\"widget\" data-widget_type=\"heading.default\">\n\t\t\t\t<div class=\"elementor-widget-container\">\n\t\t\t<h1 class=\"elementor-heading-title elementor-size-default\">DURABILIT\u00c9<\/h1>\t\t<\/div>\n\t\t\t\t<\/div>\n\t\t\t\t\t<\/div>\n\t\t\t\t<\/div>\n\t\t<div class=\"elementor-element elementor-element-ef9eb69 e-flex e-con-boxed e-con e-parent\" data-id=\"ef9eb69\" data-element_type=\"container\" data-settings=\"{&quot;content_width&quot;:&quot;boxed&quot;}\" data-core-v316-plus=\"true\">\n\t\t\t\t\t<div class=\"e-con-inner\">\n\t\t\t\t<div class=\"elementor-element elementor-element-4ca7682 elementor-widget elementor-widget-image\" data-id=\"4ca7682\" data-element_type=\"widget\" data-widget_type=\"image.default\">\n\t\t\t\t<div class=\"elementor-widget-container\">\n\t\t\t\t\t\t\t\t\t\t\t\t\t<img fetchpriority=\"high\" decoding=\"async\" width=\"1804\" height=\"871\" src=\"https:\/\/www.lafabbrica.it\/wp-content\/uploads\/2023\/08\/BANNER-04.jpg\" class=\"attachment-full size-full wp-image-4749\" alt=\"\" srcset=\"https:\/\/www.lafabbrica.it\/wp-content\/uploads\/2023\/08\/BANNER-04.jpg 1804w, https:\/\/www.lafabbrica.it\/wp-content\/uploads\/2023\/08\/BANNER-04-300x145.jpg 300w, https:\/\/www.lafabbrica.it\/wp-content\/uploads\/2023\/08\/BANNER-04-1024x494.jpg 1024w, https:\/\/www.lafabbrica.it\/wp-content\/uploads\/2023\/08\/BANNER-04-768x371.jpg 768w, https:\/\/www.lafabbrica.it\/wp-content\/uploads\/2023\/08\/BANNER-04-1536x742.jpg 1536w\" sizes=\"(max-width: 1804px) 100vw, 1804px\" \/>\t\t\t\t\t\t\t\t\t\t\t\t\t<\/div>\n\t\t\t\t<\/div>\n\t\t<div class=\"elementor-element elementor-element-53a749a e-flex e-con-boxed e-con e-child\" data-id=\"53a749a\" data-element_type=\"container\" data-settings=\"{&quot;content_width&quot;:&quot;boxed&quot;}\">\n\t\t\t\t\t<div class=\"e-con-inner\">\n\t\t\t\t<div class=\"elementor-element elementor-element-a156a60 elementor-widget elementor-widget-text-editor\" data-id=\"a156a60\" data-element_type=\"widget\" data-widget_type=\"text-editor.default\">\n\t\t\t\t<div class=\"elementor-widget-container\">\n\t\t\t\t\t\t\t<p><b>La contribution de Italcer Group aux objectifs de d\u00e9veloppement durable<\/b><\/p>\t\t\t\t\t\t<\/div>\n\t\t\t\t<\/div>\n\t\t\t\t<div data-dce-background-color=\"#002C4C\" class=\"elementor-element elementor-element-581741f elementor-align-center elementor-widget elementor-widget-button\" data-id=\"581741f\" data-element_type=\"widget\" data-widget_type=\"button.default\">\n\t\t\t\t<div class=\"elementor-widget-container\">\n\t\t\t\t\t<div class=\"elementor-button-wrapper\">\n\t\t\t<a class=\"elementor-button elementor-button-link elementor-size-xl\" href=\"https:\/\/www.lafabbrica.it\/wp-content\/uploads\/2025\/08\/ITALCER_Sustainability-Report_2024.pdf\" target=\"_blank\">\n\t\t\t\t\t\t<span class=\"elementor-button-content-wrapper\">\n\t\t\t\t\t\t<span class=\"elementor-button-text\">Rapport de durabilit\u00e9 2024<\/span>\n\t\t<\/span>\n\t\t\t\t\t<\/a>\n\t\t<\/div>\n\t\t\t\t<\/div>\n\t\t\t\t<\/div>\n\t\t\t\t<div class=\"elementor-element elementor-element-aa41ebe elementor-widget elementor-widget-text-editor\" data-id=\"aa41ebe\" data-element_type=\"widget\" data-widget_type=\"text-editor.default\">\n\t\t\t\t<div class=\"elementor-widget-container\">\n\t\t\t\t\t\t\t<p>\u00c0 travers ses actions quotidiennes, ses plans et ses proc\u00e9dures sp\u00e9cifiques, Italcer Group cr\u00e9e de la valeur durable, contribuant \u00e0 g\u00e9n\u00e9rer un impact positif sur la soci\u00e9t\u00e9 et l\u2019environnement, et participant \u00e0 la r\u00e9alisation de certains des Objectifs de d\u00e9veloppement durable des Nations Unies.<\/p><p>L\u2019Agenda 2030 des Nations Unies pour le d\u00e9veloppement durable est un programme d\u2019action mondial visant \u00e0 \u00e9radiquer la pauvret\u00e9, prot\u00e9ger la plan\u00e8te et promouvoir la prosp\u00e9rit\u00e9 et la paix. Il a \u00e9t\u00e9 adopt\u00e9 \u00e0 l\u2019unanimit\u00e9 par les 193 \u00c9tats membres de l\u2019ONU.<\/p><p>Les \u00c9tats membres se sont engag\u00e9s \u00e0 atteindre\u00a0<a href=\"https:\/\/sdgs.un.org\/goals\" target=\"_blank\" rel=\"noopener\"><b><u>17 Objectifs de d\u00e9veloppement durable (ODD)<\/u><\/b><\/a>, eux-m\u00eames d\u00e9clin\u00e9s en 169 cibles sp\u00e9cifiques. Ces objectifs sont interconnect\u00e9s et indivisibles et constituent un nouveau cadre de r\u00e9f\u00e9rence pour un d\u00e9veloppement durable, entendu comme un d\u00e9veloppement qui r\u00e9pond aux besoins du pr\u00e9sent sans compromettre la capacit\u00e9 des g\u00e9n\u00e9rations futures \u00e0 r\u00e9pondre aux leurs, en conciliant croissance \u00e9conomique, inclusion sociale et protection de l\u2019environnement.<\/p>\t\t\t\t\t\t<\/div>\n\t\t\t\t<\/div>\n\t\t\t\t\t<\/div>\n\t\t\t\t<\/div>\n\t\t<div class=\"elementor-element elementor-element-a8fffe0 e-flex e-con-boxed elementor-invisible e-con e-child\" data-id=\"a8fffe0\" data-element_type=\"container\" data-settings=\"{&quot;animation&quot;:&quot;fadeIn&quot;,&quot;content_width&quot;:&quot;boxed&quot;}\">\n\t\t\t\t\t<div class=\"e-con-inner\">\n\t\t<div class=\"elementor-element elementor-element-16f0d33 e-con-full e-flex e-con e-child\" data-id=\"16f0d33\" data-element_type=\"container\" data-settings=\"{&quot;content_width&quot;:&quot;full&quot;}\">\n\t\t\t\t<div class=\"elementor-element elementor-element-e4790ad elementor-widget elementor-widget-image\" data-id=\"e4790ad\" data-element_type=\"widget\" data-widget_type=\"image.default\">\n\t\t\t\t<div class=\"elementor-widget-container\">\n\t\t\t\t\t\t\t\t\t\t\t\t\t<img decoding=\"async\" width=\"300\" height=\"300\" src=\"https:\/\/www.lafabbrica.it\/wp-content\/uploads\/2026\/03\/E_SDG_03-1-1-300x300.jpg\" class=\"attachment-medium size-medium wp-image-33022\" alt=\"\" srcset=\"https:\/\/www.lafabbrica.it\/wp-content\/uploads\/2026\/03\/E_SDG_03-1-1-300x300.jpg 300w, https:\/\/www.lafabbrica.it\/wp-content\/uploads\/2026\/03\/E_SDG_03-1-1-150x150.jpg 150w, https:\/\/www.lafabbrica.it\/wp-content\/uploads\/2026\/03\/E_SDG_03-1-1.jpg 720w\" sizes=\"(max-width: 300px) 100vw, 300px\" \/>\t\t\t\t\t\t\t\t\t\t\t\t\t<\/div>\n\t\t\t\t<\/div>\n\t\t\t\t<\/div>\n\t\t<div class=\"elementor-element elementor-element-52962ee e-con-full e-flex e-con e-child\" data-id=\"52962ee\" data-element_type=\"container\" data-settings=\"{&quot;content_width&quot;:&quot;full&quot;}\">\n\t\t\t\t<div class=\"elementor-element elementor-element-e1a64ed elementor-widget elementor-widget-text-editor\" data-id=\"e1a64ed\" data-element_type=\"widget\" data-widget_type=\"text-editor.default\">\n\t\t\t\t<div class=\"elementor-widget-container\">\n\t\t\t\t\t\t\t<p data-start=\"65\" data-end=\"113\"><strong data-start=\"81\" data-end=\"113\">L\u2019engagement d\u2019Italcer Group<\/strong><\/p><ul><li>D\u00e9veloppement de la technologie ADVANCE\u00ae, antivirale, antibact\u00e9rienne et anti-pollution, visant \u00e0 r\u00e9duire les maladies et la pollution.<\/li><li>Innovation des processus de production des surfaces c\u00e9ramiques fond\u00e9s sur des normes de qualit\u00e9 strictes.<\/li><\/ul><p><strong data-start=\"360\" data-end=\"404\">Parties prenantes directement concern\u00e9es<\/strong><\/p><ul><li data-start=\"406\" data-end=\"519\">Clients<\/li><li data-start=\"406\" data-end=\"519\">Fournisseurs<\/li><li data-start=\"406\" data-end=\"519\">Employ\u00e9s et partenaires<\/li><li data-start=\"406\" data-end=\"519\">Actionnaires et investisseurs<\/li><li data-start=\"406\" data-end=\"519\">Acteurs du secteur<\/li><li data-start=\"406\" data-end=\"519\">Soci\u00e9t\u00e9<\/li><\/ul>\t\t\t\t\t\t<\/div>\n\t\t\t\t<\/div>\n\t\t\t\t<\/div>\n\t\t\t\t\t<\/div>\n\t\t\t\t<\/div>\n\t\t<div class=\"elementor-element elementor-element-0dac8fe e-flex e-con-boxed elementor-invisible e-con e-child\" data-id=\"0dac8fe\" data-element_type=\"container\" data-settings=\"{&quot;animation&quot;:&quot;fadeIn&quot;,&quot;content_width&quot;:&quot;boxed&quot;}\">\n\t\t\t\t\t<div class=\"e-con-inner\">\n\t\t<div class=\"elementor-element elementor-element-5271f53 e-con-full e-flex e-con e-child\" data-id=\"5271f53\" data-element_type=\"container\" data-settings=\"{&quot;content_width&quot;:&quot;full&quot;}\">\n\t\t\t\t<div class=\"elementor-element elementor-element-ee3aad5 elementor-widget elementor-widget-image\" data-id=\"ee3aad5\" data-element_type=\"widget\" data-widget_type=\"image.default\">\n\t\t\t\t<div class=\"elementor-widget-container\">\n\t\t\t\t\t\t\t\t\t\t\t\t\t<img decoding=\"async\" width=\"300\" height=\"300\" src=\"https:\/\/www.lafabbrica.it\/wp-content\/uploads\/2026\/03\/E_SDG_05-1-1-300x300.jpg\" class=\"attachment-medium size-medium wp-image-33026\" alt=\"\" srcset=\"https:\/\/www.lafabbrica.it\/wp-content\/uploads\/2026\/03\/E_SDG_05-1-1-300x300.jpg 300w, https:\/\/www.lafabbrica.it\/wp-content\/uploads\/2026\/03\/E_SDG_05-1-1-150x150.jpg 150w, https:\/\/www.lafabbrica.it\/wp-content\/uploads\/2026\/03\/E_SDG_05-1-1.jpg 720w\" sizes=\"(max-width: 300px) 100vw, 300px\" \/>\t\t\t\t\t\t\t\t\t\t\t\t\t<\/div>\n\t\t\t\t<\/div>\n\t\t\t\t<\/div>\n\t\t<div class=\"elementor-element elementor-element-4e7a8a9 e-con-full e-flex e-con e-child\" data-id=\"4e7a8a9\" data-element_type=\"container\" data-settings=\"{&quot;content_width&quot;:&quot;full&quot;}\">\n\t\t\t\t<div class=\"elementor-element elementor-element-efb8231 elementor-widget elementor-widget-text-editor\" data-id=\"efb8231\" data-element_type=\"widget\" data-widget_type=\"text-editor.default\">\n\t\t\t\t<div class=\"elementor-widget-container\">\n\t\t\t\t\t\t\t<p data-start=\"0\" data-end=\"48\"><strong data-start=\"16\" data-end=\"48\">L\u2019engagement d\u2019Italcer Group<\/strong><\/p><ul><li>Mise en \u0153uvre de proc\u00e9dures sp\u00e9cifiques au sein du syst\u00e8me de gestion int\u00e9gr\u00e9 du Groupe afin de pr\u00e9venir toute forme de discrimination \u00e0 l\u2019\u00e9gard des femmes.<\/li><li>Promotion de la diversit\u00e9 et de l\u2019inclusion, y compris l\u2019\u00e9galit\u00e9 entre les genres.<\/li><li>Soutien \u00e0 l\u2019autonomisation des femmes et promotion de l\u2019\u00e9galit\u00e9 des genres \u00e0 travers des formations manag\u00e9riales d\u00e9di\u00e9es et des garanties effectives d\u2019\u00e9galit\u00e9 d\u2019acc\u00e8s aux postes de leadership.<\/li><li>Acc\u00e8s \u00e0 des m\u00e9canismes de signalement et \u00e0 des ressources de soutien pour pr\u00e9venir le harc\u00e8lement.<\/li><\/ul><p data-start=\"589\" data-end=\"633\"><strong data-start=\"589\" data-end=\"633\">Parties prenantes directement concern\u00e9es<\/strong><\/p><ul><li>Employ\u00e9s<\/li><li>Partenaires<\/li><li>Syndicats<\/li><\/ul>\t\t\t\t\t\t<\/div>\n\t\t\t\t<\/div>\n\t\t\t\t<\/div>\n\t\t\t\t\t<\/div>\n\t\t\t\t<\/div>\n\t\t<div class=\"elementor-element elementor-element-4cbaddc e-flex e-con-boxed elementor-invisible e-con e-child\" data-id=\"4cbaddc\" data-element_type=\"container\" data-settings=\"{&quot;animation&quot;:&quot;fadeIn&quot;,&quot;content_width&quot;:&quot;boxed&quot;}\">\n\t\t\t\t\t<div class=\"e-con-inner\">\n\t\t<div class=\"elementor-element elementor-element-6dc3043 e-con-full e-flex e-con e-child\" data-id=\"6dc3043\" data-element_type=\"container\" data-settings=\"{&quot;content_width&quot;:&quot;full&quot;}\">\n\t\t\t\t<div class=\"elementor-element elementor-element-a93e38a elementor-widget elementor-widget-image\" data-id=\"a93e38a\" data-element_type=\"widget\" data-widget_type=\"image.default\">\n\t\t\t\t<div class=\"elementor-widget-container\">\n\t\t\t\t\t\t\t\t\t\t\t\t\t<img loading=\"lazy\" decoding=\"async\" width=\"300\" height=\"300\" src=\"https:\/\/www.lafabbrica.it\/wp-content\/uploads\/2026\/03\/E_SDG_06-1-1-300x300.jpg\" class=\"attachment-medium size-medium wp-image-33030\" alt=\"\" srcset=\"https:\/\/www.lafabbrica.it\/wp-content\/uploads\/2026\/03\/E_SDG_06-1-1-300x300.jpg 300w, https:\/\/www.lafabbrica.it\/wp-content\/uploads\/2026\/03\/E_SDG_06-1-1-150x150.jpg 150w, https:\/\/www.lafabbrica.it\/wp-content\/uploads\/2026\/03\/E_SDG_06-1-1.jpg 720w\" sizes=\"(max-width: 300px) 100vw, 300px\" \/>\t\t\t\t\t\t\t\t\t\t\t\t\t<\/div>\n\t\t\t\t<\/div>\n\t\t\t\t<\/div>\n\t\t<div class=\"elementor-element elementor-element-87206e1 e-con-full e-flex e-con e-child\" data-id=\"87206e1\" data-element_type=\"container\" data-settings=\"{&quot;content_width&quot;:&quot;full&quot;}\">\n\t\t\t\t<div class=\"elementor-element elementor-element-a73e8b8 elementor-widget elementor-widget-text-editor\" data-id=\"a73e8b8\" data-element_type=\"widget\" data-widget_type=\"text-editor.default\">\n\t\t\t\t<div class=\"elementor-widget-container\">\n\t\t\t\t\t\t\t<p data-start=\"0\" data-end=\"48\"><strong data-start=\"16\" data-end=\"48\">L\u2019engagement d\u2019Italcer Group<\/strong><\/p><ul><li>Optimisation de la gestion de l\u2019eau gr\u00e2ce au recyclage et \u00e0 la r\u00e9utilisation totale de l\u2019eau utilis\u00e9e dans les processus de production.<\/li><li>R\u00e9duction au minimum des rejets de substances chimiques et de mat\u00e9riaux dangereux dans l\u2019environnement.<\/li><li>D\u00e9corr\u00e9lation progressive du d\u00e9veloppement des soci\u00e9t\u00e9s du Groupe de la consommation de ressources naturelles \u00e9puisables.<\/li><\/ul><p data-start=\"417\" data-end=\"461\"><strong data-start=\"417\" data-end=\"461\">Parties prenantes directement concern\u00e9es<\/strong><\/p><ul><li>Soci\u00e9t\u00e9<\/li><li>Administration publique<\/li><\/ul>\t\t\t\t\t\t<\/div>\n\t\t\t\t<\/div>\n\t\t\t\t<\/div>\n\t\t\t\t\t<\/div>\n\t\t\t\t<\/div>\n\t\t<div class=\"elementor-element elementor-element-7f9339c e-flex e-con-boxed elementor-invisible e-con e-child\" data-id=\"7f9339c\" data-element_type=\"container\" data-settings=\"{&quot;animation&quot;:&quot;fadeIn&quot;,&quot;content_width&quot;:&quot;boxed&quot;}\">\n\t\t\t\t\t<div class=\"e-con-inner\">\n\t\t<div class=\"elementor-element elementor-element-4cb0346 e-con-full e-flex e-con e-child\" data-id=\"4cb0346\" data-element_type=\"container\" data-settings=\"{&quot;content_width&quot;:&quot;full&quot;}\">\n\t\t\t\t<div class=\"elementor-element elementor-element-5331651 elementor-widget elementor-widget-image\" data-id=\"5331651\" data-element_type=\"widget\" data-widget_type=\"image.default\">\n\t\t\t\t<div class=\"elementor-widget-container\">\n\t\t\t\t\t\t\t\t\t\t\t\t\t<img loading=\"lazy\" decoding=\"async\" width=\"300\" height=\"300\" src=\"https:\/\/www.lafabbrica.it\/wp-content\/uploads\/2026\/03\/E_SDG_07-1-1-300x300.jpg\" class=\"attachment-medium size-medium wp-image-33034\" alt=\"\" srcset=\"https:\/\/www.lafabbrica.it\/wp-content\/uploads\/2026\/03\/E_SDG_07-1-1-300x300.jpg 300w, https:\/\/www.lafabbrica.it\/wp-content\/uploads\/2026\/03\/E_SDG_07-1-1-150x150.jpg 150w, https:\/\/www.lafabbrica.it\/wp-content\/uploads\/2026\/03\/E_SDG_07-1-1.jpg 720w\" sizes=\"(max-width: 300px) 100vw, 300px\" \/>\t\t\t\t\t\t\t\t\t\t\t\t\t<\/div>\n\t\t\t\t<\/div>\n\t\t\t\t<\/div>\n\t\t<div class=\"elementor-element elementor-element-fda7021 e-con-full e-flex e-con e-child\" data-id=\"fda7021\" data-element_type=\"container\" data-settings=\"{&quot;content_width&quot;:&quot;full&quot;}\">\n\t\t\t\t<div class=\"elementor-element elementor-element-4bbc08c elementor-widget elementor-widget-text-editor\" data-id=\"4bbc08c\" data-element_type=\"widget\" data-widget_type=\"text-editor.default\">\n\t\t\t\t<div class=\"elementor-widget-container\">\n\t\t\t\t\t\t\t<p data-start=\"0\" data-end=\"48\"><strong data-start=\"16\" data-end=\"48\">L\u2019engagement d\u2019Italcer Group<\/strong><\/p><ul><li>D\u00e9carbonisation progressive des processus de production afin de favoriser la mise en \u0153uvre d\u2019installations d\u2019\u00e9nergie renouvelable fiables, durables et modernes sur les sites de production du Groupe, en particulier des installations photovolta\u00efques.<\/li><li>Transition vers une \u00e9conomie circulaire contribuant \u00e0 r\u00e9duire les \u00e9missions nocives dans l\u2019environnement et \u00e0 am\u00e9liorer l\u2019efficacit\u00e9 \u00e9nerg\u00e9tique.<\/li><\/ul><p data-start=\"448\" data-end=\"492\"><strong data-start=\"448\" data-end=\"492\">Parties prenantes directement concern\u00e9es<\/strong><\/p><ul><li>Soci\u00e9t\u00e9<\/li><li>Actionnaires et investisseurs<\/li><\/ul>\t\t\t\t\t\t<\/div>\n\t\t\t\t<\/div>\n\t\t\t\t<\/div>\n\t\t\t\t\t<\/div>\n\t\t\t\t<\/div>\n\t\t<div class=\"elementor-element elementor-element-6d8728a e-flex e-con-boxed elementor-invisible e-con e-child\" data-id=\"6d8728a\" data-element_type=\"container\" data-settings=\"{&quot;animation&quot;:&quot;fadeIn&quot;,&quot;content_width&quot;:&quot;boxed&quot;}\">\n\t\t\t\t\t<div class=\"e-con-inner\">\n\t\t<div class=\"elementor-element elementor-element-c301036 e-con-full e-flex e-con e-child\" data-id=\"c301036\" data-element_type=\"container\" data-settings=\"{&quot;content_width&quot;:&quot;full&quot;}\">\n\t\t\t\t<div class=\"elementor-element elementor-element-2b996d3 elementor-widget elementor-widget-image\" data-id=\"2b996d3\" data-element_type=\"widget\" data-widget_type=\"image.default\">\n\t\t\t\t<div class=\"elementor-widget-container\">\n\t\t\t\t\t\t\t\t\t\t\t\t\t<img loading=\"lazy\" decoding=\"async\" width=\"300\" height=\"300\" src=\"https:\/\/www.lafabbrica.it\/wp-content\/uploads\/2026\/03\/E_SDG_08-1-1-300x300.jpg\" class=\"attachment-medium size-medium wp-image-33038\" alt=\"\" srcset=\"https:\/\/www.lafabbrica.it\/wp-content\/uploads\/2026\/03\/E_SDG_08-1-1-300x300.jpg 300w, https:\/\/www.lafabbrica.it\/wp-content\/uploads\/2026\/03\/E_SDG_08-1-1-150x150.jpg 150w, https:\/\/www.lafabbrica.it\/wp-content\/uploads\/2026\/03\/E_SDG_08-1-1.jpg 720w\" sizes=\"(max-width: 300px) 100vw, 300px\" \/>\t\t\t\t\t\t\t\t\t\t\t\t\t<\/div>\n\t\t\t\t<\/div>\n\t\t\t\t<\/div>\n\t\t<div class=\"elementor-element elementor-element-d8e82e5 e-con-full e-flex e-con e-child\" data-id=\"d8e82e5\" data-element_type=\"container\" data-settings=\"{&quot;content_width&quot;:&quot;full&quot;}\">\n\t\t\t\t<div class=\"elementor-element elementor-element-0450e2e elementor-widget elementor-widget-text-editor\" data-id=\"0450e2e\" data-element_type=\"widget\" data-widget_type=\"text-editor.default\">\n\t\t\t\t<div class=\"elementor-widget-container\">\n\t\t\t\t\t\t\t<p data-start=\"0\" data-end=\"48\"><strong data-start=\"16\" data-end=\"48\">L\u2019engagement d\u2019Italcer Group<\/strong><\/p><ul><li>Attention port\u00e9e \u00e0 l\u2019innovation et \u00e0 la mise \u00e0 jour technologique des processus de production.<\/li><li>Cr\u00e9ation et promotion d\u2019emplois stables et d\u00e9cents pour toutes les femmes et tous les hommes, y compris les jeunes et les personnes en situation de handicap, en garantissant un salaire \u00e9gal pour un travail de valeur \u00e9gale.<\/li><li>Protection des droits des travailleurs \u00e0 travers des environnements de travail s\u00fbrs et s\u00e9curis\u00e9s.<\/li><li>Offre de stages professionnalisants et adh\u00e9sion \u00e0 des programmes de formation alternant \u00e9cole et travail.<\/li><li>Adoption d\u2019une politique visant \u00e9galement \u00e0 certifier l\u2019engagement des fournisseurs et des clients en faveur du travail d\u00e9cent.<\/li><\/ul><p data-start=\"709\" data-end=\"753\"><strong data-start=\"709\" data-end=\"753\">Parties prenantes directement concern\u00e9es<\/strong><\/p><ul><li>Employ\u00e9s<\/li><li>Partenaires<\/li><li>Syndicats<\/li><\/ul>\t\t\t\t\t\t<\/div>\n\t\t\t\t<\/div>\n\t\t\t\t<\/div>\n\t\t\t\t\t<\/div>\n\t\t\t\t<\/div>\n\t\t<div class=\"elementor-element elementor-element-582a215 e-flex e-con-boxed elementor-invisible e-con e-child\" data-id=\"582a215\" data-element_type=\"container\" data-settings=\"{&quot;animation&quot;:&quot;fadeIn&quot;,&quot;content_width&quot;:&quot;boxed&quot;}\">\n\t\t\t\t\t<div class=\"e-con-inner\">\n\t\t<div class=\"elementor-element elementor-element-6b443b7 e-con-full e-flex e-con e-child\" data-id=\"6b443b7\" data-element_type=\"container\" data-settings=\"{&quot;content_width&quot;:&quot;full&quot;}\">\n\t\t\t\t<div class=\"elementor-element elementor-element-8dd28cf elementor-widget elementor-widget-image\" data-id=\"8dd28cf\" data-element_type=\"widget\" data-widget_type=\"image.default\">\n\t\t\t\t<div class=\"elementor-widget-container\">\n\t\t\t\t\t\t\t\t\t\t\t\t\t<img loading=\"lazy\" decoding=\"async\" width=\"300\" height=\"300\" src=\"https:\/\/www.lafabbrica.it\/wp-content\/uploads\/2026\/03\/E_SDG_09-1-1-300x300.jpg\" class=\"attachment-medium size-medium wp-image-33042\" alt=\"\" srcset=\"https:\/\/www.lafabbrica.it\/wp-content\/uploads\/2026\/03\/E_SDG_09-1-1-300x300.jpg 300w, https:\/\/www.lafabbrica.it\/wp-content\/uploads\/2026\/03\/E_SDG_09-1-1-150x150.jpg 150w, https:\/\/www.lafabbrica.it\/wp-content\/uploads\/2026\/03\/E_SDG_09-1-1.jpg 720w\" sizes=\"(max-width: 300px) 100vw, 300px\" \/>\t\t\t\t\t\t\t\t\t\t\t\t\t<\/div>\n\t\t\t\t<\/div>\n\t\t\t\t<\/div>\n\t\t<div class=\"elementor-element elementor-element-2ac1a62 e-con-full e-flex e-con e-child\" data-id=\"2ac1a62\" data-element_type=\"container\" data-settings=\"{&quot;content_width&quot;:&quot;full&quot;}\">\n\t\t\t\t<div class=\"elementor-element elementor-element-308db32 elementor-widget elementor-widget-text-editor\" data-id=\"308db32\" data-element_type=\"widget\" data-widget_type=\"text-editor.default\">\n\t\t\t\t<div class=\"elementor-widget-container\">\n\t\t\t\t\t\t\t<p data-start=\"0\" data-end=\"48\"><strong data-start=\"16\" data-end=\"48\">L\u2019engagement d\u2019Italcer Group<\/strong><\/p><ul><li>Cr\u00e9ation de mat\u00e9riaux et de technologies performants, durables et responsables.<\/li><li>Adoption et d\u00e9veloppement de technologies respectueuses de l\u2019environnement.<\/li><li>Modernisation et am\u00e9lioration de l\u2019efficacit\u00e9 des installations gr\u00e2ce \u00e0 l\u2019adoption de technologies propres et \u00e9cologiques.<\/li><\/ul><p data-start=\"334\" data-end=\"378\"><strong data-start=\"334\" data-end=\"378\">Parties prenantes directement concern\u00e9es<\/strong><\/p><ul><li>Clients<\/li><li>Soci\u00e9t\u00e9<\/li><li>Employ\u00e9s et partenaires<\/li><li>Acteurs du secteur<\/li><li>Soci\u00e9t\u00e9<\/li><\/ul>\t\t\t\t\t\t<\/div>\n\t\t\t\t<\/div>\n\t\t\t\t<\/div>\n\t\t\t\t\t<\/div>\n\t\t\t\t<\/div>\n\t\t<div class=\"elementor-element elementor-element-62a4d5d e-flex e-con-boxed elementor-invisible e-con e-child\" data-id=\"62a4d5d\" data-element_type=\"container\" data-settings=\"{&quot;animation&quot;:&quot;fadeIn&quot;,&quot;content_width&quot;:&quot;boxed&quot;}\">\n\t\t\t\t\t<div class=\"e-con-inner\">\n\t\t<div class=\"elementor-element elementor-element-c035a82 e-con-full e-flex e-con e-child\" data-id=\"c035a82\" data-element_type=\"container\" data-settings=\"{&quot;content_width&quot;:&quot;full&quot;}\">\n\t\t\t\t<div class=\"elementor-element elementor-element-a1153c7 elementor-widget elementor-widget-image\" data-id=\"a1153c7\" data-element_type=\"widget\" data-widget_type=\"image.default\">\n\t\t\t\t<div class=\"elementor-widget-container\">\n\t\t\t\t\t\t\t\t\t\t\t\t\t<img loading=\"lazy\" decoding=\"async\" width=\"300\" height=\"300\" src=\"https:\/\/www.lafabbrica.it\/wp-content\/uploads\/2026\/03\/E_SDG_10-1-1-300x300.jpg\" class=\"attachment-medium size-medium wp-image-33046\" alt=\"\" srcset=\"https:\/\/www.lafabbrica.it\/wp-content\/uploads\/2026\/03\/E_SDG_10-1-1-300x300.jpg 300w, https:\/\/www.lafabbrica.it\/wp-content\/uploads\/2026\/03\/E_SDG_10-1-1-150x150.jpg 150w, https:\/\/www.lafabbrica.it\/wp-content\/uploads\/2026\/03\/E_SDG_10-1-1.jpg 720w\" sizes=\"(max-width: 300px) 100vw, 300px\" \/>\t\t\t\t\t\t\t\t\t\t\t\t\t<\/div>\n\t\t\t\t<\/div>\n\t\t\t\t<\/div>\n\t\t<div class=\"elementor-element elementor-element-b688815 e-con-full e-flex e-con e-child\" data-id=\"b688815\" data-element_type=\"container\" data-settings=\"{&quot;content_width&quot;:&quot;full&quot;}\">\n\t\t\t\t<div class=\"elementor-element elementor-element-c1122d5 elementor-widget elementor-widget-text-editor\" data-id=\"c1122d5\" data-element_type=\"widget\" data-widget_type=\"text-editor.default\">\n\t\t\t\t<div class=\"elementor-widget-container\">\n\t\t\t\t\t\t\t<p data-start=\"0\" data-end=\"48\"><strong data-start=\"16\" data-end=\"48\">L\u2019engagement d\u2019Italcer Group<\/strong><\/p><ul><li>Adoption de politiques actives visant \u00e0 garantir l\u2019\u00e9galit\u00e9 entre les genres et \u00e0 promouvoir un environnement de travail inclusif, valorisant la diversit\u00e9 et l\u2019unicit\u00e9 des individus tout en r\u00e9duisant les in\u00e9galit\u00e9s.<\/li><li>Garantie de politiques salariales \u00e9quitables pour des comp\u00e9tences et des fonctions \u00e9quivalentes.<\/li><\/ul><p data-start=\"365\" data-end=\"409\"><strong data-start=\"365\" data-end=\"409\">Parties prenantes directement concern\u00e9es<\/strong><\/p><p>\u00a0<\/p><ul><li>Employ\u00e9s et partenaires<\/li><li>Syndicats<\/li><\/ul>\t\t\t\t\t\t<\/div>\n\t\t\t\t<\/div>\n\t\t\t\t<\/div>\n\t\t\t\t\t<\/div>\n\t\t\t\t<\/div>\n\t\t<div class=\"elementor-element elementor-element-522135d e-flex e-con-boxed elementor-invisible e-con e-child\" data-id=\"522135d\" data-element_type=\"container\" data-settings=\"{&quot;animation&quot;:&quot;fadeIn&quot;,&quot;content_width&quot;:&quot;boxed&quot;}\">\n\t\t\t\t\t<div class=\"e-con-inner\">\n\t\t<div class=\"elementor-element elementor-element-30fe745 e-con-full e-flex e-con e-child\" data-id=\"30fe745\" data-element_type=\"container\" data-settings=\"{&quot;content_width&quot;:&quot;full&quot;}\">\n\t\t\t\t<div class=\"elementor-element elementor-element-75a1248 elementor-widget elementor-widget-image\" data-id=\"75a1248\" data-element_type=\"widget\" data-widget_type=\"image.default\">\n\t\t\t\t<div class=\"elementor-widget-container\">\n\t\t\t\t\t\t\t\t\t\t\t\t\t<img loading=\"lazy\" decoding=\"async\" width=\"300\" height=\"300\" src=\"https:\/\/www.lafabbrica.it\/wp-content\/uploads\/2026\/03\/E_SDG_12-1-1-300x300.jpg\" class=\"attachment-medium size-medium wp-image-33050\" alt=\"\" srcset=\"https:\/\/www.lafabbrica.it\/wp-content\/uploads\/2026\/03\/E_SDG_12-1-1-300x300.jpg 300w, https:\/\/www.lafabbrica.it\/wp-content\/uploads\/2026\/03\/E_SDG_12-1-1-150x150.jpg 150w, https:\/\/www.lafabbrica.it\/wp-content\/uploads\/2026\/03\/E_SDG_12-1-1.jpg 720w\" sizes=\"(max-width: 300px) 100vw, 300px\" \/>\t\t\t\t\t\t\t\t\t\t\t\t\t<\/div>\n\t\t\t\t<\/div>\n\t\t\t\t<\/div>\n\t\t<div class=\"elementor-element elementor-element-5698859 e-con-full e-flex e-con e-child\" data-id=\"5698859\" data-element_type=\"container\" data-settings=\"{&quot;content_width&quot;:&quot;full&quot;}\">\n\t\t\t\t<div class=\"elementor-element elementor-element-a7fd3b9 elementor-widget elementor-widget-text-editor\" data-id=\"a7fd3b9\" data-element_type=\"widget\" data-widget_type=\"text-editor.default\">\n\t\t\t\t<div class=\"elementor-widget-container\">\n\t\t\t\t\t\t\t<p data-start=\"0\" data-end=\"48\"><strong data-start=\"16\" data-end=\"48\">L\u2019engagement d\u2019Italcer Group<\/strong><\/p><ul><li>Publication d\u2019une D\u00e9claration environnementale 2023\u20132025.<\/li><li>Utilisation de mat\u00e9riaux recycl\u00e9s dans les processus de production afin de garantir une utilisation efficace des ressources naturelles.<\/li><li>R\u00e9duction des d\u00e9chets et des rebuts gr\u00e2ce \u00e0 des actions de pr\u00e9vention, de r\u00e9duction, de recyclage et de r\u00e9utilisation.<\/li><\/ul><p data-start=\"368\" data-end=\"412\"><strong data-start=\"368\" data-end=\"412\">Parties prenantes directement concern\u00e9es<\/strong><\/p><p>\u00a0<\/p><ul><li>Soci\u00e9t\u00e9<\/li><li>Clients<\/li><\/ul>\t\t\t\t\t\t<\/div>\n\t\t\t\t<\/div>\n\t\t\t\t<\/div>\n\t\t\t\t\t<\/div>\n\t\t\t\t<\/div>\n\t\t<div class=\"elementor-element elementor-element-d9a525e e-flex e-con-boxed elementor-invisible e-con e-child\" data-id=\"d9a525e\" data-element_type=\"container\" data-settings=\"{&quot;animation&quot;:&quot;fadeIn&quot;,&quot;content_width&quot;:&quot;boxed&quot;}\">\n\t\t\t\t\t<div class=\"e-con-inner\">\n\t\t<div class=\"elementor-element elementor-element-553416e e-con-full e-flex e-con e-child\" data-id=\"553416e\" data-element_type=\"container\" data-settings=\"{&quot;content_width&quot;:&quot;full&quot;}\">\n\t\t\t\t<div class=\"elementor-element elementor-element-2578516 elementor-widget elementor-widget-image\" data-id=\"2578516\" data-element_type=\"widget\" data-widget_type=\"image.default\">\n\t\t\t\t<div class=\"elementor-widget-container\">\n\t\t\t\t\t\t\t\t\t\t\t\t\t<img loading=\"lazy\" decoding=\"async\" width=\"300\" height=\"300\" src=\"https:\/\/www.lafabbrica.it\/wp-content\/uploads\/2026\/03\/E_SDG_13-1-1-300x300.jpg\" class=\"attachment-medium size-medium wp-image-33054\" alt=\"\" srcset=\"https:\/\/www.lafabbrica.it\/wp-content\/uploads\/2026\/03\/E_SDG_13-1-1-300x300.jpg 300w, https:\/\/www.lafabbrica.it\/wp-content\/uploads\/2026\/03\/E_SDG_13-1-1-150x150.jpg 150w, https:\/\/www.lafabbrica.it\/wp-content\/uploads\/2026\/03\/E_SDG_13-1-1.jpg 720w\" sizes=\"(max-width: 300px) 100vw, 300px\" \/>\t\t\t\t\t\t\t\t\t\t\t\t\t<\/div>\n\t\t\t\t<\/div>\n\t\t\t\t<\/div>\n\t\t<div class=\"elementor-element elementor-element-2fd65cb e-con-full e-flex e-con e-child\" data-id=\"2fd65cb\" data-element_type=\"container\" data-settings=\"{&quot;content_width&quot;:&quot;full&quot;}\">\n\t\t\t\t<div class=\"elementor-element elementor-element-87569f0 elementor-widget elementor-widget-text-editor\" data-id=\"87569f0\" data-element_type=\"widget\" data-widget_type=\"text-editor.default\">\n\t\t\t\t<div class=\"elementor-widget-container\">\n\t\t\t\t\t\t\t<p data-start=\"0\" data-end=\"48\"><strong data-start=\"16\" data-end=\"48\">L\u2019engagement d\u2019Italcer Group<\/strong><\/p><ul><li>Augmentation de la production d\u2019\u00e9lectricit\u00e9 \u00e0 partir de sources renouvelables.<\/li><li>Am\u00e9lioration de l\u2019efficacit\u00e9 \u00e9nerg\u00e9tique de l\u2019ensemble des processus et des sites de production.<\/li><li>Utilisation efficace des ressources, en particulier de l\u2019eau.<\/li><\/ul><p data-start=\"293\" data-end=\"337\"><strong data-start=\"293\" data-end=\"337\">Parties prenantes directement concern\u00e9es<\/strong><\/p><p>\u00a0<\/p><ul><li>Soci\u00e9t\u00e9<\/li><li>Clients<\/li><li>Employ\u00e9s et partenaires<\/li><\/ul>\t\t\t\t\t\t<\/div>\n\t\t\t\t<\/div>\n\t\t\t\t<\/div>\n\t\t\t\t\t<\/div>\n\t\t\t\t<\/div>\n\t\t\t\t\t<\/div>\n\t\t\t\t<\/div>\n\t\t<div data-dce-background-color=\"#EEEEEE45\" class=\"elementor-element elementor-element-704ee16 e-flex e-con-boxed e-con e-parent\" data-id=\"704ee16\" data-element_type=\"container\" data-settings=\"{&quot;background_background&quot;:&quot;classic&quot;,&quot;content_width&quot;:&quot;boxed&quot;}\" data-core-v316-plus=\"true\">\n\t\t\t\t\t<div class=\"e-con-inner\">\n\t\t\t\t<div class=\"elementor-element elementor-element-01d3761 elementor-widget elementor-widget-text-editor\" data-id=\"01d3761\" data-element_type=\"widget\" data-widget_type=\"text-editor.default\">\n\t\t\t\t<div class=\"elementor-widget-container\">\n\t\t\t\t\t\t\t<p><strong>Distinctions<\/strong><\/p>\t\t\t\t\t\t<\/div>\n\t\t\t\t<\/div>\n\t\t\t\t<div class=\"elementor-element elementor-element-d5574ad elementor-widget elementor-widget-image\" data-id=\"d5574ad\" data-element_type=\"widget\" data-widget_type=\"image.default\">\n\t\t\t\t<div class=\"elementor-widget-container\">\n\t\t\t\t\t\t\t\t\t\t\t\t\t<img loading=\"lazy\" decoding=\"async\" width=\"1200\" height=\"943\" src=\"https:\/\/www.lafabbrica.it\/wp-content\/uploads\/2026\/03\/Premio-migliore-strategia-sviluppo-sostenibile-1-1.jpg\" class=\"attachment-full size-full wp-image-33058\" alt=\"\" srcset=\"https:\/\/www.lafabbrica.it\/wp-content\/uploads\/2026\/03\/Premio-migliore-strategia-sviluppo-sostenibile-1-1.jpg 1200w, https:\/\/www.lafabbrica.it\/wp-content\/uploads\/2026\/03\/Premio-migliore-strategia-sviluppo-sostenibile-1-1-300x236.jpg 300w, https:\/\/www.lafabbrica.it\/wp-content\/uploads\/2026\/03\/Premio-migliore-strategia-sviluppo-sostenibile-1-1-1024x805.jpg 1024w, https:\/\/www.lafabbrica.it\/wp-content\/uploads\/2026\/03\/Premio-migliore-strategia-sviluppo-sostenibile-1-1-768x604.jpg 768w\" sizes=\"(max-width: 1200px) 100vw, 1200px\" \/>\t\t\t\t\t\t\t\t\t\t\t\t\t<\/div>\n\t\t\t\t<\/div>\n\t\t\t\t<div class=\"elementor-element elementor-element-986c2f0 elementor-widget elementor-widget-heading\" data-id=\"986c2f0\" data-element_type=\"widget\" data-widget_type=\"heading.default\">\n\t\t\t\t<div class=\"elementor-widget-container\">\n\t\t\t<h1 class=\"elementor-heading-title elementor-size-default\">Prix <b>\u00ab Meilleure strat\u00e9gie pour le d\u00e9veloppement durable \u00bb<\/b> dans le cadre du Responsible Innovators Award Emilia-Romagna 2024<\/h1>\t\t<\/div>\n\t\t\t\t<\/div>\n\t\t\t\t<div class=\"elementor-element elementor-element-db9a77c elementor-widget elementor-widget-text-editor\" data-id=\"db9a77c\" data-element_type=\"widget\" data-widget_type=\"text-editor.default\">\n\t\t\t\t<div class=\"elementor-widget-container\">\n\t\t\t\t\t\t\t<p data-start=\"160\" data-end=\"338\">En 2024, Italcer Group a re\u00e7u le prestigieux prix \u00ab Meilleure strat\u00e9gie pour le d\u00e9veloppement durable \u00bb dans le cadre du Responsible Innovators Award de la R\u00e9gion \u00c9milie-Romagne.<\/p><p data-start=\"340\" data-end=\"678\">L\u2019obtention de ce prix confirme la direction strat\u00e9gique du Groupe, qui place la durabilit\u00e9 au c\u0153ur de son approche d\u2019entreprise. Parmi ses innovations les plus embl\u00e9matiques figure Advance, un produit phare dot\u00e9 de propri\u00e9t\u00e9s antivirales, antibact\u00e9riennes et photocatalytiques, fabriqu\u00e9 avec plus de 50 % de mati\u00e8res premi\u00e8res recycl\u00e9es.<\/p><p data-start=\"680\" data-end=\"1037\">Cette reconnaissance souligne l\u2019engagement concret d\u2019Italcer Group \u00e0 conjuguer innovation et responsabilit\u00e9, en optimisant les processus de production, en accordant une attention prioritaire au bien-\u00eatre des collaborateurs, en garantissant une gouvernance transparente et efficace, et en favorisant un dialogue actif avec les communaut\u00e9s et les territoires.<\/p>\t\t\t\t\t\t<\/div>\n\t\t\t\t<\/div>\n\t\t\t\t<div class=\"elementor-element elementor-element-fd72e45 elementor-widget-divider--view-line elementor-widget elementor-widget-divider\" data-id=\"fd72e45\" data-element_type=\"widget\" data-widget_type=\"divider.default\">\n\t\t\t\t<div class=\"elementor-widget-container\">\n\t\t\t\t\t<div class=\"elementor-divider\">\n\t\t\t<span class=\"elementor-divider-separator\">\n\t\t\t\t\t\t<\/span>\n\t\t<\/div>\n\t\t\t\t<\/div>\n\t\t\t\t<\/div>\n\t\t\t\t<div class=\"elementor-element elementor-element-ad28305 elementor-widget elementor-widget-image\" data-id=\"ad28305\" data-element_type=\"widget\" data-widget_type=\"image.default\">\n\t\t\t\t<div class=\"elementor-widget-container\">\n\t\t\t\t\t\t\t\t\t\t\t\t\t<img loading=\"lazy\" decoding=\"async\" width=\"768\" height=\"244\" src=\"https:\/\/www.lafabbrica.it\/wp-content\/uploads\/2026\/03\/Sustainability-Award_TOP100_2024-1-1-768x244.jpg\" class=\"attachment-medium_large size-medium_large wp-image-33062\" alt=\"\" srcset=\"https:\/\/www.lafabbrica.it\/wp-content\/uploads\/2026\/03\/Sustainability-Award_TOP100_2024-1-1-768x244.jpg 768w, https:\/\/www.lafabbrica.it\/wp-content\/uploads\/2026\/03\/Sustainability-Award_TOP100_2024-1-1-300x95.jpg 300w, https:\/\/www.lafabbrica.it\/wp-content\/uploads\/2026\/03\/Sustainability-Award_TOP100_2024-1-1.jpg 1000w\" sizes=\"(max-width: 768px) 100vw, 768px\" \/>\t\t\t\t\t\t\t\t\t\t\t\t\t<\/div>\n\t\t\t\t<\/div>\n\t\t\t\t<div class=\"elementor-element elementor-element-dd475c6 elementor-widget elementor-widget-heading\" data-id=\"dd475c6\" data-element_type=\"widget\" data-widget_type=\"heading.default\">\n\t\t\t\t<div class=\"elementor-widget-container\">\n\t\t\t<h1 class=\"elementor-heading-title elementor-size-default\"><b>Class\u00e9 premier pour l\u2019environnement parmi les 100 premi\u00e8res entreprises<\/b> de plus de 250 millions d\u2019euros de chiffre d\u2019affaires \u2013 Sustainability Award 2024<\/h1>\t\t<\/div>\n\t\t\t\t<\/div>\n\t\t\t\t<div class=\"elementor-element elementor-element-c4c4953 elementor-widget elementor-widget-text-editor\" data-id=\"c4c4953\" data-element_type=\"widget\" data-widget_type=\"text-editor.default\">\n\t\t\t\t<div class=\"elementor-widget-container\">\n\t\t\t\t\t\t\t<p data-start=\"189\" data-end=\"782\">En 2024, Italcer Group s\u2019est class\u00e9 \u00e0 la premi\u00e8re place du Sustainability Award 2024, obtenant le meilleur score en performance environnementale parmi les entreprises dont le chiffre d\u2019affaires d\u00e9passe 250 millions d\u2019euros. Ce classement, promu par Kon Group et ELITE en partenariat avec le Politecnico di Milano, constitue une r\u00e9f\u00e9rence importante pour l\u2019\u00e9valuation des strat\u00e9gies ESG au niveau national. Les entreprises participantes ont \u00e9t\u00e9 analys\u00e9es sur la base d\u2019un score fourni par ALTIS Advisory, spin-off de l\u2019Universit\u00e0 Cattolica del Sacro Cuore, avec le support technique de RepRisk.<\/p><p data-start=\"784\" data-end=\"1212\">Cette reconnaissance met en \u00e9vidence l\u2019efficacit\u00e9 des actions mises en place par Italcer Group pour r\u00e9duire son empreinte environnementale et renforce son engagement \u00e0 int\u00e9grer la durabilit\u00e9 tout au long de la cha\u00eene de valeur. L\u2019approche du Groupe vise \u00e0 g\u00e9n\u00e9rer de la valeur pour l\u2019entreprise, les communaut\u00e9s et les territoires dans lesquels il op\u00e8re, selon une strat\u00e9gie fond\u00e9e sur la responsabilit\u00e9 et l\u2019innovation durable.<\/p>\t\t\t\t\t\t<\/div>\n\t\t\t\t<\/div>\n\t\t\t\t\t<\/div>\n\t\t\t\t<\/div>\n\t\t<div data-dce-background-color=\"#03355A1F\" class=\"elementor-element elementor-element-40cfa27 e-flex e-con-boxed e-con e-parent\" data-id=\"40cfa27\" data-element_type=\"container\" data-settings=\"{&quot;background_background&quot;:&quot;classic&quot;,&quot;content_width&quot;:&quot;boxed&quot;}\" data-core-v316-plus=\"true\">\n\t\t\t\t\t<div class=\"e-con-inner\">\n\t\t\t\t<div class=\"elementor-element elementor-element-a4cc08f elementor-widget elementor-widget-text-editor\" data-id=\"a4cc08f\" data-element_type=\"widget\" data-widget_type=\"text-editor.default\">\n\t\t\t\t<div class=\"elementor-widget-container\">\n\t\t\t\t\t\t\t<p data-start=\"122\" data-end=\"164\"><strong data-start=\"122\" data-end=\"164\">Rapports de durabilit\u00e9 d\u2019Italcer Group<\/strong><\/p>\t\t\t\t\t\t<\/div>\n\t\t\t\t<\/div>\n\t\t\t\t<div class=\"elementor-element elementor-element-a608122 elementor-widget elementor-widget-text-editor\" data-id=\"a608122\" data-element_type=\"widget\" data-widget_type=\"text-editor.default\">\n\t\t\t\t<div class=\"elementor-widget-container\">\n\t\t\t\t\t\t\t<p data-start=\"706\" data-end=\"919\"><strong data-start=\"706\" data-end=\"736\">Les rapports de durabilit\u00e9<\/strong> constituent un outil de transparence \u00e0 travers lequel Italcer Group rend compte des r\u00e9sultats, des objectifs et des progr\u00e8s en mati\u00e8re <strong data-start=\"872\" data-end=\"916\">ESG (Environnement, Social, Gouvernance)<\/strong>.\u00a0<span style=\"font-style: inherit; font-weight: inherit;\">\u00c0 travers ces documents, le Groupe partage de mani\u00e8re claire et mesurable son engagement en faveur d\u2019un d\u00e9veloppement responsable, cr\u00e9ant de la valeur pour l\u2019environnement, les personnes et les territoires.<\/span><\/p><p data-start=\"185\" data-end=\"388\">\u00a0<\/p><p data-start=\"1131\" data-end=\"1367\">La publication r\u00e9guli\u00e8re des rapports de durabilit\u00e9 confirme l\u2019attention port\u00e9e \u00e0 la <strong data-start=\"1216\" data-end=\"1282\">transparence, \u00e0 la responsabilit\u00e9 et \u00e0 l\u2019am\u00e9lioration continue<\/strong>, en ligne avec les <strong data-start=\"1302\" data-end=\"1364\">Objectifs de D\u00e9veloppement Durable des Nations Unies (ODD)<\/strong>.<\/p>\t\t\t\t\t\t<\/div>\n\t\t\t\t<\/div>\n\t\t<div data-dce-background-color=\"#FFFFFF00\" class=\"elementor-element elementor-element-0b41a3c e-flex e-con-boxed e-con e-child\" data-id=\"0b41a3c\" data-element_type=\"container\" data-settings=\"{&quot;background_background&quot;:&quot;classic&quot;,&quot;content_width&quot;:&quot;boxed&quot;}\">\n\t\t\t\t\t<div class=\"e-con-inner\">\n\t\t<div class=\"elementor-element elementor-element-8bc8d3a e-con-full e-flex e-con e-child\" data-id=\"8bc8d3a\" data-element_type=\"container\" data-settings=\"{&quot;content_width&quot;:&quot;full&quot;}\">\n\t\t\t\t<div data-dce-background-color=\"#002A49\" class=\"elementor-element elementor-element-0d09270 elementor-align-center elementor-widget elementor-widget-button\" data-id=\"0d09270\" data-element_type=\"widget\" data-widget_type=\"button.default\">\n\t\t\t\t<div class=\"elementor-widget-container\">\n\t\t\t\t\t<div class=\"elementor-button-wrapper\">\n\t\t\t<a class=\"elementor-button elementor-button-link elementor-size-xl\" href=\"https:\/\/www.lafabbrica.it\/wp-content\/uploads\/2025\/08\/ITALCER_Report-Sostenibilita_2024.pdf\" target=\"_blank\">\n\t\t\t\t\t\t<span class=\"elementor-button-content-wrapper\">\n\t\t\t\t\t\t<span class=\"elementor-button-text\">Rapports de durabilit\u00e9 2024<\/span>\n\t\t<\/span>\n\t\t\t\t\t<\/a>\n\t\t<\/div>\n\t\t\t\t<\/div>\n\t\t\t\t<\/div>\n\t\t\t\t<\/div>\n\t\t<div class=\"elementor-element elementor-element-25717ec e-con-full e-flex e-con e-child\" data-id=\"25717ec\" data-element_type=\"container\" data-settings=\"{&quot;content_width&quot;:&quot;full&quot;,&quot;background_background&quot;:&quot;classic&quot;}\">\n\t\t\t\t<div data-dce-background-color=\"#002A49\" class=\"elementor-element elementor-element-bb4c530 elementor-align-center elementor-widget elementor-widget-button\" data-id=\"bb4c530\" data-element_type=\"widget\" data-widget_type=\"button.default\">\n\t\t\t\t<div class=\"elementor-widget-container\">\n\t\t\t\t\t<div class=\"elementor-button-wrapper\">\n\t\t\t<a class=\"elementor-button elementor-button-link elementor-size-xl\" href=\"https:\/\/www.lafabbrica.it\/wp-content\/uploads\/2024\/01\/Italcer_Sustainability-Report-2023_ENG_web-2p.pdf\" target=\"_blank\">\n\t\t\t\t\t\t<span class=\"elementor-button-content-wrapper\">\n\t\t\t\t\t\t<span class=\"elementor-button-text\">Rapports de durabilit\u00e9 2023<\/span>\n\t\t<\/span>\n\t\t\t\t\t<\/a>\n\t\t<\/div>\n\t\t\t\t<\/div>\n\t\t\t\t<\/div>\n\t\t\t\t<\/div>\n\t\t\t\t\t<\/div>\n\t\t\t\t<\/div>\n\t\t<div data-dce-background-color=\"#FFFFFF00\" class=\"elementor-element elementor-element-4bb9dbd e-flex e-con-boxed e-con e-child\" data-id=\"4bb9dbd\" data-element_type=\"container\" data-settings=\"{&quot;background_background&quot;:&quot;classic&quot;,&quot;content_width&quot;:&quot;boxed&quot;}\">\n\t\t\t\t\t<div class=\"e-con-inner\">\n\t\t<div class=\"elementor-element elementor-element-ea1b0a2 e-con-full e-flex e-con e-child\" data-id=\"ea1b0a2\" data-element_type=\"container\" data-settings=\"{&quot;content_width&quot;:&quot;full&quot;}\">\n\t\t\t\t<div data-dce-background-color=\"#002A49\" class=\"elementor-element elementor-element-a177cbf elementor-align-center elementor-widget elementor-widget-button\" data-id=\"a177cbf\" data-element_type=\"widget\" data-widget_type=\"button.default\">\n\t\t\t\t<div class=\"elementor-widget-container\">\n\t\t\t\t\t<div class=\"elementor-button-wrapper\">\n\t\t\t<a class=\"elementor-button elementor-button-link elementor-size-xl\" href=\"https:\/\/www.lafabbrica.it\/wp-content\/uploads\/2026\/04\/Italcer_Sustainability-Report-2022.pdf\" target=\"_blank\">\n\t\t\t\t\t\t<span class=\"elementor-button-content-wrapper\">\n\t\t\t\t\t\t<span class=\"elementor-button-text\">Rapports de durabilit\u00e9 2022<\/span>\n\t\t<\/span>\n\t\t\t\t\t<\/a>\n\t\t<\/div>\n\t\t\t\t<\/div>\n\t\t\t\t<\/div>\n\t\t\t\t<\/div>\n\t\t<div class=\"elementor-element elementor-element-4752595 e-con-full e-flex e-con e-child\" data-id=\"4752595\" data-element_type=\"container\" data-settings=\"{&quot;content_width&quot;:&quot;full&quot;}\">\n\t\t\t\t<div data-dce-background-color=\"#002A49\" class=\"elementor-element elementor-element-98de740 elementor-align-center elementor-widget elementor-widget-button\" data-id=\"98de740\" data-element_type=\"widget\" data-widget_type=\"button.default\">\n\t\t\t\t<div class=\"elementor-widget-container\">\n\t\t\t\t\t<div class=\"elementor-button-wrapper\">\n\t\t\t<a class=\"elementor-button elementor-button-link elementor-size-xl\" href=\"https:\/\/www.lafabbrica.it\/wp-content\/uploads\/2026\/04\/Italcer_Sustainability-Report-2021.pdf\" target=\"_blank\">\n\t\t\t\t\t\t<span class=\"elementor-button-content-wrapper\">\n\t\t\t\t\t\t<span class=\"elementor-button-text\">Rapports de durabilit\u00e9 2021<\/span>\n\t\t<\/span>\n\t\t\t\t\t<\/a>\n\t\t<\/div>\n\t\t\t\t<\/div>\n\t\t\t\t<\/div>\n\t\t\t\t<\/div>\n\t\t\t\t\t<\/div>\n\t\t\t\t<\/div>\n\t\t\t\t\t<\/div>\n\t\t\t\t<\/div>\n\t\t\t\t<\/div>\n\t\t","protected":false},"excerpt":{"rendered":"<p>DURABILIT\u00c9 La contribution de Italcer Group aux objectifs de d\u00e9veloppement durable Rapport de durabilit\u00e9 2024 \u00c0 travers ses actions quotidiennes, ses plans et ses proc\u00e9dures sp\u00e9cifiques, Italcer Group cr\u00e9e de la valeur durable, contribuant \u00e0 g\u00e9n\u00e9rer un impact positif sur la soci\u00e9t\u00e9 et l\u2019environnement, et participant \u00e0 la r\u00e9alisation de certains des Objectifs de d\u00e9veloppement [&hellip;]<\/p>\n","protected":false},"author":1,"featured_media":0,"parent":0,"menu_order":0,"comment_status":"closed","ping_status":"closed","template":"","meta":{"_acf_changed":false,"site-sidebar-layout":"no-sidebar","site-content-layout":"page-builder","ast-site-content-layout":"full-width-container","site-content-style":"unboxed","site-sidebar-style":"unboxed","ast-global-header-display":"","ast-banner-title-visibility":"","ast-main-header-display":"","ast-hfb-above-header-display":"","ast-hfb-below-header-display":"","ast-hfb-mobile-header-display":"","site-post-title":"disabled","ast-breadcrumbs-content":"","ast-featured-img":"disabled","footer-sml-layout":"","theme-transparent-header-meta":"","adv-header-id-meta":"","stick-header-meta":"","header-above-stick-meta":"","header-main-stick-meta":"","header-below-stick-meta":"","astra-migrate-meta-layouts":"set","ast-page-background-enabled":"default","ast-page-background-meta":{"desktop":{"background-color":"var(--ast-global-color-4)","background-image":"","background-repeat":"repeat","background-position":"center center","background-size":"auto","background-attachment":"scroll","background-type":"","background-media":"","overlay-type":"","overlay-color":"","overlay-gradient":""},"tablet":{"background-color":"","background-image":"","background-repeat":"repeat","background-position":"center center","background-size":"auto","background-attachment":"scroll","background-type":"","background-media":"","overlay-type":"","overlay-color":"","overlay-gradient":""},"mobile":{"background-color":"","background-image":"","background-repeat":"repeat","background-position":"center center","background-size":"auto","background-attachment":"scroll","background-type":"","background-media":"","overlay-type":"","overlay-color":"","overlay-gradient":""}},"ast-content-background-meta":{"desktop":{"background-color":"var(--ast-global-color-5)","background-image":"","background-repeat":"repeat","background-position":"center center","background-size":"auto","background-attachment":"scroll","background-type":"","background-media":"","overlay-type":"","overlay-color":"","overlay-gradient":""},"tablet":{"background-color":"var(--ast-global-color-5)","background-image":"","background-repeat":"repeat","background-position":"center center","background-size":"auto","background-attachment":"scroll","background-type":"","background-media":"","overlay-type":"","overlay-color":"","overlay-gradient":""},"mobile":{"background-color":"var(--ast-global-color-5)","background-image":"","background-repeat":"repeat","background-position":"center center","background-size":"auto","background-attachment":"scroll","background-type":"","background-media":"","overlay-type":"","overlay-color":"","overlay-gradient":""}},"footnotes":""},"class_list":["post-12833","page","type-page","status-publish","hentry"],"acf":[],"yoast_head":"<!-- This site is optimized with the Yoast SEO plugin v22.0 - https:\/\/yoast.com\/wordpress\/plugins\/seo\/ -->\n<title>D\u00e9veloppement durable et ODD | L\u2019engagement ESG de Italcer Group<\/title>\n<meta name=\"description\" content=\"Italce Group promeut le d\u00e9veloppement durable et les ODD de l\u2019ONU gr\u00e2ce \u00e0 des politiques ESG, \u00e0 l\u2019innovation et \u00e0 la responsabilit\u00e9 sociale pour cr\u00e9er de la valeur \u00e0 long terme.\" \/>\n<meta name=\"robots\" content=\"index, follow, max-snippet:-1, max-image-preview:large, max-video-preview:-1\" \/>\n<link rel=\"canonical\" href=\"https:\/\/www.lafabbrica.it\/fr\/durabilite\/\" \/>\n<meta property=\"og:locale\" content=\"fr_FR\" \/>\n<meta property=\"og:type\" content=\"article\" \/>\n<meta property=\"og:title\" content=\"D\u00e9veloppement durable et ODD | L\u2019engagement ESG de Italcer Group\" \/>\n<meta property=\"og:description\" content=\"Italce Group promeut le d\u00e9veloppement durable et les ODD de l\u2019ONU gr\u00e2ce \u00e0 des politiques ESG, \u00e0 l\u2019innovation et \u00e0 la responsabilit\u00e9 sociale pour cr\u00e9er de la valeur \u00e0 long terme.\" \/>\n<meta property=\"og:url\" content=\"https:\/\/www.lafabbrica.it\/fr\/durabilite\/\" \/>\n<meta property=\"og:site_name\" content=\"La Fabbrica AVA\" \/>\n<meta property=\"article:modified_time\" content=\"2026-04-02T13:22:12+00:00\" \/>\n<meta property=\"og:image\" content=\"https:\/\/www.lafabbrica.it\/wp-content\/uploads\/2023\/08\/BANNER-04.jpg\" \/>\n<meta name=\"twitter:card\" content=\"summary_large_image\" \/>\n<meta name=\"twitter:label1\" content=\"Dur\u00e9e de lecture estim\u00e9e\" \/>\n\t<meta name=\"twitter:data1\" content=\"9 minutes\" \/>\n<script type=\"application\/ld+json\" class=\"yoast-schema-graph\">{\"@context\":\"https:\/\/schema.org\",\"@graph\":[{\"@type\":\"WebPage\",\"@id\":\"https:\/\/www.lafabbrica.it\/fr\/durabilite\/\",\"url\":\"https:\/\/www.lafabbrica.it\/fr\/durabilite\/\",\"name\":\"D\u00e9veloppement durable et ODD | L\u2019engagement ESG de Italcer Group\",\"isPartOf\":{\"@id\":\"https:\/\/www.lafabbrica.it\/fr\/#website\"},\"datePublished\":\"2023-08-22T08:41:06+00:00\",\"dateModified\":\"2026-04-02T13:22:12+00:00\",\"description\":\"Italce Group promeut le d\u00e9veloppement durable et les ODD de l\u2019ONU gr\u00e2ce \u00e0 des politiques ESG, \u00e0 l\u2019innovation et \u00e0 la responsabilit\u00e9 sociale pour cr\u00e9er de la valeur \u00e0 long terme.\",\"breadcrumb\":{\"@id\":\"https:\/\/www.lafabbrica.it\/fr\/durabilite\/#breadcrumb\"},\"inLanguage\":\"fr-FR\",\"potentialAction\":[{\"@type\":\"ReadAction\",\"target\":[\"https:\/\/www.lafabbrica.it\/fr\/durabilite\/\"]}]},{\"@type\":\"BreadcrumbList\",\"@id\":\"https:\/\/www.lafabbrica.it\/fr\/durabilite\/#breadcrumb\",\"itemListElement\":[{\"@type\":\"ListItem\",\"position\":1,\"name\":\"Home\",\"item\":\"https:\/\/www.lafabbrica.it\/fr\/\"},{\"@type\":\"ListItem\",\"position\":2,\"name\":\"Durabilit\u00e9\"}]},{\"@type\":\"WebSite\",\"@id\":\"https:\/\/www.lafabbrica.it\/fr\/#website\",\"url\":\"https:\/\/www.lafabbrica.it\/fr\/\",\"name\":\"La Fabbrica AVA\",\"description\":\"\",\"publisher\":{\"@id\":\"https:\/\/www.lafabbrica.it\/fr\/#organization\"},\"potentialAction\":[{\"@type\":\"SearchAction\",\"target\":{\"@type\":\"EntryPoint\",\"urlTemplate\":\"https:\/\/www.lafabbrica.it\/fr\/?s={search_term_string}\"},\"query-input\":\"required name=search_term_string\"}],\"inLanguage\":\"fr-FR\"},{\"@type\":\"Organization\",\"@id\":\"https:\/\/www.lafabbrica.it\/fr\/#organization\",\"name\":\"La Fabbrica AVA\",\"url\":\"https:\/\/www.lafabbrica.it\/fr\/\",\"logo\":{\"@type\":\"ImageObject\",\"inLanguage\":\"fr-FR\",\"@id\":\"https:\/\/www.lafabbrica.it\/fr\/#\/schema\/logo\/image\/\",\"url\":\"https:\/\/www.lafabbrica.it\/wp-content\/uploads\/2023\/08\/Senza-titolo-1.png\",\"contentUrl\":\"https:\/\/www.lafabbrica.it\/wp-content\/uploads\/2023\/08\/Senza-titolo-1.png\",\"width\":567,\"height\":240,\"caption\":\"La Fabbrica AVA\"},\"image\":{\"@id\":\"https:\/\/www.lafabbrica.it\/fr\/#\/schema\/logo\/image\/\"}}]}<\/script>\n<!-- \/ Yoast SEO plugin. -->","yoast_head_json":{"title":"D\u00e9veloppement durable et ODD | L\u2019engagement ESG de Italcer Group","description":"Italce Group promeut le d\u00e9veloppement durable et les ODD de l\u2019ONU gr\u00e2ce \u00e0 des politiques ESG, \u00e0 l\u2019innovation et \u00e0 la responsabilit\u00e9 sociale pour cr\u00e9er de la valeur \u00e0 long terme.","robots":{"index":"index","follow":"follow","max-snippet":"max-snippet:-1","max-image-preview":"max-image-preview:large","max-video-preview":"max-video-preview:-1"},"canonical":"https:\/\/www.lafabbrica.it\/fr\/durabilite\/","og_locale":"fr_FR","og_type":"article","og_title":"D\u00e9veloppement durable et ODD | L\u2019engagement ESG de Italcer Group","og_description":"Italce Group promeut le d\u00e9veloppement durable et les ODD de l\u2019ONU gr\u00e2ce \u00e0 des politiques ESG, \u00e0 l\u2019innovation et \u00e0 la responsabilit\u00e9 sociale pour cr\u00e9er de la valeur \u00e0 long terme.","og_url":"https:\/\/www.lafabbrica.it\/fr\/durabilite\/","og_site_name":"La Fabbrica AVA","article_modified_time":"2026-04-02T13:22:12+00:00","og_image":[{"url":"https:\/\/www.lafabbrica.it\/wp-content\/uploads\/2023\/08\/BANNER-04.jpg"}],"twitter_card":"summary_large_image","twitter_misc":{"Dur\u00e9e de lecture estim\u00e9e":"9 minutes"},"schema":{"@context":"https:\/\/schema.org","@graph":[{"@type":"WebPage","@id":"https:\/\/www.lafabbrica.it\/fr\/durabilite\/","url":"https:\/\/www.lafabbrica.it\/fr\/durabilite\/","name":"D\u00e9veloppement durable et ODD | L\u2019engagement ESG de Italcer Group","isPartOf":{"@id":"https:\/\/www.lafabbrica.it\/fr\/#website"},"datePublished":"2023-08-22T08:41:06+00:00","dateModified":"2026-04-02T13:22:12+00:00","description":"Italce Group promeut le d\u00e9veloppement durable et les ODD de l\u2019ONU gr\u00e2ce \u00e0 des politiques ESG, \u00e0 l\u2019innovation et \u00e0 la responsabilit\u00e9 sociale pour cr\u00e9er de la valeur \u00e0 long terme.","breadcrumb":{"@id":"https:\/\/www.lafabbrica.it\/fr\/durabilite\/#breadcrumb"},"inLanguage":"fr-FR","potentialAction":[{"@type":"ReadAction","target":["https:\/\/www.lafabbrica.it\/fr\/durabilite\/"]}]},{"@type":"BreadcrumbList","@id":"https:\/\/www.lafabbrica.it\/fr\/durabilite\/#breadcrumb","itemListElement":[{"@type":"ListItem","position":1,"name":"Home","item":"https:\/\/www.lafabbrica.it\/fr\/"},{"@type":"ListItem","position":2,"name":"Durabilit\u00e9"}]},{"@type":"WebSite","@id":"https:\/\/www.lafabbrica.it\/fr\/#website","url":"https:\/\/www.lafabbrica.it\/fr\/","name":"La Fabbrica AVA","description":"","publisher":{"@id":"https:\/\/www.lafabbrica.it\/fr\/#organization"},"potentialAction":[{"@type":"SearchAction","target":{"@type":"EntryPoint","urlTemplate":"https:\/\/www.lafabbrica.it\/fr\/?s={search_term_string}"},"query-input":"required name=search_term_string"}],"inLanguage":"fr-FR"},{"@type":"Organization","@id":"https:\/\/www.lafabbrica.it\/fr\/#organization","name":"La Fabbrica AVA","url":"https:\/\/www.lafabbrica.it\/fr\/","logo":{"@type":"ImageObject","inLanguage":"fr-FR","@id":"https:\/\/www.lafabbrica.it\/fr\/#\/schema\/logo\/image\/","url":"https:\/\/www.lafabbrica.it\/wp-content\/uploads\/2023\/08\/Senza-titolo-1.png","contentUrl":"https:\/\/www.lafabbrica.it\/wp-content\/uploads\/2023\/08\/Senza-titolo-1.png","width":567,"height":240,"caption":"La Fabbrica AVA"},"image":{"@id":"https:\/\/www.lafabbrica.it\/fr\/#\/schema\/logo\/image\/"}}]}},"_links":{"self":[{"href":"https:\/\/www.lafabbrica.it\/fr\/wp-json\/wp\/v2\/pages\/12833","targetHints":{"allow":["GET"]}}],"collection":[{"href":"https:\/\/www.lafabbrica.it\/fr\/wp-json\/wp\/v2\/pages"}],"about":[{"href":"https:\/\/www.lafabbrica.it\/fr\/wp-json\/wp\/v2\/types\/page"}],"author":[{"embeddable":true,"href":"https:\/\/www.lafabbrica.it\/fr\/wp-json\/wp\/v2\/users\/1"}],"replies":[{"embeddable":true,"href":"https:\/\/www.lafabbrica.it\/fr\/wp-json\/wp\/v2\/comments?post=12833"}],"version-history":[{"count":29,"href":"https:\/\/www.lafabbrica.it\/fr\/wp-json\/wp\/v2\/pages\/12833\/revisions"}],"predecessor-version":[{"id":33395,"href":"https:\/\/www.lafabbrica.it\/fr\/wp-json\/wp\/v2\/pages\/12833\/revisions\/33395"}],"wp:attachment":[{"href":"https:\/\/www.lafabbrica.it\/fr\/wp-json\/wp\/v2\/media?parent=12833"}],"curies":[{"name":"wp","href":"https:\/\/api.w.org\/{rel}","templated":true}]}}