{"id":22465,"date":"2024-10-10T12:20:14","date_gmt":"2024-10-10T11:20:14","guid":{"rendered":"https:\/\/www.lafabbrica.it\/?page_id=22465"},"modified":"2026-03-27T12:19:39","modified_gmt":"2026-03-27T11:19:39","slug":"italcer-group-2","status":"publish","type":"page","link":"https:\/\/www.lafabbrica.it\/de\/italcer-group-2\/","title":{"rendered":"Italcer Group"},"content":{"rendered":"\t\t<div data-elementor-type=\"wp-page\" data-elementor-id=\"22465\" class=\"elementor elementor-22465 elementor-22464\" data-elementor-post-type=\"page\">\n\t\t\t\t<div class=\"elementor-element elementor-element-fbd9447 e-flex e-con-boxed e-con e-parent\" data-id=\"fbd9447\" data-element_type=\"container\" data-settings=\"{&quot;content_width&quot;:&quot;boxed&quot;}\" data-core-v316-plus=\"true\">\n\t\t\t\t\t<div class=\"e-con-inner\">\n\t\t\t\t<div class=\"elementor-element elementor-element-b3289c8 elementor-widget elementor-widget-heading\" data-id=\"b3289c8\" data-element_type=\"widget\" data-widget_type=\"heading.default\">\n\t\t\t\t<div class=\"elementor-widget-container\">\n\t\t\t<h1 class=\"elementor-heading-title elementor-size-default\">italcer group<\/h1>\t\t<\/div>\n\t\t\t\t<\/div>\n\t\t\t\t\t<\/div>\n\t\t\t\t<\/div>\n\t\t<div class=\"elementor-element elementor-element-105504c e-con-full e-flex e-con e-parent\" data-id=\"105504c\" data-element_type=\"container\" data-settings=\"{&quot;content_width&quot;:&quot;full&quot;}\" data-core-v316-plus=\"true\">\n\t\t\t\t<div class=\"elementor-element elementor-element-056ec24 elementor--h-position-center elementor--v-position-middle elementor-invisible elementor-widget elementor-widget-slides\" data-id=\"056ec24\" data-element_type=\"widget\" data-settings=\"{&quot;navigation&quot;:&quot;none&quot;,&quot;autoplay_speed&quot;:2000,&quot;transition&quot;:&quot;fade&quot;,&quot;transition_speed&quot;:1000,&quot;_animation&quot;:&quot;fadeIn&quot;,&quot;autoplay&quot;:&quot;yes&quot;,&quot;pause_on_hover&quot;:&quot;yes&quot;,&quot;pause_on_interaction&quot;:&quot;yes&quot;,&quot;infinite&quot;:&quot;yes&quot;}\" data-widget_type=\"slides.default\">\n\t\t\t\t<div class=\"elementor-widget-container\">\n\t\t\t\t\t<div class=\"elementor-swiper\">\n\t\t\t<div class=\"elementor-slides-wrapper elementor-main-swiper swiper-container\" dir=\"ltr\" data-animation=\"fadeInUp\">\n\t\t\t\t<div class=\"swiper-wrapper elementor-slides\">\n\t\t\t\t\t\t\t\t\t\t<div class=\"elementor-repeater-item-d01d024 swiper-slide\"><div class=\"swiper-slide-bg\" role=\"img\"><\/div><div class=\"swiper-slide-inner\" ><div class=\"swiper-slide-contents\"><\/div><\/div><\/div><div class=\"elementor-repeater-item-9ba7a59 swiper-slide\"><div class=\"swiper-slide-bg\" role=\"img\"><\/div><div class=\"swiper-slide-inner\" ><div class=\"swiper-slide-contents\"><\/div><\/div><\/div><div class=\"elementor-repeater-item-1ac603b swiper-slide\"><div class=\"swiper-slide-bg\" role=\"img\"><\/div><div class=\"swiper-slide-inner\" ><div class=\"swiper-slide-contents\"><\/div><\/div><\/div><div class=\"elementor-repeater-item-671645a swiper-slide\"><div class=\"swiper-slide-bg\" role=\"img\"><\/div><div class=\"swiper-slide-inner\" ><div class=\"swiper-slide-contents\"><\/div><\/div><\/div><div class=\"elementor-repeater-item-33dafa2 swiper-slide\"><div class=\"swiper-slide-bg\" role=\"img\"><\/div><div class=\"swiper-slide-inner\" ><div class=\"swiper-slide-contents\"><\/div><\/div><\/div><div class=\"elementor-repeater-item-14f3a49 swiper-slide\"><div class=\"swiper-slide-bg\" role=\"img\"><\/div><div class=\"swiper-slide-inner\" ><div class=\"swiper-slide-contents\"><\/div><\/div><\/div><div class=\"elementor-repeater-item-b157f60 swiper-slide\"><div class=\"swiper-slide-bg\" role=\"img\"><\/div><div class=\"swiper-slide-inner\" ><div class=\"swiper-slide-contents\"><\/div><\/div><\/div><div class=\"elementor-repeater-item-2487f19 swiper-slide\"><div class=\"swiper-slide-bg\" role=\"img\"><\/div><div class=\"swiper-slide-inner\" ><div class=\"swiper-slide-contents\"><\/div><\/div><\/div><div class=\"elementor-repeater-item-1543975 swiper-slide\"><div class=\"swiper-slide-bg\" role=\"img\"><\/div><div class=\"swiper-slide-inner\" ><div class=\"swiper-slide-contents\"><\/div><\/div><\/div>\t\t\t\t<\/div>\n\t\t\t\t\t\t\t\t\t\t\t\t\t\t\t\t\t\t\t\t\t<\/div>\n\t\t<\/div>\n\t\t\t\t<\/div>\n\t\t\t\t<\/div>\n\t\t\t\t<\/div>\n\t\t<div class=\"elementor-element elementor-element-219baed e-flex e-con-boxed e-con e-parent\" data-id=\"219baed\" data-element_type=\"container\" data-settings=\"{&quot;content_width&quot;:&quot;boxed&quot;}\" data-core-v316-plus=\"true\">\n\t\t\t\t\t<div class=\"e-con-inner\">\n\t\t\t\t<div class=\"elementor-element elementor-element-326fce0 elementor-widget elementor-widget-image\" data-id=\"326fce0\" data-element_type=\"widget\" data-widget_type=\"image.default\">\n\t\t\t\t<div class=\"elementor-widget-container\">\n\t\t\t\t\t\t\t\t\t\t\t\t\t<img fetchpriority=\"high\" decoding=\"async\" width=\"868\" height=\"258\" src=\"https:\/\/www.lafabbrica.it\/wp-content\/uploads\/2023\/08\/italcer-logo.jpg\" class=\"attachment-large size-large wp-image-8645\" alt=\"\" srcset=\"https:\/\/www.lafabbrica.it\/wp-content\/uploads\/2023\/08\/italcer-logo.jpg 868w, https:\/\/www.lafabbrica.it\/wp-content\/uploads\/2023\/08\/italcer-logo-300x89.jpg 300w, https:\/\/www.lafabbrica.it\/wp-content\/uploads\/2023\/08\/italcer-logo-768x228.jpg 768w\" sizes=\"(max-width: 868px) 100vw, 868px\" \/>\t\t\t\t\t\t\t\t\t\t\t\t\t<\/div>\n\t\t\t\t<\/div>\n\t\t\t\t<div data-dce-background-color=\"#00223B\" class=\"elementor-element elementor-element-8b89bac elementor-align-center elementor-widget elementor-widget-button\" data-id=\"8b89bac\" data-element_type=\"widget\" data-widget_type=\"button.default\">\n\t\t\t\t<div class=\"elementor-widget-container\">\n\t\t\t\t\t<div class=\"elementor-button-wrapper\">\n\t\t\t<a class=\"elementor-button elementor-button-link elementor-size-sm\" href=\"https:\/\/www.gruppoitalcer.it\/\" target=\"_blank\">\n\t\t\t\t\t\t<span class=\"elementor-button-content-wrapper\">\n\t\t\t\t\t\t<span class=\"elementor-button-text\">GEHEN SIE ZUR WEBSITE<\/span>\n\t\t<\/span>\n\t\t\t\t\t<\/a>\n\t\t<\/div>\n\t\t\t\t<\/div>\n\t\t\t\t<\/div>\n\t\t\t\t\t<\/div>\n\t\t\t\t<\/div>\n\t\t<div data-dce-background-color=\"#F8F8F8\" class=\"elementor-element elementor-element-1eed05a e-flex e-con-boxed e-con e-parent\" data-id=\"1eed05a\" data-element_type=\"container\" data-settings=\"{&quot;background_background&quot;:&quot;classic&quot;,&quot;content_width&quot;:&quot;boxed&quot;}\" data-core-v316-plus=\"true\">\n\t\t\t\t\t<div class=\"e-con-inner\">\n\t\t\t\t<div class=\"elementor-element elementor-element-16c89b9 elementor-widget__width-initial elementor-widget elementor-widget-text-editor\" data-id=\"16c89b9\" data-element_type=\"widget\" data-widget_type=\"text-editor.default\">\n\t\t\t\t<div class=\"elementor-widget-container\">\n\t\t\t\t\t\t\t<p data-start=\"0\" data-end=\"382\">Die <strong data-start=\"4\" data-end=\"21\">Italcer Group<\/strong>, einer der f\u00fchrenden italienischen Anbieter im Bereich <strong data-start=\"77\" data-end=\"124\">hochwertige Keramikb\u00f6den und -verkleidungen<\/strong> sowie <strong data-start=\"131\" data-end=\"154\">Luxusbadausstattung<\/strong>, wurde 2017 auf Initiative von <strong data-start=\"186\" data-end=\"204\">Graziano Verdi<\/strong>, CEO und Mitgr\u00fcnder der Gruppe, sowie des Private-Equity-Fonds <strong data-start=\"268\" data-end=\"296\">Mindful Capital Partners<\/strong> gegr\u00fcndet. Ziel war es, einen <strong data-start=\"327\" data-end=\"351\">globalen Marktf\u00fchrer<\/strong> im Referenzsektor zu schaffen.<\/p>\r\n<p data-start=\"384\" data-end=\"768\">Die <strong data-start=\"388\" data-end=\"405\">Kataloge 2024<\/strong> f\u00fcr die vom Unternehmen vertriebenen <strong data-start=\"443\" data-end=\"465\">Keramikoberfl\u00e4chen<\/strong> umfassen <strong data-start=\"475\" data-end=\"495\">332 Kollektionen<\/strong>, w\u00e4hrend die Marke <strong data-start=\"515\" data-end=\"530\">Devon&amp;Devon<\/strong> rund <strong data-start=\"536\" data-end=\"556\">147 Kollektionen<\/strong> anbietet. Alle Kollektionen sind darauf ausgelegt, unterschiedliche <strong data-start=\"625\" data-end=\"643\">Kundensegmente<\/strong> zu bedienen, darunter <strong data-start=\"666\" data-end=\"680\">B2B-Kunden<\/strong>, <strong data-start=\"682\" data-end=\"707\">Premium-Distributoren<\/strong> und gro\u00dfe <strong data-start=\"718\" data-end=\"741\">Einzelhandelsketten<\/strong> auf internationaler Ebene.<\/p>\r\n<p data-start=\"770\" data-end=\"921\">Das Vertriebsnetz der Gruppe erstreckt sich \u00fcber <strong data-start=\"823\" data-end=\"837\">127 L\u00e4nder<\/strong> und positioniert das Unternehmen als einen der wichtigsten Akteure der Branche.<\/p>\r\n<p data-start=\"923\" data-end=\"1258\">Die Produkte, von denen keines regulatorischen Einschr\u00e4nkungen unterliegt, werden \u00fcber ein breites Markenportfolio angeboten. Zu den wichtigsten Marken z\u00e4hlen: <strong data-start=\"1091\" data-end=\"1111\">Ceramica Rondine<\/strong>, <strong data-start=\"1113\" data-end=\"1131\">Elios Ceramica<\/strong>, <strong data-start=\"1133\" data-end=\"1152\">LA FABBRICA AVA<\/strong>, <strong data-start=\"1154\" data-end=\"1166\">AVASTONE<\/strong>, <strong data-start=\"1168\" data-end=\"1182\">Fondovalle<\/strong>, <strong data-start=\"1184\" data-end=\"1193\">MyTop<\/strong>, <strong data-start=\"1195\" data-end=\"1206\">Bottega<\/strong>, <strong data-start=\"1208\" data-end=\"1218\">Equipe<\/strong>, <strong data-start=\"1220\" data-end=\"1235\">Devon&amp;Devon<\/strong>, <strong data-start=\"1237\" data-end=\"1257\">Terratinta Group<\/strong>.<\/p>\r\n<p data-start=\"1260\" data-end=\"1451\" data-is-last-node=\"\" data-is-only-node=\"\">Dar\u00fcber hinaus produziert die Gruppe auch atomisierte Pulver, die teilweise in den internen Produktionsprozessen verwendet und teilweise an andere Branchenakteure verkauft werden.<\/p>\t\t\t\t\t\t<\/div>\n\t\t\t\t<\/div>\n\t\t\t\t<div data-dce-advanced-background-color=\"#00223B\" class=\"elementor-element elementor-element-3158293 elementor--h-position-center elementor--v-position-middle elementor-widget elementor-widget-slides\" data-id=\"3158293\" data-element_type=\"widget\" data-settings=\"{&quot;navigation&quot;:&quot;none&quot;,&quot;infinite&quot;:&quot;yes&quot;,&quot;transition&quot;:&quot;slide&quot;,&quot;transition_speed&quot;:500}\" data-widget_type=\"slides.default\">\n\t\t\t\t<div class=\"elementor-widget-container\">\n\t\t\t\t\t<div class=\"elementor-swiper\">\n\t\t\t<div class=\"elementor-slides-wrapper elementor-main-swiper swiper-container\" dir=\"ltr\" data-animation=\"fadeInUp\">\n\t\t\t\t<div class=\"swiper-wrapper elementor-slides\">\n\t\t\t\t\t\t\t\t\t\t<div class=\"elementor-repeater-item-11bf60a swiper-slide\"><div class=\"swiper-slide-bg\" role=\"img\"><\/div><div class=\"swiper-slide-inner\" ><div class=\"swiper-slide-contents\"><div class=\"elementor-slide-heading\">UNSERE MISSION<\/div><div class=\"elementor-slide-description\"><p>Die Mission der Italcer Group besteht darin, qualitativ hochwertige Produkte f\u00fcr Verbraucher, Kunden und Architekturprofis zu schaffen, die Design, Sch\u00f6nheit und Innovation miteinander verbinden. Dabei wird stets auf Nachhaltigkeit geachtet, um die Umwelt und nat\u00fcrliche Ressourcen zu sch\u00fctzen.<\/p>\n<\/div><\/div><\/div><\/div><div class=\"elementor-repeater-item-bff1f5e swiper-slide\"><div class=\"swiper-slide-bg\" role=\"img\"><\/div><div class=\"swiper-slide-inner\" ><div class=\"swiper-slide-contents\"><div class=\"elementor-slide-heading\">UNSERE VISION<\/div><div class=\"elementor-slide-description\"><p>Die Vision der Italcer Group besteht darin, globaler Marktf\u00fchrer im Bereich Designkeramik und luxuri\u00f6ser Badezimmereinrichtungen zu sein, durch eine innovative und nachhaltige Industrie.<\/p>\n<\/div><\/div><\/div><\/div>\t\t\t\t<\/div>\n\t\t\t\t\t\t\t\t\t\t\t\t\t\t\t\t\t\t\t\t\t<\/div>\n\t\t<\/div>\n\t\t\t\t<\/div>\n\t\t\t\t<\/div>\n\t\t\t\t\t<\/div>\n\t\t\t\t<\/div>\n\t\t<div data-dce-background-color=\"#F8F8F8\" data-dce-background-overlay-color=\"#F8F8F8\" class=\"elementor-element elementor-element-e61f448 e-flex e-con-boxed e-con e-parent\" data-id=\"e61f448\" data-element_type=\"container\" data-settings=\"{&quot;background_background&quot;:&quot;classic&quot;,&quot;content_width&quot;:&quot;boxed&quot;}\" data-core-v316-plus=\"true\">\n\t\t\t\t\t<div class=\"e-con-inner\">\n\t\t<div class=\"elementor-element elementor-element-f1cc52c e-con-full e-flex e-con e-child\" data-id=\"f1cc52c\" data-element_type=\"container\" data-settings=\"{&quot;content_width&quot;:&quot;full&quot;}\">\n\t\t\t\t<div data-dce-advanced-background-color=\"#FFFFFF00\" class=\"elementor-element elementor-element-a320205 elementor-widget elementor-widget-counter\" data-id=\"a320205\" data-element_type=\"widget\" data-widget_type=\"counter.default\">\n\t\t\t\t<div class=\"elementor-widget-container\">\n\t\t\t\t\t<div class=\"elementor-counter\">\n\t\t\t<div class=\"elementor-counter-number-wrapper\">\n\t\t\t\t<span class=\"elementor-counter-number-prefix\"><\/span>\n\t\t\t\t<span class=\"elementor-counter-number\" data-duration=\"2000\" data-to-value=\"10\" data-from-value=\"0\" data-delimiter=\",\">0<\/span>\n\t\t\t\t<span class=\"elementor-counter-number-suffix\"><\/span>\n\t\t\t<\/div>\n\t\t\t\t\t\t\t<div class=\"elementor-counter-title\">DIE HAUPTMARKEN<br>DES GRUPPEN<\/div>\n\t\t\t\t\t<\/div>\n\t\t\t\t<\/div>\n\t\t\t\t<\/div>\n\t\t\t\t<\/div>\n\t\t<div class=\"elementor-element elementor-element-7b98a0d e-con-full e-flex e-con e-child\" data-id=\"7b98a0d\" data-element_type=\"container\" data-settings=\"{&quot;content_width&quot;:&quot;full&quot;}\">\n\t\t\t\t<div data-dce-advanced-background-color=\"#FFFFFF00\" class=\"elementor-element elementor-element-ab615fe elementor-widget elementor-widget-counter\" data-id=\"ab615fe\" data-element_type=\"widget\" data-widget_type=\"counter.default\">\n\t\t\t\t<div class=\"elementor-widget-container\">\n\t\t\t\t\t<div class=\"elementor-counter\">\n\t\t\t<div class=\"elementor-counter-number-wrapper\">\n\t\t\t\t<span class=\"elementor-counter-number-prefix\"><\/span>\n\t\t\t\t<span class=\"elementor-counter-number\" data-duration=\"2000\" data-to-value=\"2\" data-from-value=\"0\" data-delimiter=\",\">0<\/span>\n\t\t\t\t<span class=\"elementor-counter-number-suffix\"><\/span>\n\t\t\t<\/div>\n\t\t\t\t\t\t\t<div class=\"elementor-counter-title\">DIE L\u00c4NDER, IN DENEN<br> DER GRUPPE PRODUZIERT<\/div>\n\t\t\t\t\t<\/div>\n\t\t\t\t<\/div>\n\t\t\t\t<\/div>\n\t\t\t\t<\/div>\n\t\t<div class=\"elementor-element elementor-element-f2c27af e-con-full e-flex e-con e-child\" data-id=\"f2c27af\" data-element_type=\"container\" data-settings=\"{&quot;content_width&quot;:&quot;full&quot;}\">\n\t\t\t\t<div class=\"elementor-element elementor-element-5817227 elementor-widget elementor-widget-counter\" data-id=\"5817227\" data-element_type=\"widget\" data-widget_type=\"counter.default\">\n\t\t\t\t<div class=\"elementor-widget-container\">\n\t\t\t\t\t<div class=\"elementor-counter\">\n\t\t\t<div class=\"elementor-counter-number-wrapper\">\n\t\t\t\t<span class=\"elementor-counter-number-prefix\"><\/span>\n\t\t\t\t<span class=\"elementor-counter-number\" data-duration=\"2000\" data-to-value=\"13\" data-from-value=\"0\" data-delimiter=\",\">0<\/span>\n\t\t\t\t<span class=\"elementor-counter-number-suffix\"><\/span>\n\t\t\t<\/div>\n\t\t\t\t\t\t\t<div class=\"elementor-counter-title\">PRODUKTIONSEINRICHTUNGEN <br>(4 IN SPANIEN, 9 IN ITALIEN)<\/div>\n\t\t\t\t\t<\/div>\n\t\t\t\t<\/div>\n\t\t\t\t<\/div>\n\t\t\t\t<\/div>\n\t\t\t\t\t<\/div>\n\t\t\t\t<\/div>\n\t\t<div data-dce-background-color=\"#F8F8F8\" class=\"elementor-element elementor-element-e5d1745 e-flex e-con-boxed e-con e-parent\" data-id=\"e5d1745\" data-element_type=\"container\" data-settings=\"{&quot;background_background&quot;:&quot;classic&quot;,&quot;content_width&quot;:&quot;boxed&quot;}\" data-core-v316-plus=\"true\">\n\t\t\t\t\t<div class=\"e-con-inner\">\n\t\t<div class=\"elementor-element elementor-element-77f3427 e-con-full e-flex e-con e-child\" data-id=\"77f3427\" data-element_type=\"container\" data-settings=\"{&quot;content_width&quot;:&quot;full&quot;}\">\n\t\t\t\t<div class=\"elementor-element elementor-element-b505204 elementor-widget elementor-widget-counter\" data-id=\"b505204\" data-element_type=\"widget\" data-widget_type=\"counter.default\">\n\t\t\t\t<div class=\"elementor-widget-container\">\n\t\t\t\t\t<div class=\"elementor-counter\">\n\t\t\t<div class=\"elementor-counter-number-wrapper\">\n\t\t\t\t<span class=\"elementor-counter-number-prefix\"><\/span>\n\t\t\t\t<span class=\"elementor-counter-number\" data-duration=\"2000\" data-to-value=\"127\" data-from-value=\"0\" data-delimiter=\",\">0<\/span>\n\t\t\t\t<span class=\"elementor-counter-number-suffix\"><\/span>\n\t\t\t<\/div>\n\t\t\t\t\t\t\t<div class=\"elementor-counter-title\">BEDIENTE L\u00c4NDER<br><\/div>\n\t\t\t\t\t<\/div>\n\t\t\t\t<\/div>\n\t\t\t\t<\/div>\n\t\t\t\t<\/div>\n\t\t<div class=\"elementor-element elementor-element-b9e744f e-con-full e-flex e-con e-child\" data-id=\"b9e744f\" data-element_type=\"container\" data-settings=\"{&quot;content_width&quot;:&quot;full&quot;}\">\n\t\t\t\t<div class=\"elementor-element elementor-element-a8c5eb4 elementor-widget elementor-widget-counter\" data-id=\"a8c5eb4\" data-element_type=\"widget\" data-widget_type=\"counter.default\">\n\t\t\t\t<div class=\"elementor-widget-container\">\n\t\t\t\t\t<div class=\"elementor-counter\">\n\t\t\t<div class=\"elementor-counter-number-wrapper\">\n\t\t\t\t<span class=\"elementor-counter-number-prefix\"><\/span>\n\t\t\t\t<span class=\"elementor-counter-number\" data-duration=\"2000\" data-to-value=\"1.165\" data-from-value=\"0\" data-delimiter=\",\">0<\/span>\n\t\t\t\t<span class=\"elementor-counter-number-suffix\"><\/span>\n\t\t\t<\/div>\n\t\t\t\t\t\t\t<div class=\"elementor-counter-title\">MITARBEITER<\/div>\n\t\t\t\t\t<\/div>\n\t\t\t\t<\/div>\n\t\t\t\t<\/div>\n\t\t\t\t<\/div>\n\t\t<div class=\"elementor-element elementor-element-9cbad51 e-con-full e-flex e-con e-child\" data-id=\"9cbad51\" data-element_type=\"container\" data-settings=\"{&quot;content_width&quot;:&quot;full&quot;}\">\n\t\t\t\t<div class=\"elementor-element elementor-element-e0eb57a elementor-widget elementor-widget-counter\" data-id=\"e0eb57a\" data-element_type=\"widget\" data-widget_type=\"counter.default\">\n\t\t\t\t<div class=\"elementor-widget-container\">\n\t\t\t\t\t<div class=\"elementor-counter\">\n\t\t\t<div class=\"elementor-counter-number-wrapper\">\n\t\t\t\t<span class=\"elementor-counter-number-prefix\"><\/span>\n\t\t\t\t<span class=\"elementor-counter-number\" data-duration=\"2000\" data-to-value=\"3\" data-from-value=\"\" data-delimiter=\",\"><\/span>\n\t\t\t\t<span class=\"elementor-counter-number-suffix\"><\/span>\n\t\t\t<\/div>\n\t\t\t\t\t\t\t<div class=\"elementor-counter-title\">MILLIONEN \u20ac<BR>INVESTITIONEN IN F&E<\/div>\n\t\t\t\t\t<\/div>\n\t\t\t\t<\/div>\n\t\t\t\t<\/div>\n\t\t\t\t<\/div>\n\t\t\t\t\t<\/div>\n\t\t\t\t<\/div>\n\t\t<div data-dce-background-color=\"#FFFFFF\" class=\"elementor-element elementor-element-6b215fb e-flex e-con-boxed e-con e-parent\" data-id=\"6b215fb\" data-element_type=\"container\" data-settings=\"{&quot;background_background&quot;:&quot;classic&quot;,&quot;content_width&quot;:&quot;boxed&quot;}\" data-core-v316-plus=\"true\">\n\t\t\t\t\t<div class=\"e-con-inner\">\n\t\t<div class=\"elementor-element elementor-element-a1a6e78 e-con-full e-flex e-con e-child\" data-id=\"a1a6e78\" data-element_type=\"container\" data-settings=\"{&quot;content_width&quot;:&quot;full&quot;}\">\n\t\t\t\t<div class=\"elementor-element elementor-element-818d24b elementor-widget elementor-widget-image\" data-id=\"818d24b\" data-element_type=\"widget\" data-widget_type=\"image.default\">\n\t\t\t\t<div class=\"elementor-widget-container\">\n\t\t\t\t\t\t\t\t\t\t\t\t\t<img decoding=\"async\" width=\"964\" height=\"468\" src=\"https:\/\/www.lafabbrica.it\/wp-content\/uploads\/2024\/01\/Loghi-gruppo_1.jpg\" class=\"attachment-large size-large wp-image-16248\" alt=\"\" srcset=\"https:\/\/www.lafabbrica.it\/wp-content\/uploads\/2024\/01\/Loghi-gruppo_1.jpg 964w, https:\/\/www.lafabbrica.it\/wp-content\/uploads\/2024\/01\/Loghi-gruppo_1-300x146.jpg 300w, https:\/\/www.lafabbrica.it\/wp-content\/uploads\/2024\/01\/Loghi-gruppo_1-768x373.jpg 768w\" sizes=\"(max-width: 964px) 100vw, 964px\" \/>\t\t\t\t\t\t\t\t\t\t\t\t\t<\/div>\n\t\t\t\t<\/div>\n\t\t\t\t<\/div>\n\t\t<div class=\"elementor-element elementor-element-5400ea5 e-con-full e-flex e-con e-child\" data-id=\"5400ea5\" data-element_type=\"container\" data-settings=\"{&quot;content_width&quot;:&quot;full&quot;}\">\n\t\t\t\t<div class=\"elementor-element elementor-element-2ba0668 elementor-widget elementor-widget-image\" data-id=\"2ba0668\" data-element_type=\"widget\" data-widget_type=\"image.default\">\n\t\t\t\t<div class=\"elementor-widget-container\">\n\t\t\t\t\t\t\t\t\t\t\t\t\t<img decoding=\"async\" width=\"964\" height=\"468\" src=\"https:\/\/www.lafabbrica.it\/wp-content\/uploads\/2024\/01\/Loghi-gruppo_2.jpg\" class=\"attachment-large size-large wp-image-16252\" alt=\"\" srcset=\"https:\/\/www.lafabbrica.it\/wp-content\/uploads\/2024\/01\/Loghi-gruppo_2.jpg 964w, https:\/\/www.lafabbrica.it\/wp-content\/uploads\/2024\/01\/Loghi-gruppo_2-300x146.jpg 300w, https:\/\/www.lafabbrica.it\/wp-content\/uploads\/2024\/01\/Loghi-gruppo_2-768x373.jpg 768w\" sizes=\"(max-width: 964px) 100vw, 964px\" \/>\t\t\t\t\t\t\t\t\t\t\t\t\t<\/div>\n\t\t\t\t<\/div>\n\t\t\t\t<\/div>\n\t\t\t\t\t<\/div>\n\t\t\t\t<\/div>\n\t\t<div data-dce-background-color=\"#F8F8F8\" class=\"elementor-element elementor-element-c5820fe e-con-full e-flex e-con e-parent\" data-id=\"c5820fe\" data-element_type=\"container\" data-settings=\"{&quot;content_width&quot;:&quot;full&quot;,&quot;background_background&quot;:&quot;classic&quot;}\" data-core-v316-plus=\"true\">\n\t\t<div data-dce-background-color=\"#00243E\" class=\"elementor-element elementor-element-fa7ee31 e-con-full e-flex e-con e-child\" data-id=\"fa7ee31\" data-element_type=\"container\" data-settings=\"{&quot;content_width&quot;:&quot;full&quot;,&quot;background_background&quot;:&quot;classic&quot;}\">\n\t\t\t\t<div class=\"elementor-element elementor-element-2cfe462 elementor-widget elementor-widget-image\" data-id=\"2cfe462\" data-element_type=\"widget\" data-widget_type=\"image.default\">\n\t\t\t\t<div class=\"elementor-widget-container\">\n\t\t\t\t\t\t\t\t\t\t\t\t\t<img loading=\"lazy\" decoding=\"async\" width=\"2356\" height=\"1906\" src=\"https:\/\/www.lafabbrica.it\/wp-content\/uploads\/2024\/10\/STABILIMENTI-ITALIA.jpg\" class=\"attachment-full size-full wp-image-22469\" alt=\"\" srcset=\"https:\/\/www.lafabbrica.it\/wp-content\/uploads\/2024\/10\/STABILIMENTI-ITALIA.jpg 2356w, https:\/\/www.lafabbrica.it\/wp-content\/uploads\/2024\/10\/STABILIMENTI-ITALIA-300x243.jpg 300w, https:\/\/www.lafabbrica.it\/wp-content\/uploads\/2024\/10\/STABILIMENTI-ITALIA-1024x828.jpg 1024w, https:\/\/www.lafabbrica.it\/wp-content\/uploads\/2024\/10\/STABILIMENTI-ITALIA-768x621.jpg 768w, https:\/\/www.lafabbrica.it\/wp-content\/uploads\/2024\/10\/STABILIMENTI-ITALIA-1536x1243.jpg 1536w, https:\/\/www.lafabbrica.it\/wp-content\/uploads\/2024\/10\/STABILIMENTI-ITALIA-2048x1657.jpg 2048w\" sizes=\"(max-width: 2356px) 100vw, 2356px\" \/>\t\t\t\t\t\t\t\t\t\t\t\t\t<\/div>\n\t\t\t\t<\/div>\n\t\t\t\t<\/div>\n\t\t<div data-dce-background-color=\"#FFFFFF\" class=\"elementor-element elementor-element-d42ebc0 e-con-full e-flex e-con e-child\" data-id=\"d42ebc0\" data-element_type=\"container\" data-settings=\"{&quot;content_width&quot;:&quot;full&quot;,&quot;background_background&quot;:&quot;classic&quot;}\">\n\t\t\t\t<div class=\"elementor-element elementor-element-74dc891 elementor-widget elementor-widget-text-editor\" data-id=\"74dc891\" data-element_type=\"widget\" data-widget_type=\"text-editor.default\">\n\t\t\t\t<div class=\"elementor-widget-container\">\n\t\t\t\t\t\t\t<p>ITALIENISCHE PRODUKTIONSEINRICHTUNGEN<\/p>\n\t\t\t\t\t\t<\/div>\n\t\t\t\t<\/div>\n\t\t\t\t<div class=\"elementor-element elementor-element-1c887ae elementor-widget elementor-widget-accordion\" data-id=\"1c887ae\" data-element_type=\"widget\" data-widget_type=\"accordion.default\">\n\t\t\t\t<div class=\"elementor-widget-container\">\n\t\t\t\t\t<div class=\"elementor-accordion\">\n\t\t\t\t\t\t\t<div class=\"elementor-accordion-item\">\n\t\t\t\t\t<div id=\"elementor-tab-title-2991\" class=\"elementor-tab-title\" data-tab=\"1\" role=\"button\" aria-controls=\"elementor-tab-content-2991\" aria-expanded=\"false\">\n\t\t\t\t\t\t\t\t\t\t\t\t\t<span class=\"elementor-accordion-icon elementor-accordion-icon-left\" aria-hidden=\"true\">\n\t\t\t\t\t\t\t\t\t\t\t\t\t\t\t<span class=\"elementor-accordion-icon-closed\"><i class=\"fas fa-plus\"><\/i><\/span>\n\t\t\t\t\t\t\t\t<span class=\"elementor-accordion-icon-opened\"><i class=\"fas fa-minus\"><\/i><\/span>\n\t\t\t\t\t\t\t\t\t\t\t\t\t\t<\/span>\n\t\t\t\t\t\t\t\t\t\t\t\t<a class=\"elementor-accordion-title\" tabindex=\"0\">RUBIERA<\/a>\n\t\t\t\t\t<\/div>\n\t\t\t\t\t<div id=\"elementor-tab-content-2991\" class=\"elementor-tab-content elementor-clearfix\" data-tab=\"1\" role=\"region\" aria-labelledby=\"elementor-tab-title-2991\"><p>Das Geb\u00e4udeensemble, das aus 6 Fabriken besteht, befindet sich in der Gemeinde Rubiera, in der Provinz Reggio Emilia. Das Gel\u00e4nde hat eine Gesamtfl\u00e4che von etwa 100.000 m\u00b2, auf dem 110 Personen besch\u00e4ftigt sind, davon 83 in der Produktion und 27 in der Logistik. Das Werk, das im Besitz der Gruppe ist, ist auf die Herstellung von keramischen Produkten mittlerer und gro\u00dfer Gr\u00f6\u00dfe spezialisiert, und seine j\u00e4hrliche Produktionskapazit\u00e4t betr\u00e4gt etwa 5,75 Millionen m\u00b2.<\/p>\n<\/div>\n\t\t\t\t<\/div>\n\t\t\t\t\t\t\t<div class=\"elementor-accordion-item\">\n\t\t\t\t\t<div id=\"elementor-tab-title-2992\" class=\"elementor-tab-title\" data-tab=\"2\" role=\"button\" aria-controls=\"elementor-tab-content-2992\" aria-expanded=\"false\">\n\t\t\t\t\t\t\t\t\t\t\t\t\t<span class=\"elementor-accordion-icon elementor-accordion-icon-left\" aria-hidden=\"true\">\n\t\t\t\t\t\t\t\t\t\t\t\t\t\t\t<span class=\"elementor-accordion-icon-closed\"><i class=\"fas fa-plus\"><\/i><\/span>\n\t\t\t\t\t\t\t\t<span class=\"elementor-accordion-icon-opened\"><i class=\"fas fa-minus\"><\/i><\/span>\n\t\t\t\t\t\t\t\t\t\t\t\t\t\t<\/span>\n\t\t\t\t\t\t\t\t\t\t\t\t<a class=\"elementor-accordion-title\" tabindex=\"0\">FIORANO MODENESE<\/a>\n\t\t\t\t\t<\/div>\n\t\t\t\t\t<div id=\"elementor-tab-content-2992\" class=\"elementor-tab-content elementor-clearfix\" data-tab=\"2\" role=\"region\" aria-labelledby=\"elementor-tab-title-2992\"><p>Das Werk, das an der Grenze zwischen den Gemeinden Formigine und Fiorano Modenese in der Provinz Modena liegt, hat eine Gesamtfl\u00e4che von 56.900 Quadratmetern. In dem Werk sind 66 Personen besch\u00e4ftigt (65 in der Produktion und 1 in der Logistik) und es ist auf die Herstellung von keramischen Produkten kleiner Formate (XS und S) sowie von keramischen Erzeugnissen der Marke Elios Ceramica f\u00fcr Schwimmb\u00e4der spezialisiert. Dank k\u00fcrzlicher Investitionen, die eine Modernisierung einiger Produktionslinien auf den Stand 4.0 erm\u00f6glichten, ist das Werk in der Lage, gro\u00dfformatige Produkte (100&#215;100 cm) f\u00fcr Innen- und Au\u00dfenbereiche herzustellen und dabei die H20-Technologie (Produkte mit einer Dicke von 20 mm) anzuwenden. Die j\u00e4hrliche Produktionskapazit\u00e4t des Werks betr\u00e4gt etwa 3,5 Millionen m\u00b2.<\/p>\n<\/div>\n\t\t\t\t<\/div>\n\t\t\t\t\t\t\t<div class=\"elementor-accordion-item\">\n\t\t\t\t\t<div id=\"elementor-tab-title-2993\" class=\"elementor-tab-title\" data-tab=\"3\" role=\"button\" aria-controls=\"elementor-tab-content-2993\" aria-expanded=\"false\">\n\t\t\t\t\t\t\t\t\t\t\t\t\t<span class=\"elementor-accordion-icon elementor-accordion-icon-left\" aria-hidden=\"true\">\n\t\t\t\t\t\t\t\t\t\t\t\t\t\t\t<span class=\"elementor-accordion-icon-closed\"><i class=\"fas fa-plus\"><\/i><\/span>\n\t\t\t\t\t\t\t\t<span class=\"elementor-accordion-icon-opened\"><i class=\"fas fa-minus\"><\/i><\/span>\n\t\t\t\t\t\t\t\t\t\t\t\t\t\t<\/span>\n\t\t\t\t\t\t\t\t\t\t\t\t<a class=\"elementor-accordion-title\" tabindex=\"0\">UBERSETTO<\/a>\n\t\t\t\t\t<\/div>\n\t\t\t\t\t<div id=\"elementor-tab-content-2993\" class=\"elementor-tab-content elementor-clearfix\" data-tab=\"3\" role=\"region\" aria-labelledby=\"elementor-tab-title-2993\"><p>Die Industrieimmobilie, die sich in Formigine (Modena) befindet und im Rahmen der \u00dcbernahme von Ceramica Fondovalle Teil der Gruppe wurde, hat eine Gesamtfl\u00e4che von 36.000 m\u00b2. In dem Werk sind 33 Personen besch\u00e4ftigt (24 in der Produktion und 9 in der Logistik) und es ist auf die Veredelung von keramischen Produkten (Schneiden, Schleifen, Polieren und Richten) spezialisiert. J\u00fcngste Investitionen f\u00fchrten zur Modernisierung der Polierlinie mit der &#8220;Supershine&#8221;-Technologie, um die Produktion zu steigern und die Effizienz zu verbessern. Die logistischen Aktivit\u00e4ten werden am Standort durchgef\u00fchrt.<\/p>\n<\/div>\n\t\t\t\t<\/div>\n\t\t\t\t\t\t\t<div class=\"elementor-accordion-item\">\n\t\t\t\t\t<div id=\"elementor-tab-title-2994\" class=\"elementor-tab-title\" data-tab=\"4\" role=\"button\" aria-controls=\"elementor-tab-content-2994\" aria-expanded=\"false\">\n\t\t\t\t\t\t\t\t\t\t\t\t\t<span class=\"elementor-accordion-icon elementor-accordion-icon-left\" aria-hidden=\"true\">\n\t\t\t\t\t\t\t\t\t\t\t\t\t\t\t<span class=\"elementor-accordion-icon-closed\"><i class=\"fas fa-plus\"><\/i><\/span>\n\t\t\t\t\t\t\t\t<span class=\"elementor-accordion-icon-opened\"><i class=\"fas fa-minus\"><\/i><\/span>\n\t\t\t\t\t\t\t\t\t\t\t\t\t\t<\/span>\n\t\t\t\t\t\t\t\t\t\t\t\t<a class=\"elementor-accordion-title\" tabindex=\"0\">MARANO SUL PANARO<\/a>\n\t\t\t\t\t<\/div>\n\t\t\t\t\t<div id=\"elementor-tab-content-2994\" class=\"elementor-tab-content elementor-clearfix\" data-tab=\"4\" role=\"region\" aria-labelledby=\"elementor-tab-title-2994\"><p>Der Immobilienkomplex in Marano sul Panaro (Modena), der 2022 im Rahmen der \u00dcbernahme von Ceramica Fondovalle Teil der Gruppe wurde, hat eine Gesamtfl\u00e4che von etwa 26.900 m\u00b2. In dem Werk sind 50 Personen besch\u00e4ftigt, und es ist auf die Herstellung von gro\u00dfformatigen keramischen Oberfl\u00e4chen (L und XL) spezialisiert. Die j\u00e4hrliche Produktionskapazit\u00e4t des Werks betr\u00e4gt etwa 1,9 Millionen m\u00b2.<\/p>\n<\/div>\n\t\t\t\t<\/div>\n\t\t\t\t\t\t\t<div class=\"elementor-accordion-item\">\n\t\t\t\t\t<div id=\"elementor-tab-title-2995\" class=\"elementor-tab-title\" data-tab=\"5\" role=\"button\" aria-controls=\"elementor-tab-content-2995\" aria-expanded=\"false\">\n\t\t\t\t\t\t\t\t\t\t\t\t\t<span class=\"elementor-accordion-icon elementor-accordion-icon-left\" aria-hidden=\"true\">\n\t\t\t\t\t\t\t\t\t\t\t\t\t\t\t<span class=\"elementor-accordion-icon-closed\"><i class=\"fas fa-plus\"><\/i><\/span>\n\t\t\t\t\t\t\t\t<span class=\"elementor-accordion-icon-opened\"><i class=\"fas fa-minus\"><\/i><\/span>\n\t\t\t\t\t\t\t\t\t\t\t\t\t\t<\/span>\n\t\t\t\t\t\t\t\t\t\t\t\t<a class=\"elementor-accordion-title\" tabindex=\"0\">CASTEL BOLOGNESE<\/a>\n\t\t\t\t\t<\/div>\n\t\t\t\t\t<div id=\"elementor-tab-content-2995\" class=\"elementor-tab-content elementor-clearfix\" data-tab=\"5\" role=\"region\" aria-labelledby=\"elementor-tab-title-2995\"><p>Das Werk in Castel Bolognese (Ravenna) geh\u00f6rt der Ceramiche di Romagna S.r.l. und wird derzeit vom Konzern im Rahmen eines Mietvertrags betrieben. Das Werk erstreckt sich \u00fcber eine Gesamtfl\u00e4che von etwa 83.000 m\u00b2 und besch\u00e4ftigt 104 Personen (98 in der Produktion und 6 in der Logistik). Es ist auf die Herstellung von keramischen Produkten kleiner und mittlerer Gr\u00f6\u00dfe f\u00fcr Innen- und Au\u00dfenbereiche spezialisiert, wobei die H20-Technologie zum Einsatz kommt. J\u00fcngste Investitionen in das Werk f\u00fchrten zur Er\u00f6ffnung einer dritten Produktionslinie und zur Installation einer 2-MW-Blockheizkraftwerksanlage. Die j\u00e4hrliche Produktionskapazit\u00e4t des Werks betr\u00e4gt etwa 3,5 Millionen m\u00b2.<\/p>\n<\/div>\n\t\t\t\t<\/div>\n\t\t\t\t\t\t\t<div class=\"elementor-accordion-item\">\n\t\t\t\t\t<div id=\"elementor-tab-title-2996\" class=\"elementor-tab-title\" data-tab=\"6\" role=\"button\" aria-controls=\"elementor-tab-content-2996\" aria-expanded=\"false\">\n\t\t\t\t\t\t\t\t\t\t\t\t\t<span class=\"elementor-accordion-icon elementor-accordion-icon-left\" aria-hidden=\"true\">\n\t\t\t\t\t\t\t\t\t\t\t\t\t\t\t<span class=\"elementor-accordion-icon-closed\"><i class=\"fas fa-plus\"><\/i><\/span>\n\t\t\t\t\t\t\t\t<span class=\"elementor-accordion-icon-opened\"><i class=\"fas fa-minus\"><\/i><\/span>\n\t\t\t\t\t\t\t\t\t\t\t\t\t\t<\/span>\n\t\t\t\t\t\t\t\t\t\t\t\t<a class=\"elementor-accordion-title\" tabindex=\"0\">VETTO D\u2019ENZA<\/a>\n\t\t\t\t\t<\/div>\n\t\t\t\t\t<div id=\"elementor-tab-content-2996\" class=\"elementor-tab-content elementor-clearfix\" data-tab=\"6\" role=\"region\" aria-labelledby=\"elementor-tab-title-2996\"><p>Das Industriegebiet, das sich in der Gemeinde Vetto d&#8217;Enza (Reggio Emilia) befindet, hat eine Gesamtfl\u00e4che von etwa 132.000 m\u00b2. Dieser Produktionsstandort, der auf die Herstellung von gro\u00dfformatigen und extragro\u00dfen keramischen Produkten spezialisiert ist, besch\u00e4ftigt 79 Personen (77 in der Produktion und 2 in der Logistik). K\u00fcrzlich wurde in eine neue Picking-Linie, die Herstellung eines neuen extragro\u00dfen Formats von 24&#215;150 cm und in ein Blockheizkraftwerk mit W\u00e4rmeausnutzung investiert. Die j\u00e4hrliche Produktionskapazit\u00e4t des Werks betr\u00e4gt etwa 3,5 Millionen Quadratmeter.<\/p>\n<\/div>\n\t\t\t\t<\/div>\n\t\t\t\t\t\t\t<div class=\"elementor-accordion-item\">\n\t\t\t\t\t<div id=\"elementor-tab-title-2997\" class=\"elementor-tab-title\" data-tab=\"7\" role=\"button\" aria-controls=\"elementor-tab-content-2997\" aria-expanded=\"false\">\n\t\t\t\t\t\t\t\t\t\t\t\t\t<span class=\"elementor-accordion-icon elementor-accordion-icon-left\" aria-hidden=\"true\">\n\t\t\t\t\t\t\t\t\t\t\t\t\t\t\t<span class=\"elementor-accordion-icon-closed\"><i class=\"fas fa-plus\"><\/i><\/span>\n\t\t\t\t\t\t\t\t<span class=\"elementor-accordion-icon-opened\"><i class=\"fas fa-minus\"><\/i><\/span>\n\t\t\t\t\t\t\t\t\t\t\t\t\t\t<\/span>\n\t\t\t\t\t\t\t\t\t\t\t\t<a class=\"elementor-accordion-title\" tabindex=\"0\">SASSUOLO<\/a>\n\t\t\t\t\t<\/div>\n\t\t\t\t\t<div id=\"elementor-tab-content-2997\" class=\"elementor-tab-content elementor-clearfix\" data-tab=\"7\" role=\"region\" aria-labelledby=\"elementor-tab-title-2997\"><p>Der Industriestandort, der sich in der Gemeinde Sassuolo (Modena) befindet, hat eine Gesamtfl\u00e4che von etwa 45.000 m\u00b2 und besch\u00e4ftigt 26 Personen. Das Werk ist auf die Herstellung von Spr\u00fchgranulaten spezialisiert. Mit einer j\u00e4hrlichen Produktionskapazit\u00e4t von etwa 480.000 Tonnen dient das Werk haupts\u00e4chlich der Produktion der Gruppe, beliefert aber auch Drittfirmen in der Branche. K\u00fcrzlich wurde ein Blockheizkraftwerk mit 3,2 MW installiert, um die Energiekosten zu senken, sowie eine Anlage zur Vermahlung von gebrannten Keramikabf\u00e4llen und eine neue Nassmahlanlage f\u00fcr Rohstoffe, um die Effizienz und Nachhaltigkeit des Produktionsprozesses zu verbessern.<\/p>\n<\/div>\n\t\t\t\t<\/div>\n\t\t\t\t\t\t\t<div class=\"elementor-accordion-item\">\n\t\t\t\t\t<div id=\"elementor-tab-title-2998\" class=\"elementor-tab-title\" data-tab=\"8\" role=\"button\" aria-controls=\"elementor-tab-content-2998\" aria-expanded=\"false\">\n\t\t\t\t\t\t\t\t\t\t\t\t\t<span class=\"elementor-accordion-icon elementor-accordion-icon-left\" aria-hidden=\"true\">\n\t\t\t\t\t\t\t\t\t\t\t\t\t\t\t<span class=\"elementor-accordion-icon-closed\"><i class=\"fas fa-plus\"><\/i><\/span>\n\t\t\t\t\t\t\t\t<span class=\"elementor-accordion-icon-opened\"><i class=\"fas fa-minus\"><\/i><\/span>\n\t\t\t\t\t\t\t\t\t\t\t\t\t\t<\/span>\n\t\t\t\t\t\t\t\t\t\t\t\t<a class=\"elementor-accordion-title\" tabindex=\"0\">VIGNOLA<\/a>\n\t\t\t\t\t<\/div>\n\t\t\t\t\t<div id=\"elementor-tab-content-2998\" class=\"elementor-tab-content elementor-clearfix\" data-tab=\"8\" role=\"region\" aria-labelledby=\"elementor-tab-title-2998\"><p>Der Industriestandort, der sich in der Gemeinde Vignola (Modena) befindet, hat eine Fl\u00e4che von etwa 1.000 m\u00b2 und ist auf die Herstellung von k\u00fcnstlerischen Keramiken spezialisiert, mit einer j\u00e4hrlichen Produktionskapazit\u00e4t von etwa 100.000 St\u00fcck. Das Werk besch\u00e4ftigt 8 Mitarbeiter in der Produktion und 1 Mitarbeiter in der Logistik.<\/p>\n<\/div>\n\t\t\t\t<\/div>\n\t\t\t\t\t\t\t<div class=\"elementor-accordion-item\">\n\t\t\t\t\t<div id=\"elementor-tab-title-2999\" class=\"elementor-tab-title\" data-tab=\"9\" role=\"button\" aria-controls=\"elementor-tab-content-2999\" aria-expanded=\"false\">\n\t\t\t\t\t\t\t\t\t\t\t\t\t<span class=\"elementor-accordion-icon elementor-accordion-icon-left\" aria-hidden=\"true\">\n\t\t\t\t\t\t\t\t\t\t\t\t\t\t\t<span class=\"elementor-accordion-icon-closed\"><i class=\"fas fa-plus\"><\/i><\/span>\n\t\t\t\t\t\t\t\t<span class=\"elementor-accordion-icon-opened\"><i class=\"fas fa-minus\"><\/i><\/span>\n\t\t\t\t\t\t\t\t\t\t\t\t\t\t<\/span>\n\t\t\t\t\t\t\t\t\t\t\t\t<a class=\"elementor-accordion-title\" tabindex=\"0\">BORGO VAL DI TARO<\/a>\n\t\t\t\t\t<\/div>\n\t\t\t\t\t<div id=\"elementor-tab-content-2999\" class=\"elementor-tab-content elementor-clearfix\" data-tab=\"9\" role=\"region\" aria-labelledby=\"elementor-tab-title-2999\"><section class=\"text-token-text-primary w-full focus:outline-none [--shadow-height:45px] has-data-writing-block:pointer-events-none has-data-writing-block:-mt-(--shadow-height) has-data-writing-block:pt-(--shadow-height) [&amp;:has([data-writing-block])&gt;*]:pointer-events-auto scroll-mt-(--header-height)\" dir=\"auto\" data-turn-id=\"b97b41d5-df5b-4d06-827e-e8b3e70c1075\" data-testid=\"conversation-turn-3\" data-scroll-anchor=\"false\" data-turn=\"user\"><\/section>\n<section class=\"text-token-text-primary w-full focus:outline-none [--shadow-height:45px] has-data-writing-block:pointer-events-none has-data-writing-block:-mt-(--shadow-height) has-data-writing-block:pt-(--shadow-height) [&amp;:has([data-writing-block])&gt;*]:pointer-events-auto scroll-mt-[calc(var(--header-height)+min(200px,max(70px,20svh)))]\" dir=\"auto\" data-turn-id=\"request-WEB:0edd9f8d-ec4f-4e8c-ab3c-71593bf9047b-1\" data-testid=\"conversation-turn-4\" data-scroll-anchor=\"true\" data-turn=\"assistant\">\n<div class=\"text-base my-auto mx-auto pb-10 [--thread-content-margin:var(--thread-content-margin-xs,calc(var(--spacing)*4))] @w-sm\/main:[--thread-content-margin:var(--thread-content-margin-sm,calc(var(--spacing)*6))] @w-lg\/main:[--thread-content-margin:var(--thread-content-margin-lg,calc(var(--spacing)*16))] px-(--thread-content-margin)\">\n<div class=\"[--thread-content-max-width:40rem] @w-lg\/main:[--thread-content-max-width:48rem] mx-auto max-w-(--thread-content-max-width) flex-1 group\/turn-messages focus-visible:outline-hidden relative flex w-full min-w-0 flex-col agent-turn\">\n<div class=\"flex max-w-full flex-col gap-4 grow\">\n<div class=\"min-h-8 text-message relative flex w-full flex-col items-end gap-2 text-start break-words whitespace-normal outline-none keyboard-focused:focus-ring [.text-message+&amp;]:mt-1\" dir=\"auto\" tabindex=\"0\" data-message-author-role=\"assistant\" data-message-id=\"d4e3addb-d3ce-43ef-8284-505bba5f02b6\" data-message-model-slug=\"gpt-5-3\" data-turn-start-message=\"true\">\n<div class=\"flex w-full flex-col gap-1 empty:hidden\">\n<div class=\"markdown prose dark:prose-invert w-full wrap-break-word light markdown-new-styling\">\n<p data-start=\"0\" data-end=\"335\">Der Industriestandort, gelegen in der Gemeinde Borgo Val di Taro (PR), erstreckt sich \u00fcber eine Fl\u00e4che von etwa 1.000 m\u00b2 und ist auf die Produktion von Mosaiken spezialisiert. Die j\u00e4hrliche Produktionskapazit\u00e4t betr\u00e4gt rund 200.000 m\u00b2, die mithilfe eines vollst\u00e4ndig elektrischen Ofens hergestellt werden.<\/p>\n<p data-start=\"337\" data-end=\"389\" data-is-last-node=\"\" data-is-only-node=\"\">Die Anlage besch\u00e4ftigt 5 Produktionsmitarbeiter.<\/p>\n<\/div>\n<\/div>\n<\/div>\n<\/div>\n<\/div>\n<\/div>\n<\/section>\n<\/div>\n\t\t\t\t<\/div>\n\t\t\t\t\t\t\t\t<\/div>\n\t\t\t\t<\/div>\n\t\t\t\t<\/div>\n\t\t\t\t<\/div>\n\t\t\t\t<\/div>\n\t\t<div data-dce-background-color=\"#F8F8F8\" class=\"elementor-element elementor-element-6718ac1 e-con-full e-flex e-con e-parent\" data-id=\"6718ac1\" data-element_type=\"container\" data-settings=\"{&quot;content_width&quot;:&quot;full&quot;,&quot;background_background&quot;:&quot;classic&quot;}\" data-core-v316-plus=\"true\">\n\t\t<div data-dce-background-color=\"#FFFFFF\" class=\"elementor-element elementor-element-df8a56a e-con-full e-flex e-con e-child\" data-id=\"df8a56a\" data-element_type=\"container\" data-settings=\"{&quot;content_width&quot;:&quot;full&quot;,&quot;background_background&quot;:&quot;classic&quot;}\">\n\t\t\t\t<div class=\"elementor-element elementor-element-4f44aa1 elementor-widget elementor-widget-text-editor\" data-id=\"4f44aa1\" data-element_type=\"widget\" data-widget_type=\"text-editor.default\">\n\t\t\t\t<div class=\"elementor-widget-container\">\n\t\t\t\t\t\t\t<p>SPANISCHE PRODUKTIONSEINRICHTUNGEN<\/p>\n\t\t\t\t\t\t<\/div>\n\t\t\t\t<\/div>\n\t\t\t\t<div class=\"elementor-element elementor-element-993dd81 elementor-widget elementor-widget-accordion\" data-id=\"993dd81\" data-element_type=\"widget\" data-widget_type=\"accordion.default\">\n\t\t\t\t<div class=\"elementor-widget-container\">\n\t\t\t\t\t<div class=\"elementor-accordion\">\n\t\t\t\t\t\t\t<div class=\"elementor-accordion-item\">\n\t\t\t\t\t<div id=\"elementor-tab-title-1601\" class=\"elementor-tab-title\" data-tab=\"1\" role=\"button\" aria-controls=\"elementor-tab-content-1601\" aria-expanded=\"false\">\n\t\t\t\t\t\t\t\t\t\t\t\t\t<span class=\"elementor-accordion-icon elementor-accordion-icon-left\" aria-hidden=\"true\">\n\t\t\t\t\t\t\t\t\t\t\t\t\t\t\t<span class=\"elementor-accordion-icon-closed\"><i class=\"fas fa-plus\"><\/i><\/span>\n\t\t\t\t\t\t\t\t<span class=\"elementor-accordion-icon-opened\"><i class=\"fas fa-minus\"><\/i><\/span>\n\t\t\t\t\t\t\t\t\t\t\t\t\t\t<\/span>\n\t\t\t\t\t\t\t\t\t\t\t\t<a class=\"elementor-accordion-title\" tabindex=\"0\">FIGUEROLES<\/a>\n\t\t\t\t\t<\/div>\n\t\t\t\t\t<div id=\"elementor-tab-content-1601\" class=\"elementor-tab-content elementor-clearfix\" data-tab=\"1\" role=\"region\" aria-labelledby=\"elementor-tab-title-1601\"><div class=\"flex-shrink-0 flex flex-col relative items-end\">\n<div>\n<div class=\"pt-0\">\n<div class=\"gizmo-bot-avatar flex h-8 w-8 items-center justify-center overflow-hidden rounded-full\">\n<div class=\"relative p-1 rounded-sm flex items-center justify-center bg-token-main-surface-primary text-token-text-primary h-8 w-8\"><\/div>\n<\/div>\n<\/div>\n<\/div>\n<\/div>\n<div class=\"group\/conversation-turn relative flex w-full min-w-0 flex-col agent-turn\">\n<div class=\"flex-col gap-1 md:gap-3\">\n<div class=\"flex max-w-full flex-col flex-grow\">\n<div class=\"min-h-8 text-message flex w-full flex-col items-end gap-2 whitespace-normal break-words [.text-message+&amp;]:mt-5\" dir=\"auto\" data-message-author-role=\"assistant\" data-message-id=\"7c7fa5d3-739b-4fba-9105-f1a40b9276dc\" data-message-model-slug=\"gpt-4o-mini\">\n<div class=\"flex w-full flex-col gap-1 empty:hidden first:pt-[3px]\">\n<div class=\"markdown prose w-full break-words dark:prose-invert light\">\n<p>Das Werk in Figueroles, Spanien, das im Besitz der Tochtergesellschaft Equipe Cer\u00e1micas ist, umfasst 3 Industriegeb\u00e4ude und Lager, mit insgesamt 8 Produktionslinien. Die Anlagen sind auf die Herstellung von glasierten und unglasierten keramischen Produkten spezialisiert, und ihre j\u00e4hrliche Produktionskapazit\u00e4t betr\u00e4gt etwa 7.000.000 m\u00b2. Das Werk besch\u00e4ftigt 210 Personen, davon 24 im Logistikbereich.<\/p>\n<\/div>\n<\/div>\n<\/div>\n<\/div>\n<\/div>\n<\/div>\n<\/div>\n\t\t\t\t<\/div>\n\t\t\t\t\t\t\t<div class=\"elementor-accordion-item\">\n\t\t\t\t\t<div id=\"elementor-tab-title-1602\" class=\"elementor-tab-title\" data-tab=\"2\" role=\"button\" aria-controls=\"elementor-tab-content-1602\" aria-expanded=\"false\">\n\t\t\t\t\t\t\t\t\t\t\t\t\t<span class=\"elementor-accordion-icon elementor-accordion-icon-left\" aria-hidden=\"true\">\n\t\t\t\t\t\t\t\t\t\t\t\t\t\t\t<span class=\"elementor-accordion-icon-closed\"><i class=\"fas fa-plus\"><\/i><\/span>\n\t\t\t\t\t\t\t\t<span class=\"elementor-accordion-icon-opened\"><i class=\"fas fa-minus\"><\/i><\/span>\n\t\t\t\t\t\t\t\t\t\t\t\t\t\t<\/span>\n\t\t\t\t\t\t\t\t\t\t\t\t<a class=\"elementor-accordion-title\" tabindex=\"0\">ONDA<\/a>\n\t\t\t\t\t<\/div>\n\t\t\t\t\t<div id=\"elementor-tab-content-1602\" class=\"elementor-tab-content elementor-clearfix\" data-tab=\"2\" role=\"region\" aria-labelledby=\"elementor-tab-title-1602\"><p>Das Werk in Onda besch\u00e4ftigt 38 Personen und ist auf die Herstellung von glasierten und unglasierten keramischen Produkten spezialisiert. Es fertigt ma\u00dfgeschneiderte Produkte, die den individuellen Anpassungsw\u00fcnschen der Kunden entsprechen. Die j\u00e4hrliche Produktionskapazit\u00e4t betr\u00e4gt etwa 155.000 m\u00b2.<\/p>\n<\/div>\n\t\t\t\t<\/div>\n\t\t\t\t\t\t\t\t<\/div>\n\t\t\t\t<\/div>\n\t\t\t\t<\/div>\n\t\t\t\t<\/div>\n\t\t<div data-dce-background-color=\"#00243E\" class=\"elementor-element elementor-element-16aa86d e-con-full e-flex e-con e-child\" data-id=\"16aa86d\" data-element_type=\"container\" data-settings=\"{&quot;content_width&quot;:&quot;full&quot;,&quot;background_background&quot;:&quot;classic&quot;}\">\n\t\t\t\t<div class=\"elementor-element elementor-element-9e8d61d elementor-widget elementor-widget-image\" data-id=\"9e8d61d\" data-element_type=\"widget\" data-widget_type=\"image.default\">\n\t\t\t\t<div class=\"elementor-widget-container\">\n\t\t\t\t\t\t\t\t\t\t\t\t\t<img loading=\"lazy\" decoding=\"async\" width=\"2111\" height=\"1309\" src=\"https:\/\/www.lafabbrica.it\/wp-content\/uploads\/2024\/10\/STABILIMENTI-SPAGNA.jpg\" class=\"attachment-full size-full wp-image-22473\" alt=\"\" srcset=\"https:\/\/www.lafabbrica.it\/wp-content\/uploads\/2024\/10\/STABILIMENTI-SPAGNA.jpg 2111w, https:\/\/www.lafabbrica.it\/wp-content\/uploads\/2024\/10\/STABILIMENTI-SPAGNA-300x186.jpg 300w, https:\/\/www.lafabbrica.it\/wp-content\/uploads\/2024\/10\/STABILIMENTI-SPAGNA-1024x635.jpg 1024w, https:\/\/www.lafabbrica.it\/wp-content\/uploads\/2024\/10\/STABILIMENTI-SPAGNA-768x476.jpg 768w, https:\/\/www.lafabbrica.it\/wp-content\/uploads\/2024\/10\/STABILIMENTI-SPAGNA-1536x952.jpg 1536w, https:\/\/www.lafabbrica.it\/wp-content\/uploads\/2024\/10\/STABILIMENTI-SPAGNA-2048x1270.jpg 2048w\" sizes=\"(max-width: 2111px) 100vw, 2111px\" \/>\t\t\t\t\t\t\t\t\t\t\t\t\t<\/div>\n\t\t\t\t<\/div>\n\t\t\t\t<\/div>\n\t\t\t\t<\/div>\n\t\t<div class=\"elementor-element elementor-element-9d6955c e-flex e-con-boxed e-con e-parent\" data-id=\"9d6955c\" data-element_type=\"container\" data-settings=\"{&quot;content_width&quot;:&quot;boxed&quot;}\" data-core-v316-plus=\"true\">\n\t\t\t\t\t<div class=\"e-con-inner\">\n\t\t\t\t<div class=\"elementor-element elementor-element-8bb77d4 elementor-widget elementor-widget-text-editor\" data-id=\"8bb77d4\" data-element_type=\"widget\" data-widget_type=\"text-editor.default\">\n\t\t\t\t<div class=\"elementor-widget-container\">\n\t\t\t\t\t\t\t<div class=\"flex-shrink-0 flex flex-col relative items-end\">\n<div>\n<div class=\"pt-0\">\n<div class=\"gizmo-bot-avatar flex h-8 w-8 items-center justify-center overflow-hidden rounded-full\">\n<div class=\"relative p-1 rounded-sm flex items-center justify-center bg-token-main-surface-primary text-token-text-primary h-8 w-8\"><span style=\"font-size: 16px;\">SCHRITT F\u00dcR SCHRITT<\/span><\/div>\n<\/div>\n<\/div>\n<\/div>\n<\/div>\n\t\t\t\t\t\t<\/div>\n\t\t\t\t<\/div>\n\t\t\t\t<div class=\"elementor-element elementor-element-8d9426f elementor-arrows-position-outside elementor--v-position-bottom elementor--h-position-center elementor-widget elementor-widget-slides\" data-id=\"8d9426f\" data-element_type=\"widget\" data-settings=\"{&quot;navigation&quot;:&quot;arrows&quot;,&quot;infinite&quot;:&quot;yes&quot;,&quot;transition&quot;:&quot;slide&quot;,&quot;transition_speed&quot;:500}\" data-widget_type=\"slides.default\">\n\t\t\t\t<div class=\"elementor-widget-container\">\n\t\t\t\t\t<div class=\"elementor-swiper\">\n\t\t\t<div class=\"elementor-slides-wrapper elementor-main-swiper swiper-container\" dir=\"ltr\" data-animation=\"fadeInUp\">\n\t\t\t\t<div class=\"swiper-wrapper elementor-slides\">\n\t\t\t\t\t\t\t\t\t\t<div class=\"elementor-repeater-item-11bf60a swiper-slide\"><div class=\"swiper-slide-bg\" role=\"img\"><\/div><div class=\"swiper-slide-inner\" ><div class=\"swiper-slide-contents\"><div class=\"elementor-slide-heading\">1994<\/div><div class=\"elementor-slide-description\"><p>In Castel Bolognese (RAVENNA wird die La Fabbrica S.p.A. gegr\u00fcndet. Die hohe Qualit\u00e4t, verbunden mit Design und Kreativit\u00e4t, wird zu den Erfolgsfaktoren und zeichnet sich durch ein fl\u00e4chendeckendes Vertriebsnetz in Italien und im Ausland aus. Die Marke La Fabbrica etabliert sich in kurzer Zeit als Referenz f\u00fcr die italienische Keramikexzellenz.<\/p>\n<\/div><\/div><\/div><\/div><div class=\"elementor-repeater-item-9903438 swiper-slide\"><div class=\"swiper-slide-bg\" role=\"img\"><\/div><div class=\"swiper-slide-inner\" ><div class=\"swiper-slide-contents\"><div class=\"elementor-slide-heading\">2014<\/div><div class=\"elementor-slide-description\"><p>Immer den neuesten Trends folgend, f\u00fchrt die Marke AVA auf der Cersaie 2014 das Gro\u00dfformat auf dem Markt ein. Extraordinary Size ist das ambitionierte Projekt von gro\u00dfformatigen Feinsteinzeugplatten, die zu den gr\u00f6\u00dften der Welt geh\u00f6ren, mit den Ma\u00dfen 320\u00d7160 cm und einer Dicke von 6 mm. Es entwickelt eine Vielzahl von Kollektionen, die in unterschiedlichen Grafiken und Formaten gestaltet sind.<\/p>\n<\/div><\/div><\/div><\/div><div class=\"elementor-repeater-item-a5a57c1 swiper-slide\"><div class=\"swiper-slide-bg\" role=\"img\"><\/div><div class=\"swiper-slide-inner\" ><div class=\"swiper-slide-contents\"><div class=\"elementor-slide-heading\">2017<\/div><div class=\"elementor-slide-description\"><div class=\"flex-shrink-0 flex flex-col relative items-end\">\n<div>\n<div class=\"pt-0\">\n<div class=\"gizmo-bot-avatar flex h-8 w-8 items-center justify-center overflow-hidden rounded-full\">\n<div class=\"relative p-1 rounded-sm flex items-center justify-center bg-token-main-surface-primary text-token-text-primary h-8 w-8\"><\/div>\n<\/div>\n<\/div>\n<\/div>\n<\/div>\n<div class=\"group\/conversation-turn relative flex w-full min-w-0 flex-col agent-turn\">\n<div class=\"flex-col gap-1 md:gap-3\">\n<div class=\"flex max-w-full flex-col flex-grow\">\n<div class=\"min-h-8 text-message flex w-full flex-col items-end gap-2 whitespace-normal break-words [.text-message+&amp;]:mt-5\" dir=\"auto\" data-message-author-role=\"assistant\" data-message-id=\"450fbd94-3c34-4353-b59f-dcea0385aba7\" data-message-model-slug=\"gpt-4o-mini\">\n<div class=\"flex w-full flex-col gap-1 empty:hidden first:pt-[3px]\">\n<div class=\"markdown prose w-full break-words dark:prose-invert light\">\n<p>Elios Ceramica S.p.A., mit Sitz in Fiorano Modenese (MO), wurde im August 2017 \u00fcbernommen und anschlie\u00dfend in die Muttergesellschaft Italcer S.p.A. integriert.<\/p>\n<\/div>\n<\/div>\n<\/div>\n<\/div>\n<\/div>\n<\/div>\n<\/div><\/div><\/div><\/div><div class=\"elementor-repeater-item-1df4a45 swiper-slide\"><div class=\"swiper-slide-bg\" role=\"img\"><\/div><div class=\"swiper-slide-inner\" ><div class=\"swiper-slide-contents\"><div class=\"elementor-slide-heading\">2017<\/div><div class=\"elementor-slide-description\"><div class=\"flex-shrink-0 flex flex-col relative items-end\">\n<div>\n<div class=\"pt-0\">\n<div class=\"gizmo-bot-avatar flex h-8 w-8 items-center justify-center overflow-hidden rounded-full\">\n<div class=\"relative p-1 rounded-sm flex items-center justify-center bg-token-main-surface-primary text-token-text-primary h-8 w-8\"><\/div>\n<\/div>\n<\/div>\n<\/div>\n<\/div>\n<div class=\"group\/conversation-turn relative flex w-full min-w-0 flex-col agent-turn\">\n<div class=\"flex-col gap-1 md:gap-3\">\n<div class=\"flex max-w-full flex-col flex-grow\">\n<div class=\"min-h-8 text-message flex w-full flex-col items-end gap-2 whitespace-normal break-words [.text-message+&amp;]:mt-5\" dir=\"auto\" data-message-author-role=\"assistant\" data-message-id=\"f72489bb-f93f-47e7-8f33-e935dde2ba1c\" data-message-model-slug=\"gpt-4o-mini\">\n<div class=\"flex w-full flex-col gap-1 empty:hidden first:pt-[3px]\">\n<div class=\"markdown prose w-full break-words dark:prose-invert light\">\n<p>Devon&amp;Devon S.p.A., die im Oktober 2017 \u00fcbernommen wurde, ist weltweit f\u00fchrend im Bereich hochwertiger Badezimmerm\u00f6bel im klassischen und zeitgen\u00f6ssischen Stil.<\/p>\n<\/div>\n<\/div>\n<\/div>\n<\/div>\n<\/div>\n<\/div>\n<\/div><\/div><\/div><\/div><div class=\"elementor-repeater-item-db5a8aa swiper-slide\"><div class=\"swiper-slide-bg\" role=\"img\"><\/div><div class=\"swiper-slide-inner\" ><div class=\"swiper-slide-contents\"><div class=\"elementor-slide-heading\">2018<\/div><div class=\"elementor-slide-description\"><div class=\"flex-shrink-0 flex flex-col relative items-end\">\n<div>\n<div class=\"pt-0\">\n<div class=\"gizmo-bot-avatar flex h-8 w-8 items-center justify-center overflow-hidden rounded-full\">\n<div class=\"relative p-1 rounded-sm flex items-center justify-center bg-token-main-surface-primary text-token-text-primary h-8 w-8\"><\/div>\n<\/div>\n<\/div>\n<\/div>\n<\/div>\n<div class=\"group\/conversation-turn relative flex w-full min-w-0 flex-col agent-turn\">\n<div class=\"flex-col gap-1 md:gap-3\">\n<div class=\"flex max-w-full flex-col flex-grow\">\n<div class=\"min-h-8 text-message flex w-full flex-col items-end gap-2 whitespace-normal break-words [.text-message+&amp;]:mt-5\" dir=\"auto\" data-message-author-role=\"assistant\" data-message-id=\"df9e2dc8-7eba-4ad0-8b4f-e320b07e170e\" data-message-model-slug=\"gpt-4o-mini\">\n<div class=\"flex w-full flex-col gap-1 empty:hidden first:pt-[3px]\">\n<div class=\"markdown prose w-full break-words dark:prose-invert light\">\n<p>Rondine S.p.A., 1961 in Rubiera (RE) gegr\u00fcndet, trat im Oktober 2018 in die Italcer Group ein und erhielt 2019 den Namen Italcer S.p.A. Mit der \u00dcbernahme von Rondine wurde auch die sassolesische Gesellschaft Spray Dry S.p.A. (seit 2005 zu 100 % im Besitz von Rondine) Teil der Italcer Group. Spray Dry S.p.A. produziert Spr\u00fchgranulate und erm\u00f6glichte es zun\u00e4chst Rondine und sp\u00e4ter der Italcer Group, einen bedeutenden Qualit\u00e4tssprung zu vollziehen, indem sie den gesamten Produktionszyklus der Keramik intern realisierte.<\/p>\n<\/div>\n<\/div>\n<\/div>\n<\/div>\n<\/div>\n<\/div>\n<\/div><\/div><\/div><\/div><div class=\"elementor-repeater-item-dc9e667 swiper-slide\"><div class=\"swiper-slide-bg\" role=\"img\"><\/div><div class=\"swiper-slide-inner\" ><div class=\"swiper-slide-contents\"><div class=\"elementor-slide-heading\">2018<\/div><div class=\"elementor-slide-description\"><p>Italcer USA wurde im Dezember 2018 gegr\u00fcndet, um den amerikanischen Markt mit speziellen Produktlinien zu bedienen.<\/p>\n<\/div><\/div><\/div><\/div><div class=\"elementor-repeater-item-daef808 swiper-slide\"><div class=\"swiper-slide-bg\" role=\"img\"><\/div><div class=\"swiper-slide-inner\" ><div class=\"swiper-slide-contents\"><div class=\"elementor-slide-heading\">2019<\/div><div class=\"elementor-slide-description\"><p>Im August 2019 trat Bottega S.p.A. in die Italcer Group ein und wurde anschlie\u00dfend in Italcer S.p.A. integriert.<\/p>\n<\/div><\/div><\/div><\/div><div class=\"elementor-repeater-item-1ef7b2c swiper-slide\"><div class=\"swiper-slide-bg\" role=\"img\"><\/div><div class=\"swiper-slide-inner\" ><div class=\"swiper-slide-contents\"><div class=\"elementor-slide-heading\">2021<\/div><div class=\"elementor-slide-description\"><p>Im M\u00e4rz 2021 setzt die Italcer Group ihre Strategie der Expansion und Internationalisierung durch die \u00dcbernahme von Equipe Cer\u00e1micas S.L.U. fort. Das Unternehmen wurde 1999 in Figueroles, Castell\u00f3n, gegr\u00fcndet und pr\u00e4sentiert sich heute als weltweit f\u00fchrendes Unternehmen im Markt f\u00fcr Bodenbel\u00e4ge und Wandverkleidungen kleiner Formate.<\/p>\n<\/div><\/div><\/div><\/div><div class=\"elementor-repeater-item-8c5ad46 swiper-slide\"><div class=\"swiper-slide-bg\" role=\"img\"><\/div><div class=\"swiper-slide-inner\" ><div class=\"swiper-slide-contents\"><div class=\"elementor-slide-heading\">2022<\/div><div class=\"elementor-slide-description\"><div class=\"flex-shrink-0 flex flex-col relative items-end\">\n<div>\n<div class=\"pt-0\">\n<div class=\"gizmo-bot-avatar flex h-8 w-8 items-center justify-center overflow-hidden rounded-full\">\n<div class=\"relative p-1 rounded-sm flex items-center justify-center bg-token-main-surface-primary text-token-text-primary h-8 w-8\"><\/div>\n<\/div>\n<\/div>\n<\/div>\n<\/div>\n<div class=\"group\/conversation-turn relative flex w-full min-w-0 flex-col agent-turn\">\n<div class=\"flex-col gap-1 md:gap-3\">\n<div class=\"flex max-w-full flex-col flex-grow\">\n<div class=\"min-h-8 text-message flex w-full flex-col items-end gap-2 whitespace-normal break-words [.text-message+&amp;]:mt-5\" dir=\"auto\" data-message-author-role=\"assistant\" data-message-id=\"b1e7bff5-0018-46fb-92fc-df56654ee837\" data-message-model-slug=\"gpt-4o-mini\">\n<div class=\"flex w-full flex-col gap-1 empty:hidden first:pt-[3px]\">\n<div class=\"markdown prose w-full break-words dark:prose-invert light\">\n<p>Im Oktober 2022 erg\u00e4nzt die Italcer Group ihr Produktportfolio durch die \u00dcbernahme von Ceramica Fondovalle S.p.A., einem 1962 gegr\u00fcndeten Unternehmen, das heute Marktf\u00fchrer in der Herstellung und Vermarktung von gro\u00dfformatigen und extragro\u00dfen Feinsteinzeugplatten ist.<\/p>\n<\/div>\n<\/div>\n<\/div>\n<\/div>\n<\/div>\n<\/div>\n<\/div><\/div><\/div><\/div><div class=\"elementor-repeater-item-d8844c1 swiper-slide\"><div class=\"swiper-slide-bg\" role=\"img\"><\/div><div class=\"swiper-slide-inner\" ><div class=\"swiper-slide-contents\"><div class=\"elementor-slide-heading\">2023<\/div><div class=\"elementor-slide-description\"><p>Ende 2023 expandiert die Italcer Group weiter durch die \u00dcbernahme der Terratinta Group S.r.l. SB, einem Unternehmen, das auf hochwertige Oberfl\u00e4chen f\u00fcr die Inneneinrichtung spezialisiert ist und seinen Sitz in Fiorano Modenese in der Provinz Modena hat.<\/p>\n<\/div><\/div><\/div><\/div><div class=\"elementor-repeater-item-264093e swiper-slide\"><div class=\"swiper-slide-bg\" role=\"img\"><\/div><div class=\"swiper-slide-inner\" ><div class=\"swiper-slide-contents\"><div class=\"elementor-slide-heading\">2023\/2024<\/div><div class=\"elementor-slide-description\"><p>La Fabbrica S.p.A. wird in Italcer S.p.A. SB integriert, und die historischen Marken werden in einer neuen Marke, LA FABBRICA AVA, vereinheitlicht. Das Sortiment umfasst eine breite Palette von Feinsteinzeugprodukten, von gro\u00dfformatigen Platten bis hin zu kleinen Formaten, die italienisches Design, innovative \u00c4sthetik, zertifizierte Qualit\u00e4t und h\u00f6chstleistungsf\u00e4hige Produkte vereinen.<\/p>\n<\/div><\/div><\/div><\/div>\t\t\t\t<\/div>\n\t\t\t\t\t\t\t\t\t\t\t\t\t\t\t\t\t\t\t\t<div class=\"elementor-swiper-button elementor-swiper-button-prev\" role=\"button\" tabindex=\"0\">\n\t\t\t\t\t\t\t<i aria-hidden=\"true\" class=\"eicon-chevron-left\"><\/i>\t\t\t\t\t\t\t<span class=\"elementor-screen-only\">Vorheriger Slide<\/span>\n\t\t\t\t\t\t<\/div>\n\t\t\t\t\t\t<div class=\"elementor-swiper-button elementor-swiper-button-next\" role=\"button\" tabindex=\"0\">\n\t\t\t\t\t\t\t<i aria-hidden=\"true\" class=\"eicon-chevron-right\"><\/i>\t\t\t\t\t\t\t<span class=\"elementor-screen-only\">N\u00e4chster Slide<\/span>\n\t\t\t\t\t\t<\/div>\n\t\t\t\t\t\t\t\t\t\t\t\t<\/div>\n\t\t<\/div>\n\t\t\t\t<\/div>\n\t\t\t\t<\/div>\n\t\t\t\t\t<\/div>\n\t\t\t\t<\/div>\n\t\t\t\t<\/div>\n\t\t","protected":false},"excerpt":{"rendered":"<p>italcer group GEHEN SIE ZUR WEBSITE Die Italcer Group, einer der f\u00fchrenden italienischen Anbieter im Bereich hochwertige Keramikb\u00f6den und -verkleidungen sowie Luxusbadausstattung, wurde 2017 auf Initiative von Graziano Verdi, CEO und Mitgr\u00fcnder der Gruppe, sowie des Private-Equity-Fonds Mindful Capital Partners gegr\u00fcndet. Ziel war es, einen globalen Marktf\u00fchrer im Referenzsektor zu schaffen. Die Kataloge 2024 f\u00fcr [&hellip;]<\/p>\n","protected":false},"author":2,"featured_media":0,"parent":0,"menu_order":0,"comment_status":"closed","ping_status":"closed","template":"","meta":{"_acf_changed":false,"site-sidebar-layout":"no-sidebar","site-content-layout":"page-builder","ast-site-content-layout":"full-width-container","site-content-style":"unboxed","site-sidebar-style":"unboxed","ast-global-header-display":"","ast-banner-title-visibility":"","ast-main-header-display":"","ast-hfb-above-header-display":"","ast-hfb-below-header-display":"","ast-hfb-mobile-header-display":"","site-post-title":"disabled","ast-breadcrumbs-content":"","ast-featured-img":"disabled","footer-sml-layout":"","theme-transparent-header-meta":"","adv-header-id-meta":"","stick-header-meta":"","header-above-stick-meta":"","header-main-stick-meta":"","header-below-stick-meta":"","astra-migrate-meta-layouts":"default","ast-page-background-enabled":"default","ast-page-background-meta":{"desktop":{"background-color":"var(--ast-global-color-4)","background-image":"","background-repeat":"repeat","background-position":"center center","background-size":"auto","background-attachment":"scroll","background-type":"","background-media":"","overlay-type":"","overlay-color":"","overlay-gradient":""},"tablet":{"background-color":"","background-image":"","background-repeat":"repeat","background-position":"center center","background-size":"auto","background-attachment":"scroll","background-type":"","background-media":"","overlay-type":"","overlay-color":"","overlay-gradient":""},"mobile":{"background-color":"","background-image":"","background-repeat":"repeat","background-position":"center center","background-size":"auto","background-attachment":"scroll","background-type":"","background-media":"","overlay-type":"","overlay-color":"","overlay-gradient":""}},"ast-content-background-meta":{"desktop":{"background-color":"var(--ast-global-color-5)","background-image":"","background-repeat":"repeat","background-position":"center center","background-size":"auto","background-attachment":"scroll","background-type":"","background-media":"","overlay-type":"","overlay-color":"","overlay-gradient":""},"tablet":{"background-color":"var(--ast-global-color-5)","background-image":"","background-repeat":"repeat","background-position":"center center","background-size":"auto","background-attachment":"scroll","background-type":"","background-media":"","overlay-type":"","overlay-color":"","overlay-gradient":""},"mobile":{"background-color":"var(--ast-global-color-5)","background-image":"","background-repeat":"repeat","background-position":"center center","background-size":"auto","background-attachment":"scroll","background-type":"","background-media":"","overlay-type":"","overlay-color":"","overlay-gradient":""}},"footnotes":""},"class_list":["post-22465","page","type-page","status-publish","hentry"],"acf":[],"yoast_head":"<!-- This site is optimized with the Yoast SEO plugin v22.0 - https:\/\/yoast.com\/wordpress\/plugins\/seo\/ -->\n<title>Elegante Fliesen der Gruppe Italcer | La FABBRICA AVA<\/title>\n<meta name=\"description\" content=\"Erh\u00f6hen Sie Ihren Raum mit den eleganten Fliesen der Italcer Group: eine Verschmelzung von modernem und klassischem Design f\u00fcr einen zeitlosen Touch.\" \/>\n<meta name=\"robots\" content=\"index, follow, max-snippet:-1, max-image-preview:large, max-video-preview:-1\" \/>\n<link rel=\"canonical\" href=\"https:\/\/www.lafabbrica.it\/de\/italcer-group-2\/\" \/>\n<meta property=\"og:locale\" content=\"de_DE\" \/>\n<meta property=\"og:type\" content=\"article\" \/>\n<meta property=\"og:title\" content=\"Elegante Fliesen der Gruppe Italcer | La FABBRICA AVA\" \/>\n<meta property=\"og:description\" content=\"Erh\u00f6hen Sie Ihren Raum mit den eleganten Fliesen der Italcer Group: eine Verschmelzung von modernem und klassischem Design f\u00fcr einen zeitlosen Touch.\" \/>\n<meta property=\"og:url\" content=\"https:\/\/www.lafabbrica.it\/de\/italcer-group-2\/\" \/>\n<meta property=\"og:site_name\" content=\"La Fabbrica AVA\" \/>\n<meta property=\"article:modified_time\" content=\"2026-03-27T11:19:39+00:00\" \/>\n<meta property=\"og:image\" content=\"https:\/\/www.lafabbrica.it\/wp-content\/uploads\/2023\/08\/italcer-logo.jpg\" \/>\n<meta name=\"twitter:card\" content=\"summary_large_image\" \/>\n<meta name=\"twitter:label1\" content=\"Gesch\u00e4tzte Lesezeit\" \/>\n\t<meta name=\"twitter:data1\" content=\"15\u00a0Minuten\" \/>\n<script type=\"application\/ld+json\" class=\"yoast-schema-graph\">{\"@context\":\"https:\/\/schema.org\",\"@graph\":[{\"@type\":\"WebPage\",\"@id\":\"https:\/\/www.lafabbrica.it\/de\/italcer-group-2\/\",\"url\":\"https:\/\/www.lafabbrica.it\/de\/italcer-group-2\/\",\"name\":\"Elegante Fliesen der Gruppe Italcer | La FABBRICA AVA\",\"isPartOf\":{\"@id\":\"https:\/\/www.lafabbrica.it\/de\/#website\"},\"datePublished\":\"2024-10-10T11:20:14+00:00\",\"dateModified\":\"2026-03-27T11:19:39+00:00\",\"description\":\"Erh\u00f6hen Sie Ihren Raum mit den eleganten Fliesen der Italcer Group: eine Verschmelzung von modernem und klassischem Design f\u00fcr einen zeitlosen Touch.\",\"breadcrumb\":{\"@id\":\"https:\/\/www.lafabbrica.it\/de\/italcer-group-2\/#breadcrumb\"},\"inLanguage\":\"de\",\"potentialAction\":[{\"@type\":\"ReadAction\",\"target\":[\"https:\/\/www.lafabbrica.it\/de\/italcer-group-2\/\"]}]},{\"@type\":\"BreadcrumbList\",\"@id\":\"https:\/\/www.lafabbrica.it\/de\/italcer-group-2\/#breadcrumb\",\"itemListElement\":[{\"@type\":\"ListItem\",\"position\":1,\"name\":\"Home\",\"item\":\"https:\/\/www.lafabbrica.it\/de\/\"},{\"@type\":\"ListItem\",\"position\":2,\"name\":\"Italcer Group\"}]},{\"@type\":\"WebSite\",\"@id\":\"https:\/\/www.lafabbrica.it\/de\/#website\",\"url\":\"https:\/\/www.lafabbrica.it\/de\/\",\"name\":\"La Fabbrica AVA\",\"description\":\"\",\"publisher\":{\"@id\":\"https:\/\/www.lafabbrica.it\/de\/#organization\"},\"potentialAction\":[{\"@type\":\"SearchAction\",\"target\":{\"@type\":\"EntryPoint\",\"urlTemplate\":\"https:\/\/www.lafabbrica.it\/de\/?s={search_term_string}\"},\"query-input\":\"required name=search_term_string\"}],\"inLanguage\":\"de\"},{\"@type\":\"Organization\",\"@id\":\"https:\/\/www.lafabbrica.it\/de\/#organization\",\"name\":\"La Fabbrica AVA\",\"url\":\"https:\/\/www.lafabbrica.it\/de\/\",\"logo\":{\"@type\":\"ImageObject\",\"inLanguage\":\"de\",\"@id\":\"https:\/\/www.lafabbrica.it\/de\/#\/schema\/logo\/image\/\",\"url\":\"https:\/\/www.lafabbrica.it\/wp-content\/uploads\/2023\/08\/Senza-titolo-1.png\",\"contentUrl\":\"https:\/\/www.lafabbrica.it\/wp-content\/uploads\/2023\/08\/Senza-titolo-1.png\",\"width\":567,\"height\":240,\"caption\":\"La Fabbrica AVA\"},\"image\":{\"@id\":\"https:\/\/www.lafabbrica.it\/de\/#\/schema\/logo\/image\/\"}}]}<\/script>\n<!-- \/ Yoast SEO plugin. -->","yoast_head_json":{"title":"Elegante Fliesen der Gruppe Italcer | La FABBRICA AVA","description":"Erh\u00f6hen Sie Ihren Raum mit den eleganten Fliesen der Italcer Group: eine Verschmelzung von modernem und klassischem Design f\u00fcr einen zeitlosen Touch.","robots":{"index":"index","follow":"follow","max-snippet":"max-snippet:-1","max-image-preview":"max-image-preview:large","max-video-preview":"max-video-preview:-1"},"canonical":"https:\/\/www.lafabbrica.it\/de\/italcer-group-2\/","og_locale":"de_DE","og_type":"article","og_title":"Elegante Fliesen der Gruppe Italcer | La FABBRICA AVA","og_description":"Erh\u00f6hen Sie Ihren Raum mit den eleganten Fliesen der Italcer Group: eine Verschmelzung von modernem und klassischem Design f\u00fcr einen zeitlosen Touch.","og_url":"https:\/\/www.lafabbrica.it\/de\/italcer-group-2\/","og_site_name":"La Fabbrica AVA","article_modified_time":"2026-03-27T11:19:39+00:00","og_image":[{"url":"https:\/\/www.lafabbrica.it\/wp-content\/uploads\/2023\/08\/italcer-logo.jpg"}],"twitter_card":"summary_large_image","twitter_misc":{"Gesch\u00e4tzte Lesezeit":"15\u00a0Minuten"},"schema":{"@context":"https:\/\/schema.org","@graph":[{"@type":"WebPage","@id":"https:\/\/www.lafabbrica.it\/de\/italcer-group-2\/","url":"https:\/\/www.lafabbrica.it\/de\/italcer-group-2\/","name":"Elegante Fliesen der Gruppe Italcer | La FABBRICA AVA","isPartOf":{"@id":"https:\/\/www.lafabbrica.it\/de\/#website"},"datePublished":"2024-10-10T11:20:14+00:00","dateModified":"2026-03-27T11:19:39+00:00","description":"Erh\u00f6hen Sie Ihren Raum mit den eleganten Fliesen der Italcer Group: eine Verschmelzung von modernem und klassischem Design f\u00fcr einen zeitlosen Touch.","breadcrumb":{"@id":"https:\/\/www.lafabbrica.it\/de\/italcer-group-2\/#breadcrumb"},"inLanguage":"de","potentialAction":[{"@type":"ReadAction","target":["https:\/\/www.lafabbrica.it\/de\/italcer-group-2\/"]}]},{"@type":"BreadcrumbList","@id":"https:\/\/www.lafabbrica.it\/de\/italcer-group-2\/#breadcrumb","itemListElement":[{"@type":"ListItem","position":1,"name":"Home","item":"https:\/\/www.lafabbrica.it\/de\/"},{"@type":"ListItem","position":2,"name":"Italcer Group"}]},{"@type":"WebSite","@id":"https:\/\/www.lafabbrica.it\/de\/#website","url":"https:\/\/www.lafabbrica.it\/de\/","name":"La Fabbrica AVA","description":"","publisher":{"@id":"https:\/\/www.lafabbrica.it\/de\/#organization"},"potentialAction":[{"@type":"SearchAction","target":{"@type":"EntryPoint","urlTemplate":"https:\/\/www.lafabbrica.it\/de\/?s={search_term_string}"},"query-input":"required name=search_term_string"}],"inLanguage":"de"},{"@type":"Organization","@id":"https:\/\/www.lafabbrica.it\/de\/#organization","name":"La Fabbrica AVA","url":"https:\/\/www.lafabbrica.it\/de\/","logo":{"@type":"ImageObject","inLanguage":"de","@id":"https:\/\/www.lafabbrica.it\/de\/#\/schema\/logo\/image\/","url":"https:\/\/www.lafabbrica.it\/wp-content\/uploads\/2023\/08\/Senza-titolo-1.png","contentUrl":"https:\/\/www.lafabbrica.it\/wp-content\/uploads\/2023\/08\/Senza-titolo-1.png","width":567,"height":240,"caption":"La Fabbrica AVA"},"image":{"@id":"https:\/\/www.lafabbrica.it\/de\/#\/schema\/logo\/image\/"}}]}},"_links":{"self":[{"href":"https:\/\/www.lafabbrica.it\/de\/wp-json\/wp\/v2\/pages\/22465","targetHints":{"allow":["GET"]}}],"collection":[{"href":"https:\/\/www.lafabbrica.it\/de\/wp-json\/wp\/v2\/pages"}],"about":[{"href":"https:\/\/www.lafabbrica.it\/de\/wp-json\/wp\/v2\/types\/page"}],"author":[{"embeddable":true,"href":"https:\/\/www.lafabbrica.it\/de\/wp-json\/wp\/v2\/users\/2"}],"replies":[{"embeddable":true,"href":"https:\/\/www.lafabbrica.it\/de\/wp-json\/wp\/v2\/comments?post=22465"}],"version-history":[{"count":5,"href":"https:\/\/www.lafabbrica.it\/de\/wp-json\/wp\/v2\/pages\/22465\/revisions"}],"predecessor-version":[{"id":32741,"href":"https:\/\/www.lafabbrica.it\/de\/wp-json\/wp\/v2\/pages\/22465\/revisions\/32741"}],"wp:attachment":[{"href":"https:\/\/www.lafabbrica.it\/de\/wp-json\/wp\/v2\/media?parent=22465"}],"curies":[{"name":"wp","href":"https:\/\/api.w.org\/{rel}","templated":true}]}}