{"id":13386,"date":"2023-10-09T14:27:23","date_gmt":"2023-10-09T14:27:23","guid":{"rendered":"https:\/\/www.lafabbrica.it\/kollektionen\/effetto-3d\/"},"modified":"2023-10-30T11:14:40","modified_gmt":"2023-10-30T11:14:40","slug":"effetto-3d","status":"publish","type":"page","link":"https:\/\/www.lafabbrica.it\/de\/kollektionen\/effetto-3d\/","title":{"rendered":"Effetto 3D"},"content":{"rendered":"\t\t<div data-elementor-type=\"wp-page\" data-elementor-id=\"13386\" class=\"elementor elementor-13386 elementor-11551\" data-elementor-post-type=\"page\">\n\t\t\t\t<div class=\"elementor-element elementor-element-3605ddf e-flex e-con-boxed e-con e-parent\" data-id=\"3605ddf\" data-element_type=\"container\" data-settings=\"{&quot;content_width&quot;:&quot;boxed&quot;}\" data-core-v316-plus=\"true\">\n\t\t\t\t\t<div class=\"e-con-inner\">\n\t\t\t\t<div class=\"elementor-element elementor-element-ad81e14 elementor-widget elementor-widget-heading\" data-id=\"ad81e14\" data-element_type=\"widget\" data-widget_type=\"heading.default\">\n\t\t\t\t<div class=\"elementor-widget-container\">\n\t\t\t<h1 class=\"elementor-heading-title elementor-size-default\">3D-Fliesen: Ideal f\u00fcr jeden Raum<\/h1>\t\t<\/div>\n\t\t\t\t<\/div>\n\t\t\t\t<div class=\"elementor-element elementor-element-0e53dd2 elementor-widget elementor-widget-text-editor\" data-id=\"0e53dd2\" data-element_type=\"widget\" data-widget_type=\"text-editor.default\">\n\t\t\t\t<div class=\"elementor-widget-container\">\n\t\t\t\t\t\t\t<p>Die 3D-Fliesen von LA FABBRICA AVA sind ideal, um jeden Raum in ein dreidimensionales Kunstwerk zu verwandeln. Ganz gleich, ob Sie Ihr Bad, Ihre K\u00fcche oder Ihre Gesch\u00e4ftsr\u00e4ume gestalten, diese Fliesen verleihen Ihrem Design Tiefe und eine einzigartige Note. Mit LA FABBRICA AVA k\u00f6nnen Sie in eine neue Dimension eintauchen und ein au\u00dfergew\u00f6hnliches visuelles Erlebnis f\u00fcr jeden Raum schaffen.<\/p>\t\t\t\t\t\t<\/div>\n\t\t\t\t<\/div>\n\t\t\t\t\t<\/div>\n\t\t\t\t<\/div>\n\t\t<div class=\"elementor-element elementor-element-da1ad21 e-flex e-con-boxed e-con e-parent\" data-id=\"da1ad21\" data-element_type=\"container\" data-settings=\"{&quot;content_width&quot;:&quot;boxed&quot;}\" data-core-v316-plus=\"true\">\n\t\t\t\t\t<div class=\"e-con-inner\">\n\t\t\t\t<div class=\"elementor-element elementor-element-56348ca dce-posts-layout-template dce-col-3 dce-col-tablet-3 dce-col-mobile-1 elementor-widget elementor-widget-dce-dynamicposts-v2\" data-id=\"56348ca\" data-element_type=\"widget\" data-settings=\"{&quot;style_items&quot;:&quot;template&quot;,&quot;grid_grid_type&quot;:&quot;flex&quot;}\" data-widget_type=\"dce-dynamicposts-v2.grid\">\n\t\t\t\t<div class=\"elementor-widget-container\">\n\t\t\t\n\t\t<div class=\"dce-fix-background-loop dce-posts-container dce-posts dce-dynamic-posts-collection  dce-skin-grid dce-skin-grid-flex\">\n\t\t\t\t\t\t<div class=\"dce-posts-wrapper dce-wrapper-grid\">\n\t\t\t\n\t\t<article class=\"post-14513 collections type-collections status-publish has-post-thumbnail hentry look-3d-de look-design-de look-farben colors-andere rooms-badezimmer rooms-kuche rooms-living-de rooms-offentlich-gewerblich size-10x10-de size-25x5-de color_of_collection-up dce-post dce-post-item dce-item-grid\" data-dce-post-id=\"14513\" data-dce-post-index=\"0\">\n\t\t\t<div class=\"dce-post-block\">\n\t\t<style>.elementor-14852 .elementor-element.elementor-element-d9c6ea6{--display:flex;--flex-direction:column;--container-widget-width:calc( ( 1 - var( --container-widget-flex-grow ) ) * 100% );--container-widget-height:initial;--container-widget-flex-grow:0;--container-widget-align-self:initial;--justify-content:flex-start;--align-items:stretch;--gap:0px 0px;--background-transition:0.3s;}.elementor-14852 .elementor-element.elementor-element-e83b2c1{--display:flex;--gap:0px 0px;--background-transition:0.3s;--margin-block-start:0px;--margin-block-end:0px;--margin-inline-start:0px;--margin-inline-end:0px;--padding-block-start:0px;--padding-block-end:0px;--padding-inline-start:0px;--padding-inline-end:0px;}.elementor-14852 .elementor-element.elementor-element-15d46ea img{filter:brightness( 100% ) contrast( 100% ) saturate( 100% ) blur( 0px ) hue-rotate( 0deg );transition-duration:0.3s;}.elementor-14852 .elementor-element.elementor-element-15d46ea:hover img{filter:brightness( 100% ) contrast( 120% ) saturate( 100% ) blur( 0px ) hue-rotate( 0deg );}.elementor-14852 .elementor-element.elementor-element-15d46ea > .elementor-widget-container:hover{--e-transform-scale:1.1;}.elementor-14852 .elementor-element.elementor-element-610b60c img{width:120px;}body:not(.rtl) .elementor-14852 .elementor-element.elementor-element-610b60c{left:40px;}body.rtl .elementor-14852 .elementor-element.elementor-element-610b60c{right:40px;}.elementor-14852 .elementor-element.elementor-element-610b60c{bottom:40px;}.elementor-14852 .elementor-element.elementor-element-90d645f .elementor-heading-title{font-family:\"Hurme Geometric\", Sans-serif;font-weight:700;text-transform:uppercase;}.elementor-14852 .elementor-element.elementor-element-90d645f > .elementor-widget-container{margin:10px 0px 0px 0px;}\/* Start custom CSS for theme-post-featured-image, class: .elementor-element-15d46ea *\/.elementor-14852 .elementor-element.elementor-element-15d46ea{\n    overflow: hidden;\n}\/* End custom CSS *\/<\/style>\t\t<div data-elementor-type=\"section\" data-post-id=\"14513\" data-obj-id=\"14513\" data-elementor-id=\"14852\" class=\"elementor elementor-14852 dce-elementor-rendering-id-1 e-post-14513 elementor-314\" data-elementor-post-type=\"elementor_library\">\n\t\t\t<div class=\"elementor-element elementor-element-d9c6ea6 e-flex e-con-boxed e-con e-parent\" data-id=\"d9c6ea6\" data-element_type=\"container\" data-settings=\"{&quot;content_width&quot;:&quot;boxed&quot;}\" data-core-v316-plus=\"true\">\n\t\t\t\t\t<div class=\"e-con-inner\">\n\t\t<div class=\"elementor-element elementor-element-e83b2c1 e-flex e-con-boxed e-con e-child\" data-id=\"e83b2c1\" data-element_type=\"container\" data-settings=\"{&quot;content_width&quot;:&quot;boxed&quot;}\">\n\t\t\t\t\t<div class=\"e-con-inner\">\n\t\t\t\t<div class=\"elementor-element elementor-element-15d46ea e-transform elementor-widget elementor-widget-theme-post-featured-image elementor-widget-image\" data-id=\"15d46ea\" data-element_type=\"widget\" data-settings=\"{&quot;_transform_scale_effect_hover&quot;:{&quot;unit&quot;:&quot;px&quot;,&quot;size&quot;:1.1,&quot;sizes&quot;:[]},&quot;_transform_scale_effect_hover_tablet&quot;:{&quot;unit&quot;:&quot;px&quot;,&quot;size&quot;:&quot;&quot;,&quot;sizes&quot;:[]},&quot;_transform_scale_effect_hover_mobile&quot;:{&quot;unit&quot;:&quot;px&quot;,&quot;size&quot;:&quot;&quot;,&quot;sizes&quot;:[]}}\" data-widget_type=\"theme-post-featured-image.default\">\n\t\t\t\t<div class=\"elementor-widget-container\">\n\t\t\t\t\t\t\t\t\t\t\t\t\t\t<a href=\"https:\/\/www.lafabbrica.it\/de\/collections\/up\/\">\n\t\t\t\t\t\t\t<img decoding=\"async\" src=\"https:\/\/www.lafabbrica.it\/wp-content\/uploads\/elementor\/thumbs\/up_feat-qwd0ovia0m7humtly91f2awnr1iokptli4d0828oxw.jpg\" title=\"3D wall tiles\" alt=\"Rivestimento 3d\" loading=\"lazy\" \/>\t\t\t\t\t\t\t\t<\/a>\n\t\t\t\t\t\t\t\t\t\t\t\t\t<\/div>\n\t\t\t\t<\/div>\n\t\t\t\t\t<\/div>\n\t\t\t\t<\/div>\n\t\t\t\t<div class=\"elementor-element elementor-element-90d645f elementor-widget elementor-widget-theme-post-title elementor-page-title elementor-widget-heading\" data-id=\"90d645f\" data-element_type=\"widget\" data-widget_type=\"theme-post-title.default\">\n\t\t\t\t<div class=\"elementor-widget-container\">\n\t\t\t<h3 class=\"elementor-heading-title elementor-size-default\"><a href=\"https:\/\/www.lafabbrica.it\/de\/collections\/up\/\">Up<\/a><\/h3>\t\t<\/div>\n\t\t\t\t<\/div>\n\t\t\t\t\t<\/div>\n\t\t\t\t<\/div>\n\t\t\t\t<\/div>\n\t\t\t\t\t<\/div>\n\t\t<\/article>\n\t\t\t\t\t<\/div>\n\t\t\t\t\t<\/div>\n\t\t\t\t<\/div>\n\t\t\t\t<\/div>\n\t\t\t\t\t<\/div>\n\t\t\t\t<\/div>\n\t\t\t\t<\/div>\n\t\t","protected":false},"excerpt":{"rendered":"<p>Piastrelle 3D: Ideali per Ogni Spazio Le piastrelle 3D di LA FABBRICA AVA sono ideali per trasformare qualsiasi ambiente in un&#8217;opera d&#8217;arte tridimensionale. Che tu stia progettando il bagno, la cucina o locali commerciali, queste piastrelle aggiungono profondit\u00e0 e un tocco unico al tuo design. Con LA FABBRICA AVA, puoi abbracciare una nuova dimensione e [&hellip;]<\/p>\n","protected":false},"author":1,"featured_media":0,"parent":13167,"menu_order":0,"comment_status":"closed","ping_status":"closed","template":"","meta":{"_acf_changed":false,"site-sidebar-layout":"no-sidebar","site-content-layout":"page-builder","ast-site-content-layout":"","site-content-style":"default","site-sidebar-style":"default","ast-global-header-display":"","ast-banner-title-visibility":"","ast-main-header-display":"","ast-hfb-above-header-display":"","ast-hfb-below-header-display":"","ast-hfb-mobile-header-display":"","site-post-title":"disabled","ast-breadcrumbs-content":"","ast-featured-img":"disabled","footer-sml-layout":"","theme-transparent-header-meta":"","adv-header-id-meta":"","stick-header-meta":"","header-above-stick-meta":"","header-main-stick-meta":"","header-below-stick-meta":"","astra-migrate-meta-layouts":"default","ast-page-background-enabled":"default","ast-page-background-meta":{"desktop":{"background-color":"var(--ast-global-color-4)","background-image":"","background-repeat":"repeat","background-position":"center center","background-size":"auto","background-attachment":"scroll","background-type":"","background-media":"","overlay-type":"","overlay-color":"","overlay-gradient":""},"tablet":{"background-color":"","background-image":"","background-repeat":"repeat","background-position":"center center","background-size":"auto","background-attachment":"scroll","background-type":"","background-media":"","overlay-type":"","overlay-color":"","overlay-gradient":""},"mobile":{"background-color":"","background-image":"","background-repeat":"repeat","background-position":"center center","background-size":"auto","background-attachment":"scroll","background-type":"","background-media":"","overlay-type":"","overlay-color":"","overlay-gradient":""}},"ast-content-background-meta":{"desktop":{"background-color":"var(--ast-global-color-5)","background-image":"","background-repeat":"repeat","background-position":"center center","background-size":"auto","background-attachment":"scroll","background-type":"","background-media":"","overlay-type":"","overlay-color":"","overlay-gradient":""},"tablet":{"background-color":"var(--ast-global-color-5)","background-image":"","background-repeat":"repeat","background-position":"center center","background-size":"auto","background-attachment":"scroll","background-type":"","background-media":"","overlay-type":"","overlay-color":"","overlay-gradient":""},"mobile":{"background-color":"var(--ast-global-color-5)","background-image":"","background-repeat":"repeat","background-position":"center center","background-size":"auto","background-attachment":"scroll","background-type":"","background-media":"","overlay-type":"","overlay-color":"","overlay-gradient":""}},"footnotes":""},"class_list":["post-13386","page","type-page","status-publish","hentry"],"acf":[],"yoast_head":"<!-- This site is optimized with the Yoast SEO plugin v22.0 - https:\/\/yoast.com\/wordpress\/plugins\/seo\/ -->\n<title>3D-Fliesen - Ideal f\u00fcr W\u00e4nde - La Fabbrica AVA<\/title>\n<meta name=\"description\" content=\"Entdecken Sie die 3D-Fliesen von LA FABBRICA AVA, ideal f\u00fcr W\u00e4nde in B\u00e4dern, K\u00fcchen und Gesch\u00e4ftsr\u00e4umen. Ein Hauch von Design f\u00fcr jedes Projekt.\" \/>\n<meta name=\"robots\" content=\"index, follow, max-snippet:-1, max-image-preview:large, max-video-preview:-1\" \/>\n<link rel=\"canonical\" href=\"https:\/\/www.lafabbrica.it\/de\/kollektionen\/effetto-3d\/\" \/>\n<meta property=\"og:locale\" content=\"de_DE\" \/>\n<meta property=\"og:type\" content=\"article\" \/>\n<meta property=\"og:title\" content=\"3D-Fliesen - Ideal f\u00fcr W\u00e4nde - La Fabbrica AVA\" \/>\n<meta property=\"og:description\" content=\"Entdecken Sie die 3D-Fliesen von LA FABBRICA AVA, ideal f\u00fcr W\u00e4nde in B\u00e4dern, K\u00fcchen und Gesch\u00e4ftsr\u00e4umen. Ein Hauch von Design f\u00fcr jedes Projekt.\" \/>\n<meta property=\"og:url\" content=\"https:\/\/www.lafabbrica.it\/de\/kollektionen\/effetto-3d\/\" \/>\n<meta property=\"og:site_name\" content=\"La Fabbrica AVA\" \/>\n<meta property=\"article:modified_time\" content=\"2023-10-30T11:14:40+00:00\" \/>\n<meta name=\"twitter:card\" content=\"summary_large_image\" \/>\n<meta name=\"twitter:label1\" content=\"Gesch\u00e4tzte Lesezeit\" \/>\n\t<meta name=\"twitter:data1\" content=\"2\u00a0Minuten\" \/>\n<script type=\"application\/ld+json\" class=\"yoast-schema-graph\">{\"@context\":\"https:\/\/schema.org\",\"@graph\":[{\"@type\":\"WebPage\",\"@id\":\"https:\/\/www.lafabbrica.it\/de\/kollektionen\/effetto-3d\/\",\"url\":\"https:\/\/www.lafabbrica.it\/de\/kollektionen\/effetto-3d\/\",\"name\":\"3D-Fliesen - Ideal f\u00fcr W\u00e4nde - La Fabbrica AVA\",\"isPartOf\":{\"@id\":\"https:\/\/www.lafabbrica.it\/de\/#website\"},\"datePublished\":\"2023-10-09T14:27:23+00:00\",\"dateModified\":\"2023-10-30T11:14:40+00:00\",\"description\":\"Entdecken Sie die 3D-Fliesen von LA FABBRICA AVA, ideal f\u00fcr W\u00e4nde in B\u00e4dern, K\u00fcchen und Gesch\u00e4ftsr\u00e4umen. Ein Hauch von Design f\u00fcr jedes Projekt.\",\"breadcrumb\":{\"@id\":\"https:\/\/www.lafabbrica.it\/de\/kollektionen\/effetto-3d\/#breadcrumb\"},\"inLanguage\":\"de\",\"potentialAction\":[{\"@type\":\"ReadAction\",\"target\":[\"https:\/\/www.lafabbrica.it\/de\/kollektionen\/effetto-3d\/\"]}]},{\"@type\":\"BreadcrumbList\",\"@id\":\"https:\/\/www.lafabbrica.it\/de\/kollektionen\/effetto-3d\/#breadcrumb\",\"itemListElement\":[{\"@type\":\"ListItem\",\"position\":1,\"name\":\"Home\",\"item\":\"https:\/\/www.lafabbrica.it\/de\/\"},{\"@type\":\"ListItem\",\"position\":2,\"name\":\"Kollektionen\",\"item\":\"https:\/\/www.lafabbrica.it\/de\/kollektionen\/\"},{\"@type\":\"ListItem\",\"position\":3,\"name\":\"Effetto 3D\"}]},{\"@type\":\"WebSite\",\"@id\":\"https:\/\/www.lafabbrica.it\/de\/#website\",\"url\":\"https:\/\/www.lafabbrica.it\/de\/\",\"name\":\"La Fabbrica AVA\",\"description\":\"\",\"publisher\":{\"@id\":\"https:\/\/www.lafabbrica.it\/de\/#organization\"},\"potentialAction\":[{\"@type\":\"SearchAction\",\"target\":{\"@type\":\"EntryPoint\",\"urlTemplate\":\"https:\/\/www.lafabbrica.it\/de\/?s={search_term_string}\"},\"query-input\":\"required name=search_term_string\"}],\"inLanguage\":\"de\"},{\"@type\":\"Organization\",\"@id\":\"https:\/\/www.lafabbrica.it\/de\/#organization\",\"name\":\"La Fabbrica AVA\",\"url\":\"https:\/\/www.lafabbrica.it\/de\/\",\"logo\":{\"@type\":\"ImageObject\",\"inLanguage\":\"de\",\"@id\":\"https:\/\/www.lafabbrica.it\/de\/#\/schema\/logo\/image\/\",\"url\":\"https:\/\/www.lafabbrica.it\/wp-content\/uploads\/2023\/08\/Senza-titolo-1.png\",\"contentUrl\":\"https:\/\/www.lafabbrica.it\/wp-content\/uploads\/2023\/08\/Senza-titolo-1.png\",\"width\":567,\"height\":240,\"caption\":\"La Fabbrica AVA\"},\"image\":{\"@id\":\"https:\/\/www.lafabbrica.it\/de\/#\/schema\/logo\/image\/\"}}]}<\/script>\n<!-- \/ Yoast SEO plugin. -->","yoast_head_json":{"title":"3D-Fliesen - Ideal f\u00fcr W\u00e4nde - La Fabbrica AVA","description":"Entdecken Sie die 3D-Fliesen von LA FABBRICA AVA, ideal f\u00fcr W\u00e4nde in B\u00e4dern, K\u00fcchen und Gesch\u00e4ftsr\u00e4umen. Ein Hauch von Design f\u00fcr jedes Projekt.","robots":{"index":"index","follow":"follow","max-snippet":"max-snippet:-1","max-image-preview":"max-image-preview:large","max-video-preview":"max-video-preview:-1"},"canonical":"https:\/\/www.lafabbrica.it\/de\/kollektionen\/effetto-3d\/","og_locale":"de_DE","og_type":"article","og_title":"3D-Fliesen - Ideal f\u00fcr W\u00e4nde - La Fabbrica AVA","og_description":"Entdecken Sie die 3D-Fliesen von LA FABBRICA AVA, ideal f\u00fcr W\u00e4nde in B\u00e4dern, K\u00fcchen und Gesch\u00e4ftsr\u00e4umen. Ein Hauch von Design f\u00fcr jedes Projekt.","og_url":"https:\/\/www.lafabbrica.it\/de\/kollektionen\/effetto-3d\/","og_site_name":"La Fabbrica AVA","article_modified_time":"2023-10-30T11:14:40+00:00","twitter_card":"summary_large_image","twitter_misc":{"Gesch\u00e4tzte Lesezeit":"2\u00a0Minuten"},"schema":{"@context":"https:\/\/schema.org","@graph":[{"@type":"WebPage","@id":"https:\/\/www.lafabbrica.it\/de\/kollektionen\/effetto-3d\/","url":"https:\/\/www.lafabbrica.it\/de\/kollektionen\/effetto-3d\/","name":"3D-Fliesen - Ideal f\u00fcr W\u00e4nde - La Fabbrica AVA","isPartOf":{"@id":"https:\/\/www.lafabbrica.it\/de\/#website"},"datePublished":"2023-10-09T14:27:23+00:00","dateModified":"2023-10-30T11:14:40+00:00","description":"Entdecken Sie die 3D-Fliesen von LA FABBRICA AVA, ideal f\u00fcr W\u00e4nde in B\u00e4dern, K\u00fcchen und Gesch\u00e4ftsr\u00e4umen. Ein Hauch von Design f\u00fcr jedes Projekt.","breadcrumb":{"@id":"https:\/\/www.lafabbrica.it\/de\/kollektionen\/effetto-3d\/#breadcrumb"},"inLanguage":"de","potentialAction":[{"@type":"ReadAction","target":["https:\/\/www.lafabbrica.it\/de\/kollektionen\/effetto-3d\/"]}]},{"@type":"BreadcrumbList","@id":"https:\/\/www.lafabbrica.it\/de\/kollektionen\/effetto-3d\/#breadcrumb","itemListElement":[{"@type":"ListItem","position":1,"name":"Home","item":"https:\/\/www.lafabbrica.it\/de\/"},{"@type":"ListItem","position":2,"name":"Kollektionen","item":"https:\/\/www.lafabbrica.it\/de\/kollektionen\/"},{"@type":"ListItem","position":3,"name":"Effetto 3D"}]},{"@type":"WebSite","@id":"https:\/\/www.lafabbrica.it\/de\/#website","url":"https:\/\/www.lafabbrica.it\/de\/","name":"La Fabbrica AVA","description":"","publisher":{"@id":"https:\/\/www.lafabbrica.it\/de\/#organization"},"potentialAction":[{"@type":"SearchAction","target":{"@type":"EntryPoint","urlTemplate":"https:\/\/www.lafabbrica.it\/de\/?s={search_term_string}"},"query-input":"required name=search_term_string"}],"inLanguage":"de"},{"@type":"Organization","@id":"https:\/\/www.lafabbrica.it\/de\/#organization","name":"La Fabbrica AVA","url":"https:\/\/www.lafabbrica.it\/de\/","logo":{"@type":"ImageObject","inLanguage":"de","@id":"https:\/\/www.lafabbrica.it\/de\/#\/schema\/logo\/image\/","url":"https:\/\/www.lafabbrica.it\/wp-content\/uploads\/2023\/08\/Senza-titolo-1.png","contentUrl":"https:\/\/www.lafabbrica.it\/wp-content\/uploads\/2023\/08\/Senza-titolo-1.png","width":567,"height":240,"caption":"La Fabbrica AVA"},"image":{"@id":"https:\/\/www.lafabbrica.it\/de\/#\/schema\/logo\/image\/"}}]}},"_links":{"self":[{"href":"https:\/\/www.lafabbrica.it\/de\/wp-json\/wp\/v2\/pages\/13386","targetHints":{"allow":["GET"]}}],"collection":[{"href":"https:\/\/www.lafabbrica.it\/de\/wp-json\/wp\/v2\/pages"}],"about":[{"href":"https:\/\/www.lafabbrica.it\/de\/wp-json\/wp\/v2\/types\/page"}],"author":[{"embeddable":true,"href":"https:\/\/www.lafabbrica.it\/de\/wp-json\/wp\/v2\/users\/1"}],"replies":[{"embeddable":true,"href":"https:\/\/www.lafabbrica.it\/de\/wp-json\/wp\/v2\/comments?post=13386"}],"version-history":[{"count":0,"href":"https:\/\/www.lafabbrica.it\/de\/wp-json\/wp\/v2\/pages\/13386\/revisions"}],"up":[{"embeddable":true,"href":"https:\/\/www.lafabbrica.it\/de\/wp-json\/wp\/v2\/pages\/13167"}],"wp:attachment":[{"href":"https:\/\/www.lafabbrica.it\/de\/wp-json\/wp\/v2\/media?parent=13386"}],"curies":[{"name":"wp","href":"https:\/\/api.w.org\/{rel}","templated":true}]}}