{"id":13015,"date":"2023-08-22T09:41:06","date_gmt":"2023-08-22T08:41:06","guid":{"rendered":"https:\/\/www.lafabbrica.it\/sustainability-and-certifications\/"},"modified":"2026-04-02T14:58:32","modified_gmt":"2026-04-02T13:58:32","slug":"nachhaltigkeit","status":"publish","type":"page","link":"https:\/\/www.lafabbrica.it\/de\/nachhaltigkeit\/","title":{"rendered":"Nachhaltigkeit"},"content":{"rendered":"\t\t<div data-elementor-type=\"wp-page\" data-elementor-id=\"13015\" class=\"elementor elementor-13015 elementor-4747\" data-elementor-post-type=\"page\">\n\t\t\t\t<div class=\"elementor-element elementor-element-fbd9447 e-flex e-con-boxed e-con e-parent\" data-id=\"fbd9447\" data-element_type=\"container\" data-settings=\"{&quot;content_width&quot;:&quot;boxed&quot;}\" data-core-v316-plus=\"true\">\n\t\t\t\t\t<div class=\"e-con-inner\">\n\t\t\t\t<div class=\"elementor-element elementor-element-b3289c8 elementor-widget elementor-widget-heading\" data-id=\"b3289c8\" data-element_type=\"widget\" data-widget_type=\"heading.default\">\n\t\t\t\t<div class=\"elementor-widget-container\">\n\t\t\t<h1 class=\"elementor-heading-title elementor-size-default\">Nachhaltigkeit\n<\/h1>\t\t<\/div>\n\t\t\t\t<\/div>\n\t\t\t\t\t<\/div>\n\t\t\t\t<\/div>\n\t\t<div class=\"elementor-element elementor-element-ef9eb69 e-flex e-con-boxed e-con e-parent\" data-id=\"ef9eb69\" data-element_type=\"container\" data-settings=\"{&quot;content_width&quot;:&quot;boxed&quot;}\" data-core-v316-plus=\"true\">\n\t\t\t\t\t<div class=\"e-con-inner\">\n\t\t\t\t<div class=\"elementor-element elementor-element-4ca7682 elementor-widget elementor-widget-image\" data-id=\"4ca7682\" data-element_type=\"widget\" data-widget_type=\"image.default\">\n\t\t\t\t<div class=\"elementor-widget-container\">\n\t\t\t\t\t\t\t\t\t\t\t\t\t<img fetchpriority=\"high\" decoding=\"async\" width=\"1804\" height=\"871\" src=\"https:\/\/www.lafabbrica.it\/wp-content\/uploads\/2023\/08\/BANNER-04.jpg\" class=\"attachment-full size-full wp-image-4749\" alt=\"\" srcset=\"https:\/\/www.lafabbrica.it\/wp-content\/uploads\/2023\/08\/BANNER-04.jpg 1804w, https:\/\/www.lafabbrica.it\/wp-content\/uploads\/2023\/08\/BANNER-04-300x145.jpg 300w, https:\/\/www.lafabbrica.it\/wp-content\/uploads\/2023\/08\/BANNER-04-1024x494.jpg 1024w, https:\/\/www.lafabbrica.it\/wp-content\/uploads\/2023\/08\/BANNER-04-768x371.jpg 768w, https:\/\/www.lafabbrica.it\/wp-content\/uploads\/2023\/08\/BANNER-04-1536x742.jpg 1536w\" sizes=\"(max-width: 1804px) 100vw, 1804px\" \/>\t\t\t\t\t\t\t\t\t\t\t\t\t<\/div>\n\t\t\t\t<\/div>\n\t\t<div class=\"elementor-element elementor-element-d0285d7 e-flex e-con-boxed e-con e-child\" data-id=\"d0285d7\" data-element_type=\"container\" data-settings=\"{&quot;content_width&quot;:&quot;boxed&quot;}\">\n\t\t\t\t\t<div class=\"e-con-inner\">\n\t\t<div class=\"elementor-element elementor-element-e89c61c e-flex e-con-boxed e-con e-child\" data-id=\"e89c61c\" data-element_type=\"container\" data-settings=\"{&quot;content_width&quot;:&quot;boxed&quot;}\">\n\t\t\t\t\t<div class=\"e-con-inner\">\n\t\t\t\t<div class=\"elementor-element elementor-element-2877cd9 elementor-widget elementor-widget-text-editor\" data-id=\"2877cd9\" data-element_type=\"widget\" data-widget_type=\"text-editor.default\">\n\t\t\t\t<div class=\"elementor-widget-container\">\n\t\t\t\t\t\t\t<p><b>Der Beitrag der Italcer Group zu den Zielen f\u00fcr nachhaltige Entwicklung<\/b><\/p>\t\t\t\t\t\t<\/div>\n\t\t\t\t<\/div>\n\t\t\t\t<div data-dce-background-color=\"#002C4C\" class=\"elementor-element elementor-element-fbfa838 elementor-align-center elementor-widget elementor-widget-button\" data-id=\"fbfa838\" data-element_type=\"widget\" data-widget_type=\"button.default\">\n\t\t\t\t<div class=\"elementor-widget-container\">\n\t\t\t\t\t<div class=\"elementor-button-wrapper\">\n\t\t\t<a class=\"elementor-button elementor-button-link elementor-size-xl\" href=\"https:\/\/www.lafabbrica.it\/wp-content\/uploads\/2025\/08\/ITALCER_Sustainability-Report_2024.pdf\" target=\"_blank\">\n\t\t\t\t\t\t<span class=\"elementor-button-content-wrapper\">\n\t\t\t\t\t\t<span class=\"elementor-button-text\">Nachhaltigkeitsbericht 2024<\/span>\n\t\t<\/span>\n\t\t\t\t\t<\/a>\n\t\t<\/div>\n\t\t\t\t<\/div>\n\t\t\t\t<\/div>\n\t\t\t\t<div class=\"elementor-element elementor-element-d5a8ce0 elementor-widget elementor-widget-text-editor\" data-id=\"d5a8ce0\" data-element_type=\"widget\" data-widget_type=\"text-editor.default\">\n\t\t\t\t<div class=\"elementor-widget-container\">\n\t\t\t\t\t\t\t<p data-start=\"2015\" data-end=\"2294\">Durch seine t\u00e4glichen Ma\u00dfnahmen, Pl\u00e4ne und spezifischen Verfahren schafft die Italcer Group nachhaltigen Wert, tr\u00e4gt zu einem positiven Einfluss auf Gesellschaft und Umwelt bei und unterst\u00fctzt die Erreichung einiger der Nachhaltigkeitsziele der Vereinten Nationen.<\/p><p data-start=\"2296\" data-end=\"2566\">Die Agenda 2030 der Vereinten Nationen f\u00fcr nachhaltige Entwicklung ist ein globales Aktionsprogramm zur Beseitigung von Armut, zum Schutz des Planeten sowie zur F\u00f6rderung von Wohlstand und Frieden. Sie wurde einstimmig von allen 193 Mitgliedstaaten der UN verabschiedet.<\/p><p data-start=\"2568\" data-end=\"3153\" data-is-last-node=\"\" data-is-only-node=\"\">Die Mitgliedstaaten haben sich verpflichtet,\u00a0<b><u><a href=\"https:\/\/sdgs.un.org\/goals\" target=\"_blank\" rel=\"noopener\">17 Ziele f\u00fcr nachhaltige Entwicklung (Sustainable Development Goals \u2013 SDGs)<\/a>\u00a0<\/u><\/b>zu erreichen, die wiederum in 169 spezifische Zielvorgaben unterteilt sind. Diese Ziele sind miteinander verkn\u00fcpft und unteilbar und bilden einen neuen Referenzrahmen f\u00fcr nachhaltige Entwicklung, verstanden als eine Entwicklung, die die Bed\u00fcrfnisse der Gegenwart erf\u00fcllt, ohne die F\u00e4higkeit zuk\u00fcnftiger Generationen zu gef\u00e4hrden, ihre eigenen Bed\u00fcrfnisse zu erf\u00fcllen, indem wirtschaftliches Wachstum, soziale Inklusion und Umweltschutz in Einklang gebracht werden.<\/p>\t\t\t\t\t\t<\/div>\n\t\t\t\t<\/div>\n\t\t\t\t\t<\/div>\n\t\t\t\t<\/div>\n\t\t<div class=\"elementor-element elementor-element-79e533c e-flex e-con-boxed elementor-invisible e-con e-child\" data-id=\"79e533c\" data-element_type=\"container\" data-settings=\"{&quot;animation&quot;:&quot;fadeIn&quot;,&quot;content_width&quot;:&quot;boxed&quot;}\">\n\t\t\t\t\t<div class=\"e-con-inner\">\n\t\t<div class=\"elementor-element elementor-element-84d4c2b e-con-full e-flex e-con e-child\" data-id=\"84d4c2b\" data-element_type=\"container\" data-settings=\"{&quot;content_width&quot;:&quot;full&quot;}\">\n\t\t\t\t<div class=\"elementor-element elementor-element-7cad2d2 elementor-widget elementor-widget-image\" data-id=\"7cad2d2\" data-element_type=\"widget\" data-widget_type=\"image.default\">\n\t\t\t\t<div class=\"elementor-widget-container\">\n\t\t\t\t\t\t\t\t\t\t\t\t\t<img decoding=\"async\" width=\"300\" height=\"300\" src=\"https:\/\/www.lafabbrica.it\/wp-content\/uploads\/2026\/03\/E_SDG_03-1-1-300x300.jpg\" class=\"attachment-medium size-medium wp-image-33022\" alt=\"\" srcset=\"https:\/\/www.lafabbrica.it\/wp-content\/uploads\/2026\/03\/E_SDG_03-1-1-300x300.jpg 300w, https:\/\/www.lafabbrica.it\/wp-content\/uploads\/2026\/03\/E_SDG_03-1-1-150x150.jpg 150w, https:\/\/www.lafabbrica.it\/wp-content\/uploads\/2026\/03\/E_SDG_03-1-1.jpg 720w\" sizes=\"(max-width: 300px) 100vw, 300px\" \/>\t\t\t\t\t\t\t\t\t\t\t\t\t<\/div>\n\t\t\t\t<\/div>\n\t\t\t\t<\/div>\n\t\t<div class=\"elementor-element elementor-element-6a073f2 e-con-full e-flex e-con e-child\" data-id=\"6a073f2\" data-element_type=\"container\" data-settings=\"{&quot;content_width&quot;:&quot;full&quot;}\">\n\t\t\t\t<div class=\"elementor-element elementor-element-f084480 elementor-widget elementor-widget-text-editor\" data-id=\"f084480\" data-element_type=\"widget\" data-widget_type=\"text-editor.default\">\n\t\t\t\t<div class=\"elementor-widget-container\">\n\t\t\t\t\t\t\t<p data-start=\"463\" data-end=\"514\"><strong data-start=\"478\" data-end=\"514\">Das Engagement der Italcer Group<\/strong><\/p><ul><li>Entwicklung der ADVANCE\u00ae-Technologie, die antiviral, antibakteriell und schadstoffreduzierend wirkt, um Krankheiten und Umweltverschmutzung zu verringern.<\/li><li>Innovation der Produktionsprozesse f\u00fcr keramische Oberfl\u00e4chen auf Grundlage strenger Qualit\u00e4tsstandards.<\/li><\/ul><p data-start=\"779\" data-end=\"817\"><strong data-start=\"779\" data-end=\"817\">Direkt betroffene Anspruchsgruppen<\/strong><\/p><ul><li>Kunden<\/li><li>Lieferanten<\/li><li>Mitarbeiter und Partner<\/li><li>Aktion\u00e4re und Investoren<\/li><li>Branchenakteure<\/li><li>Gesellschaft<\/li><\/ul>\t\t\t\t\t\t<\/div>\n\t\t\t\t<\/div>\n\t\t\t\t<\/div>\n\t\t\t\t\t<\/div>\n\t\t\t\t<\/div>\n\t\t<div class=\"elementor-element elementor-element-f26994f e-flex e-con-boxed elementor-invisible e-con e-child\" data-id=\"f26994f\" data-element_type=\"container\" data-settings=\"{&quot;animation&quot;:&quot;fadeIn&quot;,&quot;content_width&quot;:&quot;boxed&quot;}\">\n\t\t\t\t\t<div class=\"e-con-inner\">\n\t\t<div class=\"elementor-element elementor-element-afc60e6 e-con-full e-flex e-con e-child\" data-id=\"afc60e6\" data-element_type=\"container\" data-settings=\"{&quot;content_width&quot;:&quot;full&quot;}\">\n\t\t\t\t<div class=\"elementor-element elementor-element-9b9301c elementor-widget elementor-widget-image\" data-id=\"9b9301c\" data-element_type=\"widget\" data-widget_type=\"image.default\">\n\t\t\t\t<div class=\"elementor-widget-container\">\n\t\t\t\t\t\t\t\t\t\t\t\t\t<img decoding=\"async\" width=\"300\" height=\"300\" src=\"https:\/\/www.lafabbrica.it\/wp-content\/uploads\/2026\/03\/E_SDG_05-1-1-300x300.jpg\" class=\"attachment-medium size-medium wp-image-33026\" alt=\"\" srcset=\"https:\/\/www.lafabbrica.it\/wp-content\/uploads\/2026\/03\/E_SDG_05-1-1-300x300.jpg 300w, https:\/\/www.lafabbrica.it\/wp-content\/uploads\/2026\/03\/E_SDG_05-1-1-150x150.jpg 150w, https:\/\/www.lafabbrica.it\/wp-content\/uploads\/2026\/03\/E_SDG_05-1-1.jpg 720w\" sizes=\"(max-width: 300px) 100vw, 300px\" \/>\t\t\t\t\t\t\t\t\t\t\t\t\t<\/div>\n\t\t\t\t<\/div>\n\t\t\t\t<\/div>\n\t\t<div class=\"elementor-element elementor-element-0e097e3 e-con-full e-flex e-con e-child\" data-id=\"0e097e3\" data-element_type=\"container\" data-settings=\"{&quot;content_width&quot;:&quot;full&quot;}\">\n\t\t\t\t<div class=\"elementor-element elementor-element-43da1d9 elementor-widget elementor-widget-text-editor\" data-id=\"43da1d9\" data-element_type=\"widget\" data-widget_type=\"text-editor.default\">\n\t\t\t\t<div class=\"elementor-widget-container\">\n\t\t\t\t\t\t\t<p data-start=\"678\" data-end=\"729\"><strong data-start=\"693\" data-end=\"729\">Das Engagement der Italcer Group<\/strong><\/p><ul><li>Umsetzung spezifischer Verfahren im integrierten Managementsystem der Gruppe zur Verhinderung jeglicher Form von Diskriminierung gegen\u00fcber Frauen.<\/li><li>F\u00f6rderung von Vielfalt und Inklusion, einschlie\u00dflich der Gleichstellung der Geschlechter.<\/li><li>Unterst\u00fctzung der St\u00e4rkung von Frauen und F\u00f6rderung der Geschlechtergleichheit durch gezielte Managementschulungen sowie wirksame Garantien f\u00fcr gleiche F\u00fchrungschancen.<\/li><li>Zugang zu Beschwerdemechanismen und Unterst\u00fctzungsangeboten zur Pr\u00e4vention von Bel\u00e4stigung.<\/li><\/ul><p data-start=\"1236\" data-end=\"1274\"><strong data-start=\"1236\" data-end=\"1274\">Direkt betroffene Anspruchsgruppen<\/strong><\/p><p>\u00a0<\/p><p data-start=\"1276\" data-end=\"1314\" data-is-last-node=\"\" data-is-only-node=\"\">Mitarbeiter<\/p><ul><li>Partner<\/li><li>Gewerkschaften<\/li><\/ul>\t\t\t\t\t\t<\/div>\n\t\t\t\t<\/div>\n\t\t\t\t<\/div>\n\t\t\t\t\t<\/div>\n\t\t\t\t<\/div>\n\t\t<div class=\"elementor-element elementor-element-3421d9f e-flex e-con-boxed elementor-invisible e-con e-child\" data-id=\"3421d9f\" data-element_type=\"container\" data-settings=\"{&quot;animation&quot;:&quot;fadeIn&quot;,&quot;content_width&quot;:&quot;boxed&quot;}\">\n\t\t\t\t\t<div class=\"e-con-inner\">\n\t\t<div class=\"elementor-element elementor-element-5f14d2d e-con-full e-flex e-con e-child\" data-id=\"5f14d2d\" data-element_type=\"container\" data-settings=\"{&quot;content_width&quot;:&quot;full&quot;}\">\n\t\t\t\t<div class=\"elementor-element elementor-element-f5eddd6 elementor-widget elementor-widget-image\" data-id=\"f5eddd6\" data-element_type=\"widget\" data-widget_type=\"image.default\">\n\t\t\t\t<div class=\"elementor-widget-container\">\n\t\t\t\t\t\t\t\t\t\t\t\t\t<img loading=\"lazy\" decoding=\"async\" width=\"300\" height=\"300\" src=\"https:\/\/www.lafabbrica.it\/wp-content\/uploads\/2026\/03\/E_SDG_06-1-1-300x300.jpg\" class=\"attachment-medium size-medium wp-image-33030\" alt=\"\" srcset=\"https:\/\/www.lafabbrica.it\/wp-content\/uploads\/2026\/03\/E_SDG_06-1-1-300x300.jpg 300w, https:\/\/www.lafabbrica.it\/wp-content\/uploads\/2026\/03\/E_SDG_06-1-1-150x150.jpg 150w, https:\/\/www.lafabbrica.it\/wp-content\/uploads\/2026\/03\/E_SDG_06-1-1.jpg 720w\" sizes=\"(max-width: 300px) 100vw, 300px\" \/>\t\t\t\t\t\t\t\t\t\t\t\t\t<\/div>\n\t\t\t\t<\/div>\n\t\t\t\t<\/div>\n\t\t<div class=\"elementor-element elementor-element-f3e5af3 e-con-full e-flex e-con e-child\" data-id=\"f3e5af3\" data-element_type=\"container\" data-settings=\"{&quot;content_width&quot;:&quot;full&quot;}\">\n\t\t\t\t<div class=\"elementor-element elementor-element-4529475 elementor-widget elementor-widget-text-editor\" data-id=\"4529475\" data-element_type=\"widget\" data-widget_type=\"text-editor.default\">\n\t\t\t\t<div class=\"elementor-widget-container\">\n\t\t\t\t\t\t\t<p data-start=\"505\" data-end=\"556\"><strong data-start=\"520\" data-end=\"556\">Das Engagement der Italcer Group<\/strong><\/p><p data-start=\"558\" data-end=\"903\">\u00a0<\/p><ul><li>Optimierung des Wassermanagements durch Recycling und vollst\u00e4ndige Wiederverwendung des in den Produktionsprozessen eingesetzten Wassers.<\/li><li>Minimierung der Freisetzung von Chemikalien und gef\u00e4hrlichen Stoffen in die Umwelt.<\/li><li>Schrittweise Entkopplung der Entwicklung der Unternehmen der Gruppe vom Verbrauch ersch\u00f6pfbarer nat\u00fcrlicher Ressourcen.<\/li><\/ul><p data-start=\"905\" data-end=\"943\"><strong data-start=\"905\" data-end=\"943\">Direkt betroffene Anspruchsgruppen<\/strong><\/p><p data-start=\"558\" data-end=\"903\">\u00a0<\/p><ul><li>Gesellschaft<\/li><li>\u00d6ffentliche Verwaltung<\/li><\/ul>\t\t\t\t\t\t<\/div>\n\t\t\t\t<\/div>\n\t\t\t\t<\/div>\n\t\t\t\t\t<\/div>\n\t\t\t\t<\/div>\n\t\t<div class=\"elementor-element elementor-element-222a11a e-flex e-con-boxed elementor-invisible e-con e-child\" data-id=\"222a11a\" data-element_type=\"container\" data-settings=\"{&quot;animation&quot;:&quot;fadeIn&quot;,&quot;content_width&quot;:&quot;boxed&quot;}\">\n\t\t\t\t\t<div class=\"e-con-inner\">\n\t\t<div class=\"elementor-element elementor-element-12b2418 e-con-full e-flex e-con e-child\" data-id=\"12b2418\" data-element_type=\"container\" data-settings=\"{&quot;content_width&quot;:&quot;full&quot;}\">\n\t\t\t\t<div class=\"elementor-element elementor-element-5053ed4 elementor-widget elementor-widget-image\" data-id=\"5053ed4\" data-element_type=\"widget\" data-widget_type=\"image.default\">\n\t\t\t\t<div class=\"elementor-widget-container\">\n\t\t\t\t\t\t\t\t\t\t\t\t\t<img loading=\"lazy\" decoding=\"async\" width=\"300\" height=\"300\" src=\"https:\/\/www.lafabbrica.it\/wp-content\/uploads\/2026\/03\/E_SDG_07-1-1-300x300.jpg\" class=\"attachment-medium size-medium wp-image-33034\" alt=\"\" srcset=\"https:\/\/www.lafabbrica.it\/wp-content\/uploads\/2026\/03\/E_SDG_07-1-1-300x300.jpg 300w, https:\/\/www.lafabbrica.it\/wp-content\/uploads\/2026\/03\/E_SDG_07-1-1-150x150.jpg 150w, https:\/\/www.lafabbrica.it\/wp-content\/uploads\/2026\/03\/E_SDG_07-1-1.jpg 720w\" sizes=\"(max-width: 300px) 100vw, 300px\" \/>\t\t\t\t\t\t\t\t\t\t\t\t\t<\/div>\n\t\t\t\t<\/div>\n\t\t\t\t<\/div>\n\t\t<div class=\"elementor-element elementor-element-319f3f5 e-con-full e-flex e-con e-child\" data-id=\"319f3f5\" data-element_type=\"container\" data-settings=\"{&quot;content_width&quot;:&quot;full&quot;}\">\n\t\t\t\t<div class=\"elementor-element elementor-element-f94c0b5 elementor-widget elementor-widget-text-editor\" data-id=\"f94c0b5\" data-element_type=\"widget\" data-widget_type=\"text-editor.default\">\n\t\t\t\t<div class=\"elementor-widget-container\">\n\t\t\t\t\t\t\t<p data-start=\"542\" data-end=\"593\"><strong data-start=\"557\" data-end=\"593\">Das Engagement der Italcer Group<\/strong><\/p><ul><li>Schrittweise Dekarbonisierung der Produktionsprozesse zur F\u00f6rderung der Umsetzung zuverl\u00e4ssiger, nachhaltiger und moderner Anlagen f\u00fcr erneuerbare Energien an den Produktionsstandorten der Gruppe, insbesondere Photovoltaikanlagen.<\/li><li>\u00dcbergang zu einer Kreislaufwirtschaft, die zur Reduzierung sch\u00e4dlicher Emissionen in die Umwelt und zur Verbesserung der Energieeffizienz beitr\u00e4gt.<\/li><\/ul><p data-start=\"977\" data-end=\"1015\"><strong data-start=\"977\" data-end=\"1015\">Direkt betroffene Anspruchsgruppen<\/strong><\/p><p>\u00a0<\/p><ul><li>Gesellschaft<\/li><li>Aktion\u00e4re und Investoren<\/li><\/ul>\t\t\t\t\t\t<\/div>\n\t\t\t\t<\/div>\n\t\t\t\t<\/div>\n\t\t\t\t\t<\/div>\n\t\t\t\t<\/div>\n\t\t<div class=\"elementor-element elementor-element-237eff4 e-flex e-con-boxed elementor-invisible e-con e-child\" data-id=\"237eff4\" data-element_type=\"container\" data-settings=\"{&quot;animation&quot;:&quot;fadeIn&quot;,&quot;content_width&quot;:&quot;boxed&quot;}\">\n\t\t\t\t\t<div class=\"e-con-inner\">\n\t\t<div class=\"elementor-element elementor-element-5287d3c e-con-full e-flex e-con e-child\" data-id=\"5287d3c\" data-element_type=\"container\" data-settings=\"{&quot;content_width&quot;:&quot;full&quot;}\">\n\t\t\t\t<div class=\"elementor-element elementor-element-e9cc116 elementor-widget elementor-widget-image\" data-id=\"e9cc116\" data-element_type=\"widget\" data-widget_type=\"image.default\">\n\t\t\t\t<div class=\"elementor-widget-container\">\n\t\t\t\t\t\t\t\t\t\t\t\t\t<img loading=\"lazy\" decoding=\"async\" width=\"300\" height=\"300\" src=\"https:\/\/www.lafabbrica.it\/wp-content\/uploads\/2026\/03\/E_SDG_08-1-1-300x300.jpg\" class=\"attachment-medium size-medium wp-image-33038\" alt=\"\" srcset=\"https:\/\/www.lafabbrica.it\/wp-content\/uploads\/2026\/03\/E_SDG_08-1-1-300x300.jpg 300w, https:\/\/www.lafabbrica.it\/wp-content\/uploads\/2026\/03\/E_SDG_08-1-1-150x150.jpg 150w, https:\/\/www.lafabbrica.it\/wp-content\/uploads\/2026\/03\/E_SDG_08-1-1.jpg 720w\" sizes=\"(max-width: 300px) 100vw, 300px\" \/>\t\t\t\t\t\t\t\t\t\t\t\t\t<\/div>\n\t\t\t\t<\/div>\n\t\t\t\t<\/div>\n\t\t<div class=\"elementor-element elementor-element-d60fc88 e-con-full e-flex e-con e-child\" data-id=\"d60fc88\" data-element_type=\"container\" data-settings=\"{&quot;content_width&quot;:&quot;full&quot;}\">\n\t\t\t\t<div class=\"elementor-element elementor-element-9a3064d elementor-widget elementor-widget-text-editor\" data-id=\"9a3064d\" data-element_type=\"widget\" data-widget_type=\"text-editor.default\">\n\t\t\t\t<div class=\"elementor-widget-container\">\n\t\t\t\t\t\t\t<p data-start=\"798\" data-end=\"849\"><strong data-start=\"813\" data-end=\"849\">Das Engagement der Italcer Group<\/strong><\/p><ul><li>Fokus auf Innovation und technologische Weiterentwicklung der Produktionsprozesse.<\/li><li>Schaffung und F\u00f6rderung stabiler und angemessener Besch\u00e4ftigung f\u00fcr alle Frauen und M\u00e4nner, einschlie\u00dflich junger Menschen und Menschen mit Behinderungen, unter Gew\u00e4hrleistung gleicher Bezahlung f\u00fcr gleichwertige Arbeit.<\/li><li>Schutz der Arbeitnehmerrechte durch sichere und gesch\u00fctzte Arbeitsumgebungen.<\/li><li>Angebot von qualifizierten Praktika sowie Teilnahme an dualen Ausbildungs- und Schulprogrammen.<\/li><li>Einf\u00fchrung einer Politik, die auch das Engagement von Lieferanten und Kunden f\u00fcr menschenw\u00fcrdige Arbeit zertifiziert.<\/li><\/ul><p data-start=\"1456\" data-end=\"1494\"><strong data-start=\"1456\" data-end=\"1494\">Direkt betroffene Anspruchsgruppen<\/strong><\/p><p>\u00a0<\/p><ul><li>Mitarbeiter<\/li><li>Partner<\/li><li>Gewerkschaften<\/li><\/ul>\t\t\t\t\t\t<\/div>\n\t\t\t\t<\/div>\n\t\t\t\t<\/div>\n\t\t\t\t\t<\/div>\n\t\t\t\t<\/div>\n\t\t<div class=\"elementor-element elementor-element-cfd9c60 e-flex e-con-boxed elementor-invisible e-con e-child\" data-id=\"cfd9c60\" data-element_type=\"container\" data-settings=\"{&quot;animation&quot;:&quot;fadeIn&quot;,&quot;content_width&quot;:&quot;boxed&quot;}\">\n\t\t\t\t\t<div class=\"e-con-inner\">\n\t\t<div class=\"elementor-element elementor-element-b7d7c2f e-con-full e-flex e-con e-child\" data-id=\"b7d7c2f\" data-element_type=\"container\" data-settings=\"{&quot;content_width&quot;:&quot;full&quot;}\">\n\t\t\t\t<div class=\"elementor-element elementor-element-fe7a77f elementor-widget elementor-widget-image\" data-id=\"fe7a77f\" data-element_type=\"widget\" data-widget_type=\"image.default\">\n\t\t\t\t<div class=\"elementor-widget-container\">\n\t\t\t\t\t\t\t\t\t\t\t\t\t<img loading=\"lazy\" decoding=\"async\" width=\"300\" height=\"300\" src=\"https:\/\/www.lafabbrica.it\/wp-content\/uploads\/2026\/03\/E_SDG_09-1-1-300x300.jpg\" class=\"attachment-medium size-medium wp-image-33042\" alt=\"\" srcset=\"https:\/\/www.lafabbrica.it\/wp-content\/uploads\/2026\/03\/E_SDG_09-1-1-300x300.jpg 300w, https:\/\/www.lafabbrica.it\/wp-content\/uploads\/2026\/03\/E_SDG_09-1-1-150x150.jpg 150w, https:\/\/www.lafabbrica.it\/wp-content\/uploads\/2026\/03\/E_SDG_09-1-1.jpg 720w\" sizes=\"(max-width: 300px) 100vw, 300px\" \/>\t\t\t\t\t\t\t\t\t\t\t\t\t<\/div>\n\t\t\t\t<\/div>\n\t\t\t\t<\/div>\n\t\t<div class=\"elementor-element elementor-element-4bf675e e-con-full e-flex e-con e-child\" data-id=\"4bf675e\" data-element_type=\"container\" data-settings=\"{&quot;content_width&quot;:&quot;full&quot;}\">\n\t\t\t\t<div class=\"elementor-element elementor-element-ea0f5eb elementor-widget elementor-widget-text-editor\" data-id=\"ea0f5eb\" data-element_type=\"widget\" data-widget_type=\"text-editor.default\">\n\t\t\t\t<div class=\"elementor-widget-container\">\n\t\t\t\t\t\t\t<p data-start=\"463\" data-end=\"514\"><strong data-start=\"478\" data-end=\"514\">Das Engagement der Italcer Group<\/strong><\/p>\n<ul>\n<li>Entwicklung leistungsstarker, nachhaltiger und verantwortungsvoller Materialien und Technologien.<\/li>\n<li>Einf\u00fchrung und Weiterentwicklung umweltfreundlicher Technologien.<\/li>\n<li>Modernisierung und Effizienzsteigerung der Anlagen durch den Einsatz sauberer und umweltfreundlicher Technologien.<\/li>\n<\/ul>\n<p data-start=\"800\" data-end=\"838\"><strong data-start=\"800\" data-end=\"838\">Direkt betroffene Anspruchsgruppen<\/strong><\/p>\n<p data-start=\"840\" data-end=\"920\" data-is-last-node=\"\" data-is-only-node=\"\"><ul><li>Kunden<\/li><li>Gesellschaft<\/li><li>Mitarbeiter und Partner<\/li><li>Branchenakteure<\/li><li>Gesellschaft<\/li><\/ul><\/p>\t\t\t\t\t\t<\/div>\n\t\t\t\t<\/div>\n\t\t\t\t<\/div>\n\t\t\t\t\t<\/div>\n\t\t\t\t<\/div>\n\t\t<div class=\"elementor-element elementor-element-540f0d4 e-flex e-con-boxed elementor-invisible e-con e-child\" data-id=\"540f0d4\" data-element_type=\"container\" data-settings=\"{&quot;animation&quot;:&quot;fadeIn&quot;,&quot;content_width&quot;:&quot;boxed&quot;}\">\n\t\t\t\t\t<div class=\"e-con-inner\">\n\t\t<div class=\"elementor-element elementor-element-a672787 e-con-full e-flex e-con e-child\" data-id=\"a672787\" data-element_type=\"container\" data-settings=\"{&quot;content_width&quot;:&quot;full&quot;}\">\n\t\t\t\t<div class=\"elementor-element elementor-element-cebf90f elementor-widget elementor-widget-image\" data-id=\"cebf90f\" data-element_type=\"widget\" data-widget_type=\"image.default\">\n\t\t\t\t<div class=\"elementor-widget-container\">\n\t\t\t\t\t\t\t\t\t\t\t\t\t<img loading=\"lazy\" decoding=\"async\" width=\"300\" height=\"300\" src=\"https:\/\/www.lafabbrica.it\/wp-content\/uploads\/2026\/03\/E_SDG_10-1-1-300x300.jpg\" class=\"attachment-medium size-medium wp-image-33046\" alt=\"\" srcset=\"https:\/\/www.lafabbrica.it\/wp-content\/uploads\/2026\/03\/E_SDG_10-1-1-300x300.jpg 300w, https:\/\/www.lafabbrica.it\/wp-content\/uploads\/2026\/03\/E_SDG_10-1-1-150x150.jpg 150w, https:\/\/www.lafabbrica.it\/wp-content\/uploads\/2026\/03\/E_SDG_10-1-1.jpg 720w\" sizes=\"(max-width: 300px) 100vw, 300px\" \/>\t\t\t\t\t\t\t\t\t\t\t\t\t<\/div>\n\t\t\t\t<\/div>\n\t\t\t\t<\/div>\n\t\t<div class=\"elementor-element elementor-element-5217713 e-con-full e-flex e-con e-child\" data-id=\"5217713\" data-element_type=\"container\" data-settings=\"{&quot;content_width&quot;:&quot;full&quot;}\">\n\t\t\t\t<div class=\"elementor-element elementor-element-8c515be elementor-widget elementor-widget-text-editor\" data-id=\"8c515be\" data-element_type=\"widget\" data-widget_type=\"text-editor.default\">\n\t\t\t\t<div class=\"elementor-widget-container\">\n\t\t\t\t\t\t\t<p data-start=\"455\" data-end=\"506\"><strong data-start=\"470\" data-end=\"506\">Das Engagement der Italcer Group<\/strong><\/p><ul><li>Einf\u00fchrung aktiver Ma\u00dfnahmen zur Sicherstellung der Gleichstellung der Geschlechter und zur F\u00f6rderung eines inklusiven Arbeitsumfelds, das die Vielfalt und Einzigartigkeit der Menschen wertsch\u00e4tzt und gleichzeitig Ungleichheiten reduziert.<\/li><li>Gew\u00e4hrleistung gleicher Entlohnung f\u00fcr gleiche Qualifikationen und Aufgaben.<\/li><\/ul><p data-start=\"828\" data-end=\"866\"><strong data-start=\"828\" data-end=\"866\">Direkt betroffene Anspruchsgruppen<\/strong><\/p><p>\u00a0<\/p><ul><li>Mitarbeiter und Partner<\/li><li>Gewerkschaften<\/li><\/ul>\t\t\t\t\t\t<\/div>\n\t\t\t\t<\/div>\n\t\t\t\t<\/div>\n\t\t\t\t\t<\/div>\n\t\t\t\t<\/div>\n\t\t<div class=\"elementor-element elementor-element-f070266 e-flex e-con-boxed elementor-invisible e-con e-child\" data-id=\"f070266\" data-element_type=\"container\" data-settings=\"{&quot;animation&quot;:&quot;fadeIn&quot;,&quot;content_width&quot;:&quot;boxed&quot;}\">\n\t\t\t\t\t<div class=\"e-con-inner\">\n\t\t<div class=\"elementor-element elementor-element-f8de891 e-con-full e-flex e-con e-child\" data-id=\"f8de891\" data-element_type=\"container\" data-settings=\"{&quot;content_width&quot;:&quot;full&quot;}\">\n\t\t\t\t<div class=\"elementor-element elementor-element-e8741e3 elementor-widget elementor-widget-image\" data-id=\"e8741e3\" data-element_type=\"widget\" data-widget_type=\"image.default\">\n\t\t\t\t<div class=\"elementor-widget-container\">\n\t\t\t\t\t\t\t\t\t\t\t\t\t<img loading=\"lazy\" decoding=\"async\" width=\"300\" height=\"300\" src=\"https:\/\/www.lafabbrica.it\/wp-content\/uploads\/2026\/03\/E_SDG_12-1-1-300x300.jpg\" class=\"attachment-medium size-medium wp-image-33050\" alt=\"\" srcset=\"https:\/\/www.lafabbrica.it\/wp-content\/uploads\/2026\/03\/E_SDG_12-1-1-300x300.jpg 300w, https:\/\/www.lafabbrica.it\/wp-content\/uploads\/2026\/03\/E_SDG_12-1-1-150x150.jpg 150w, https:\/\/www.lafabbrica.it\/wp-content\/uploads\/2026\/03\/E_SDG_12-1-1.jpg 720w\" sizes=\"(max-width: 300px) 100vw, 300px\" \/>\t\t\t\t\t\t\t\t\t\t\t\t\t<\/div>\n\t\t\t\t<\/div>\n\t\t\t\t<\/div>\n\t\t<div class=\"elementor-element elementor-element-eb64e60 e-con-full e-flex e-con e-child\" data-id=\"eb64e60\" data-element_type=\"container\" data-settings=\"{&quot;content_width&quot;:&quot;full&quot;}\">\n\t\t\t\t<div class=\"elementor-element elementor-element-4681eb8 elementor-widget elementor-widget-text-editor\" data-id=\"4681eb8\" data-element_type=\"widget\" data-widget_type=\"text-editor.default\">\n\t\t\t\t<div class=\"elementor-widget-container\">\n\t\t\t\t\t\t\t<p data-start=\"440\" data-end=\"491\"><strong data-start=\"455\" data-end=\"491\">Das Engagement der Italcer Group<\/strong><\/p><p data-start=\"493\" data-end=\"815\">\u00a0<\/p><ul><li>Ver\u00f6ffentlichung einer Umwelterkl\u00e4rung 2023\u20132025.<\/li><li>Einsatz von recycelten Materialien in den Produktionsprozessen zur Gew\u00e4hrleistung einer effizienten Nutzung nat\u00fcrlicher Ressourcen.<\/li><li>Reduzierung von Abf\u00e4llen und Produktionsr\u00fcckst\u00e4nden durch Ma\u00dfnahmen zur Vermeidung, Verringerung, Wiederverwertung und Wiederverwendung.<\/li><\/ul><p data-start=\"817\" data-end=\"855\"><strong data-start=\"817\" data-end=\"855\">Direkt betroffene Anspruchsgruppen<\/strong><\/p><ul><li>Gesellschaft<\/li><li>Kunden<\/li><\/ul>\t\t\t\t\t\t<\/div>\n\t\t\t\t<\/div>\n\t\t\t\t<\/div>\n\t\t\t\t\t<\/div>\n\t\t\t\t<\/div>\n\t\t<div class=\"elementor-element elementor-element-0245278 e-flex e-con-boxed elementor-invisible e-con e-child\" data-id=\"0245278\" data-element_type=\"container\" data-settings=\"{&quot;animation&quot;:&quot;fadeIn&quot;,&quot;content_width&quot;:&quot;boxed&quot;}\">\n\t\t\t\t\t<div class=\"e-con-inner\">\n\t\t<div class=\"elementor-element elementor-element-0df8194 e-con-full e-flex e-con e-child\" data-id=\"0df8194\" data-element_type=\"container\" data-settings=\"{&quot;content_width&quot;:&quot;full&quot;}\">\n\t\t\t\t<div class=\"elementor-element elementor-element-2c6a2e3 elementor-widget elementor-widget-image\" data-id=\"2c6a2e3\" data-element_type=\"widget\" data-widget_type=\"image.default\">\n\t\t\t\t<div class=\"elementor-widget-container\">\n\t\t\t\t\t\t\t\t\t\t\t\t\t<img loading=\"lazy\" decoding=\"async\" width=\"300\" height=\"300\" src=\"https:\/\/www.lafabbrica.it\/wp-content\/uploads\/2026\/03\/E_SDG_13-1-1-300x300.jpg\" class=\"attachment-medium size-medium wp-image-33054\" alt=\"\" srcset=\"https:\/\/www.lafabbrica.it\/wp-content\/uploads\/2026\/03\/E_SDG_13-1-1-300x300.jpg 300w, https:\/\/www.lafabbrica.it\/wp-content\/uploads\/2026\/03\/E_SDG_13-1-1-150x150.jpg 150w, https:\/\/www.lafabbrica.it\/wp-content\/uploads\/2026\/03\/E_SDG_13-1-1.jpg 720w\" sizes=\"(max-width: 300px) 100vw, 300px\" \/>\t\t\t\t\t\t\t\t\t\t\t\t\t<\/div>\n\t\t\t\t<\/div>\n\t\t\t\t<\/div>\n\t\t<div class=\"elementor-element elementor-element-32b76ca e-con-full e-flex e-con e-child\" data-id=\"32b76ca\" data-element_type=\"container\" data-settings=\"{&quot;content_width&quot;:&quot;full&quot;}\">\n\t\t\t\t<div class=\"elementor-element elementor-element-63529e7 elementor-widget elementor-widget-text-editor\" data-id=\"63529e7\" data-element_type=\"widget\" data-widget_type=\"text-editor.default\">\n\t\t\t\t<div class=\"elementor-widget-container\">\n\t\t\t\t\t\t\t<p data-start=\"391\" data-end=\"442\"><strong data-start=\"406\" data-end=\"442\">Das Engagement der Italcer Group<\/strong><\/p><ul><li>Steigerung der Stromerzeugung aus erneuerbaren Energiequellen.<\/li><li>Verbesserung der Energieeffizienz aller Produktionsprozesse und Standorte.<\/li><li>Effiziente Nutzung der Ressourcen, insbesondere von Wasser.<\/li><\/ul><p data-start=\"647\" data-end=\"685\"><strong data-start=\"647\" data-end=\"685\">Direkt betroffene Anspruchsgruppen<\/strong><\/p><p>\u00a0<\/p><ul><li>Gesellschaft<\/li><li>Kunden<\/li><li>Mitarbeiter und Partner<\/li><\/ul>\t\t\t\t\t\t<\/div>\n\t\t\t\t<\/div>\n\t\t\t\t<\/div>\n\t\t\t\t\t<\/div>\n\t\t\t\t<\/div>\n\t\t\t\t\t<\/div>\n\t\t\t\t<\/div>\n\t\t\t\t\t<\/div>\n\t\t\t\t<\/div>\n\t\t<div data-dce-background-color=\"#EEEEEE45\" class=\"elementor-element elementor-element-bea2ef9 e-flex e-con-boxed e-con e-parent\" data-id=\"bea2ef9\" data-element_type=\"container\" data-settings=\"{&quot;background_background&quot;:&quot;classic&quot;,&quot;content_width&quot;:&quot;boxed&quot;}\" data-core-v316-plus=\"true\">\n\t\t\t\t\t<div class=\"e-con-inner\">\n\t\t\t\t<div class=\"elementor-element elementor-element-ce6d841 elementor-widget elementor-widget-text-editor\" data-id=\"ce6d841\" data-element_type=\"widget\" data-widget_type=\"text-editor.default\">\n\t\t\t\t<div class=\"elementor-widget-container\">\n\t\t\t\t\t\t\t<p><b>Auszeichnungen<\/b><\/p>\t\t\t\t\t\t<\/div>\n\t\t\t\t<\/div>\n\t\t\t\t<div class=\"elementor-element elementor-element-c5eaddd elementor-widget elementor-widget-image\" data-id=\"c5eaddd\" data-element_type=\"widget\" data-widget_type=\"image.default\">\n\t\t\t\t<div class=\"elementor-widget-container\">\n\t\t\t\t\t\t\t\t\t\t\t\t\t<img loading=\"lazy\" decoding=\"async\" width=\"1200\" height=\"943\" src=\"https:\/\/www.lafabbrica.it\/wp-content\/uploads\/2026\/03\/Premio-migliore-strategia-sviluppo-sostenibile-1-1.jpg\" class=\"attachment-full size-full wp-image-33058\" alt=\"\" srcset=\"https:\/\/www.lafabbrica.it\/wp-content\/uploads\/2026\/03\/Premio-migliore-strategia-sviluppo-sostenibile-1-1.jpg 1200w, https:\/\/www.lafabbrica.it\/wp-content\/uploads\/2026\/03\/Premio-migliore-strategia-sviluppo-sostenibile-1-1-300x236.jpg 300w, https:\/\/www.lafabbrica.it\/wp-content\/uploads\/2026\/03\/Premio-migliore-strategia-sviluppo-sostenibile-1-1-1024x805.jpg 1024w, https:\/\/www.lafabbrica.it\/wp-content\/uploads\/2026\/03\/Premio-migliore-strategia-sviluppo-sostenibile-1-1-768x604.jpg 768w\" sizes=\"(max-width: 1200px) 100vw, 1200px\" \/>\t\t\t\t\t\t\t\t\t\t\t\t\t<\/div>\n\t\t\t\t<\/div>\n\t\t\t\t<div class=\"elementor-element elementor-element-99dc24f elementor-widget elementor-widget-heading\" data-id=\"99dc24f\" data-element_type=\"widget\" data-widget_type=\"heading.default\">\n\t\t\t\t<div class=\"elementor-widget-container\">\n\t\t\t<h1 class=\"elementor-heading-title elementor-size-default\">Auszeichnung <b>\u201eBeste Strategie f\u00fcr nachhaltige Entwicklung\u201c <\/b>im Rahmen des Responsible Innovators Award Emilia-Romagna 2024<\/h1>\t\t<\/div>\n\t\t\t\t<\/div>\n\t\t\t\t<div class=\"elementor-element elementor-element-5aa10d3 elementor-widget elementor-widget-text-editor\" data-id=\"5aa10d3\" data-element_type=\"widget\" data-widget_type=\"text-editor.default\">\n\t\t\t\t<div class=\"elementor-widget-container\">\n\t\t\t\t\t\t\t<p data-start=\"1079\" data-end=\"1200\">Auszeichnung \u201eBeste Strategie f\u00fcr nachhaltige Entwicklung\u201c im Rahmen des Responsible Innovators Award Emilia-Romagna 2024<\/p><p data-start=\"1202\" data-end=\"1385\">Im Jahr 2024 erhielt die Italcer Group die renommierte Auszeichnung \u201eBeste Strategie f\u00fcr nachhaltige Entwicklung\u201c im Rahmen des Responsible Innovators Award der Region Emilia-Romagna.<\/p><p data-start=\"1387\" data-end=\"1729\">Diese Auszeichnung best\u00e4tigt die strategische Ausrichtung der Gruppe, die Nachhaltigkeit in den Mittelpunkt ihres unternehmerischen Handelns stellt. Zu den bedeutendsten Innovationen z\u00e4hlt Advance, ein Schl\u00fcsselprodukt mit antiviralen, antibakteriellen und photokatalytischen Eigenschaften, das zu \u00fcber 50 % aus recycelten Rohstoffen besteht.<\/p><p data-start=\"1731\" data-end=\"2093\" data-is-last-node=\"\" data-is-only-node=\"\">Die Auszeichnung unterstreicht das konkrete Engagement der Italcer Group, Innovation und Verantwortung zu vereinen, Produktionsprozesse zu optimieren, das Wohlbefinden der Mitarbeitenden in den Mittelpunkt zu stellen, eine transparente und effektive Unternehmensf\u00fchrung sicherzustellen sowie den aktiven Dialog mit lokalen Gemeinschaften und Regionen zu f\u00f6rdern.<\/p>\t\t\t\t\t\t<\/div>\n\t\t\t\t<\/div>\n\t\t<div class=\"elementor-element elementor-element-75b30e8 e-flex e-con-boxed e-con e-child\" data-id=\"75b30e8\" data-element_type=\"container\" data-settings=\"{&quot;content_width&quot;:&quot;boxed&quot;}\">\n\t\t\t\t\t<div class=\"e-con-inner\">\n\t\t\t\t<div class=\"elementor-element elementor-element-7dec3a9 elementor-widget-divider--view-line elementor-widget elementor-widget-divider\" data-id=\"7dec3a9\" data-element_type=\"widget\" data-widget_type=\"divider.default\">\n\t\t\t\t<div class=\"elementor-widget-container\">\n\t\t\t\t\t<div class=\"elementor-divider\">\n\t\t\t<span class=\"elementor-divider-separator\">\n\t\t\t\t\t\t<\/span>\n\t\t<\/div>\n\t\t\t\t<\/div>\n\t\t\t\t<\/div>\n\t\t\t\t\t<\/div>\n\t\t\t\t<\/div>\n\t\t\t\t<div class=\"elementor-element elementor-element-0fa3e6c elementor-widget elementor-widget-image\" data-id=\"0fa3e6c\" data-element_type=\"widget\" data-widget_type=\"image.default\">\n\t\t\t\t<div class=\"elementor-widget-container\">\n\t\t\t\t\t\t\t\t\t\t\t\t\t<img loading=\"lazy\" decoding=\"async\" width=\"768\" height=\"244\" src=\"https:\/\/www.lafabbrica.it\/wp-content\/uploads\/2026\/03\/Sustainability-Award_TOP100_2024-1-1-768x244.jpg\" class=\"attachment-medium_large size-medium_large wp-image-33062\" alt=\"\" srcset=\"https:\/\/www.lafabbrica.it\/wp-content\/uploads\/2026\/03\/Sustainability-Award_TOP100_2024-1-1-768x244.jpg 768w, https:\/\/www.lafabbrica.it\/wp-content\/uploads\/2026\/03\/Sustainability-Award_TOP100_2024-1-1-300x95.jpg 300w, https:\/\/www.lafabbrica.it\/wp-content\/uploads\/2026\/03\/Sustainability-Award_TOP100_2024-1-1.jpg 1000w\" sizes=\"(max-width: 768px) 100vw, 768px\" \/>\t\t\t\t\t\t\t\t\t\t\t\t\t<\/div>\n\t\t\t\t<\/div>\n\t\t\t\t<div class=\"elementor-element elementor-element-f185ca5 elementor-widget elementor-widget-heading\" data-id=\"f185ca5\" data-element_type=\"widget\" data-widget_type=\"heading.default\">\n\t\t\t\t<div class=\"elementor-widget-container\">\n\t\t\t<h1 class=\"elementor-heading-title elementor-size-default\"><b>Erster Platz im Bereich Umwelt unter den Top 100<\/b> Unternehmen mit einem Umsatz von \u00fcber 250 Millionen Euro \u2013 Sustainability Award 2024<\/h1>\t\t<\/div>\n\t\t\t\t<\/div>\n\t\t\t\t<div class=\"elementor-element elementor-element-d109d20 elementor-widget elementor-widget-text-editor\" data-id=\"d109d20\" data-element_type=\"widget\" data-widget_type=\"text-editor.default\">\n\t\t\t\t<div class=\"elementor-widget-container\">\n\t\t\t\t\t\t\t<p data-start=\"1389\" data-end=\"1984\">Im Jahr 2024 belegte die Italcer Group den ersten Platz beim Sustainability Award 2024 und erzielte die h\u00f6chste Bewertung in der Umweltleistung unter Unternehmen mit einem Umsatz von \u00fcber 250 Millionen Euro. Das Ranking, gef\u00f6rdert von Kon Group und ELITE in Zusammenarbeit mit dem Politecnico di Milano, gilt als wichtiger Ma\u00dfstab f\u00fcr die Bewertung von ESG-Strategien auf nationaler Ebene. Die teilnehmenden Unternehmen wurden anhand eines von ALTIS Advisory, einem Spin-off der Universit\u00e0 Cattolica del Sacro Cuore, bereitgestellten Scores analysiert, mit technischer Unterst\u00fctzung von RepRisk.<\/p><p data-start=\"1986\" data-end=\"2457\" data-is-last-node=\"\" data-is-only-node=\"\">Die Auszeichnung unterstreicht die Wirksamkeit der von der Italcer Group ergriffenen Ma\u00dfnahmen zur Reduzierung ihres \u00f6kologischen Fu\u00dfabdrucks und st\u00e4rkt ihr Engagement, Nachhaltigkeit entlang der gesamten Wertsch\u00f6pfungskette zu verankern. Der Ansatz der Gruppe zielt darauf ab, Mehrwert f\u00fcr das Unternehmen, die Gemeinschaften und die Regionen, in denen sie t\u00e4tig ist, zu schaffen \u2013 getragen von einer Strategie, die auf Verantwortung und nachhaltiger Innovation basiert.<\/p>\t\t\t\t\t\t<\/div>\n\t\t\t\t<\/div>\n\t\t\t\t\t<\/div>\n\t\t\t\t<\/div>\n\t\t<div data-dce-background-color=\"#03355A1F\" class=\"elementor-element elementor-element-584d03b e-flex e-con-boxed e-con e-parent\" data-id=\"584d03b\" data-element_type=\"container\" data-settings=\"{&quot;background_background&quot;:&quot;classic&quot;,&quot;content_width&quot;:&quot;boxed&quot;}\" data-core-v316-plus=\"true\">\n\t\t\t\t\t<div class=\"e-con-inner\">\n\t\t\t\t<div class=\"elementor-element elementor-element-918ab99 elementor-widget elementor-widget-text-editor\" data-id=\"918ab99\" data-element_type=\"widget\" data-widget_type=\"text-editor.default\">\n\t\t\t\t<div class=\"elementor-widget-container\">\n\t\t\t\t\t\t\t<p data-start=\"0\" data-end=\"57\"><strong data-start=\"15\" data-end=\"55\">Nachhaltigkeitsberichte der Italcer Group<\/strong><\/p>\t\t\t\t\t\t<\/div>\n\t\t\t\t<\/div>\n\t\t\t\t<div class=\"elementor-element elementor-element-57c2e7d elementor-widget elementor-widget-text-editor\" data-id=\"57c2e7d\" data-element_type=\"widget\" data-widget_type=\"text-editor.default\">\n\t\t\t\t<div class=\"elementor-widget-container\">\n\t\t\t\t\t\t\t<p data-start=\"1438\" data-end=\"1635\"><strong data-start=\"1438\" data-end=\"1469\">Die Nachhaltigkeitsberichte<\/strong> sind ein Instrument der Transparenz, mit dem die Italcer Group \u00fcber Ergebnisse, Ziele und Fortschritte im Bereich <strong data-start=\"1584\" data-end=\"1622\">ESG (Umwelt, Soziales, Governance)<\/strong> berichtet.\u00a0<span style=\"font-style: inherit; font-weight: inherit;\">Durch diese Dokumente teilt die Gruppe ihr Engagement f\u00fcr eine verantwortungsvolle Entwicklung klar und nachvollziehbar und schafft Mehrwert f\u00fcr Umwelt, Menschen und Gesellschaft.<\/span><\/p><p data-start=\"59\" data-end=\"257\">\u00a0<\/p><p data-start=\"1820\" data-end=\"2063\" data-is-last-node=\"\" data-is-only-node=\"\">Die regelm\u00e4\u00dfige Ver\u00f6ffentlichung der Nachhaltigkeitsberichte unterstreicht den Fokus auf <strong data-start=\"1909\" data-end=\"1972\">Transparenz, Verantwortung und kontinuierliche Verbesserung<\/strong>, im Einklang mit den <strong data-start=\"1994\" data-end=\"2062\">Zielen f\u00fcr nachhaltige Entwicklung der Vereinten Nationen (SDGs)<\/strong>.<\/p>\t\t\t\t\t\t<\/div>\n\t\t\t\t<\/div>\n\t\t<div data-dce-background-color=\"#FFFFFF00\" class=\"elementor-element elementor-element-97d06ce e-flex e-con-boxed e-con e-child\" data-id=\"97d06ce\" data-element_type=\"container\" data-settings=\"{&quot;background_background&quot;:&quot;classic&quot;,&quot;content_width&quot;:&quot;boxed&quot;}\">\n\t\t\t\t\t<div class=\"e-con-inner\">\n\t\t<div class=\"elementor-element elementor-element-d11f40b e-con-full e-flex e-con e-child\" data-id=\"d11f40b\" data-element_type=\"container\" data-settings=\"{&quot;content_width&quot;:&quot;full&quot;}\">\n\t\t\t\t<div data-dce-background-color=\"#002A49\" class=\"elementor-element elementor-element-059e69a elementor-align-center elementor-widget elementor-widget-button\" data-id=\"059e69a\" data-element_type=\"widget\" data-widget_type=\"button.default\">\n\t\t\t\t<div class=\"elementor-widget-container\">\n\t\t\t\t\t<div class=\"elementor-button-wrapper\">\n\t\t\t<a class=\"elementor-button elementor-button-link elementor-size-xl\" href=\"https:\/\/www.lafabbrica.it\/wp-content\/uploads\/2025\/08\/ITALCER_Report-Sostenibilita_2024.pdf\" target=\"_blank\">\n\t\t\t\t\t\t<span class=\"elementor-button-content-wrapper\">\n\t\t\t\t\t\t<span class=\"elementor-button-text\">Nachhaltigkeitsbericht 2024<\/span>\n\t\t<\/span>\n\t\t\t\t\t<\/a>\n\t\t<\/div>\n\t\t\t\t<\/div>\n\t\t\t\t<\/div>\n\t\t\t\t<\/div>\n\t\t<div class=\"elementor-element elementor-element-0bb016a e-con-full e-flex e-con e-child\" data-id=\"0bb016a\" data-element_type=\"container\" data-settings=\"{&quot;content_width&quot;:&quot;full&quot;,&quot;background_background&quot;:&quot;classic&quot;}\">\n\t\t\t\t<div data-dce-background-color=\"#002A49\" class=\"elementor-element elementor-element-8592ccf elementor-align-center elementor-widget elementor-widget-button\" data-id=\"8592ccf\" data-element_type=\"widget\" data-widget_type=\"button.default\">\n\t\t\t\t<div class=\"elementor-widget-container\">\n\t\t\t\t\t<div class=\"elementor-button-wrapper\">\n\t\t\t<a class=\"elementor-button elementor-button-link elementor-size-xl\" href=\"https:\/\/www.lafabbrica.it\/wp-content\/uploads\/2024\/01\/Italcer_Sustainability-Report-2023_ENG_web-2p.pdf\" target=\"_blank\">\n\t\t\t\t\t\t<span class=\"elementor-button-content-wrapper\">\n\t\t\t\t\t\t<span class=\"elementor-button-text\">Nachhaltigkeitsbericht 2023<\/span>\n\t\t<\/span>\n\t\t\t\t\t<\/a>\n\t\t<\/div>\n\t\t\t\t<\/div>\n\t\t\t\t<\/div>\n\t\t\t\t<\/div>\n\t\t\t\t\t<\/div>\n\t\t\t\t<\/div>\n\t\t<div data-dce-background-color=\"#FFFFFF00\" class=\"elementor-element elementor-element-5ca114f e-flex e-con-boxed e-con e-child\" data-id=\"5ca114f\" data-element_type=\"container\" data-settings=\"{&quot;background_background&quot;:&quot;classic&quot;,&quot;content_width&quot;:&quot;boxed&quot;}\">\n\t\t\t\t\t<div class=\"e-con-inner\">\n\t\t<div data-dce-background-color=\"#FFFFFF00\" class=\"elementor-element elementor-element-ab8af9a e-flex e-con-boxed e-con e-child\" data-id=\"ab8af9a\" data-element_type=\"container\" data-settings=\"{&quot;background_background&quot;:&quot;classic&quot;,&quot;content_width&quot;:&quot;boxed&quot;}\">\n\t\t\t\t\t<div class=\"e-con-inner\">\n\t\t<div class=\"elementor-element elementor-element-91822e9 e-con-full e-flex e-con e-child\" data-id=\"91822e9\" data-element_type=\"container\" data-settings=\"{&quot;content_width&quot;:&quot;full&quot;}\">\n\t\t\t\t<div data-dce-background-color=\"#002A49\" class=\"elementor-element elementor-element-6bccdce elementor-align-center elementor-widget elementor-widget-button\" data-id=\"6bccdce\" data-element_type=\"widget\" data-widget_type=\"button.default\">\n\t\t\t\t<div class=\"elementor-widget-container\">\n\t\t\t\t\t<div class=\"elementor-button-wrapper\">\n\t\t\t<a class=\"elementor-button elementor-button-link elementor-size-xl\" href=\"https:\/\/www.lafabbrica.it\/wp-content\/uploads\/2026\/04\/Italcer_Sustainability-Report-2022.pdf\" target=\"_blank\">\n\t\t\t\t\t\t<span class=\"elementor-button-content-wrapper\">\n\t\t\t\t\t\t<span class=\"elementor-button-text\">Nachhaltigkeitsbericht 2022<\/span>\n\t\t<\/span>\n\t\t\t\t\t<\/a>\n\t\t<\/div>\n\t\t\t\t<\/div>\n\t\t\t\t<\/div>\n\t\t\t\t<\/div>\n\t\t<div class=\"elementor-element elementor-element-a2e96d6 e-con-full e-flex e-con e-child\" data-id=\"a2e96d6\" data-element_type=\"container\" data-settings=\"{&quot;content_width&quot;:&quot;full&quot;}\">\n\t\t\t\t<div data-dce-background-color=\"#002A49\" class=\"elementor-element elementor-element-7fb5375 elementor-align-center elementor-widget elementor-widget-button\" data-id=\"7fb5375\" data-element_type=\"widget\" data-widget_type=\"button.default\">\n\t\t\t\t<div class=\"elementor-widget-container\">\n\t\t\t\t\t<div class=\"elementor-button-wrapper\">\n\t\t\t<a class=\"elementor-button elementor-button-link elementor-size-xl\" href=\"https:\/\/www.lafabbrica.it\/wp-content\/uploads\/2026\/04\/Italcer_Sustainability-Report-2021.pdf\" target=\"_blank\">\n\t\t\t\t\t\t<span class=\"elementor-button-content-wrapper\">\n\t\t\t\t\t\t<span class=\"elementor-button-text\">Nachhaltigkeitsbericht 2021<\/span>\n\t\t<\/span>\n\t\t\t\t\t<\/a>\n\t\t<\/div>\n\t\t\t\t<\/div>\n\t\t\t\t<\/div>\n\t\t\t\t<\/div>\n\t\t\t\t\t<\/div>\n\t\t\t\t<\/div>\n\t\t\t\t\t<\/div>\n\t\t\t\t<\/div>\n\t\t\t\t\t<\/div>\n\t\t\t\t<\/div>\n\t\t\t\t<\/div>\n\t\t","protected":false},"excerpt":{"rendered":"<p>Nachhaltigkeit Der Beitrag der Italcer Group zu den Zielen f\u00fcr nachhaltige Entwicklung Nachhaltigkeitsbericht 2024 Durch seine t\u00e4glichen Ma\u00dfnahmen, Pl\u00e4ne und spezifischen Verfahren schafft die Italcer Group nachhaltigen Wert, tr\u00e4gt zu einem positiven Einfluss auf Gesellschaft und Umwelt bei und unterst\u00fctzt die Erreichung einiger der Nachhaltigkeitsziele der Vereinten Nationen. Die Agenda 2030 der Vereinten Nationen f\u00fcr [&hellip;]<\/p>\n","protected":false},"author":1,"featured_media":0,"parent":0,"menu_order":0,"comment_status":"closed","ping_status":"closed","template":"","meta":{"_acf_changed":false,"site-sidebar-layout":"no-sidebar","site-content-layout":"page-builder","ast-site-content-layout":"full-width-container","site-content-style":"unboxed","site-sidebar-style":"unboxed","ast-global-header-display":"","ast-banner-title-visibility":"","ast-main-header-display":"","ast-hfb-above-header-display":"","ast-hfb-below-header-display":"","ast-hfb-mobile-header-display":"","site-post-title":"disabled","ast-breadcrumbs-content":"","ast-featured-img":"disabled","footer-sml-layout":"","theme-transparent-header-meta":"","adv-header-id-meta":"","stick-header-meta":"","header-above-stick-meta":"","header-main-stick-meta":"","header-below-stick-meta":"","astra-migrate-meta-layouts":"set","ast-page-background-enabled":"default","ast-page-background-meta":{"desktop":{"background-color":"var(--ast-global-color-4)","background-image":"","background-repeat":"repeat","background-position":"center center","background-size":"auto","background-attachment":"scroll","background-type":"","background-media":"","overlay-type":"","overlay-color":"","overlay-gradient":""},"tablet":{"background-color":"","background-image":"","background-repeat":"repeat","background-position":"center center","background-size":"auto","background-attachment":"scroll","background-type":"","background-media":"","overlay-type":"","overlay-color":"","overlay-gradient":""},"mobile":{"background-color":"","background-image":"","background-repeat":"repeat","background-position":"center center","background-size":"auto","background-attachment":"scroll","background-type":"","background-media":"","overlay-type":"","overlay-color":"","overlay-gradient":""}},"ast-content-background-meta":{"desktop":{"background-color":"var(--ast-global-color-5)","background-image":"","background-repeat":"repeat","background-position":"center center","background-size":"auto","background-attachment":"scroll","background-type":"","background-media":"","overlay-type":"","overlay-color":"","overlay-gradient":""},"tablet":{"background-color":"var(--ast-global-color-5)","background-image":"","background-repeat":"repeat","background-position":"center center","background-size":"auto","background-attachment":"scroll","background-type":"","background-media":"","overlay-type":"","overlay-color":"","overlay-gradient":""},"mobile":{"background-color":"var(--ast-global-color-5)","background-image":"","background-repeat":"repeat","background-position":"center center","background-size":"auto","background-attachment":"scroll","background-type":"","background-media":"","overlay-type":"","overlay-color":"","overlay-gradient":""}},"footnotes":""},"class_list":["post-13015","page","type-page","status-publish","hentry"],"acf":[],"yoast_head":"<!-- This site is optimized with the Yoast SEO plugin v22.0 - https:\/\/yoast.com\/wordpress\/plugins\/seo\/ -->\n<title>Nachhaltige Entwicklung und SDGs | Das ESG-Engagement der Italcer Group<\/title>\n<meta name=\"description\" content=\"Die Italcer Group f\u00f6rdert nachhaltige Entwicklung und die UN-SDGs durch ESG-Strategien, Innovation und soziale Verantwortung, um langfristigen Wert zu schaffen.\" \/>\n<meta name=\"robots\" content=\"index, follow, max-snippet:-1, max-image-preview:large, max-video-preview:-1\" \/>\n<link rel=\"canonical\" href=\"https:\/\/www.lafabbrica.it\/de\/nachhaltigkeit\/\" \/>\n<meta property=\"og:locale\" content=\"de_DE\" \/>\n<meta property=\"og:type\" content=\"article\" \/>\n<meta property=\"og:title\" content=\"Nachhaltige Entwicklung und SDGs | Das ESG-Engagement der Italcer Group\" \/>\n<meta property=\"og:description\" content=\"Die Italcer Group f\u00f6rdert nachhaltige Entwicklung und die UN-SDGs durch ESG-Strategien, Innovation und soziale Verantwortung, um langfristigen Wert zu schaffen.\" \/>\n<meta property=\"og:url\" content=\"https:\/\/www.lafabbrica.it\/de\/nachhaltigkeit\/\" \/>\n<meta property=\"og:site_name\" content=\"La Fabbrica AVA\" \/>\n<meta property=\"article:modified_time\" content=\"2026-04-02T13:58:32+00:00\" \/>\n<meta property=\"og:image\" content=\"https:\/\/www.lafabbrica.it\/wp-content\/uploads\/2023\/08\/BANNER-04.jpg\" \/>\n<meta name=\"twitter:card\" content=\"summary_large_image\" \/>\n<meta name=\"twitter:label1\" content=\"Gesch\u00e4tzte Lesezeit\" \/>\n\t<meta name=\"twitter:data1\" content=\"8\u00a0Minuten\" \/>\n<script type=\"application\/ld+json\" class=\"yoast-schema-graph\">{\"@context\":\"https:\/\/schema.org\",\"@graph\":[{\"@type\":\"WebPage\",\"@id\":\"https:\/\/www.lafabbrica.it\/de\/nachhaltigkeit\/\",\"url\":\"https:\/\/www.lafabbrica.it\/de\/nachhaltigkeit\/\",\"name\":\"Nachhaltige Entwicklung und SDGs | Das ESG-Engagement der Italcer Group\",\"isPartOf\":{\"@id\":\"https:\/\/www.lafabbrica.it\/de\/#website\"},\"datePublished\":\"2023-08-22T08:41:06+00:00\",\"dateModified\":\"2026-04-02T13:58:32+00:00\",\"description\":\"Die Italcer Group f\u00f6rdert nachhaltige Entwicklung und die UN-SDGs durch ESG-Strategien, Innovation und soziale Verantwortung, um langfristigen Wert zu schaffen.\",\"breadcrumb\":{\"@id\":\"https:\/\/www.lafabbrica.it\/de\/nachhaltigkeit\/#breadcrumb\"},\"inLanguage\":\"de\",\"potentialAction\":[{\"@type\":\"ReadAction\",\"target\":[\"https:\/\/www.lafabbrica.it\/de\/nachhaltigkeit\/\"]}]},{\"@type\":\"BreadcrumbList\",\"@id\":\"https:\/\/www.lafabbrica.it\/de\/nachhaltigkeit\/#breadcrumb\",\"itemListElement\":[{\"@type\":\"ListItem\",\"position\":1,\"name\":\"Home\",\"item\":\"https:\/\/www.lafabbrica.it\/de\/\"},{\"@type\":\"ListItem\",\"position\":2,\"name\":\"Nachhaltigkeit\"}]},{\"@type\":\"WebSite\",\"@id\":\"https:\/\/www.lafabbrica.it\/de\/#website\",\"url\":\"https:\/\/www.lafabbrica.it\/de\/\",\"name\":\"La Fabbrica AVA\",\"description\":\"\",\"publisher\":{\"@id\":\"https:\/\/www.lafabbrica.it\/de\/#organization\"},\"potentialAction\":[{\"@type\":\"SearchAction\",\"target\":{\"@type\":\"EntryPoint\",\"urlTemplate\":\"https:\/\/www.lafabbrica.it\/de\/?s={search_term_string}\"},\"query-input\":\"required name=search_term_string\"}],\"inLanguage\":\"de\"},{\"@type\":\"Organization\",\"@id\":\"https:\/\/www.lafabbrica.it\/de\/#organization\",\"name\":\"La Fabbrica AVA\",\"url\":\"https:\/\/www.lafabbrica.it\/de\/\",\"logo\":{\"@type\":\"ImageObject\",\"inLanguage\":\"de\",\"@id\":\"https:\/\/www.lafabbrica.it\/de\/#\/schema\/logo\/image\/\",\"url\":\"https:\/\/www.lafabbrica.it\/wp-content\/uploads\/2023\/08\/Senza-titolo-1.png\",\"contentUrl\":\"https:\/\/www.lafabbrica.it\/wp-content\/uploads\/2023\/08\/Senza-titolo-1.png\",\"width\":567,\"height\":240,\"caption\":\"La Fabbrica AVA\"},\"image\":{\"@id\":\"https:\/\/www.lafabbrica.it\/de\/#\/schema\/logo\/image\/\"}}]}<\/script>\n<!-- \/ Yoast SEO plugin. -->","yoast_head_json":{"title":"Nachhaltige Entwicklung und SDGs | Das ESG-Engagement der Italcer Group","description":"Die Italcer Group f\u00f6rdert nachhaltige Entwicklung und die UN-SDGs durch ESG-Strategien, Innovation und soziale Verantwortung, um langfristigen Wert zu schaffen.","robots":{"index":"index","follow":"follow","max-snippet":"max-snippet:-1","max-image-preview":"max-image-preview:large","max-video-preview":"max-video-preview:-1"},"canonical":"https:\/\/www.lafabbrica.it\/de\/nachhaltigkeit\/","og_locale":"de_DE","og_type":"article","og_title":"Nachhaltige Entwicklung und SDGs | Das ESG-Engagement der Italcer Group","og_description":"Die Italcer Group f\u00f6rdert nachhaltige Entwicklung und die UN-SDGs durch ESG-Strategien, Innovation und soziale Verantwortung, um langfristigen Wert zu schaffen.","og_url":"https:\/\/www.lafabbrica.it\/de\/nachhaltigkeit\/","og_site_name":"La Fabbrica AVA","article_modified_time":"2026-04-02T13:58:32+00:00","og_image":[{"url":"https:\/\/www.lafabbrica.it\/wp-content\/uploads\/2023\/08\/BANNER-04.jpg"}],"twitter_card":"summary_large_image","twitter_misc":{"Gesch\u00e4tzte Lesezeit":"8\u00a0Minuten"},"schema":{"@context":"https:\/\/schema.org","@graph":[{"@type":"WebPage","@id":"https:\/\/www.lafabbrica.it\/de\/nachhaltigkeit\/","url":"https:\/\/www.lafabbrica.it\/de\/nachhaltigkeit\/","name":"Nachhaltige Entwicklung und SDGs | Das ESG-Engagement der Italcer Group","isPartOf":{"@id":"https:\/\/www.lafabbrica.it\/de\/#website"},"datePublished":"2023-08-22T08:41:06+00:00","dateModified":"2026-04-02T13:58:32+00:00","description":"Die Italcer Group f\u00f6rdert nachhaltige Entwicklung und die UN-SDGs durch ESG-Strategien, Innovation und soziale Verantwortung, um langfristigen Wert zu schaffen.","breadcrumb":{"@id":"https:\/\/www.lafabbrica.it\/de\/nachhaltigkeit\/#breadcrumb"},"inLanguage":"de","potentialAction":[{"@type":"ReadAction","target":["https:\/\/www.lafabbrica.it\/de\/nachhaltigkeit\/"]}]},{"@type":"BreadcrumbList","@id":"https:\/\/www.lafabbrica.it\/de\/nachhaltigkeit\/#breadcrumb","itemListElement":[{"@type":"ListItem","position":1,"name":"Home","item":"https:\/\/www.lafabbrica.it\/de\/"},{"@type":"ListItem","position":2,"name":"Nachhaltigkeit"}]},{"@type":"WebSite","@id":"https:\/\/www.lafabbrica.it\/de\/#website","url":"https:\/\/www.lafabbrica.it\/de\/","name":"La Fabbrica AVA","description":"","publisher":{"@id":"https:\/\/www.lafabbrica.it\/de\/#organization"},"potentialAction":[{"@type":"SearchAction","target":{"@type":"EntryPoint","urlTemplate":"https:\/\/www.lafabbrica.it\/de\/?s={search_term_string}"},"query-input":"required name=search_term_string"}],"inLanguage":"de"},{"@type":"Organization","@id":"https:\/\/www.lafabbrica.it\/de\/#organization","name":"La Fabbrica AVA","url":"https:\/\/www.lafabbrica.it\/de\/","logo":{"@type":"ImageObject","inLanguage":"de","@id":"https:\/\/www.lafabbrica.it\/de\/#\/schema\/logo\/image\/","url":"https:\/\/www.lafabbrica.it\/wp-content\/uploads\/2023\/08\/Senza-titolo-1.png","contentUrl":"https:\/\/www.lafabbrica.it\/wp-content\/uploads\/2023\/08\/Senza-titolo-1.png","width":567,"height":240,"caption":"La Fabbrica AVA"},"image":{"@id":"https:\/\/www.lafabbrica.it\/de\/#\/schema\/logo\/image\/"}}]}},"_links":{"self":[{"href":"https:\/\/www.lafabbrica.it\/de\/wp-json\/wp\/v2\/pages\/13015","targetHints":{"allow":["GET"]}}],"collection":[{"href":"https:\/\/www.lafabbrica.it\/de\/wp-json\/wp\/v2\/pages"}],"about":[{"href":"https:\/\/www.lafabbrica.it\/de\/wp-json\/wp\/v2\/types\/page"}],"author":[{"embeddable":true,"href":"https:\/\/www.lafabbrica.it\/de\/wp-json\/wp\/v2\/users\/1"}],"replies":[{"embeddable":true,"href":"https:\/\/www.lafabbrica.it\/de\/wp-json\/wp\/v2\/comments?post=13015"}],"version-history":[{"count":13,"href":"https:\/\/www.lafabbrica.it\/de\/wp-json\/wp\/v2\/pages\/13015\/revisions"}],"predecessor-version":[{"id":33408,"href":"https:\/\/www.lafabbrica.it\/de\/wp-json\/wp\/v2\/pages\/13015\/revisions\/33408"}],"wp:attachment":[{"href":"https:\/\/www.lafabbrica.it\/de\/wp-json\/wp\/v2\/media?parent=13015"}],"curies":[{"name":"wp","href":"https:\/\/api.w.org\/{rel}","templated":true}]}}